{"id":1218,"date":"2021-11-12T21:12:40","date_gmt":"2021-11-12T19:12:40","guid":{"rendered":"https:\/\/atalak.dantzaz.eus\/laboratorios-2020\/"},"modified":"2021-12-19T12:30:46","modified_gmt":"2021-12-19T10:30:46","slug":"laborategiak-2020","status":"publish","type":"page","link":"https:\/\/atalak.dantzaz.eus\/eu\/laborategiak-2020\/","title":{"rendered":"Laborategiak 2020"},"content":{"rendered":"<p><div class=\"fusion-fullwidth fullwidth-box fusion-builder-row-1 hundred-percent-fullwidth non-hundred-percent-height-scrolling\" style=\"background-color: rgba(255,255,255,0);background-position: center center;background-repeat: no-repeat;padding-top:0px;padding-right:0px;padding-bottom:0px;padding-left:0px;margin-bottom: 0px;margin-top: 0px;border-width: 0px 0px 0px 0px;border-color:#eae9e9;border-style:solid;\" ><div class=\"fusion-builder-row fusion-row\"><div class=\"fusion-layout-column fusion_builder_column fusion-builder-column-0 fusion_builder_column_1_1 1_1 fusion-one-full fusion-column-first fusion-column-last\" style=\"margin-top:0px;margin-bottom:20px;\"><div class=\"fusion-column-wrapper fusion-flex-column-wrapper-legacy\" style=\"background-position:left top;background-repeat:no-repeat;-webkit-background-size:cover;-moz-background-size:cover;-o-background-size:cover;background-size:cover;padding: 0px 0px 0px 0px;\"><span class=\" fusion-imageframe imageframe-none imageframe-1 hover-type-none\"><img decoding=\"async\" width=\"2000\" height=\"843\" alt=\"Laboratorio experimentacion\" title=\"fondo-lab\" src=\"https:\/\/atalak.dantzaz.eus\/wp-content\/uploads\/2020\/03\/fondo-lab.jpg\" class=\"img-responsive wp-image-428\" srcset=\"https:\/\/atalak.dantzaz.eus\/wp-content\/uploads\/2020\/03\/fondo-lab-200x84.jpg 200w, https:\/\/atalak.dantzaz.eus\/wp-content\/uploads\/2020\/03\/fondo-lab-400x169.jpg 400w, https:\/\/atalak.dantzaz.eus\/wp-content\/uploads\/2020\/03\/fondo-lab-600x253.jpg 600w, https:\/\/atalak.dantzaz.eus\/wp-content\/uploads\/2020\/03\/fondo-lab-800x337.jpg 800w, https:\/\/atalak.dantzaz.eus\/wp-content\/uploads\/2020\/03\/fondo-lab-1200x506.jpg 1200w, https:\/\/atalak.dantzaz.eus\/wp-content\/uploads\/2020\/03\/fondo-lab.jpg 2000w\" sizes=\"(max-width: 1024px) 100vw, 2000px\" \/><\/span><div class=\"fusion-clearfix\"><\/div><\/div><\/div><\/div><\/div><div class=\"fusion-fullwidth fullwidth-box fusion-builder-row-2 nonhundred-percent-fullwidth non-hundred-percent-height-scrolling\" style=\"background-color: rgba(255,255,255,0);background-position: center center;background-repeat: no-repeat;padding-top:35px;padding-right:0px;padding-bottom:0px;padding-left:0px;margin-bottom: 0px;margin-top: 0px;border-width: 0px 0px 0px 0px;border-color:#eae9e9;border-style:solid;\" ><div class=\"fusion-builder-row fusion-row\"><div class=\"fusion-layout-column fusion_builder_column fusion-builder-column-1 fusion_builder_column_1_1 1_1 fusion-one-full fusion-column-first fusion-column-last\" style=\"margin-top:0px;margin-bottom:20px;\"><div class=\"fusion-column-wrapper fusion-flex-column-wrapper-legacy\" style=\"background-position:left top;background-repeat:no-repeat;-webkit-background-size:cover;-moz-background-size:cover;-o-background-size:cover;background-size:cover;padding: 0px 0px 0px 0px;\"><style type=\"text\/css\"><\/style><div class=\"fusion-title title fusion-title-1 fusion-sep-none fusion-title-center fusion-title-text fusion-title-size-one tituloh1 debajo\" style=\"font-size:48px;margin-top:0px;margin-right:0px;margin-bottom:31px;margin-left:0px;\"><h1 class=\"title-heading-center\" style=\"margin:0;font-size:1em;color:#000000;line-height:1;\">Esperimentatzeko, bilatzeko, talde batekin\/batzuekin lan egiteko gunea<\/h1><\/div><div class=\"fusion-text fusion-text-1 texto-grande\"><p>Sorkuntza laborategiak bi asteko iraupena dute, izan ere, denbora hori beharrezkoa dute sortzaileek eta dantzariek bilaketa koreografikoetan sakontzeko.<\/p>\n<p>Proposamen honek koreografiaren munduan lehen urratsak ematen ari diren sorzaileak ditu erdigune eta talde sorkuntza ardatz dute laborategiek. Taldean aritzea dantzarientzako eta koreografoentzako erronka handia da, izan ere, azpiegitura eta baliabide ekonomikoak medio, dantzaren zirkuitoan geroz eta zailagoa da dantzari talde bat osatu eta sortze prozesuan barneratzeko aukera izatea.<\/p>\n<\/div><div class=\"fusion-clearfix\"><\/div><\/div><\/div><\/div><\/div><div class=\"fusion-fullwidth fullwidth-box fusion-builder-row-3 videos nonhundred-percent-fullwidth non-hundred-percent-height-scrolling\" style=\"background-color: rgba(255,255,255,0);background-position: center center;background-repeat: no-repeat;padding-top:0px;padding-right:0px;padding-bottom:45px;padding-left:0px;margin-top: 35px;border-width: 0px 0px 0px 0px;border-color:#eae9e9;border-style:solid;\" ><div class=\"fusion-builder-row fusion-row\"><div class=\"fusion-layout-column fusion_builder_column fusion-builder-column-2 fusion_builder_column_1_1 1_1 fusion-one-full fusion-column-first fusion-column-last\" style=\"margin-top:0px;margin-bottom:0px;\"><div class=\"fusion-column-wrapper fusion-flex-column-wrapper-legacy\" style=\"background-position:left top;background-repeat:no-repeat;-webkit-background-size:cover;-moz-background-size:cover;-o-background-size:cover;background-size:cover;padding: 0px 0px 0px 0px;\"><style type=\"text\/css\"><\/style><div class=\"fusion-title title fusion-title-2 fusion-sep-none fusion-title-center fusion-title-text fusion-title-size-two tituloh2\" style=\"margin-top:0px;margin-right:0px;margin-bottom:31px;margin-left:0px;\"><h2 class=\"title-heading-center\" style=\"margin:0;\">Laborategiak 2020<\/h2><\/div><div class=\"fusion-text fusion-text-2\"><p>\n<div class=\"lab-list\">\n\n    <div class=\"lab-full clearfix\" id=\"eneko-gil\">         \n        <div class=\"lab-image\"> \n         \t<img decoding=\"async\" width=\"300\" height=\"300\" src=\"https:\/\/atalak.dantzaz.eus\/wp-content\/uploads\/2020\/03\/enekogil-300x300.jpg\" class=\"attachment-medium size-medium wp-post-image\" alt=\"Atalak - eneko gil\" srcset=\"https:\/\/atalak.dantzaz.eus\/wp-content\/uploads\/2020\/03\/enekogil-66x66.jpg 66w, https:\/\/atalak.dantzaz.eus\/wp-content\/uploads\/2020\/03\/enekogil-150x150.jpg 150w, https:\/\/atalak.dantzaz.eus\/wp-content\/uploads\/2020\/03\/enekogil-200x200.jpg 200w, https:\/\/atalak.dantzaz.eus\/wp-content\/uploads\/2020\/03\/enekogil-300x300.jpg 300w, https:\/\/atalak.dantzaz.eus\/wp-content\/uploads\/2020\/03\/enekogil-400x400.jpg 400w, https:\/\/atalak.dantzaz.eus\/wp-content\/uploads\/2020\/03\/enekogil.jpg 500w\" sizes=\"(max-width: 300px) 100vw, 300px\" \/>       \n\t\t\t\n                 <\/div> <!-- lab-image-->\n\n      \n\n        <div class=\"lab-content\">\n         <div class=\"lab-intro\">\n           <h3 class=\"persona\">Eneko Gil<\/h3>\n           <span class=\"tipo\">Sorkuntza-laborategia <\/span>\n           <span class=\"periodo\">11\/30etik 12\/12ra<\/span>\n           <span class=\"separacion\"><\/span>\n         <\/div>  <!-- lab-intro -->\n\n            \n              <span class=\"residencia\"><strong>Harrera-egoitza<\/strong><br>\n              <p>Gipuzkoako Dantzagunea<\/p>\n<\/span>\n           \n\n                     \n\n           <div class=\"contenido\"><p>Eneko Gilek Hitzak\/Helburuak mugimenduan proposamena aurkeztu du. \u201cProposamen hau dantza mugimenduan ikusi dudan bakoitzean sortu zaizkidan galderei erantzuteko sortu da. Horretarako, mugimendua errepikatzean, <strong>pertsonekiko edo objektuekiko kontaktua edo mugimendua errepikatzean oinarrituko gara, edo landu beharreko jarraibideen abiapuntutzat har daitekeen erritmo tradizional batean, eta, ondoren, testuarekin<\/strong> testua mugimenduan batzean dauden aukeren inguruan ikertzeko. Atalak-ek kanpoko begirada batera gonbidatzeko eskaintzen duen aukera ikusita, Dejabu Panpin Laborategiaren ezagutzaz eta egiten jakin nahi izan dut, eta Atalak laborategira gonbidatu nahi ditut\u201d.<\/p>\n<p>Eneko Gil (Errenteria, 1985) Ereintza Dantza Taldearekin dantzatzen hasi zen, eta Kukai Dantza Konpainiako kidea da konpainiaren hasieratik. Besteak beste, La Intrusa Danza, Iker G\u00f3mez, Jone San Mart\u00edn, Cesc Gelabert eta Marcos Moraurekin lan egiteko aukera izan du. Asier Zabaleta, Mikel Aristegui eta Natalia Monge euskal koreografoekin ere lan egiteko aukera izan du. 2009an, dantzari bikain baten saria jaso zuen, eta, hala, American Dance Festivalen parte hartzeko aukera izan zuen Ipar Carolinan eta New Yorkeko Movement Research-en. Nazioarteko koreografo batzuekin lan eginez osatu zuen bere prestakuntza. 2013. urtean, Noem\u00ed Viana eta I\u00f1igo Ortegarekin batera, Anakrusa Dantza Antzerki Taldea sortu zuen. Gaur egun, Hika Teatroa, Oinkari Dantza Taldea, Bilaka Kolektiboa eta abarrekin ere lankidetzan dihardu.<\/p>\n<\/div>\n\n             \n              <div class=\"bio\"><span>BIO<\/span>\n              <p>Eneko Gil (Errenteria, 1985) Ereintza Dantza Taldearekin dantzatzen hasi zen, eta Kukai Dantza Konpainiako kidea da konpainiaren hasieratik. Besteak beste, La Intrusa Danza, Iker G\u00f3mez, Jone San Mart\u00edn, Cesc Gelabert eta Marcos Moraurekin lan egiteko aukera izan du. Asier Zabaleta, Mikel Aristegui eta Natalia Monge euskal koreografoekin ere lan egiteko aukera izan du. 2009an, dantzari bikain baten saria jaso zuen, eta, hala, American Dance Festivalen parte hartzeko aukera izan zuen Ipar Carolinan eta New Yorkeko Movement Research-en. Nazioarteko koreografo batzuekin lan eginez osatu zuen bere prestakuntza. 2013. urtean, Noem\u00ed Viana eta I\u00f1igo Ortegarekin batera, Anakrusa Dantza Antzerki Taldea sortu zuen. Gaur egun, Hika Teatroa, Oinkari Dantza Taldea, Bilaka Kolektiboa eta abarrekin ere lankidetzan dihardu.<\/p>\n<\/span><\/div> <!-- bio-->\n                   \n\n           \n            \n              <span class=\"muestra\"><strong>Laginak<\/strong><br>\n              <p><a href=\"https:\/\/atalak.dantzaz.eus\/eu\/agenda\/\" target=\"_blank\" rel=\"noopener\">B<strong>egiratu Agenda<\/strong><\/a><\/p>\n<\/span>\n              \n          <\/div><!-- lab-content-->\n        <\/div> <!-- lab-full -->\n            <div class=\"lab-full clearfix\" id=\"laida-aldaz\">         \n        <div class=\"lab-image\"> \n         \t<img decoding=\"async\" width=\"300\" height=\"300\" src=\"https:\/\/atalak.dantzaz.eus\/wp-content\/uploads\/2020\/03\/Laida_Aldaz.jpg\" class=\"attachment-medium size-medium wp-post-image\" alt=\"\" srcset=\"https:\/\/atalak.dantzaz.eus\/wp-content\/uploads\/2020\/03\/Laida_Aldaz-66x66.jpg 66w, https:\/\/atalak.dantzaz.eus\/wp-content\/uploads\/2020\/03\/Laida_Aldaz-150x150.jpg 150w, https:\/\/atalak.dantzaz.eus\/wp-content\/uploads\/2020\/03\/Laida_Aldaz-200x200.jpg 200w, https:\/\/atalak.dantzaz.eus\/wp-content\/uploads\/2020\/03\/Laida_Aldaz.jpg 300w\" sizes=\"(max-width: 300px) 100vw, 300px\" \/>       \n\t\t\t\n                 <\/div> <!-- lab-image-->\n\n      \n\n        <div class=\"lab-content\">\n         <div class=\"lab-intro\">\n           <h3 class=\"persona\">Laida Aldaz<\/h3>\n           <span class=\"tipo\">SORKUNTZA LABORATEGIA Los Arcos, Dantzagunea, Tabakalera kultur etxean, Felix Petite Vitoria-Gasteiz antzokian eta CCN Malandain<\/span>\n           <span class=\"periodo\">24\/08 - 04\/09<\/span>\n           <span class=\"separacion\"><\/span>\n         <\/div>  <!-- lab-intro -->\n\n           \n\n                     \n\n           <div class=\"contenido\"><p>Laida Aldazen proposamena, Site Specific Ciudad en Creaci\u00f3n, gure ingurunea behatzean oinarritzen da, gure sorkuntza-jarduerarako inspirazio gisa erabiltzeko. Hiriaren konposizio espaziala kontuan hartzen dugu, non, nola eta zer sortu nahi dugun erabakitzeko, eta material koreografikoaren errealitatea espazio eta leku desberdinekin trukatuz, proposamen koreografikoak espazio eszenikotik kanpora eramanez.<\/p>\n<\/div>\n\n             \n              <div class=\"bio\"><span>BIO<\/span>\n              <p><strong>Aldaz Laida<\/strong> (Etxarri Aranaz, 1980) 2000. urtean graduatu zen Nafarroako Dantza Eskola Ofizialean eta PARTSn (Brusela) jarraitu zuen. Hainbat artista eta konpainiarentzat lan egin du, hala nola David Zambrano, Julyen Hamilton, Ali &amp; Hedi Thabet, Mat Voorter, Irma Firma, Enclave Dance Company, Kakao Bleu, Zoo dance company eta beste batzuentzat. Bere ibilbide profesionala hainbat diziplinatako artistekin jarri du harremanetan, eta hainbat lan sortu ditu, sariak eta diru-laguntzak jaso dituztenak eta nazioartean erakutsi direnak (Japonia, Estatu Batuak, Belgika, Espainia, Portugal, Alemania, Erresuma Batua\u2026). Gaur egun, bere piezak sortzeaz gain, Zinetika de cine y danza jaialdiaren zuzendaria da, eta Carmen Larraz eta Marta Faktoriarekin batera zuzentzen du Zentro Koreografikoa.<\/p>\n<\/span><\/div> <!-- bio-->\n                   \n\n           \n            \n              <span class=\"muestra\"><strong>Laginak<\/strong><br>\n              <p><strong><a href=\"https:\/\/atalak.dantzaz.eus\/eu\/agenda\/\" target=\"_blank\" rel=\"noopener\">Begiratu Agenda<\/a><\/strong><\/p>\n<\/span>\n              \n          <\/div><!-- lab-content-->\n        <\/div> <!-- lab-full -->\n            <div class=\"lab-full clearfix\" id=\"denis-santacana\">         \n        <div class=\"lab-image\"> \n         \t<img decoding=\"async\" width=\"300\" height=\"300\" src=\"https:\/\/atalak.dantzaz.eus\/wp-content\/uploads\/2020\/03\/DenisSantacana-300x300.jpg\" class=\"attachment-medium size-medium wp-post-image\" alt=\"\" srcset=\"https:\/\/atalak.dantzaz.eus\/wp-content\/uploads\/2020\/03\/DenisSantacana-66x66.jpg 66w, https:\/\/atalak.dantzaz.eus\/wp-content\/uploads\/2020\/03\/DenisSantacana-150x150.jpg 150w, https:\/\/atalak.dantzaz.eus\/wp-content\/uploads\/2020\/03\/DenisSantacana-200x200.jpg 200w, https:\/\/atalak.dantzaz.eus\/wp-content\/uploads\/2020\/03\/DenisSantacana-300x300.jpg 300w, https:\/\/atalak.dantzaz.eus\/wp-content\/uploads\/2020\/03\/DenisSantacana-400x400.jpg 400w, https:\/\/atalak.dantzaz.eus\/wp-content\/uploads\/2020\/03\/DenisSantacana.jpg 500w\" sizes=\"(max-width: 300px) 100vw, 300px\" \/>       \n\t\t\t\n                 <\/div> <!-- lab-image-->\n\n      \n\n        <div class=\"lab-content\">\n         <div class=\"lab-intro\">\n           <h3 class=\"persona\">Denis Santacana<\/h3>\n           <span class=\"tipo\"> Esperimentazio-laborategia<\/span>\n           <span class=\"periodo\">20\/04 - 04\/06<\/span>\n           <span class=\"separacion\"><\/span>\n         <\/div>  <!-- lab-intro -->\n\n           \n\n                     \n\n           <div class=\"contenido\"><p>Hasieran martxorako aurreikusita bazegoen ere, Denis Santacanak esperimentazio-laborategia on line egingo du maiatzean.<\/p>\n<p>Proposamena izango da bideo-dantzaren diziplinarekin esperimentatzea eta proposamen artistiko bat zirriborratzera iristea, laborategi honek egingo dituen prozesuen ondorioz. Bideoa eta grabazioa sorkuntza koreografikoa errazteko tresna gisa aurkezten zaizkigu. Dantzari bakoitza dagoen lekutik eta laborategian duten eta garatuko duten materialarekin abiatuko gara. \u201cNire lanean gauza errepikari bat dago: objektuekin lan egitea. Pieza askotan objektu batzuk erabiliz hasten da. Kasu honetan, dantzan egiteko ohikoak ez diren etxeko espazioak erabili ahal izango ditugu, eta, aldi berean, objektuen erabilera planteatuko dugu, ezohiko elkarreragin horietatik ateratzen den ikusteko, eta horiek gure mugimendua nola baldintzatu dezaketen ikusteko\u201d, azaldu du Denis Santacanak.<\/p>\n<p>Mugimenduan dagoen irudiaren bidez hartutako 14 dantzari. Dantzariak elkarrekin egon ezin diren sorkuntza. Helburua dantzako bideo-pieza bat sortzen esperimentatzea da.<\/p>\n<p>Online sortzeko laborategietan metodologia hau garatu behar da:<\/p>\n<ul>\n<li>Gorputza prestatzeko eskola teknikoak.<\/li>\n<li>Dantza-bideoari buruzko hainbat masterclass, diziplina testuinguruan jartzeko eta ezagutzeko. Aditu handien eskutik, besteak beste, David Hinton britainiarra, mundu osoko bideodantzako agintari nagusietako bat, eta I\u00f1aki Alforja, Maite Berm\u00fadez, Gorka Mart\u00edn eta Alex Pach\u00f3n, besteak beste.<\/li>\n<li>Banakako elkarrizketak.<\/li>\n<li>Etxeko espazioak kokatzea.<\/li>\n<li>Gidoi bat sortzea.<\/li>\n<li>Feedback jarraituko lana, proposamenak definitzeko.<\/li>\n<li>Dantzari bakoitzaren lana.<\/li>\n<li>Materialak grabatzea.<\/li>\n<li>Pieza editatzea.<\/li>\n<\/ul>\n<\/div>\n\n             \n              <div class=\"bio\"><span>BIO<\/span>\n              <p><strong>Denis Santakana<\/strong> Donostian jaio zen 1984an, eta dantzari-ikasketak eta antzerki-ikasketak uztartu zituen. 2013an, koreografo gisa graduatu zen Madrilgo Mar\u00eda de \u00c1vila Dantza Kontserbatorio Nagusian, eta graduondokoa egin zuen London Contemporary Dance School-en. Interprete gisa, Espainiako eta nazioarteko konpainiekin lan egin du, eta hogei bat produkziotan baino gehiagotan egungo koreografo freelance batzuekin. 2007az geroztik, Denis Santacanak koreografiaren ikerketa eta konposizioa lantzen ditu, dantza eta antzerkiko lehen estreinaldiekin. 2013az geroztik, enpresak 7 pieza labur, formatu handiko 3 ikuskizun eta 2 bideo-lan estreinatu ditu. Gainera, konpainien eta taldeen ikuskizunetarako sorkuntzak egin ditu, hala nola Carmen Rocheren Baleta, 180\u00ba Laborategia, Edge (LCDS), Madrilgo Unibertsitate Europarraren tailerra, etab. 2017an, konpainia behin betiko jarri zen Euskadin, eta hainbat erakunderen laguntza jaso zuen, besteak beste, Eusko Jaurlaritzako kultura-arlokoa, Donostia Kultura, Dantzagunea, ONCE Fundazioa, CDART, La Fundici\u00f3n, Kurtzio Kultur Etxea.<\/p>\n<\/span><\/div> <!-- bio-->\n                   \n\n           \n            \n              <span class=\"muestra\"><strong>Laginak<\/strong><br>\n              <p><strong><a href=\"https:\/\/atalak.dantzaz.eus\/eu\/agenda\/\" target=\"_blank\" rel=\"noopener\">Begiratu Agenda<\/a><\/strong><\/p>\n<\/span>\n              \n          <\/div><!-- lab-content-->\n        <\/div> <!-- lab-full -->\n            \n  <\/div> <!-- lab-list -->\n\t\n\n\n<section id=\"thumbwrapper12\" class=\"gallery-video-content\"\n         data-gallery-video-perpage=\"5\" data-gallery-video-id=\"12\">\n\n    <input type=\"hidden\" class=\"pagenum\" value=\"1\"\/>\n    <ul id=\"origincode_videogallery\" class=\"origincode_videogallery view-thumbnails\">\n        <li id=\"fullPreview\"><\/li>\n        <input type=\"hidden\" id=\"total\" value=\"1\"\/>\n                    <li class=\"origincode_big_li\" data-id=\"147\">\n                                    <a class=\"vvimeo origincode_videogallery_item group12\"\n                       href=\"\/\/player.vimeo.com\/video\/453585459\"\n                       title=\"DENIS SANTACANA\"\n                       data-description=\"\"\n                       data-id=\"147\"><\/a>\n                    <img decoding=\"async\" src=\"https:\/\/i.vimeocdn.com\/video\/950009187-6f9b1aeecbf5f6932473afaf2c01362b5751b56f09031dd9421c665b2eeb6132-d_640?region=us\"\n                         alt=\"DENIS SANTACANA\"\/>\n                                    <div class=\"overLayer\"><\/div>\n                <div class=\"infoLayer\">\n                    <ul>\n                        <li>\n                            <h2>\n                                DENIS SANTACANA                            <\/h2>\n                        <\/li>\n                        <li>\n                            <p>\n                                Watch Video                            <\/p>\n                        <\/li>\n                    <\/ul>\n                <\/div>\n            <\/li>\n                    <li class=\"origincode_big_li\" data-id=\"157\">\n                                    <a class=\"vvimeo origincode_videogallery_item group12\"\n                       href=\"\/\/player.vimeo.com\/video\/461310252\"\n                       title=\"LAIDA ALDAZ\"\n                       data-description=\"\"\n                       data-id=\"157\"><\/a>\n                    <img decoding=\"async\" src=\"https:\/\/i.vimeocdn.com\/video\/969856185-fbb0ca22877f05fb8c8be742e53c2c6f239eced5de404fea21185d8d4fa3f62c-d_640?region=us\"\n                         alt=\"LAIDA ALDAZ\"\/>\n                                    <div class=\"overLayer\"><\/div>\n                <div class=\"infoLayer\">\n                    <ul>\n                        <li>\n                            <h2>\n                                LAIDA ALDAZ                            <\/h2>\n                        <\/li>\n                        <li>\n                            <p>\n                                Watch Video                            <\/p>\n                        <\/li>\n                    <\/ul>\n                <\/div>\n            <\/li>\n                    <li class=\"origincode_big_li\" data-id=\"109\">\n                                    <a class=\"vvimeo origincode_videogallery_item group12\"\n                       href=\"\/\/player.vimeo.com\/video\/504369640\"\n                       title=\"ENEKO GIL\"\n                       data-description=\"\"\n                       data-id=\"109\"><\/a>\n                    <img decoding=\"async\" src=\"\"\n                         alt=\"ENEKO GIL\"\/>\n                                    <div class=\"overLayer\"><\/div>\n                <div class=\"infoLayer\">\n                    <ul>\n                        <li>\n                            <h2>\n                                ENEKO GIL                            <\/h2>\n                        <\/li>\n                        <li>\n                            <p>\n                                Watch Video                            <\/p>\n                        <\/li>\n                    <\/ul>\n                <\/div>\n            <\/li>\n        \n    <\/ul>\n    <\/section>\n<style>\nsection #origincode_videogallery a{\n\tborder:none;\n}\nsection #origincode_videogallery {\n\tpadding: 28px;\n\tdisplay: block;\n\tmin-height: 100%;\n\ttext-align: center;\n\tmargin-bottom: 30px;\n  background-color: #333333; box-shadow: 0 0 10px;}\n\n\n#origincode_videogallery .origincode_big_li {\n\twidth: 100%;\n\tmax-width: 240px;\n\toverflow:hidden;\n\theight: 150px;\n\tmargin: 1px !important;\n\tpadding:0 !important;\n\tborder: 1px solid #444444;\n\tborder-radius: 5px;\n}\n\nsection #origincode_videogallery li .infoLayer ul li {\n\tmax-height:80px;\n\toverflow:hidden;\n}\n\nsection #origincode_videogallery li .overLayer ul li h2,\nsection #origincode_videogallery li .infoLayer ul li h2 {\n\tfont-size: 16px;\n\tcolor: #FFFFFF;\n\tmargin:0 !important;\n}\n\nsection #origincode_videogallery li .infoLayer ul li p {\n\tcolor: #FFFFFF;\n\tmargin:0 !important;\n}\n\nsection #origincode_videogallery li .overLayer,\nsection #origincode_videogallery li .infoLayer {\n\t-webkit-transition: opacity 0.3s linear;\n\t-moz-transition: opacity 0.3s linear;\n\t-ms-transition: opacity 0.3s linear;\n\t-o-transition: opacity 0.3s linear;\n\ttransition: opacity 0.3s linear;\n\twidth: 100%;\n\tmax-width: 240px;\n\theight: 150px;\n\tposition: absolute;\n\ttext-align: center;\n\topacity: 0;\n\ttop: 0;\n\tleft: 0;\n\tz-index: 4;\n\tborder-radius: 5px;\n}\n\n\n\nsection #origincode_videogallery li a {\n\tposition: absolute;\n\tdisplay: block;\n\twidth: 100%;\n\tmax-width: 240px;\n\theight: 150px;\n\ttop: 0;\n\tleft: 0;\n\tz-index: 6;\n\tborder-radius: 5px;\n}\n.load_more3 {\n\tmargin: 10px 0;\n\tposition:relative;\n\ttext-align:center;\n\twidth:100%;\n}\n\n.load_more_button3 {\n\tborder-radius: 10px;\n\tdisplay:inline-block;\n\tpadding:5px 15px;\n\tfont-size:19px !important;;\n\tcolor:#CCCCCC !important;;\n\tbackground:#333333 !important;\n\tcursor:pointer;\n\n}\n.load_more_button3:hover{\n\tcolor:#D9D9D9 !important;\n\tbackground:#8F827C !important;\n}\n.loading3 {\n\tdisplay:none;\n}\n.paginate3{\n\tfont-size:22px !important;\n\tcolor:#0A0202 !important;\n\ttext-align: center;\n}\n.paginate3 a{\n\tborder-bottom: none !important;\n\tbox-shadow: none !important;\n}\n.icon-style3{\n\tfont-size: 22px !important;\n\tcolor:#333333 !important;\n}\n.clear{\n\tclear:both;\n}\n\n#origincode_videogallery li img {\n\twidth: 100%;\n\tmax-width: 238px;\n\theight: 148px;\n\tmin-height: 100%;\n\tmargin:0 !important;\n}\n\nsection #origincode_videogallery li:hover .overLayer {\n\t-webkit-transition: opacity 0.3s linear;\n\t-moz-transition: opacity 0.3s linear;\n\t-ms-transition: opacity 0.3s linear;\n\t-o-transition: opacity 0.3s linear;\n\ttransition: opacity 0.3s linear;\n\topacity: 0.801;\n\tdisplay: block;\n\tbackground: #CCCCCC;\n}\nsection #origincode_videogallery li:hover .infoLayer {\n\t-webkit-transition: opacity 0.3s linear;\n\t-moz-transition: opacity 0.3s linear;\n\tms-transition: opacity 0.3s linear;\n\t-o-transition: opacity 0.3s linear;\n\ttransition: opacity 0.3s linear;\n\topacity: 1;\n\tdisplay: block;\n}\nsection #origincode_videogallery p {text-align:center;}\n<\/style><\/p>\n<\/div><div class=\"fusion-clearfix\"><\/div><\/div><\/div><\/div><\/div><\/p>\n","protected":false},"excerpt":{"rendered":"","protected":false},"author":1,"featured_media":0,"parent":0,"menu_order":0,"comment_status":"closed","ping_status":"closed","template":"100-width.php","meta":{"footnotes":""},"class_list":["post-1218","page","type-page","status-publish","hentry"],"acf":[],"_links":{"self":[{"href":"https:\/\/atalak.dantzaz.eus\/eu\/wp-json\/wp\/v2\/pages\/1218","targetHints":{"allow":["GET"]}}],"collection":[{"href":"https:\/\/atalak.dantzaz.eus\/eu\/wp-json\/wp\/v2\/pages"}],"about":[{"href":"https:\/\/atalak.dantzaz.eus\/eu\/wp-json\/wp\/v2\/types\/page"}],"author":[{"embeddable":true,"href":"https:\/\/atalak.dantzaz.eus\/eu\/wp-json\/wp\/v2\/users\/1"}],"replies":[{"embeddable":true,"href":"https:\/\/atalak.dantzaz.eus\/eu\/wp-json\/wp\/v2\/comments?post=1218"}],"version-history":[{"count":5,"href":"https:\/\/atalak.dantzaz.eus\/eu\/wp-json\/wp\/v2\/pages\/1218\/revisions"}],"predecessor-version":[{"id":1295,"href":"https:\/\/atalak.dantzaz.eus\/eu\/wp-json\/wp\/v2\/pages\/1218\/revisions\/1295"}],"wp:attachment":[{"href":"https:\/\/atalak.dantzaz.eus\/eu\/wp-json\/wp\/v2\/media?parent=1218"}],"curies":[{"name":"wp","href":"https:\/\/api.w.org\/{rel}","templated":true}]}}