{"id":1235,"date":"2021-11-12T21:20:36","date_gmt":"2021-11-12T19:20:36","guid":{"rendered":"https:\/\/atalak.dantzaz.eus\/laboratorios-2018\/"},"modified":"2021-12-19T12:33:32","modified_gmt":"2021-12-19T10:33:32","slug":"laborategiak-2018","status":"publish","type":"page","link":"https:\/\/atalak.dantzaz.eus\/eu\/laborategiak-2018\/","title":{"rendered":"Laborategiak 2018"},"content":{"rendered":"<p><div class=\"fusion-fullwidth fullwidth-box fusion-builder-row-1 hundred-percent-fullwidth non-hundred-percent-height-scrolling\" style=\"background-color: rgba(255,255,255,0);background-position: center center;background-repeat: no-repeat;padding-top:0px;padding-right:0px;padding-bottom:0px;padding-left:0px;margin-bottom: 0px;margin-top: 0px;border-width: 0px 0px 0px 0px;border-color:#eae9e9;border-style:solid;\" ><div class=\"fusion-builder-row fusion-row\"><div class=\"fusion-layout-column fusion_builder_column fusion-builder-column-0 fusion_builder_column_1_1 1_1 fusion-one-full fusion-column-first fusion-column-last\" style=\"margin-top:0px;margin-bottom:20px;\"><div class=\"fusion-column-wrapper fusion-flex-column-wrapper-legacy\" style=\"background-position:left top;background-repeat:no-repeat;-webkit-background-size:cover;-moz-background-size:cover;-o-background-size:cover;background-size:cover;padding: 0px 0px 0px 0px;\"><span class=\" fusion-imageframe imageframe-none imageframe-1 hover-type-none\"><img decoding=\"async\" width=\"2000\" height=\"843\" alt=\"Laboratorio experimentacion\" title=\"fondo-lab\" src=\"https:\/\/atalak.dantzaz.eus\/wp-content\/uploads\/2020\/03\/fondo-lab.jpg\" class=\"img-responsive wp-image-428\" srcset=\"https:\/\/atalak.dantzaz.eus\/wp-content\/uploads\/2020\/03\/fondo-lab-200x84.jpg 200w, https:\/\/atalak.dantzaz.eus\/wp-content\/uploads\/2020\/03\/fondo-lab-400x169.jpg 400w, https:\/\/atalak.dantzaz.eus\/wp-content\/uploads\/2020\/03\/fondo-lab-600x253.jpg 600w, https:\/\/atalak.dantzaz.eus\/wp-content\/uploads\/2020\/03\/fondo-lab-800x337.jpg 800w, https:\/\/atalak.dantzaz.eus\/wp-content\/uploads\/2020\/03\/fondo-lab-1200x506.jpg 1200w, https:\/\/atalak.dantzaz.eus\/wp-content\/uploads\/2020\/03\/fondo-lab.jpg 2000w\" sizes=\"(max-width: 1024px) 100vw, 2000px\" \/><\/span><div class=\"fusion-clearfix\"><\/div><\/div><\/div><\/div><\/div><div class=\"fusion-fullwidth fullwidth-box fusion-builder-row-2 nonhundred-percent-fullwidth non-hundred-percent-height-scrolling\" style=\"background-color: rgba(255,255,255,0);background-position: center center;background-repeat: no-repeat;padding-top:35px;padding-right:0px;padding-bottom:0px;padding-left:0px;margin-bottom: 0px;margin-top: 0px;border-width: 0px 0px 0px 0px;border-color:#eae9e9;border-style:solid;\" ><div class=\"fusion-builder-row fusion-row\"><div class=\"fusion-layout-column fusion_builder_column fusion-builder-column-1 fusion_builder_column_1_1 1_1 fusion-one-full fusion-column-first fusion-column-last\" style=\"margin-top:0px;margin-bottom:20px;\"><div class=\"fusion-column-wrapper fusion-flex-column-wrapper-legacy\" style=\"background-position:left top;background-repeat:no-repeat;-webkit-background-size:cover;-moz-background-size:cover;-o-background-size:cover;background-size:cover;padding: 0px 0px 0px 0px;\"><style type=\"text\/css\"><\/style><div class=\"fusion-title title fusion-title-1 fusion-sep-none fusion-title-center fusion-title-text fusion-title-size-one tituloh1 debajo\" style=\"font-size:48px;margin-top:0px;margin-right:0px;margin-bottom:31px;margin-left:0px;\"><h1 class=\"title-heading-center\" style=\"margin:0;font-size:1em;color:#000000;line-height:1;\">ATALAK 2.0 proposamen koreografikoetarako irteera eskaintzen duen sare egitura da<\/h1><\/div><div class=\"fusion-text fusion-text-1 texto-grande\"><p><span style=\"font-weight: 400;\">Atalak 2.0 programak beste urrats bat ematen du koreografia sorkuntzaren aldeko apustuan, Nafarroan bazkide berri bat sartzeari esker. Aurten Fundaci\u00f3n Baluarte Donostia Kulturarekin, CCN Malandain Ballet Biarritz, Tabakalera eta Azkuna Zentroarekin bat egiten du. Aurten gonbidatutako sortzaileak I\u00f1aki Azpillaga dantzari eta koreografo donostiarra (Wim Vandekeybus belgikarrak zuzendutako konpainiaren sormen laguntzailea), Matxalen Bilbao (euskal koreografo esperientziadunetako bat), Edu Muruamendiaraz (koreografoa, sortzailea eta taldeko zuzendaria dira) Aukeran), Blanca Arrieta gasteiztarra (dantzaria, koreografoa eta Ciento Cincuenta Cuerdas konpainiaren zuzendaria), Carmen Larraz sortzaile nafarra (dagogoa eta koreografoa D\u00ednamo Danza konpainian) eta Thierry Martinez frantziarra.\u00a0<\/span><\/p>\n<p><span style=\"font-weight: 400;\">Atalak 2.0-k berrikuntza batzuk ere proposatzen ditu 2018 honetarako. Alde batetik, kideei koreografo parte hartzaileen sorkuntzak integratzeko aukera zabaltzen die ikusleekin programazio edo harreman ekintza desberdinen bidez. Bestetik eta &#8216;Atalak. Izenburupean. Kafe bat? &#8216;, Sektoreko sortzaileen eta profesionalen arteko topaketak aurkezten ditu elkartutako espazio bakoitzean<\/span><\/p>\n<\/div><div class=\"fusion-clearfix\"><\/div><\/div><\/div><\/div><\/div><div class=\"fusion-fullwidth fullwidth-box fusion-builder-row-3 videos nonhundred-percent-fullwidth non-hundred-percent-height-scrolling\" style=\"background-color: rgba(255,255,255,0);background-position: center center;background-repeat: no-repeat;padding-top:0px;padding-right:0px;padding-bottom:45px;padding-left:0px;margin-top: 35px;border-width: 0px 0px 0px 0px;border-color:#eae9e9;border-style:solid;\" ><div class=\"fusion-builder-row fusion-row\"><div class=\"fusion-layout-column fusion_builder_column fusion-builder-column-2 fusion_builder_column_1_1 1_1 fusion-one-full fusion-column-first fusion-column-last\" style=\"margin-top:0px;margin-bottom:0px;\"><div class=\"fusion-column-wrapper fusion-flex-column-wrapper-legacy\" style=\"background-position:left top;background-repeat:no-repeat;-webkit-background-size:cover;-moz-background-size:cover;-o-background-size:cover;background-size:cover;padding: 0px 0px 0px 0px;\"><style type=\"text\/css\"><\/style><div class=\"fusion-title title fusion-title-2 fusion-sep-none fusion-title-center fusion-title-text fusion-title-size-two tituloh2\" style=\"margin-top:0px;margin-right:0px;margin-bottom:31px;margin-left:0px;\"><h2 class=\"title-heading-center\" style=\"margin:0;\">Laborategiak 2018<\/h2><\/div><div class=\"fusion-text fusion-text-2\"><p>\n<div class=\"lab-list\">\n\n    <div class=\"lab-full clearfix\" id=\"thierry-martinez\">         \n        <div class=\"lab-image\"> \n         \t<img decoding=\"async\" width=\"300\" height=\"300\" src=\"https:\/\/atalak.dantzaz.eus\/wp-content\/uploads\/2021\/08\/Atalak-laboratorios-2018-thierry_Martinez-300x300.jpg\" class=\"attachment-medium size-medium wp-post-image\" alt=\"Atalak-laboratorios-2018-thierry_Martinez\" srcset=\"https:\/\/atalak.dantzaz.eus\/wp-content\/uploads\/2021\/08\/Atalak-laboratorios-2018-thierry_Martinez-66x66.jpg 66w, https:\/\/atalak.dantzaz.eus\/wp-content\/uploads\/2021\/08\/Atalak-laboratorios-2018-thierry_Martinez-150x150.jpg 150w, https:\/\/atalak.dantzaz.eus\/wp-content\/uploads\/2021\/08\/Atalak-laboratorios-2018-thierry_Martinez-200x200.jpg 200w, https:\/\/atalak.dantzaz.eus\/wp-content\/uploads\/2021\/08\/Atalak-laboratorios-2018-thierry_Martinez-300x300.jpg 300w, https:\/\/atalak.dantzaz.eus\/wp-content\/uploads\/2021\/08\/Atalak-laboratorios-2018-thierry_Martinez-400x400.jpg 400w, https:\/\/atalak.dantzaz.eus\/wp-content\/uploads\/2021\/08\/Atalak-laboratorios-2018-thierry_Martinez.jpg 501w\" sizes=\"(max-width: 300px) 100vw, 300px\" \/>       \n\t\t\t\n                 <\/div> <!-- lab-image-->\n\n      \n\n        <div class=\"lab-content\">\n         <div class=\"lab-intro\">\n           <h3 class=\"persona\">Thierry Martinez<\/h3>\n           <span class=\"tipo\">ESPERIMENTAZIO-LABORATEGIA<\/span>\n           <span class=\"periodo\">2018 abendua<\/span>\n           <span class=\"separacion\"><\/span>\n         <\/div>  <!-- lab-intro -->\n\n           \n\n                     \n\n           <div class=\"contenido\"><p><span style=\"font-weight: 400;\">Thierry Martinez koreografo frantsesak Contrast aurkezten du inspiratutako ideia<\/span><span style=\"font-weight: 400;\">, &#8220;dantzarien taldetik beren desberdinetan sortzen diren kultur aniztasunean&#8221; <\/span><span style=\"font-weight: 400;\">nortasun, eta hori adierazten duen pieza bizia eta gizatiarra sortzea du helburu. I<\/span><span style=\"font-weight: 400;\">nterprete gazteen jakin-mina.<\/span><\/p>\n<\/div>\n\n             \n              <div class=\"bio\"><span>BIO<\/span>\n              <p><span style=\"font-weight: 400;\">EPSEDANSE (Montpellier), eta AM Porras konpainiak lehen esperientzia profesionala ondoren prestatuak, Thierry Mart\u00ednez elkartutaldea. <\/span><span style=\"font-weight: 400;\">Metros\u00a0 Cie (Bartzelona), R. Ollerrena. Proiektu desberdinak freelance gisa garatu ondoren, 2003an Suedian jarraitu zuen bere ibilbidea Norrdans Co-rekin lan egiten eta <\/span><span style=\"font-weight: 400;\">koreografoen hainbat sorkuntza interpretatzen, hala nola R. Horta, S. Petronio, R. Oller, U. Ivgi eta R. Zappala, besteak beste. 2010ean&#8217;Toccataekoizpenean parte hartu zuen <\/span><span style=\"font-weight: 400;\">Luisa Lazzarorekin batera egindakoe Fuga&#8217;. Londreseko Resolutions jaialdian ere parte hartu zuen. Geroago, bi pieza sortu zituen (&#8216;Le Temps d&#8217;une Rencontre&#8217; <\/span><span style=\"font-weight: 400;\">eta &#8216;Dialogues m\u00eal\u00e9s&#8217;) Le temps d&#8217;Aimer (Biarritz) jaialdirako, eta horiei 2011n &#8220;L&#8217;Instant des Forges&#8221; bezalako beste lan koreografiko batzuk gehitzen zaizkie. , &#8216;Soinu eta <\/span><span style=\"font-weight: 400;\">argi ikuskizuna Hosssegor kasinoan&#8217;, hainbat solo eta bikotez gain. Gaur egun, Norrdans enpresako jarduera etapedagogia taldean egiten duen lana uztartzen ditu <\/span><span style=\"font-weight: 400;\">CFD Biarritzeko.<\/span><\/p>\n<p>&nbsp;<\/p>\n<\/span><\/div> <!-- bio-->\n                   \n\n           \n              \n          <\/div><!-- lab-content-->\n        <\/div> <!-- lab-full -->\n            <div class=\"lab-full clearfix\" id=\"carmen-larraz\">         \n        <div class=\"lab-image\"> \n         \t<img decoding=\"async\" width=\"300\" height=\"298\" src=\"https:\/\/atalak.dantzaz.eus\/wp-content\/uploads\/2020\/03\/atalak-carmen-larraz-300x298.jpeg\" class=\"attachment-medium size-medium wp-post-image\" alt=\"Atalak-Carmen_Larraz\" srcset=\"https:\/\/atalak.dantzaz.eus\/wp-content\/uploads\/2020\/03\/atalak-carmen-larraz-66x66.jpeg 66w, https:\/\/atalak.dantzaz.eus\/wp-content\/uploads\/2020\/03\/atalak-carmen-larraz-150x150.jpeg 150w, https:\/\/atalak.dantzaz.eus\/wp-content\/uploads\/2020\/03\/atalak-carmen-larraz-200x199.jpeg 200w, https:\/\/atalak.dantzaz.eus\/wp-content\/uploads\/2020\/03\/atalak-carmen-larraz-300x298.jpeg 300w, https:\/\/atalak.dantzaz.eus\/wp-content\/uploads\/2020\/03\/atalak-carmen-larraz-400x397.jpeg 400w, https:\/\/atalak.dantzaz.eus\/wp-content\/uploads\/2020\/03\/atalak-carmen-larraz.jpeg 430w\" sizes=\"(max-width: 300px) 100vw, 300px\" \/>       \n\t\t\t\n                 <\/div> <!-- lab-image-->\n\n      \n\n        <div class=\"lab-content\">\n         <div class=\"lab-intro\">\n           <h3 class=\"persona\">Carmen Larraz<\/h3>\n           <span class=\"tipo\">ESPERIMENTAZIO-LABORATEGIA<\/span>\n           <span class=\"periodo\">2018 abendua<\/span>\n           <span class=\"separacion\"><\/span>\n         <\/div>  <!-- lab-intro -->\n\n           \n\n                     \n\n           <div class=\"contenido\"><p><b>Elektrizitate Gorputzak <\/b><span style=\"font-weight: 400;\">sortzaile nafarrak <\/span><b>Carmen Larraz<\/b><span style=\"font-weight: 400;\"> Elektrizitate Gorputza aurkeztu du. \u00abduenarensinpletik abiatuta <\/span><span style=\"font-weight: 400;\">Iman batek bestearen aurka nola jokatzenirudi, magnetismoaestrapola daiteke <\/span><span style=\"font-weight: 400;\">irudimen pertsonal eta giza harreman ugarietara. Nire asmoaabiaraztea da <\/span><span style=\"font-weight: 400;\">proposamenaeta inprobisazio tresnen bidezunibertso pertsonala suspertzea <\/span><span style=\"font-weight: 400;\">interprete bakoitzaren\u00bb.<\/span><\/p>\n<\/div>\n\n             \n              <div class=\"bio\"><span>BIO<\/span>\n              <p><span style=\"font-weight: 400;\">Nafarroako Dantza Eskolan hasi zuen prestakuntza eta dantza garaikidean profesionalki trebatzen da Bruselan eta Amsterdamen,entzutetsuen eskutik <\/span><span style=\"font-weight: 400;\">irakasle, tartean David Zambrano. Frey Faust, Salva Sanchis, Deja Donne, Iztok Kovak, En-Knap eta Rital Brocante zirku konpainian dantzatu du.<\/span><\/p>\n<p><span style=\"font-weight: 400;\">2009an Iru\u00f1era itzuli zen, eta han hasi zuen bere ibilbidea sortzaile gisa, beste artista batzuekin lankidetzan eta &#8216;In the way of memory memorybezalako proiektuak sinatzen<\/span><span style=\"font-weight: 400;\">&#8216;, &#8216;T\u00edteres del tiempo&#8217;, &#8216;La Red&#8217;, &#8216;Blanco&#8217; eta &#8216;V\u00eda 4&#8217;. 2013an D\u00ednamo Danza konpainia sortu zuen, eta honekin estreinatu zuen bere lehen ekoizpena, &#8216;Flecha Rota&#8217;,sorkuntza <\/span><span style=\"font-weight: 400;\">Zawirowania lehiaketan saria jaso zuen. 2016ko ekainean Gdansk-ekonazioarteko Solo Dance Lehiaketako 2. saria eman zioten <\/span><span style=\"font-weight: 400;\">(Polonia)&#8217;Dynamo&#8217; piezarekin. Urte berean eta Quinteto Bortzekin elkarlanean, Iru\u00f1eko Taldearen &#8216;Elmusika lanaren sorkuntza koreografikoa sinatu zuen <\/span><span style=\"font-weight: 400;\">Rapto de Europa&#8217;. <\/span><\/p>\n<p><span style=\"font-weight: 400;\">2017ko urrian, &#8216;Transoce\u00e1nica&#8217; estreinatu zen Bara\u00f1\u00e1in Auditoriumean, argazkia, dantza eta musika uztartzeninspiratuta dagoen proposamena <\/span><span style=\"font-weight: 400;\">dituen eta ingurunea entzutean. Larrazek dantza garaikideko tailerrak eta tailerrak ere ematen ditu. Gaur egun,berejarduera eta pedagogia uztartzen ditu <\/span><span style=\"font-weight: 400;\">Aulaescenan (Bara\u00f1\u00e1in Auditorium) sormen.<\/span><\/p>\n<\/span><\/div> <!-- bio-->\n                   \n\n           \n              \n          <\/div><!-- lab-content-->\n        <\/div> <!-- lab-full -->\n            <div class=\"lab-full clearfix\" id=\"blanca-arrieta\">         \n        <div class=\"lab-image\"> \n         \t<img decoding=\"async\" width=\"182\" height=\"182\" src=\"https:\/\/atalak.dantzaz.eus\/wp-content\/uploads\/2021\/08\/Atalak-laboratorios_2018-Blanca_Arrieta.jpg\" class=\"attachment-medium size-medium wp-post-image\" alt=\"\" srcset=\"https:\/\/atalak.dantzaz.eus\/wp-content\/uploads\/2021\/08\/Atalak-laboratorios_2018-Blanca_Arrieta-66x66.jpg 66w, https:\/\/atalak.dantzaz.eus\/wp-content\/uploads\/2021\/08\/Atalak-laboratorios_2018-Blanca_Arrieta-150x150.jpg 150w, https:\/\/atalak.dantzaz.eus\/wp-content\/uploads\/2021\/08\/Atalak-laboratorios_2018-Blanca_Arrieta.jpg 182w\" sizes=\"(max-width: 182px) 100vw, 182px\" \/>       \n\t\t\t\n                 <\/div> <!-- lab-image-->\n\n      \n\n        <div class=\"lab-content\">\n         <div class=\"lab-intro\">\n           <h3 class=\"persona\">Blanca Arrieta<\/h3>\n           <span class=\"tipo\">ESPERIMENTAZIO-LABORATEGIA<\/span>\n           <span class=\"periodo\">2018 maiatza<\/span>\n           <span class=\"separacion\"><\/span>\n         <\/div>  <!-- lab-intro -->\n\n           \n\n                     \n\n           <div class=\"contenido\"><p><span style=\"font-weight: 400;\">&#8216;Mugimendu sinkronikoak&#8217;. \u00abLaborategiko egonaldi honetarako proposatzen dudan lana &#8211; azaldu du Arrietak &#8211; honako galdera hau du ardatz: nola pentsatzen dugu fisikoki? Mugimendua sortzen dugunean formarako, lotura pertsonaletarako eta beste gorputz batzuekin elkarrizketa fisikoetarako espazioa bilatzen dugu. Gorputza eta burua mugimenduari zentzua emateko lotzen dira. Ideia horretatik abiatuta, Arrietak &#8220;ekintzen aldiberekotasunarekin edo aldi baterako lerrokatutako bi edo gehiagoren arteko antzeko mugimenduen kointzidentziarekin&#8221; jokatzen duen ariketa koreografikoa proposatzen du.<\/span><\/p>\n<\/div>\n\n             \n              <div class=\"bio\"><span>BIO<\/span>\n              <p><span style=\"font-weight: 400;\">Blanca Arrieta (Gasteiz, 1970) koreografoa, dantzaria eta sorkuntza garaikide ugaritan kolaboratzailea da. Prestakuntza LondreskoGaraikidekon jaso zuen <\/span><span style=\"font-weight: 400;\">DantzaEskolan \/ The Place-eta geroztik berea sortzera dedikatu da. Gaur egun Mabi Revuelta artista bilbotarrarekin lankidetzan ari da Acrom\u00e1tica proiektuan, eta horrela bere esperientzia bere Konpainiatik haratago zabaltzen du. Hirugarren urtez jarraian, Eusko Jaurlaritzak sustatzen duen koreografia sorkuntzari buruzko Dantzan Bilaka programako laguntza eta koordinazio taldeko kide da. Blanca Bilbon dago egoitza eta oso izaera anitzeko lanak ekoitzi ditu Espainian, Europan, Kanadan eta Estatu Batuetan ikusi direnak. 2015ean gorputzaren, denboraren eta espazioaren arkitekturara bideratutako ikerketa proiektua hasi zuen, &#8216;Gaiak&#8217; edo &#8216;Despacio&#8217; bezalako sorkuntzetan gauzatu den lana.<\/span><\/p>\n<p>&gt; <a href=\"https:\/\/blancaarrieta.wixsite.com\/proyectos\" target=\"_blank\" rel=\"noopener\">Blancaarrieta.com<\/a><\/p>\n<\/span><\/div> <!-- bio-->\n                   \n\n           \n              \n          <\/div><!-- lab-content-->\n        <\/div> <!-- lab-full -->\n            <div class=\"lab-full clearfix\" id=\"edu-muruamendiaraz\">         \n        <div class=\"lab-image\"> \n         \t<img decoding=\"async\" width=\"300\" height=\"300\" src=\"https:\/\/atalak.dantzaz.eus\/wp-content\/uploads\/2021\/08\/Atalak_laboratorios-2018-Edu_Muruamendiaraz-300x300.jpg\" class=\"attachment-medium size-medium wp-post-image\" alt=\"Atalak_laboratorios 2018-Edu_Muruamendiaraz.jpg\" srcset=\"https:\/\/atalak.dantzaz.eus\/wp-content\/uploads\/2021\/08\/Atalak_laboratorios-2018-Edu_Muruamendiaraz-66x66.jpg 66w, https:\/\/atalak.dantzaz.eus\/wp-content\/uploads\/2021\/08\/Atalak_laboratorios-2018-Edu_Muruamendiaraz-150x150.jpg 150w, https:\/\/atalak.dantzaz.eus\/wp-content\/uploads\/2021\/08\/Atalak_laboratorios-2018-Edu_Muruamendiaraz-200x200.jpg 200w, https:\/\/atalak.dantzaz.eus\/wp-content\/uploads\/2021\/08\/Atalak_laboratorios-2018-Edu_Muruamendiaraz-300x300.jpg 300w, https:\/\/atalak.dantzaz.eus\/wp-content\/uploads\/2021\/08\/Atalak_laboratorios-2018-Edu_Muruamendiaraz.jpg 342w\" sizes=\"(max-width: 300px) 100vw, 300px\" \/>       \n\t\t\t\n                 <\/div> <!-- lab-image-->\n\n      \n\n        <div class=\"lab-content\">\n         <div class=\"lab-intro\">\n           <h3 class=\"persona\">Edu Muruamendiaraz<\/h3>\n           <span class=\"tipo\">ESPERIMENTAZIO-LABORATEGIA<\/span>\n           <span class=\"periodo\">2018 maiatza<\/span>\n           <span class=\"separacion\"><\/span>\n         <\/div>  <!-- lab-intro -->\n\n           \n\n                     \n\n           <div class=\"contenido\"><p><span style=\"font-weight: 400;\">Koreografoa, Aukeran Dantza Konpainiako zuzendaria eta dantzaria. Dantzatrebatua <\/span><span style=\"font-weight: 400;\">tradizionalean, genero horretatik abiatutaibilbide profesionala garatu du <\/span><span style=\"font-weight: 400;\">esperimentazioarekin eta hizkuntza tradizionalen eta garaikideen arteko fusioarekin lotutako, eta <\/span><span style=\"font-weight: 400;\">ATALAK (honetan) bere lana ere definitzen duen filosofia da, <\/span><span style=\"font-weight: 400;\">&#8216;DantzAmorfosis&#8217; izenekoa.\u00a0<\/span><\/p>\n<\/div>\n\n             \n              <div class=\"bio\"><span>BIO<\/span>\n              <p><span style=\"font-weight: 400;\">Aukeran Dantza Konpainiako koreografo, zuzendari eta dantzaria. Dantza tradizionalean trebatua, genero horretatik abiatuta esperimentaziora eta hizkuntza tradizionalak eta garaikideak bateratzera bideratutako ibilbide profesionala garatu zuen, konpainiaren ezaugarri bihurtu diren ikuskizun berritzaileak sortuz. Dantzari gisa, &#8220;Aurresku&#8221; eta &#8220;Danza al libre&#8221; Euskadiko txapelketa irabazi zuen hainbat edizioetan. Hainbat urtez Donostiako Nazioarteko Zinemaldiko dantzari ofiziala. Hainbat artistarekin kolaboratu du, hala nola Kepa Junkera eta Oreka TX, baita Euskadiko Orkestra Gaztearekin ere. Dantzari gisa ere parte hartu du filmean Carlos Saura zinemagile ospetsuak eta eszenatokia Luc\u00eda Lacarra eta Igor Yebra bezalako interprete entzutetsuekin partekatu du. Gaur egun, aholkulari artistikoa eta koreografoa da. Modu osagarrian, irakaskuntza alderdi sendoa garatzen du dantza tradizionaleko irakasle gisa Euskal Herriko hainbat dantza taldetan eta dantza tradizionaleko ikastaro monografikoak ematen ditu gure mugetatik kanpoko irakasle eta ikasleentzat, hala nola Pariseko Eskualde Zentroan (2011).<\/span><\/p>\n<p>&gt; <a href=\"http:\/\/www.aukeran.com\/es\/\" target=\"_blank\" rel=\"noopener\">Aukeran.com<\/a><\/p>\n<\/span><\/div> <!-- bio-->\n                   \n\n           \n              \n          <\/div><!-- lab-content-->\n        <\/div> <!-- lab-full -->\n            <div class=\"lab-full clearfix\" id=\"inaki-azpillaga\">         \n        <div class=\"lab-image\"> \n         \t<img decoding=\"async\" width=\"300\" height=\"300\" src=\"https:\/\/atalak.dantzaz.eus\/wp-content\/uploads\/2021\/08\/Atalak-Laboratorios_2018-Inaki_azpillaga-300x300.jpg\" class=\"attachment-medium size-medium wp-post-image\" alt=\"Atalak-Laboratorios 2018: I\u00f1aki Azpillaga\" srcset=\"https:\/\/atalak.dantzaz.eus\/wp-content\/uploads\/2021\/08\/Atalak-Laboratorios_2018-Inaki_azpillaga-66x66.jpg 66w, https:\/\/atalak.dantzaz.eus\/wp-content\/uploads\/2021\/08\/Atalak-Laboratorios_2018-Inaki_azpillaga-150x150.jpg 150w, https:\/\/atalak.dantzaz.eus\/wp-content\/uploads\/2021\/08\/Atalak-Laboratorios_2018-Inaki_azpillaga-200x200.jpg 200w, https:\/\/atalak.dantzaz.eus\/wp-content\/uploads\/2021\/08\/Atalak-Laboratorios_2018-Inaki_azpillaga-300x300.jpg 300w, https:\/\/atalak.dantzaz.eus\/wp-content\/uploads\/2021\/08\/Atalak-Laboratorios_2018-Inaki_azpillaga-400x400.jpg 400w, https:\/\/atalak.dantzaz.eus\/wp-content\/uploads\/2021\/08\/Atalak-Laboratorios_2018-Inaki_azpillaga.jpg 500w\" sizes=\"(max-width: 300px) 100vw, 300px\" \/>       \n\t\t\t\n                 <\/div> <!-- lab-image-->\n\n      \n\n        <div class=\"lab-content\">\n         <div class=\"lab-intro\">\n           <h3 class=\"persona\">I\u00f1aki Azpillaga<\/h3>\n           <span class=\"tipo\">ESPERIMENTAZIO-LABORATEGIA<\/span>\n           <span class=\"periodo\">2018 otsaila<\/span>\n           <span class=\"separacion\"><\/span>\n         <\/div>  <!-- lab-intro -->\n\n           \n\n                     \n\n           <div class=\"contenido\"><p><span style=\"font-weight: 400;\">\u201cSuturas\u201d&#8217;, Azpillagak Dantzaz dantzarientzat asmatu duen proposamenaren izena, donostiarra koreografoak Belgikan Ultima Vez konpainian egon ondoren garatu zuen lanean inspiratuta. &#8220;Mugimenduaren kalitatea naturalismoan oinarritzen da&#8221;, azaldu du, konposizio koreografikoaren mugimenduaren kalitateen eta ereduen muturreko definizioa aztertzen duen naturalismoa. \u00abGaur garatzen ari naizen sormen lanean, bikoteen arteko harremanak interesatzen zaizkit, bai haien intimitatean, bai taldeko bizikidetzan; haien gatazkak eta konpromisoak espazio fisiko eta mental bera partekatuz &#8220;, gaineratu du.<\/span><\/p>\n<\/div>\n\n             \n              <div class=\"bio\"><span>BIO<\/span>\n              <p><span style=\"font-weight: 400;\">Donostian jaioa, euskal folklorearen bidez hasi zen dantzatzen. Geroago ballet klasikoa, jazza, dantza modernoa eta garaikidea ikasi zituen. La Zarzuela Antzerki Liriko Nazionaleko Balletetik igaro ondoren, bere ibilbidea dantza garaikidearen arlora zuzendu zuen, talde ezberdinekin (Bocanada Danza, besteak beste) lan eginez. Konposizioan, inprobisazioan eta dantza argiztapenean trebatu zen New Yorkeko Nikolaus \/ Louis eskolan. Madrilgo VI Lehiaketa Koreografikoan lehen sariarekin bereizi zuten. &#8216;Gorrentzako elkarrizketa&#8217; estreinatu ondoren, Bruselara joatea erabaki zuen Wim Vandekeybusekin lan egiteko. Hiru urtez bere sormen prozesuan parte hartu zuen interprete gisa eta geroago koreografiaren laguntzaile gisa bere Ultima Vez konpainian, gaur egun oraindik ere lotuta dago. Gaur egun, dantza sortzeko pedagogian eta laguntzaile gisa lan egiten du. Dantza ikastaroak eta tailerrak ematen ditu eta &#8216;Cyclopes&#8217; (Tokyo 2010), &#8216;Jeffrey.1&#8217; (Copenhagen 2011) eta &#8216;The Olympic spirit 1&#8217; (Tokyo 2013) bezalako piezen egilea da.<\/span><\/p>\n<\/span><\/div> <!-- bio-->\n                   \n\n           \n              \n          <\/div><!-- lab-content-->\n        <\/div> <!-- lab-full -->\n            <div class=\"lab-full clearfix\" id=\"matxalen-bilbao\">         \n        <div class=\"lab-image\"> \n         \t<img decoding=\"async\" width=\"168\" height=\"168\" src=\"https:\/\/atalak.dantzaz.eus\/wp-content\/uploads\/2021\/08\/Atalak-Laboratorios-2017_-Matxalen-Bilbao.jpg\" class=\"attachment-medium size-medium wp-post-image\" alt=\"\" srcset=\"https:\/\/atalak.dantzaz.eus\/wp-content\/uploads\/2021\/08\/Atalak-Laboratorios-2017_-Matxalen-Bilbao-66x66.jpg 66w, https:\/\/atalak.dantzaz.eus\/wp-content\/uploads\/2021\/08\/Atalak-Laboratorios-2017_-Matxalen-Bilbao-150x150.jpg 150w, https:\/\/atalak.dantzaz.eus\/wp-content\/uploads\/2021\/08\/Atalak-Laboratorios-2017_-Matxalen-Bilbao.jpg 168w\" sizes=\"(max-width: 168px) 100vw, 168px\" \/>       \n\t\t\t\n                 <\/div> <!-- lab-image-->\n\n      \n\n        <div class=\"lab-content\">\n         <div class=\"lab-intro\">\n           <h3 class=\"persona\">Matxalen Bilbao<\/h3>\n           <span class=\"tipo\">ESPERIMENTAZIO-LABORATEGIA<\/span>\n           <span class=\"periodo\">2018 otsaila<\/span>\n           <span class=\"separacion\"><\/span>\n         <\/div>  <!-- lab-intro -->\n\n           \n\n                     \n\n           <div class=\"contenido\"><p><span style=\"font-weight: 400;\">&#8216;Amarrak&#8217; da Matxalen Bilbaok Dantzaz-en duen egonaldirako burutu duen proiektuaren izenburua. . Objektiboa, adierazi duenez, norbanakoaren eta taldearen arteko harremana aztertzea da, &#8220;antolaketa, inbasio, berezitasun, jabetze eta inprobisazio prozesuak&#8221; aztertuz. Engranajeen irudiak, migrazioak eta konposizio eskultorikoak dira taldeak egoera desberdinak bilatzeko, jarraitzeko, bereizteko eta bidaiatzeko modua agertzea helburu duen koreografia baten sorkuntza iturriak. &#8220;Batzuetan lotuta, beste batzuetan bereizita &#8230; baina beti gertu&#8221;, dio.<\/span><\/p>\n<\/div>\n\n             \n              <div class=\"bio\"><span>BIO<\/span>\n              <p><span style=\"font-weight: 400;\">Giza Zientzietan espezializatutako Oinarrizko Hezkuntzan diplomatua da Euskal Herriko Unibertsitatean. 2007-2008anArte eta Zientzien Masterra ikasi zuen <\/span><span style=\"font-weight: 400;\">UPV Showeko. 1998az geroztik interpretearen lana koreografoarekin uztartzen du. Matarile Teatro (Centro Dram\u00e1tico Galego), Dami\u00e1n Mu\u00f1oz Danza, Blanca Arrieta, Con buen pie eta Forros konpainietan dantzatu du. Hamar piezak sostengatzen dute bere ibilbidea. Lau solo, bikoteak, hirukoteak eta bi laukotek osatzen dute bere lana. Sorkuntza aipagarrienak &#8216;Sast!&#8217; Dira. (2009), &#8216;Haiku 4&#8217; (2007), &#8216;Capricho&#8217; (2005), &#8216;Lotura&#8217; (2004), &#8216;Mutis&#8217; (2003). Bere lanak hainbat agertoki eta jaialditan ikusi ahal izan dira, hala nola Regards Crois\u00e9s (Biarritz), BAD Festival of Theatre and Dance (Bilbao), \u00c1 la gare mondiale (Bergerac), Dferia14 (Donostia), Zaragoza Contempor\u00e1nea, Festival de Artes Performativas Y # 10 Covilha, Alien Cycle (Ja\u00e9n) edo Now Dance! (Sevilla).<\/span><\/p>\n<p>&gt; <a href=\"http:\/\/www.matxalenbilbao.es\/\" target=\"_blank\" rel=\"noopener\">matxalenbilbao.es<\/a><\/p>\n<\/span><\/div> <!-- bio-->\n                   \n\n           \n              \n          <\/div><!-- lab-content-->\n        <\/div> <!-- lab-full -->\n            \n  <\/div> <!-- lab-list -->\n\t\n\n\n<section id=\"thumbwrapper15\" class=\"gallery-video-content\"\n         data-gallery-video-perpage=\"5\" data-gallery-video-id=\"15\">\n\n    <input type=\"hidden\" class=\"pagenum\" value=\"1\"\/>\n    <ul id=\"origincode_videogallery\" class=\"origincode_videogallery view-thumbnails\">\n        <li id=\"fullPreview\"><\/li>\n        <input type=\"hidden\" id=\"total\" value=\"2\"\/>\n                    <li class=\"origincode_big_li\" data-id=\"155\">\n                                    <a class=\"vvimeo origincode_videogallery_item group15\"\n                       href=\"\/\/player.vimeo.com\/video\/362058583\"\n                       title=\"THIERRY MARTINEZ\"\n                       data-description=\"\"\n                       data-id=\"155\"><\/a>\n                    <img decoding=\"async\" src=\"https:\/\/i.vimeocdn.com\/video\/816720690-bdf210162c28ef50774d7a62806c6120282fde7be5bf9ebf425918222bdee74b-d_640?region=us\"\n                         alt=\"THIERRY MARTINEZ\"\/>\n                                    <div class=\"overLayer\"><\/div>\n                <div class=\"infoLayer\">\n                    <ul>\n                        <li>\n                            <h2>\n                                THIERRY MARTINEZ                            <\/h2>\n                        <\/li>\n                        <li>\n                            <p>\n                                Watch Video                            <\/p>\n                        <\/li>\n                    <\/ul>\n                <\/div>\n            <\/li>\n                    <li class=\"origincode_big_li\" data-id=\"141\">\n                                    <a class=\"vvimeo origincode_videogallery_item group15\"\n                       href=\"\/\/player.vimeo.com\/video\/262076842\"\n                       title=\"MATXALEN BILBAO\"\n                       data-description=\"\"\n                       data-id=\"141\"><\/a>\n                    <img decoding=\"async\" src=\"https:\/\/i.vimeocdn.com\/video\/691257512-772751833a92bb66bf1f80a740e0c719984112bcd9d3d4e9d28fb01fa88a6e20-d_640?region=us\"\n                         alt=\"MATXALEN BILBAO\"\/>\n                                    <div class=\"overLayer\"><\/div>\n                <div class=\"infoLayer\">\n                    <ul>\n                        <li>\n                            <h2>\n                                MATXALEN BILBAO                            <\/h2>\n                        <\/li>\n                        <li>\n                            <p>\n                                Watch Video                            <\/p>\n                        <\/li>\n                    <\/ul>\n                <\/div>\n            <\/li>\n                    <li class=\"origincode_big_li\" data-id=\"140\">\n                                    <a class=\"vvimeo origincode_videogallery_item group15\"\n                       href=\"\/\/player.vimeo.com\/video\/325540433\"\n                       title=\"EDU MURUAMENDIARAZ\"\n                       data-description=\"\"\n                       data-id=\"140\"><\/a>\n                    <img decoding=\"async\" src=\"https:\/\/i.vimeocdn.com\/video\/769305638-ff90c5c9f21a7bf018f3b883b48aca20e942e9a4d8c6b3cbabc6d01007f7863f-d_640?region=us\"\n                         alt=\"EDU MURUAMENDIARAZ\"\/>\n                                    <div class=\"overLayer\"><\/div>\n                <div class=\"infoLayer\">\n                    <ul>\n                        <li>\n                            <h2>\n                                EDU MURUAMENDIARAZ                            <\/h2>\n                        <\/li>\n                        <li>\n                            <p>\n                                Watch Video                            <\/p>\n                        <\/li>\n                    <\/ul>\n                <\/div>\n            <\/li>\n                    <li class=\"origincode_big_li\" data-id=\"118\">\n                                    <a class=\"vvimeo origincode_videogallery_item group15\"\n                       href=\"\/\/player.vimeo.com\/video\/325534674\"\n                       title=\"CARMEN LARRAZ\"\n                       data-description=\"\"\n                       data-id=\"118\"><\/a>\n                    <img decoding=\"async\" src=\"https:\/\/i.vimeocdn.com\/video\/769296020-830756904ba5bf4f5a3cd2965775dd7a97450e519a65e3e9934bf9d4bd150862-d_640?region=us\"\n                         alt=\"CARMEN LARRAZ\"\/>\n                                    <div class=\"overLayer\"><\/div>\n                <div class=\"infoLayer\">\n                    <ul>\n                        <li>\n                            <h2>\n                                CARMEN LARRAZ                            <\/h2>\n                        <\/li>\n                        <li>\n                            <p>\n                                Watch Video                            <\/p>\n                        <\/li>\n                    <\/ul>\n                <\/div>\n            <\/li>\n                    <li class=\"origincode_big_li\" data-id=\"112\">\n                                    <a class=\"vvimeo origincode_videogallery_item group15\"\n                       href=\"\/\/player.vimeo.com\/video\/294425896\"\n                       title=\"I\u00d1AKI AZPILLAGA\"\n                       data-description=\"\"\n                       data-id=\"112\"><\/a>\n                    <img decoding=\"async\" src=\"https:\/\/i.vimeocdn.com\/video\/731327615-2c39c0b2f3ace62aa171babef044483166d6fa17f377b0d6c08b40a6ed5b613b-d_640?region=us\"\n                         alt=\"I\u00d1AKI AZPILLAGA\"\/>\n                                    <div class=\"overLayer\"><\/div>\n                <div class=\"infoLayer\">\n                    <ul>\n                        <li>\n                            <h2>\n                                I\u00d1AKI AZPILLAGA                            <\/h2>\n                        <\/li>\n                        <li>\n                            <p>\n                                Watch Video                            <\/p>\n                        <\/li>\n                    <\/ul>\n                <\/div>\n            <\/li>\n                    <li class=\"origincode_big_li\" data-id=\"119\">\n                                    <a class=\"vvimeo origincode_videogallery_item group15\"\n                       href=\"\/\/player.vimeo.com\/video\/325533440\"\n                       title=\"BLANCA ARRIETA\"\n                       data-description=\"\"\n                       data-id=\"119\"><\/a>\n                    <img decoding=\"async\" src=\"https:\/\/i.vimeocdn.com\/video\/769305794-ef66eaf0b6324830d814069a99ba1833a9a0c7c76a3ffd8dd82b99516c7240e8-d_640?region=us\"\n                         alt=\"BLANCA ARRIETA\"\/>\n                                    <div class=\"overLayer\"><\/div>\n                <div class=\"infoLayer\">\n                    <ul>\n                        <li>\n                            <h2>\n                                BLANCA ARRIETA                            <\/h2>\n                        <\/li>\n                        <li>\n                            <p>\n                                Watch Video                            <\/p>\n                        <\/li>\n                    <\/ul>\n                <\/div>\n            <\/li>\n        \n    <\/ul>\n    <\/section>\n<style>\nsection #origincode_videogallery a{\n\tborder:none;\n}\nsection #origincode_videogallery {\n\tpadding: 28px;\n\tdisplay: block;\n\tmin-height: 100%;\n\ttext-align: center;\n\tmargin-bottom: 30px;\n  background-color: #333333; box-shadow: 0 0 10px;}\n\n\n#origincode_videogallery .origincode_big_li {\n\twidth: 100%;\n\tmax-width: 240px;\n\toverflow:hidden;\n\theight: 150px;\n\tmargin: 1px !important;\n\tpadding:0 !important;\n\tborder: 1px solid #444444;\n\tborder-radius: 5px;\n}\n\nsection #origincode_videogallery li .infoLayer ul li {\n\tmax-height:80px;\n\toverflow:hidden;\n}\n\nsection #origincode_videogallery li .overLayer ul li h2,\nsection #origincode_videogallery li .infoLayer ul li h2 {\n\tfont-size: 16px;\n\tcolor: #FFFFFF;\n\tmargin:0 !important;\n}\n\nsection #origincode_videogallery li .infoLayer ul li p {\n\tcolor: #FFFFFF;\n\tmargin:0 !important;\n}\n\nsection #origincode_videogallery li .overLayer,\nsection #origincode_videogallery li .infoLayer {\n\t-webkit-transition: opacity 0.3s linear;\n\t-moz-transition: opacity 0.3s linear;\n\t-ms-transition: opacity 0.3s linear;\n\t-o-transition: opacity 0.3s linear;\n\ttransition: opacity 0.3s linear;\n\twidth: 100%;\n\tmax-width: 240px;\n\theight: 150px;\n\tposition: absolute;\n\ttext-align: center;\n\topacity: 0;\n\ttop: 0;\n\tleft: 0;\n\tz-index: 4;\n\tborder-radius: 5px;\n}\n\n\n\nsection #origincode_videogallery li a {\n\tposition: absolute;\n\tdisplay: block;\n\twidth: 100%;\n\tmax-width: 240px;\n\theight: 150px;\n\ttop: 0;\n\tleft: 0;\n\tz-index: 6;\n\tborder-radius: 5px;\n}\n.load_more3 {\n\tmargin: 10px 0;\n\tposition:relative;\n\ttext-align:center;\n\twidth:100%;\n}\n\n.load_more_button3 {\n\tborder-radius: 10px;\n\tdisplay:inline-block;\n\tpadding:5px 15px;\n\tfont-size:19px !important;;\n\tcolor:#CCCCCC !important;;\n\tbackground:#333333 !important;\n\tcursor:pointer;\n\n}\n.load_more_button3:hover{\n\tcolor:#D9D9D9 !important;\n\tbackground:#8F827C !important;\n}\n.loading3 {\n\tdisplay:none;\n}\n.paginate3{\n\tfont-size:22px !important;\n\tcolor:#0A0202 !important;\n\ttext-align: center;\n}\n.paginate3 a{\n\tborder-bottom: none !important;\n\tbox-shadow: none !important;\n}\n.icon-style3{\n\tfont-size: 22px !important;\n\tcolor:#333333 !important;\n}\n.clear{\n\tclear:both;\n}\n\n#origincode_videogallery li img {\n\twidth: 100%;\n\tmax-width: 238px;\n\theight: 148px;\n\tmin-height: 100%;\n\tmargin:0 !important;\n}\n\nsection #origincode_videogallery li:hover .overLayer {\n\t-webkit-transition: opacity 0.3s linear;\n\t-moz-transition: opacity 0.3s linear;\n\t-ms-transition: opacity 0.3s linear;\n\t-o-transition: opacity 0.3s linear;\n\ttransition: opacity 0.3s linear;\n\topacity: 0.801;\n\tdisplay: block;\n\tbackground: #CCCCCC;\n}\nsection #origincode_videogallery li:hover .infoLayer {\n\t-webkit-transition: opacity 0.3s linear;\n\t-moz-transition: opacity 0.3s linear;\n\tms-transition: opacity 0.3s linear;\n\t-o-transition: opacity 0.3s linear;\n\ttransition: opacity 0.3s linear;\n\topacity: 1;\n\tdisplay: block;\n}\nsection #origincode_videogallery p {text-align:center;}\n<\/style><\/p>\n<\/div><div class=\"fusion-clearfix\"><\/div><\/div><\/div><\/div><\/div><\/p>\n","protected":false},"excerpt":{"rendered":"","protected":false},"author":1,"featured_media":0,"parent":0,"menu_order":0,"comment_status":"closed","ping_status":"closed","template":"100-width.php","meta":{"footnotes":""},"class_list":["post-1235","page","type-page","status-publish","hentry"],"acf":[],"_links":{"self":[{"href":"https:\/\/atalak.dantzaz.eus\/eu\/wp-json\/wp\/v2\/pages\/1235","targetHints":{"allow":["GET"]}}],"collection":[{"href":"https:\/\/atalak.dantzaz.eus\/eu\/wp-json\/wp\/v2\/pages"}],"about":[{"href":"https:\/\/atalak.dantzaz.eus\/eu\/wp-json\/wp\/v2\/types\/page"}],"author":[{"embeddable":true,"href":"https:\/\/atalak.dantzaz.eus\/eu\/wp-json\/wp\/v2\/users\/1"}],"replies":[{"embeddable":true,"href":"https:\/\/atalak.dantzaz.eus\/eu\/wp-json\/wp\/v2\/comments?post=1235"}],"version-history":[{"count":4,"href":"https:\/\/atalak.dantzaz.eus\/eu\/wp-json\/wp\/v2\/pages\/1235\/revisions"}],"predecessor-version":[{"id":1299,"href":"https:\/\/atalak.dantzaz.eus\/eu\/wp-json\/wp\/v2\/pages\/1235\/revisions\/1299"}],"wp:attachment":[{"href":"https:\/\/atalak.dantzaz.eus\/eu\/wp-json\/wp\/v2\/media?parent=1235"}],"curies":[{"name":"wp","href":"https:\/\/api.w.org\/{rel}","templated":true}]}}