{"id":1964,"date":"2023-02-22T18:43:45","date_gmt":"2023-02-22T16:43:45","guid":{"rendered":"https:\/\/atalak.dantzaz.eus\/laboratorios-2023\/"},"modified":"2024-02-20T23:51:54","modified_gmt":"2024-02-20T21:51:54","slug":"laborategiak-2023","status":"publish","type":"page","link":"https:\/\/atalak.dantzaz.eus\/eu\/laborategiak-2023\/","title":{"rendered":"Laborategiak 2023"},"content":{"rendered":"<p><div class=\"fusion-fullwidth fullwidth-box fusion-builder-row-1 hundred-percent-fullwidth non-hundred-percent-height-scrolling\" style=\"background-color: rgba(255,255,255,0);background-position: center center;background-repeat: no-repeat;padding-top:0px;padding-right:0px;padding-bottom:0px;padding-left:0px;margin-bottom: 0px;margin-top: 0px;border-width: 0px 0px 0px 0px;border-color:#eae9e9;border-style:solid;\" ><div class=\"fusion-builder-row fusion-row\"><div class=\"fusion-layout-column fusion_builder_column fusion-builder-column-0 fusion_builder_column_1_1 1_1 fusion-one-full fusion-column-first fusion-column-last\" style=\"margin-top:0px;margin-bottom:20px;\"><div class=\"fusion-column-wrapper fusion-flex-column-wrapper-legacy\" style=\"background-position:left top;background-repeat:no-repeat;-webkit-background-size:cover;-moz-background-size:cover;-o-background-size:cover;background-size:cover;padding: 0px 0px 0px 0px;\"><span class=\" fusion-imageframe imageframe-none imageframe-1 hover-type-none\"><img decoding=\"async\" width=\"2000\" height=\"843\" alt=\"Laboratorio experimentacion\" title=\"fondo-lab\" src=\"https:\/\/atalak.dantzaz.eus\/wp-content\/uploads\/2020\/03\/fondo-lab.jpg\" class=\"img-responsive wp-image-428\" srcset=\"https:\/\/atalak.dantzaz.eus\/wp-content\/uploads\/2020\/03\/fondo-lab-200x84.jpg 200w, https:\/\/atalak.dantzaz.eus\/wp-content\/uploads\/2020\/03\/fondo-lab-400x169.jpg 400w, https:\/\/atalak.dantzaz.eus\/wp-content\/uploads\/2020\/03\/fondo-lab-600x253.jpg 600w, https:\/\/atalak.dantzaz.eus\/wp-content\/uploads\/2020\/03\/fondo-lab-800x337.jpg 800w, https:\/\/atalak.dantzaz.eus\/wp-content\/uploads\/2020\/03\/fondo-lab-1200x506.jpg 1200w, https:\/\/atalak.dantzaz.eus\/wp-content\/uploads\/2020\/03\/fondo-lab.jpg 2000w\" sizes=\"(max-width: 1024px) 100vw, 2000px\" \/><\/span><div class=\"fusion-clearfix\"><\/div><\/div><\/div><\/div><\/div><div class=\"fusion-fullwidth fullwidth-box fusion-builder-row-2 nonhundred-percent-fullwidth non-hundred-percent-height-scrolling\" style=\"background-color: rgba(255,255,255,0);background-position: center center;background-repeat: no-repeat;padding-top:35px;padding-right:0px;padding-bottom:0px;padding-left:0px;margin-bottom: 0px;margin-top: 0px;border-width: 0px 0px 0px 0px;border-color:#eae9e9;border-style:solid;\" ><div class=\"fusion-builder-row fusion-row\"><div class=\"fusion-layout-column fusion_builder_column fusion-builder-column-1 fusion_builder_column_1_1 1_1 fusion-one-full fusion-column-first fusion-column-last\" style=\"margin-top:0px;margin-bottom:20px;\"><div class=\"fusion-column-wrapper fusion-flex-column-wrapper-legacy\" style=\"background-position:left top;background-repeat:no-repeat;-webkit-background-size:cover;-moz-background-size:cover;-o-background-size:cover;background-size:cover;padding: 0px 0px 0px 0px;\"><style type=\"text\/css\"><\/style><div class=\"fusion-title title fusion-title-1 fusion-sep-none fusion-title-center fusion-title-text fusion-title-size-one tituloh1 debajo\" style=\"font-size:48px;margin-top:0px;margin-right:0px;margin-bottom:31px;margin-left:0px;\"><h1 class=\"title-heading-center\" style=\"margin:0;font-size:1em;color:#000000;line-height:1;\">Transmisioa, ikerketa eta esperimentazioa<\/h1><\/div><div class=\"fusion-text fusion-text-1 texto-grande\"><p>ATALAK laborategiak gauzak probatzeko espazio bat dira, non artistak erratu eta ikertu daitezkeen. Formatua mugatzen duen baldintza edo murrizketa bakarra da ikerketak 8 eta 12 interprete koreografikoz osatutako talde bati zuzendu behar zaizkiola.<\/p>\n<p>2023an sareak hiru laborategi lerro proposatzen ditu: lab.transmisioa, lab.ikerketa eta esperimentazioa.<\/p>\n<\/div><div class=\"fusion-clearfix\"><\/div><\/div><\/div><\/div><\/div><div class=\"fusion-fullwidth fullwidth-box fusion-builder-row-3 videos nonhundred-percent-fullwidth non-hundred-percent-height-scrolling\" style=\"background-color: rgba(255,255,255,0);background-position: center center;background-repeat: no-repeat;padding-top:0px;padding-right:0px;padding-bottom:45px;padding-left:0px;margin-top: 35px;border-width: 0px 0px 0px 0px;border-color:#eae9e9;border-style:solid;\" ><div class=\"fusion-builder-row fusion-row\"><div class=\"fusion-layout-column fusion_builder_column fusion-builder-column-2 fusion_builder_column_1_1 1_1 fusion-one-full fusion-column-first fusion-column-last\" style=\"margin-top:0px;margin-bottom:0px;\"><div class=\"fusion-column-wrapper fusion-flex-column-wrapper-legacy\" style=\"background-position:left top;background-repeat:no-repeat;-webkit-background-size:cover;-moz-background-size:cover;-o-background-size:cover;background-size:cover;padding: 0px 0px 0px 0px;\"><style type=\"text\/css\"><\/style><div class=\"fusion-title title fusion-title-2 fusion-sep-none fusion-title-center fusion-title-text fusion-title-size-two tituloh2\" style=\"margin-top:0px;margin-right:0px;margin-bottom:31px;margin-left:0px;\"><h2 class=\"title-heading-center\" style=\"margin:0;\">Laborategiak 2023<\/h2><\/div><div class=\"fusion-text fusion-text-2\">\n<div class=\"lab-list\">\n\n    <div class=\"lab-full clearfix\" id=\"analemma-martxel-rodriguez-y-jon-lopez-led-silhouette\">         \n        <div class=\"lab-image\"> \n         \t<img decoding=\"async\" width=\"297\" height=\"170\" src=\"https:\/\/atalak.dantzaz.eus\/wp-content\/uploads\/2023\/02\/LedSilhouette.jpeg\" class=\"attachment-medium size-medium wp-post-image\" alt=\"\" srcset=\"https:\/\/atalak.dantzaz.eus\/wp-content\/uploads\/2023\/02\/LedSilhouette-200x114.jpeg 200w, https:\/\/atalak.dantzaz.eus\/wp-content\/uploads\/2023\/02\/LedSilhouette.jpeg 297w\" sizes=\"(max-width: 297px) 100vw, 297px\" \/>       \n\t\t\t\n                 <\/div> <!-- lab-image-->\n\n      \n\n        <div class=\"lab-content\">\n         <div class=\"lab-intro\">\n           <h3 class=\"persona\">Anal\u00ebmma, Martxel Rodriguez eta Jon L\u00f3pez, Led Silhouette<\/h3>\n           <span class=\"tipo\">ESPERIMENTAZIO LABORATEGIA<\/span>\n           <span class=\"periodo\">18-29\/09\/2023<\/span>\n           <span class=\"separacion\"><\/span>\n         <\/div>  <!-- lab-intro -->\n\n            \n              <span class=\"residencia\"><strong>Harrera-egoitza<\/strong><br>\n              <p><span style=\"font-weight: 400;\">Dantzagunea, <\/span><span style=\"font-weight: 400;\">Errenteria<\/span><\/p>\n<\/span>\n           \n\n                     \n\n           <div class=\"contenido\"><p>2023ko esperimentazio laborategirako ATALAK deialdiko artista gisa hautatuak, Led Silhouettek bidaia bat proposatzen du orain gure paisaia osatzen duten arteen diziplina eremu desberdinen arteko mugak esploratzeko: dantza, pintura, performancea, ikus-entzunezkoak&#8230; Anal\u00ebmmarekin, laborategian zehar ikusizko eta antzerkiko elementuen, argazkigintzaren, zinemaren, ilustrazioaren, instalazioaren eta objektu den artearen artean dagoena ikertu nahi dugu, Dantzaz-eko interpreteekin batera, ez sorkuntza-prozesuaren elementu apaingarri gisa, baizik eta koreografia-lanaren lehentasun gisa.<\/p>\n<\/div>\n\n                    \n\n           \n            \n              <span class=\"muestra\"><strong>Laginak<\/strong><br>\n              <p><span style=\"font-weight: 400;\">27\/09\/2023, 19:30, <\/span><span style=\"font-weight: 400;\">Teatro F\u00e9lix Petite, Red de Teatros Municipales de Vitoria- Gasteiz<\/span><\/p>\n<p><a href=\"https:\/\/principalantzokia.janto.es\/espectaculo\/analemma\/23ver06\">https:\/\/principalantzokia.janto.es\/espectaculo\/analemma\/23ver06<\/a><\/p>\n<p><span style=\"font-weight: 400;\">28\/09\/2023, 19:00, <\/span>Herri Arte Eskola, Auditorio Niessen, Errenteria<\/p>\n<p><a href=\"https:\/\/kultura.errenteria.eus\/agenda\/ekitaldia\/atalak-egonaldi-irteera-analemma-led-silhouette-k6c2md\/\">https:\/\/kultura.errenteria.eus\/agenda\/ekitaldia\/atalak-egonaldi-irteera-analemma-led-silhouette-k6c2md\/<\/a><\/p>\n<p><span style=\"font-weight: 400;\">29\/09\/2023, 20:00, <\/span>Centro de Cultura Kulturgunea, Tafalla<\/p>\n<p><a href=\"https:\/\/www.festivaldna.com\/es\/agenda-3\/2023-09-29\/danza\/analemma\/490\">https:\/\/www.festivaldna.com\/es\/agenda-3\/2023-09-29\/danza\/analemma\/490<\/a><\/p>\n<p><span style=\"font-weight: 400;\">05\/10\/2023, 19:00, <\/span><span style=\"font-weight: 400;\">Gamaritz (Gare du Midi), Malandain Ballet Biarritz<\/span><\/p>\n<p><span style=\"font-weight: 400;\">06\/10\/2023, 19:30, <\/span><span style=\"font-weight: 400;\">Tabakalera, Donostia-San Sebasti\u00e1n<\/span><\/p>\n<p><a href=\"https:\/\/www.tabakalera.eus\/es\/analemma-martxel-rodriguez-y-jon-lopez-led-silhouette\/\">https:\/\/www.tabakalera.eus\/es\/analemma-martxel-rodriguez-y-jon-lopez-led-silhouette\/<\/a><\/p>\n<\/span>\n              \n          <\/div><!-- lab-content-->\n        <\/div> <!-- lab-full -->\n            <div class=\"lab-full clearfix\" id=\"imaginarios-posibles-ines-aubert\">         \n        <div class=\"lab-image\"> \n         \t<img decoding=\"async\" width=\"300\" height=\"200\" src=\"https:\/\/atalak.dantzaz.eus\/wp-content\/uploads\/2023\/03\/Ines-Aubert-300x200.jpg\" class=\"attachment-medium size-medium wp-post-image\" alt=\"\" srcset=\"https:\/\/atalak.dantzaz.eus\/wp-content\/uploads\/2023\/03\/Ines-Aubert-200x134.jpg 200w, https:\/\/atalak.dantzaz.eus\/wp-content\/uploads\/2023\/03\/Ines-Aubert-300x200.jpg 300w, https:\/\/atalak.dantzaz.eus\/wp-content\/uploads\/2023\/03\/Ines-Aubert-400x267.jpg 400w, https:\/\/atalak.dantzaz.eus\/wp-content\/uploads\/2023\/03\/Ines-Aubert-600x401.jpg 600w, https:\/\/atalak.dantzaz.eus\/wp-content\/uploads\/2023\/03\/Ines-Aubert-768x513.jpg 768w, https:\/\/atalak.dantzaz.eus\/wp-content\/uploads\/2023\/03\/Ines-Aubert-800x534.jpg 800w, https:\/\/atalak.dantzaz.eus\/wp-content\/uploads\/2023\/03\/Ines-Aubert-1024x684.jpg 1024w, https:\/\/atalak.dantzaz.eus\/wp-content\/uploads\/2023\/03\/Ines-Aubert-1200x802.jpg 1200w, https:\/\/atalak.dantzaz.eus\/wp-content\/uploads\/2023\/03\/Ines-Aubert.jpg 1280w\" sizes=\"(max-width: 300px) 100vw, 300px\" \/>       \n\t\t\t\n          \n           <div class=\"bailarines escritorio\">\n             <span>Dantzariak<\/span>    \n             <span class=\"separacion\"><\/span>\n                <ul>       \n                                  \n                <li>Curiosas y curiosos interesados en la danza y el movimiento<\/li>\n\n                             <\/ul>\n            <\/div> <!-- bailarines-->\n                     <\/div> <!-- lab-image-->\n\n      \n\n        <div class=\"lab-content\">\n         <div class=\"lab-intro\">\n           <h3 class=\"persona\">Inezko Iruditeriak, In\u00e9s Aubert<\/h3>\n           <span class=\"tipo\">Mugimendu eta sorkuntza tailerra<\/span>\n           <span class=\"periodo\">Data ezberdinak 2023\/03\/30etik 2023\/06\/08ra<\/span>\n           <span class=\"separacion\"><\/span>\n         <\/div>  <!-- lab-intro -->\n\n            \n              <span class=\"residencia\"><strong>Harrera-egoitza<\/strong><br>\n              <p>Centro C\u00edvico Hegoalde, Vitoria\/Gasteiz (Araba), Tabakalera, San Sebasti\u00e1n (Gipuzkoa), Casa de Cultura de San Adrian (Navarra) Centro Huarte, Huarte (Navarra)<\/p>\n<\/span>\n           \n\n              \n            <div class=\"bailarines movil\">\n             <span>Dantzariak<\/span>    \n             <span class=\"separacion\"><\/span>\n                <ul>       \n                                  \n                <li>Curiosas y curiosos interesados en la danza y el movimiento<\/li>\n\n                             <\/ul>\n            <\/div> <!-- bailarines-->\n                     \n\n           <div class=\"contenido\"><p>In\u00e9s Aubert koreografoak ATALAK sarearen ildo komunitarioa garatzen jarraitzen du, dantzara hurbildu nahi duten guztientzat koreografia komunikazio- eta ahalduntze-tresna gisa jarriz.<\/p>\n<p><em>Inezko Iruditeriak<\/em>\u00a0tailerrean gorputza irudimenari irekitako espazio infinitua da, non denborak, espazioak eta mugimenduak gure gorputzak adierazteko tresna gisa ulertzeko aukerez beteko gaituzten. Ines Aubertek mugimenduaren esplorazioa proposatzen du tailer honetan, gorputzaren kontzientziako, inprobisazioko eta dantza garaikideko tekniketako esperientzietatik abiatuta.<\/p>\n<p>Mugimenduaren plazera eta garenaren edertasuna partekatzea da asmoa.<\/p>\n<\/div>\n\n                    \n\n           \n            \n              <span class=\"muestra\"><strong>Laginak<\/strong><br>\n              <p>06\/05\/2023, 13:00-13:30,<br \/>\nCasa de Cultura de San Adrian (Navarra)<\/p>\n<p>27\/05\/2023, 13:00-13:30,<br \/>\nCentro Huarte , Huarte (Navarra)<\/p>\n<p>08\/06\/2023, 20:00-20:30,<br \/>\nCentro C\u00edvico Hegoalde, Vitoria\/Gasteiz (Araba)<\/p>\n<\/span>\n              \n          <\/div><!-- lab-content-->\n        <\/div> <!-- lab-full -->\n            <div class=\"lab-full clearfix\" id=\"el-espacio-entre-dos-cuerpos-eva-guerrero-y-garazi-lopez-de-armentia-doos-colectivo\">         \n        <div class=\"lab-image\"> \n         \t<img decoding=\"async\" width=\"300\" height=\"169\" src=\"https:\/\/atalak.dantzaz.eus\/wp-content\/uploads\/2023\/02\/Eva-Guerrero_DoosColectivo-300x169.jpg\" class=\"attachment-medium size-medium wp-post-image\" alt=\"\" srcset=\"https:\/\/atalak.dantzaz.eus\/wp-content\/uploads\/2023\/02\/Eva-Guerrero_DoosColectivo-200x113.jpg 200w, https:\/\/atalak.dantzaz.eus\/wp-content\/uploads\/2023\/02\/Eva-Guerrero_DoosColectivo-300x169.jpg 300w, https:\/\/atalak.dantzaz.eus\/wp-content\/uploads\/2023\/02\/Eva-Guerrero_DoosColectivo-400x225.jpg 400w, https:\/\/atalak.dantzaz.eus\/wp-content\/uploads\/2023\/02\/Eva-Guerrero_DoosColectivo-600x338.jpg 600w, https:\/\/atalak.dantzaz.eus\/wp-content\/uploads\/2023\/02\/Eva-Guerrero_DoosColectivo-768x432.jpg 768w, https:\/\/atalak.dantzaz.eus\/wp-content\/uploads\/2023\/02\/Eva-Guerrero_DoosColectivo-800x450.jpg 800w, https:\/\/atalak.dantzaz.eus\/wp-content\/uploads\/2023\/02\/Eva-Guerrero_DoosColectivo-1024x576.jpg 1024w, https:\/\/atalak.dantzaz.eus\/wp-content\/uploads\/2023\/02\/Eva-Guerrero_DoosColectivo-1200x675.jpg 1200w, https:\/\/atalak.dantzaz.eus\/wp-content\/uploads\/2023\/02\/Eva-Guerrero_DoosColectivo-1536x864.jpg 1536w, https:\/\/atalak.dantzaz.eus\/wp-content\/uploads\/2023\/02\/Eva-Guerrero_DoosColectivo.jpg 1600w\" sizes=\"(max-width: 300px) 100vw, 300px\" \/>       \n\t\t\t\n          \n           <div class=\"bailarines escritorio\">\n             <span>Dantzariak<\/span>    \n             <span class=\"separacion\"><\/span>\n                <ul>       \n                                  \n                <li>Estudiantes del Cycle Sp\u00e9cialis\u00e9 en danse contemporaine del Conservatoire \u00e0 Rayonnement R\u00e9gional Maurice Ravel Pays Basque<\/li>\n\n                             <\/ul>\n            <\/div> <!-- bailarines-->\n                     <\/div> <!-- lab-image-->\n\n      \n\n        <div class=\"lab-content\">\n         <div class=\"lab-intro\">\n           <h3 class=\"persona\">Bi gorputzen arteko espazioa, Eva Guerrero eta Garazi Lopez de Armentia, Doos Colectivo<\/h3>\n           <span class=\"tipo\">TRANSMISIO LABORATEGIA<\/span>\n           <span class=\"periodo\">11-14\/04\/2023<\/span>\n           <span class=\"separacion\"><\/span>\n         <\/div>  <!-- lab-intro -->\n\n            \n              <span class=\"residencia\"><strong>Harrera-egoitza<\/strong><br>\n              <p><span style=\"font-weight: 400;\">Conservatoire Maurice Ravel Bayonne (Biarritz) eta <\/span><span style=\"font-weight: 400;\">Dantzagunea (Errenteria)<\/span><\/p>\n<\/span>\n           \n\n              \n            <div class=\"bailarines movil\">\n             <span>Dantzariak<\/span>    \n             <span class=\"separacion\"><\/span>\n                <ul>       \n                                  \n                <li>Estudiantes del Cycle Sp\u00e9cialis\u00e9 en danse contemporaine del Conservatoire \u00e0 Rayonnement R\u00e9gional Maurice Ravel Pays Basque<\/li>\n\n                             <\/ul>\n            <\/div> <!-- bailarines-->\n                     \n\n           <div class=\"contenido\"><p>Eva Guerrero eta Garazi Lopez de Armentia koreografoek 2020tik garatzen duten ikerketa da <em>Bi gorputzen arteko espazioa<\/em>, eta 2023ko azaroan estreinatuko dute. Nola eragiten dio gorputz batek beste bati? Zer nolako loturak eta sentsazioak sortzen dira pertsonen arteko espazio ikusezin horretan? Non hasten da gorputz bat eta non amaitzen da bestea? Eta nola azaleratzen da haren manipulazioa? Galdera horiek baliagarriak izango dira Guerreroren eta Lopez de Armentiaren prozesu artistikoaren berrirakurketa eta transmisioa garatzeko Cycle Sp\u00e9cialis\u00e9 en danse contemporaine del Conservatoire \u00e0 Rayonnement \u00abMaurice Ravel Pays basque\u00bb taldeko ikasleekin batera. Hauek, gainera, Dantzagunean jardunaldi bat pasatzeko aukera izango dute, Gipuzkoako lurraldean dantza aktiboki babesten duten espazioak, artistak eta erakundeak xehetasunez ezagutzeko.<\/p>\n<\/div>\n\n                    \n\n           \n              \n          <\/div><!-- lab-content-->\n        <\/div> <!-- lab-full -->\n            <div class=\"lab-full clearfix\" id=\"fuck-you-bertin-2-0-eneko-gil\">         \n        <div class=\"lab-image\"> \n         \t<img decoding=\"async\" width=\"300\" height=\"300\" src=\"https:\/\/atalak.dantzaz.eus\/wp-content\/uploads\/2020\/03\/enekogil-300x300.jpg\" class=\"attachment-medium size-medium wp-post-image\" alt=\"Atalak - eneko gil\" srcset=\"https:\/\/atalak.dantzaz.eus\/wp-content\/uploads\/2020\/03\/enekogil-66x66.jpg 66w, https:\/\/atalak.dantzaz.eus\/wp-content\/uploads\/2020\/03\/enekogil-150x150.jpg 150w, https:\/\/atalak.dantzaz.eus\/wp-content\/uploads\/2020\/03\/enekogil-200x200.jpg 200w, https:\/\/atalak.dantzaz.eus\/wp-content\/uploads\/2020\/03\/enekogil-300x300.jpg 300w, https:\/\/atalak.dantzaz.eus\/wp-content\/uploads\/2020\/03\/enekogil-400x400.jpg 400w, https:\/\/atalak.dantzaz.eus\/wp-content\/uploads\/2020\/03\/enekogil.jpg 500w\" sizes=\"(max-width: 300px) 100vw, 300px\" \/>       \n\t\t\t\n          \n           <div class=\"bailarines escritorio\">\n             <span>Dantzariak<\/span>    \n             <span class=\"separacion\"><\/span>\n                <ul>       \n                                  \n                <li>Andrea Aguado<\/li>\n\n                                  \n                <li>Mariona Carrasco<\/li>\n\n                                  \n                <li>Margot Castro<\/li>\n\n                                  \n                <li>Maddi Gaztelumendi<\/li>\n\n                                  \n                <li>Laura G. Latasa<\/li>\n\n                                  \n                <li>Lara Matea Ivan\u010di\u010d<\/li>\n\n                                  \n                <li>Maitane Pikabea<\/li>\n\n                                  \n                <li>Estebe Abrisketa<\/li>\n\n                                  \n                <li>Raul Abentin<\/li>\n\n                                  \n                <li>Filippo Cosso<\/li>\n\n                                  \n                <li>Noel Quintela<\/li>\n\n                                  \n                <li>Pascuale-Lele Mazzella<\/li>\n\n                                  \n                <li>I\u00f1igo Rementer\u00eda<\/li>\n\n                             <\/ul>\n            <\/div> <!-- bailarines-->\n                     <\/div> <!-- lab-image-->\n\n      \n\n        <div class=\"lab-content\">\n         <div class=\"lab-intro\">\n           <h3 class=\"persona\">Fuck you Bertin 2.0, Eneko Gil<\/h3>\n           <span class=\"tipo\">IKERKETA LABORATEGIA<\/span>\n           <span class=\"periodo\">11, 12, 17-21\/04\/2023<\/span>\n           <span class=\"separacion\"><\/span>\n         <\/div>  <!-- lab-intro -->\n\n            \n              <span class=\"residencia\"><strong>Harrera-egoitza<\/strong><br>\n              <p>Dantzagunea<\/p>\n<\/span>\n           \n\n              \n            <div class=\"bailarines movil\">\n             <span>Dantzariak<\/span>    \n             <span class=\"separacion\"><\/span>\n                <ul>       \n                                  \n                <li>Andrea Aguado<\/li>\n\n                                  \n                <li>Mariona Carrasco<\/li>\n\n                                  \n                <li>Margot Castro<\/li>\n\n                                  \n                <li>Maddi Gaztelumendi<\/li>\n\n                                  \n                <li>Laura G. Latasa<\/li>\n\n                                  \n                <li>Lara Matea Ivan\u010di\u010d<\/li>\n\n                                  \n                <li>Maitane Pikabea<\/li>\n\n                                  \n                <li>Estebe Abrisketa<\/li>\n\n                                  \n                <li>Raul Abentin<\/li>\n\n                                  \n                <li>Filippo Cosso<\/li>\n\n                                  \n                <li>Noel Quintela<\/li>\n\n                                  \n                <li>Pascuale-Lele Mazzella<\/li>\n\n                                  \n                <li>I\u00f1igo Rementer\u00eda<\/li>\n\n                             <\/ul>\n            <\/div> <!-- bailarines-->\n                     \n\n           <div class=\"contenido\"><p>2023an Eneko Gilek, Dantzaz-eko interpreteekin elkarlanean, testuak edo audio-elkarrizketek gorputzean eta mugimenduan izan dezaketen eraginean oinarritutako ikerketa koreografiko bat garatuko du astebetez, gorputzkera maskulinoen bilaketan hausnartuz eta fisikalitate horiek iradoki diezazkiguketen unibertsoetan sakonduz. Bilaketa hori ATALAK esperimentazio-laborategiaren eta <em>Fuck You Bert\u00edn-Hitzezko hitzak mugimenduan<\/em> (2021) ikerketa koreografikoaren esparruan garatu da.<\/p>\n<\/div>\n\n                    \n\n           \n            \n              <span class=\"muestra\"><strong>Laginak<\/strong><br>\n              <p>21\/04\/2023, 13:30, Dantzagunea, Errenteria<\/p>\n<p>24\/04\/2023, 19: 30, Nafarroako Museoa, DNA, Iru\u00f1a<\/p>\n<p>26\/04\/2023, 19:00, Gamaritz (Gare du Midi), Malandain Ballet Biarritz<\/p>\n<\/span>\n              \n          <\/div><!-- lab-content-->\n        <\/div> <!-- lab-full -->\n            <div class=\"lab-full clearfix\" id=\"erre-al-cubo-andrea-irurzun-danzai\">         \n        <div class=\"lab-image\"> \n         \t<img decoding=\"async\" width=\"300\" height=\"300\" src=\"https:\/\/atalak.dantzaz.eus\/wp-content\/uploads\/2023\/02\/Andrea-Irurzun-300x300.jpeg\" class=\"attachment-medium size-medium wp-post-image\" alt=\"\" srcset=\"https:\/\/atalak.dantzaz.eus\/wp-content\/uploads\/2023\/02\/Andrea-Irurzun-66x66.jpeg 66w, https:\/\/atalak.dantzaz.eus\/wp-content\/uploads\/2023\/02\/Andrea-Irurzun-150x150.jpeg 150w, https:\/\/atalak.dantzaz.eus\/wp-content\/uploads\/2023\/02\/Andrea-Irurzun-200x200.jpeg 200w, https:\/\/atalak.dantzaz.eus\/wp-content\/uploads\/2023\/02\/Andrea-Irurzun-300x300.jpeg 300w, https:\/\/atalak.dantzaz.eus\/wp-content\/uploads\/2023\/02\/Andrea-Irurzun-400x400.jpeg 400w, https:\/\/atalak.dantzaz.eus\/wp-content\/uploads\/2023\/02\/Andrea-Irurzun-600x600.jpeg 600w, https:\/\/atalak.dantzaz.eus\/wp-content\/uploads\/2023\/02\/Andrea-Irurzun-768x768.jpeg 768w, https:\/\/atalak.dantzaz.eus\/wp-content\/uploads\/2023\/02\/Andrea-Irurzun.jpeg 800w\" sizes=\"(max-width: 300px) 100vw, 300px\" \/>       \n\t\t\t\n          \n           <div class=\"bailarines escritorio\">\n             <span>Dantzariak<\/span>    \n             <span class=\"separacion\"><\/span>\n                <ul>       \n                                  \n                <li>Andrea Aguado<\/li>\n\n                                  \n                <li>Mariona Carrasco<\/li>\n\n                                  \n                <li>Maddi Gaztelumendi<\/li>\n\n                                  \n                <li>Laura G. Latasa<\/li>\n\n                                  \n                <li>Lara Matea Ivan\u010di\u010d<\/li>\n\n                                  \n                <li>Maitane Pikabea<\/li>\n\n                                  \n                <li>Estebe Abrisketa<\/li>\n\n                                  \n                <li>Raul Abentin<\/li>\n\n                                  \n                <li>Filippo Cosso<\/li>\n\n                                  \n                <li>Noel Quintela<\/li>\n\n                                  \n                <li>Pascuale-Lele Mazzella<\/li>\n\n                                  \n                <li>I\u00f1igo Rementer\u00eda<\/li>\n\n                             <\/ul>\n            <\/div> <!-- bailarines-->\n                     <\/div> <!-- lab-image-->\n\n      \n\n        <div class=\"lab-content\">\n         <div class=\"lab-intro\">\n           <h3 class=\"persona\">Erre al cubo, Andrea Irurzun, DanzAI<\/h3>\n           <span class=\"tipo\">IKERKETA LABORATEGIA<\/span>\n           <span class=\"periodo\">13-17\/03\/2023<\/span>\n           <span class=\"separacion\"><\/span>\n         <\/div>  <!-- lab-intro -->\n\n            \n              <span class=\"residencia\"><strong>Harrera-egoitza<\/strong><br>\n              <p>Dantzagunea<\/p>\n<\/span>\n           \n\n              \n            <div class=\"bailarines movil\">\n             <span>Dantzariak<\/span>    \n             <span class=\"separacion\"><\/span>\n                <ul>       \n                                  \n                <li>Andrea Aguado<\/li>\n\n                                  \n                <li>Mariona Carrasco<\/li>\n\n                                  \n                <li>Maddi Gaztelumendi<\/li>\n\n                                  \n                <li>Laura G. Latasa<\/li>\n\n                                  \n                <li>Lara Matea Ivan\u010di\u010d<\/li>\n\n                                  \n                <li>Maitane Pikabea<\/li>\n\n                                  \n                <li>Estebe Abrisketa<\/li>\n\n                                  \n                <li>Raul Abentin<\/li>\n\n                                  \n                <li>Filippo Cosso<\/li>\n\n                                  \n                <li>Noel Quintela<\/li>\n\n                                  \n                <li>Pascuale-Lele Mazzella<\/li>\n\n                                  \n                <li>I\u00f1igo Rementer\u00eda<\/li>\n\n                             <\/ul>\n            <\/div> <!-- bailarines-->\n                     \n\n           <div class=\"contenido\"><p>DanzAIko zuzendari Andrea Irurzun Nafarroako koreografoak martxoan Dantzagunean hartutako lehen DNA ikerketa laborategia estreinatu du. Nafarroako Gobernuaren DNA programan egoitza bat jaso ondoren, Irurtzunek ikerketa koreografikoko aste bat izango du, Dantzaz-eko 10 interpreterekin batera, <em>Erre al cubo<\/em> proposamen koreografikoa garatzeko, 3R arauak ardatz hartuta: Murriztu, Berrerabili, Birziklatu. <em>Erre al cubo<\/em>-k estetika, giro plastiko eta minimalista eta\/edo modernista berriak bilatzen ditu, mugimenduan nahiz eszenan aplikatuz sor daitezkeenak.<\/p>\n<\/div>\n\n                    \n\n           \n            \n              <span class=\"muestra\"><strong>Laginak<\/strong><br>\n              <p>25\/03\/2023, 16:30,<br \/>\nConservatoire \u00e0 Rayonnement R\u00e9gional Maurice Ravel Pays Basque, <em>Regards Crois\u00e9s<\/em><\/p>\n<\/span>\n              \n          <\/div><!-- lab-content-->\n        <\/div> <!-- lab-full -->\n            <div class=\"lab-full clearfix\" id=\"europoli-azpijokoak-myriam-perez-cazabon\">         \n        <div class=\"lab-image\"> \n         \t<img decoding=\"async\" width=\"300\" height=\"142\" src=\"https:\/\/atalak.dantzaz.eus\/wp-content\/uploads\/2020\/03\/Miriamperez_Foirejambon-300x142.jpg\" class=\"attachment-medium size-medium wp-post-image\" alt=\"Miriam erez Foirejambon\" srcset=\"https:\/\/atalak.dantzaz.eus\/wp-content\/uploads\/2020\/03\/Miriamperez_Foirejambon-200x95.jpg 200w, https:\/\/atalak.dantzaz.eus\/wp-content\/uploads\/2020\/03\/Miriamperez_Foirejambon-300x142.jpg 300w, https:\/\/atalak.dantzaz.eus\/wp-content\/uploads\/2020\/03\/Miriamperez_Foirejambon-400x189.jpg 400w, https:\/\/atalak.dantzaz.eus\/wp-content\/uploads\/2020\/03\/Miriamperez_Foirejambon-600x284.jpg 600w, https:\/\/atalak.dantzaz.eus\/wp-content\/uploads\/2020\/03\/Miriamperez_Foirejambon-768x363.jpg 768w, https:\/\/atalak.dantzaz.eus\/wp-content\/uploads\/2020\/03\/Miriamperez_Foirejambon-800x378.jpg 800w, https:\/\/atalak.dantzaz.eus\/wp-content\/uploads\/2020\/03\/Miriamperez_Foirejambon-1024x484.jpg 1024w, https:\/\/atalak.dantzaz.eus\/wp-content\/uploads\/2020\/03\/Miriamperez_Foirejambon-1200x567.jpg 1200w, https:\/\/atalak.dantzaz.eus\/wp-content\/uploads\/2020\/03\/Miriamperez_Foirejambon-1536x726.jpg 1536w\" sizes=\"(max-width: 300px) 100vw, 300px\" \/>       \n\t\t\t\n          \n           <div class=\"bailarines escritorio\">\n             <span>Dantzariak<\/span>    \n             <span class=\"separacion\"><\/span>\n                <ul>       \n                                  \n                <li>Estudiantes de arte dram\u00e1tico y danza de Dantzerti<\/li>\n\n                             <\/ul>\n            <\/div> <!-- bailarines-->\n                     <\/div> <!-- lab-image-->\n\n      \n\n        <div class=\"lab-content\">\n         <div class=\"lab-intro\">\n           <h3 class=\"persona\">&#8220;EUROPOLI. Azpijokoak&#8221;, Myriam Perez Cazabon<\/h3>\n           <span class=\"tipo\">DIZIPLINA ARTEKO LABORATEGIA<\/span>\n           <span class=\"periodo\">09-20\/01\/2023<\/span>\n           <span class=\"separacion\"><\/span>\n         <\/div>  <!-- lab-intro -->\n\n            \n              <span class=\"residencia\"><strong>Harrera-egoitza<\/strong><br>\n              <p>Dantzerti, Bilbao<\/p>\n<\/span>\n           \n\n              \n            <div class=\"bailarines movil\">\n             <span>Dantzariak<\/span>    \n             <span class=\"separacion\"><\/span>\n                <ul>       \n                                  \n                <li>Estudiantes de arte dram\u00e1tico y danza de Dantzerti<\/li>\n\n                             <\/ul>\n            <\/div> <!-- bailarines-->\n                     \n\n           <div class=\"contenido\"><p>Myriam Perez Cazabon koreografoak, &#8216;Neri (H) ari&#8217; (Irun) proiektuaren zuzendariak, ATALAK sarearekin kolaboratu du 2019tik, <em>Vals de un funeral<\/em> esperimentazio-laborategiarekin. Hileta hori pertsonen emozio-zirrikituetan, isiltasunean eta lasaitasunean oinarritzen da, komunikatzeko eta mugitzeko modu gisa. 2023an, Cazabonek diziplina arteko lehen laborategia (dantza\/antzerkia) garatu zuen, Dantzerti Euskal Herriko goi mailako eskolarekin eta Estitxurekin elkarlanean, Izaskun Lapaza eta Estitxu Zalduae Dantertiko irakasleek diziplina bakoitzeko hirugarren mailako ikasleekin abian jarri dituzten prozesuak laguntzeko. Regards Crois\u00e9s (CCN Malandain Ballet Biarritz, La Fundici\u00f3n) jaialdi elkartuaren barruan, laborategiak irekiera ekitaldia eskainiko du martxoaren 25ean.<\/p>\n<\/div>\n\n                    \n\n           \n            \n              <span class=\"muestra\"><strong>Laginak<\/strong><br>\n              <p>25\/03\/2023, 16:30,<br \/>\nConservatoire \u00e0 Rayonnement R\u00e9gional Maurice Ravel Pays Basque, <em>Regards Crois\u00e9s<\/em><\/p>\n<\/span>\n              \n          <\/div><!-- lab-content-->\n        <\/div> <!-- lab-full -->\n            \n  <\/div> <!-- lab-list -->\n\t\n\n\n<\/div><div class=\"fusion-clearfix\"><\/div><\/div><\/div><\/div><\/div><\/p>\n","protected":false},"excerpt":{"rendered":"","protected":false},"author":1,"featured_media":0,"parent":0,"menu_order":0,"comment_status":"closed","ping_status":"closed","template":"100-width.php","meta":{"footnotes":""},"class_list":["post-1964","page","type-page","status-publish","hentry"],"acf":[],"_links":{"self":[{"href":"https:\/\/atalak.dantzaz.eus\/eu\/wp-json\/wp\/v2\/pages\/1964","targetHints":{"allow":["GET"]}}],"collection":[{"href":"https:\/\/atalak.dantzaz.eus\/eu\/wp-json\/wp\/v2\/pages"}],"about":[{"href":"https:\/\/atalak.dantzaz.eus\/eu\/wp-json\/wp\/v2\/types\/page"}],"author":[{"embeddable":true,"href":"https:\/\/atalak.dantzaz.eus\/eu\/wp-json\/wp\/v2\/users\/1"}],"replies":[{"embeddable":true,"href":"https:\/\/atalak.dantzaz.eus\/eu\/wp-json\/wp\/v2\/comments?post=1964"}],"version-history":[{"count":3,"href":"https:\/\/atalak.dantzaz.eus\/eu\/wp-json\/wp\/v2\/pages\/1964\/revisions"}],"predecessor-version":[{"id":1969,"href":"https:\/\/atalak.dantzaz.eus\/eu\/wp-json\/wp\/v2\/pages\/1964\/revisions\/1969"}],"wp:attachment":[{"href":"https:\/\/atalak.dantzaz.eus\/eu\/wp-json\/wp\/v2\/media?parent=1964"}],"curies":[{"name":"wp","href":"https:\/\/api.w.org\/{rel}","templated":true}]}}