{"id":1219,"date":"2021-11-12T21:12:40","date_gmt":"2021-11-12T19:12:40","guid":{"rendered":"https:\/\/atalak.dantzaz.eus\/laboratorios-2020\/"},"modified":"2021-12-19T12:29:56","modified_gmt":"2021-12-19T10:29:56","slug":"laboratorios-2020","status":"publish","type":"page","link":"https:\/\/atalak.dantzaz.eus\/fr\/laboratorios-2020\/","title":{"rendered":"Laboratorios 2020"},"content":{"rendered":"<p><div class=\"fusion-fullwidth fullwidth-box fusion-builder-row-1 hundred-percent-fullwidth non-hundred-percent-height-scrolling\" style=\"background-color: rgba(255,255,255,0);background-position: center center;background-repeat: no-repeat;padding-top:0px;padding-right:0px;padding-bottom:0px;padding-left:0px;margin-bottom: 0px;margin-top: 0px;border-width: 0px 0px 0px 0px;border-color:#eae9e9;border-style:solid;\" ><div class=\"fusion-builder-row fusion-row\"><div class=\"fusion-layout-column fusion_builder_column fusion-builder-column-0 fusion_builder_column_1_1 1_1 fusion-one-full fusion-column-first fusion-column-last\" style=\"margin-top:0px;margin-bottom:20px;\"><div class=\"fusion-column-wrapper fusion-flex-column-wrapper-legacy\" style=\"background-position:left top;background-repeat:no-repeat;-webkit-background-size:cover;-moz-background-size:cover;-o-background-size:cover;background-size:cover;padding: 0px 0px 0px 0px;\"><span class=\" fusion-imageframe imageframe-none imageframe-1 hover-type-none\"><img decoding=\"async\" width=\"2000\" height=\"843\" alt=\"Laboratorio experimentacion\" title=\"Laboratorio experimentacion\" src=\"https:\/\/atalak.dantzaz.eus\/wp-content\/uploads\/2020\/03\/fondo-lab.jpg\" class=\"img-responsive wp-image-429\" srcset=\"https:\/\/atalak.dantzaz.eus\/wp-content\/uploads\/2020\/03\/fondo-lab-200x84.jpg 200w, https:\/\/atalak.dantzaz.eus\/wp-content\/uploads\/2020\/03\/fondo-lab-400x169.jpg 400w, https:\/\/atalak.dantzaz.eus\/wp-content\/uploads\/2020\/03\/fondo-lab-600x253.jpg 600w, https:\/\/atalak.dantzaz.eus\/wp-content\/uploads\/2020\/03\/fondo-lab-800x337.jpg 800w, https:\/\/atalak.dantzaz.eus\/wp-content\/uploads\/2020\/03\/fondo-lab-1200x506.jpg 1200w, https:\/\/atalak.dantzaz.eus\/wp-content\/uploads\/2020\/03\/fondo-lab.jpg 2000w\" sizes=\"(max-width: 1024px) 100vw, 2000px\" \/><\/span><div class=\"fusion-clearfix\"><\/div><\/div><\/div><\/div><\/div><div class=\"fusion-fullwidth fullwidth-box fusion-builder-row-2 nonhundred-percent-fullwidth non-hundred-percent-height-scrolling\" style=\"background-color: rgba(255,255,255,0);background-position: center center;background-repeat: no-repeat;padding-top:35px;padding-right:0px;padding-bottom:0px;padding-left:0px;margin-bottom: 0px;margin-top: 0px;border-width: 0px 0px 0px 0px;border-color:#eae9e9;border-style:solid;\" ><div class=\"fusion-builder-row fusion-row\"><div class=\"fusion-layout-column fusion_builder_column fusion-builder-column-1 fusion_builder_column_1_1 1_1 fusion-one-full fusion-column-first fusion-column-last\" style=\"margin-top:0px;margin-bottom:20px;\"><div class=\"fusion-column-wrapper fusion-flex-column-wrapper-legacy\" style=\"background-position:left top;background-repeat:no-repeat;-webkit-background-size:cover;-moz-background-size:cover;-o-background-size:cover;background-size:cover;padding: 0px 0px 0px 0px;\"><style type=\"text\/css\"><\/style><div class=\"fusion-title title fusion-title-1 fusion-sep-none fusion-title-center fusion-title-text fusion-title-size-one tituloh1 debajo\" style=\"font-size:48px;margin-top:0px;margin-right:0px;margin-bottom:31px;margin-left:0px;\"><h1 class=\"title-heading-center\" style=\"margin:0;font-size:1em;color:#000000;line-height:1;\">Un espace pour exp\u00e9rimenter, rechercher, travailler avec\/dans un groupe<\/h1><\/div><div class=\"fusion-text fusion-text-1 texto-grande\"><p>Les laboratoires exp\u00e9rimentaux durent deux semaines, offrant le temps n\u00e9cessaire \u00e0 l&rsquo;approfondissement de la recherche chor\u00e9graphique.<\/p>\n<p>Cette proposition vise \u00e0 mettre l&rsquo;accent sur les chor\u00e9graphes qui commencent \u00e0 faire leurs premiers pas dans le monde de la chor\u00e9graphie, en leur offrant un laboratoire dans le monde de la chor\u00e9graphie, en leur offrant un format de laboratoire o\u00f9 la cr\u00e9ation de groupe est essentielle.<\/p>\n<p>Ce d\u00e9fi est d&rsquo;une grande importance, \u00e0 la fois pour la professionnalisation des danseurs et pour l&rsquo;am\u00e9lioration de la qualit\u00e9 de l&rsquo;enseignement. la professionnalisation des danseurs qui participent, ainsi que des chor\u00e9graphes, car il devient de plus en plus complexe dans les circuits de la danse, pour des raisons financi\u00e8res et structurelles, de pouvoir cr\u00e9er avec un groupe de danseurs.<\/p>\n<\/div><div class=\"fusion-clearfix\"><\/div><\/div><\/div><\/div><\/div><div class=\"fusion-fullwidth fullwidth-box fusion-builder-row-3 videos nonhundred-percent-fullwidth non-hundred-percent-height-scrolling\" style=\"background-color: rgba(255,255,255,0);background-position: center center;background-repeat: no-repeat;padding-top:0px;padding-right:0px;padding-bottom:45px;padding-left:0px;margin-top: 35px;border-width: 0px 0px 0px 0px;border-color:#eae9e9;border-style:solid;\" ><div class=\"fusion-builder-row fusion-row\"><div class=\"fusion-layout-column fusion_builder_column fusion-builder-column-2 fusion_builder_column_1_1 1_1 fusion-one-full fusion-column-first fusion-column-last\" style=\"margin-top:0px;margin-bottom:0px;\"><div class=\"fusion-column-wrapper fusion-flex-column-wrapper-legacy\" style=\"background-position:left top;background-repeat:no-repeat;-webkit-background-size:cover;-moz-background-size:cover;-o-background-size:cover;background-size:cover;padding: 0px 0px 0px 0px;\"><style type=\"text\/css\"><\/style><div class=\"fusion-title title fusion-title-2 fusion-sep-none fusion-title-center fusion-title-text fusion-title-size-two tituloh2\" style=\"margin-top:0px;margin-right:0px;margin-bottom:31px;margin-left:0px;\"><h2 class=\"title-heading-center\" style=\"margin:0;\">Laboratorios 2020<\/h2><\/div><div class=\"fusion-text fusion-text-2\"><p>\n<div class=\"lab-list\">\n\n    <div class=\"lab-full clearfix\" id=\"eneko-gil\">         \n        <div class=\"lab-image\"> \n         \t<img decoding=\"async\" width=\"300\" height=\"300\" src=\"https:\/\/atalak.dantzaz.eus\/wp-content\/uploads\/2020\/03\/enekogil-300x300.jpg\" class=\"attachment-medium size-medium wp-post-image\" alt=\"Atalak - eneko gil\" srcset=\"https:\/\/atalak.dantzaz.eus\/wp-content\/uploads\/2020\/03\/enekogil-66x66.jpg 66w, https:\/\/atalak.dantzaz.eus\/wp-content\/uploads\/2020\/03\/enekogil-150x150.jpg 150w, https:\/\/atalak.dantzaz.eus\/wp-content\/uploads\/2020\/03\/enekogil-200x200.jpg 200w, https:\/\/atalak.dantzaz.eus\/wp-content\/uploads\/2020\/03\/enekogil-300x300.jpg 300w, https:\/\/atalak.dantzaz.eus\/wp-content\/uploads\/2020\/03\/enekogil-400x400.jpg 400w, https:\/\/atalak.dantzaz.eus\/wp-content\/uploads\/2020\/03\/enekogil.jpg 500w\" sizes=\"(max-width: 300px) 100vw, 300px\" \/>       \n\t\t\t\n                 <\/div> <!-- lab-image-->\n\n      \n\n        <div class=\"lab-content\">\n         <div class=\"lab-intro\">\n           <h3 class=\"persona\">Eneko Gil<\/h3>\n           <span class=\"tipo\">LABOARATOIRE DE CR\u00c9ATION<\/span>\n           <span class=\"periodo\">30\/11 AU 12\/12<\/span>\n           <span class=\"separacion\"><\/span>\n         <\/div>  <!-- lab-intro -->\n\n            \n              <span class=\"residencia\"><strong>R\u00e9sidence accueil<\/strong><br>\n              <p>Gipuzkoako Dantzagunea<\/p>\n<\/span>\n           \n\n                     \n\n           <div class=\"contenido\"><p>Eneko Gil avec la proposition Mots\/Objectifs en mouvement. \u00ab Cette proposition est n\u00e9e pour r\u00e9pondre aux questions qui m\u2019ont fait surgir chaque fois que j\u2019ai vu la danse avec mouvement. Pour ce faire,<strong> nous nous appuierons sur la r\u00e9p\u00e9tition du mouvement, le contact ou le mouvement avec les personnes ou<\/strong> <strong>les objets<\/strong>, ou un rythme traditionnel qui peut \u00eatre le point de d\u00e9part des directives \u00e0 travailler, pour ensuite enqu\u00eater sur les options qui existent \u00e0 l&rsquo;heure d&rsquo;ajouter du texte en mouvement avec le texte. Vu le choix qu\u2019Atalak offre d\u2019inviter \u00e0 un regard ext\u00e9rieur, j\u2019ai voulu me nourrir de connaissance et savoir faire de Dejabu Panpin Laborategia et les inviter \u00e0 ce laboratoire Atalak\u00bb<\/p>\n<\/div>\n\n             \n              <div class=\"bio\"><span>BIO<\/span>\n              <p>Eneko Gil (Errenteria, 1985), commence \u00e0 danser avec la compagnie Ereintza Dantza Taldea, et est membre de Kukai Dantza Konpainia depuis le d\u00e9but de l&rsquo;entreprise, dans laquelle il a eu l&rsquo;occasion de travailler avec La Intrusa Danza, Iker G\u00f3mez, Jone San Mart\u00edn, Ces Il a \u00e9galement eu l&rsquo;occasion de travailler avec plusieurs chor\u00e9graphes basques comme Asier Zabaleta, Mikel Aristegui et Natalia Monge. En 2009, il re\u00e7oit le prix d&rsquo;un danseur exceptionnel, ayant ainsi l&rsquo;opportunit\u00e9 de participer au Festival American Dance en Caroline du Nord et au Movement Research de New York, o\u00f9 il a termin\u00e9 sa formation en travaillant avec plusieurs chor\u00e9graphes internationaux. En 2013, il cr\u00e9e avec Noem\u00ed Viana et I\u00f1igo Ortega, Anakrussia Dantza Teatro Taldea. Aujourd&rsquo;hui, il collabore \u00e9galement avec Hika Teatroa, Oinkari Dantza Talde, Bilaka Kolektiboa, etc.<\/p>\n<\/span><\/div> <!-- bio-->\n                   \n\n           \n            \n              <span class=\"muestra\"><strong>\u00c9chantillons<\/strong><br>\n              <p><strong><a href=\"https:\/\/atalak.dantzaz.eus\/fr\/agenda\/\" target=\"_blank\" rel=\"noopener\">Voir l&rsquo;Agenda<\/a><\/strong><\/p>\n<\/span>\n              \n          <\/div><!-- lab-content-->\n        <\/div> <!-- lab-full -->\n            <div class=\"lab-full clearfix\" id=\"laida-aldaz\">         \n        <div class=\"lab-image\"> \n         \t<img decoding=\"async\" width=\"300\" height=\"300\" src=\"https:\/\/atalak.dantzaz.eus\/wp-content\/uploads\/2020\/03\/Laida_Aldaz.jpg\" class=\"attachment-medium size-medium wp-post-image\" alt=\"\" srcset=\"https:\/\/atalak.dantzaz.eus\/wp-content\/uploads\/2020\/03\/Laida_Aldaz-66x66.jpg 66w, https:\/\/atalak.dantzaz.eus\/wp-content\/uploads\/2020\/03\/Laida_Aldaz-150x150.jpg 150w, https:\/\/atalak.dantzaz.eus\/wp-content\/uploads\/2020\/03\/Laida_Aldaz-200x200.jpg 200w, https:\/\/atalak.dantzaz.eus\/wp-content\/uploads\/2020\/03\/Laida_Aldaz.jpg 300w\" sizes=\"(max-width: 300px) 100vw, 300px\" \/>       \n\t\t\t\n                 <\/div> <!-- lab-image-->\n\n      \n\n        <div class=\"lab-content\">\n         <div class=\"lab-intro\">\n           <h3 class=\"persona\">Laida Aldaz<\/h3>\n           <span class=\"tipo\">LABOARATOIRE DE CR\u00c9ATION dans le centre culturel de Los Arcos, Dantzagunea, Tabakalera, le petit th\u00e9\u00e2tre Felix de Vitoria-Gasteiz et le CCN Malandain.<\/span>\n           <span class=\"periodo\">24\/08 AU 11\/09<\/span>\n           <span class=\"separacion\"><\/span>\n         <\/div>  <!-- lab-intro -->\n\n           \n\n                     \n\n           <div class=\"contenido\"><p>La proposition de Laida Aldaz, Site Specific City en Cr\u00e9ation, est bas\u00e9e sur l&rsquo;observation de notre environnement pour l&rsquo;utiliser comme inspiration pour notre activit\u00e9 cr\u00e9ative. Nous prenons en compte la composition spatiale de la ville elle-m\u00eame pour d\u00e9cider o\u00f9, comment et ce que nous voulons cr\u00e9er, et en \u00e9changeant la r\u00e9alit\u00e9 du mat\u00e9riel chor\u00e9graphique avec diff\u00e9rents espaces et lieux, en d\u00e9pla\u00e7ant les propositions chor\u00e9graphiques hors de l&rsquo;espace sc\u00e9nique \u00e0 l&rsquo;utilisation.<\/p>\n<\/div>\n\n             \n              <div class=\"bio\"><span>BIO<\/span>\n              <p><strong>Laida Aldaz<\/strong> (Etxarri Aranaz, 1980) est dipl\u00f4m\u00e9 de l&rsquo;\u00c9cole Officielle de Danse de Navarre en 2000 et continue sa formation \u00e0 PARTS (Bruxelles). Elle a travaill\u00e9 pour plusieurs artistes et soci\u00e9t\u00e9s comme David Zambrano, Julyen Hamilton, Ali &amp; Hedi Thabet, Mat Voorter, Irma Soci\u00e9t\u00e9, Enclave Dance Company, Cacao Bleu, Zoo dance company et autres. Sa carri\u00e8re professionnelle l&rsquo;a mise en contact avec des artistes de diff\u00e9rentes disciplines et a cr\u00e9\u00e9 diff\u00e9rents travaux qui ont re\u00e7u des prix et des subventions et se sont montr\u00e9s internationalement (Japon, \u00c9tats-Unis, Belgique, Espagne, Portugal, Allemagne, Royaume-Uni\u2026) Actuellement, en plus de cr\u00e9er ses propres pi\u00e8ces est la directrice du festival Zinetika de cin\u00e9ma et danse et codirige ensemble avec Carmen Larraz et Marta Coronado La Faktoria en Navarra.<\/p>\n<\/span><\/div> <!-- bio-->\n                   \n\n           \n            \n              <span class=\"muestra\"><strong>\u00c9chantillons<\/strong><br>\n              <p><a href=\"https:\/\/atalak.dantzaz.eus\/fr\/agenda\/\" target=\"_blank\" rel=\"noopener\"><strong>Voir l&rsquo;Agenda<\/strong><\/a><\/p>\n<\/span>\n              \n          <\/div><!-- lab-content-->\n        <\/div> <!-- lab-full -->\n            <div class=\"lab-full clearfix\" id=\"denis-santacana\">         \n        <div class=\"lab-image\"> \n         \t<img decoding=\"async\" width=\"300\" height=\"300\" src=\"https:\/\/atalak.dantzaz.eus\/wp-content\/uploads\/2020\/03\/DenisSantacana-300x300.jpg\" class=\"attachment-medium size-medium wp-post-image\" alt=\"\" srcset=\"https:\/\/atalak.dantzaz.eus\/wp-content\/uploads\/2020\/03\/DenisSantacana-66x66.jpg 66w, https:\/\/atalak.dantzaz.eus\/wp-content\/uploads\/2020\/03\/DenisSantacana-150x150.jpg 150w, https:\/\/atalak.dantzaz.eus\/wp-content\/uploads\/2020\/03\/DenisSantacana-200x200.jpg 200w, https:\/\/atalak.dantzaz.eus\/wp-content\/uploads\/2020\/03\/DenisSantacana-300x300.jpg 300w, https:\/\/atalak.dantzaz.eus\/wp-content\/uploads\/2020\/03\/DenisSantacana-400x400.jpg 400w, https:\/\/atalak.dantzaz.eus\/wp-content\/uploads\/2020\/03\/DenisSantacana.jpg 500w\" sizes=\"(max-width: 300px) 100vw, 300px\" \/>       \n\t\t\t\n                 <\/div> <!-- lab-image-->\n\n      \n\n        <div class=\"lab-content\">\n         <div class=\"lab-intro\">\n           <h3 class=\"persona\">Denis Santacana<\/h3>\n           <span class=\"tipo\">LABORATOIRE D\u2019EXP\u00c9RIMENTATION<\/span>\n           <span class=\"periodo\">20\/04 AU 04\/06<\/span>\n           <span class=\"separacion\"><\/span>\n         <\/div>  <!-- lab-intro -->\n\n           \n\n                     \n\n           <div class=\"contenido\"><p>Bien qu&rsquo;initialement pr\u00e9vu pour mars, Denis Santacana r\u00e9alisera son laboratoire d&rsquo;exp\u00e9rimentation en ligne pendant le mois de mai.<\/p>\n<p>La proposition sera l&rsquo;exp\u00e9rimentation avec la discipline de la danse vid\u00e9o et arriver \u00e0 esquisser une proposition artistique en raison des diff\u00e9rents processus que ce laboratoire effectuera. La vid\u00e9o et l&rsquo;enregistrement nous sont pr\u00e9sent\u00e9s comme des outils pour faciliter la cr\u00e9ation chor\u00e9graphique. Nous partirons d&rsquo;o\u00f9 se trouve chaque danseur et avec le mat\u00e9riel qu&rsquo;ils ont et d\u00e9veloppent tout au long du laboratoire. \u00ab Dans mon travail, il y a quelque chose de r\u00e9current qui est le travail avec des objets. Dans de nombreuses pi\u00e8ces commence \u00e0 partir de l&rsquo;utilisation d&rsquo;objets. Dans ce cas, nous pouvons utiliser des espaces de la maison, peu habituels pour danser, tout en soulevant l\u2019utilisation d\u2019objets pour voir qui sort de ces interactions inhabituelles, et comment ceux-ci peuvent conditionner notre mouvement \u00bb, explique Denis Santacana.<\/p>\n<p>14 danseurs accueillis par l&rsquo;image en mouvement. Une cr\u00e9ation dans laquelle les danseurs ne peuvent pas \u00eatre ensemble. Le but sera d&rsquo;exp\u00e9rimenter avec la cr\u00e9ation d&rsquo;une pi\u00e8ce de danse vid\u00e9o.<\/p>\n<p>La m\u00e9thodologie \u00e0 d\u00e9velopper dans les laboratoires de cr\u00e9ation en ligne est la suivante:<\/p>\n<ul>\n<li>Cours techniques o\u00f9 le corps est pr\u00e9par\u00e9.<\/li>\n<li>Divers masterclass sur la vid\u00e9o danse pour contextualiser et conna\u00eetre la discipline, en charge de grands experts, comme le britannique David Hinton, l&rsquo;une des plus hautes autorit\u00e9s dans la vid\u00e9o dans le monde, et des experts locaux comme I\u00f1aki Alforja, Maite Berm\u00fadez, Gorka Mart\u00edn et Alex Pach\u00f3n.<\/li>\n<li>Conversations individuelles.<\/li>\n<li>Localisation des espaces de la maison.<\/li>\n<li>Cr\u00e9ation d&rsquo;un sc\u00e9nario.<\/li>\n<li>Travail de feedback continu pour d\u00e9finir les propositions.<\/li>\n<li>Travail personnel de chaque danseur.<\/li>\n<li>Enregistrement des mat\u00e9riaux.<\/li>\n<li>Edition de la pi\u00e8ce.<\/li>\n<\/ul>\n<\/div>\n\n             \n              <div class=\"bio\"><span>BIO<\/span>\n              <p><strong>Denis Santacana<\/strong> N\u00e9 \u00e0 Saint-S\u00e9bastien en 1984, il combine sa formation de danseur avec des \u00e9tudes de th\u00e9\u00e2tre. En 2013, il obtient son dipl\u00f4me de chor\u00e9graphe au Conservatoire sup\u00e9rieur de danse Mar\u00eda de \u00c1vila de Madrid et r\u00e9alise un dipl\u00f4me de troisi\u00e8me cycle \u00e0 la London Contemporary Dance School. En tant qu&rsquo;interpr\u00e8te, il a travaill\u00e9 avec des entreprises nationales et internationales et plus d&rsquo;une vingtaine de productions avec des chor\u00e9graphes freelance du panorama actuel. Depuis 2007 Denis Santacana se concentre sur la recherche et la composition chor\u00e9graphique, avec les premi\u00e8res premi\u00e8res de danse et de th\u00e9\u00e2tre. Depuis 2013, la compagnie a sorti 7 pi\u00e8ces courtes, 3 spectacles grand format et 2 \u0153uvres de vid\u00e9odance. Il a \u00e9galement r\u00e9alis\u00e9 des cr\u00e9ations pour des spectacles de compagnies et groupes comme le Ballet de Carmen Roche, Laboratoire 180\u00b0, Edge (LCDS), atelier de l&rsquo;Universit\u00e9 europ\u00e9enne de Madrid, etc. En 2017 la compagnie s&rsquo;installe d\u00e9finitivement au Pays Basque o\u00f9 elle re\u00e7oit le soutien d&rsquo;entit\u00e9s comme le domaine de la culture du Gouvernement Basque, Donostia Cultura, Dantzagunea, Fondation ONCE, CDART, La Fundici\u00f3n, Kurtzio Kultur Etxea, entre autres.<\/p>\n<\/span><\/div> <!-- bio-->\n                   \n\n           \n            \n              <span class=\"muestra\"><strong>\u00c9chantillons<\/strong><br>\n              <p><strong><a href=\"https:\/\/atalak.dantzaz.eus\/fr\/agenda\/\" target=\"_blank\" rel=\"noopener\">Voir l\u2019Agenda<\/a><\/strong><\/p>\n<\/span>\n              \n          <\/div><!-- lab-content-->\n        <\/div> <!-- lab-full -->\n            \n  <\/div> <!-- lab-list -->\n\t\n\n\n<section id=\"thumbwrapper18\" class=\"gallery-video-content\"\n         data-gallery-video-perpage=\"5\" data-gallery-video-id=\"18\">\n\n    <input type=\"hidden\" class=\"pagenum\" value=\"1\"\/>\n    <ul id=\"origincode_videogallery\" class=\"origincode_videogallery view-thumbnails\">\n        <li id=\"fullPreview\"><\/li>\n        <input type=\"hidden\" id=\"total\" value=\"1\"\/>\n                    <li class=\"origincode_big_li\" data-id=\"148\">\n                                    <a class=\"vvimeo origincode_videogallery_item group18\"\n                       href=\"\/\/player.vimeo.com\/video\/453585459\"\n                       title=\"DENIS SANTACANA\"\n                       data-description=\"\"\n                       data-id=\"148\"><\/a>\n                    <img decoding=\"async\" src=\"https:\/\/i.vimeocdn.com\/video\/950009187-6f9b1aeecbf5f6932473afaf2c01362b5751b56f09031dd9421c665b2eeb6132-d_640?region=us\"\n                         alt=\"DENIS SANTACANA\"\/>\n                                    <div class=\"overLayer\"><\/div>\n                <div class=\"infoLayer\">\n                    <ul>\n                        <li>\n                            <h2>\n                                DENIS SANTACANA                            <\/h2>\n                        <\/li>\n                        <li>\n                            <p>\n                                Watch Video                            <\/p>\n                        <\/li>\n                    <\/ul>\n                <\/div>\n            <\/li>\n                    <li class=\"origincode_big_li\" data-id=\"179\">\n                                    <a class=\"vvimeo origincode_videogallery_item group18\"\n                       href=\"\/\/player.vimeo.com\/video\/461311827\"\n                       title=\"LAIDA ALDAZ\"\n                       data-description=\"\"\n                       data-id=\"179\"><\/a>\n                    <img decoding=\"async\" src=\"https:\/\/i.vimeocdn.com\/video\/969856773-cba6e7868ccdcca475ef925159fad7933124635a2ea55051330719834ab9a4cb-d_640?region=us\"\n                         alt=\"LAIDA ALDAZ\"\/>\n                                    <div class=\"overLayer\"><\/div>\n                <div class=\"infoLayer\">\n                    <ul>\n                        <li>\n                            <h2>\n                                LAIDA ALDAZ                            <\/h2>\n                        <\/li>\n                        <li>\n                            <p>\n                                Watch Video                            <\/p>\n                        <\/li>\n                    <\/ul>\n                <\/div>\n            <\/li>\n                    <li class=\"origincode_big_li\" data-id=\"143\">\n                                    <a class=\"vvimeo origincode_videogallery_item group18\"\n                       href=\"\/\/player.vimeo.com\/video\/504369640\"\n                       title=\"ENEKO GIL\"\n                       data-description=\"\"\n                       data-id=\"143\"><\/a>\n                    <img decoding=\"async\" src=\"\"\n                         alt=\"ENEKO GIL\"\/>\n                                    <div class=\"overLayer\"><\/div>\n                <div class=\"infoLayer\">\n                    <ul>\n                        <li>\n                            <h2>\n                                ENEKO GIL                            <\/h2>\n                        <\/li>\n                        <li>\n                            <p>\n                                Watch Video                            <\/p>\n                        <\/li>\n                    <\/ul>\n                <\/div>\n            <\/li>\n        \n    <\/ul>\n    <\/section>\n<style>\nsection #origincode_videogallery a{\n\tborder:none;\n}\nsection #origincode_videogallery {\n\tpadding: 28px;\n\tdisplay: block;\n\tmin-height: 100%;\n\ttext-align: center;\n\tmargin-bottom: 30px;\n  background-color: #333333; box-shadow: 0 0 10px;}\n\n\n#origincode_videogallery .origincode_big_li {\n\twidth: 100%;\n\tmax-width: 240px;\n\toverflow:hidden;\n\theight: 150px;\n\tmargin: 1px !important;\n\tpadding:0 !important;\n\tborder: 1px solid #444444;\n\tborder-radius: 5px;\n}\n\nsection #origincode_videogallery li .infoLayer ul li {\n\tmax-height:80px;\n\toverflow:hidden;\n}\n\nsection #origincode_videogallery li .overLayer ul li h2,\nsection #origincode_videogallery li .infoLayer ul li h2 {\n\tfont-size: 16px;\n\tcolor: #FFFFFF;\n\tmargin:0 !important;\n}\n\nsection #origincode_videogallery li .infoLayer ul li p {\n\tcolor: #FFFFFF;\n\tmargin:0 !important;\n}\n\nsection #origincode_videogallery li .overLayer,\nsection #origincode_videogallery li .infoLayer {\n\t-webkit-transition: opacity 0.3s linear;\n\t-moz-transition: opacity 0.3s linear;\n\t-ms-transition: opacity 0.3s linear;\n\t-o-transition: opacity 0.3s linear;\n\ttransition: opacity 0.3s linear;\n\twidth: 100%;\n\tmax-width: 240px;\n\theight: 150px;\n\tposition: absolute;\n\ttext-align: center;\n\topacity: 0;\n\ttop: 0;\n\tleft: 0;\n\tz-index: 4;\n\tborder-radius: 5px;\n}\n\n\n\nsection #origincode_videogallery li a {\n\tposition: absolute;\n\tdisplay: block;\n\twidth: 100%;\n\tmax-width: 240px;\n\theight: 150px;\n\ttop: 0;\n\tleft: 0;\n\tz-index: 6;\n\tborder-radius: 5px;\n}\n.load_more3 {\n\tmargin: 10px 0;\n\tposition:relative;\n\ttext-align:center;\n\twidth:100%;\n}\n\n.load_more_button3 {\n\tborder-radius: 10px;\n\tdisplay:inline-block;\n\tpadding:5px 15px;\n\tfont-size:19px !important;;\n\tcolor:#CCCCCC !important;;\n\tbackground:#333333 !important;\n\tcursor:pointer;\n\n}\n.load_more_button3:hover{\n\tcolor:#D9D9D9 !important;\n\tbackground:#8F827C !important;\n}\n.loading3 {\n\tdisplay:none;\n}\n.paginate3{\n\tfont-size:22px !important;\n\tcolor:#0A0202 !important;\n\ttext-align: center;\n}\n.paginate3 a{\n\tborder-bottom: none !important;\n\tbox-shadow: none !important;\n}\n.icon-style3{\n\tfont-size: 22px !important;\n\tcolor:#333333 !important;\n}\n.clear{\n\tclear:both;\n}\n\n#origincode_videogallery li img {\n\twidth: 100%;\n\tmax-width: 238px;\n\theight: 148px;\n\tmin-height: 100%;\n\tmargin:0 !important;\n}\n\nsection #origincode_videogallery li:hover .overLayer {\n\t-webkit-transition: opacity 0.3s linear;\n\t-moz-transition: opacity 0.3s linear;\n\t-ms-transition: opacity 0.3s linear;\n\t-o-transition: opacity 0.3s linear;\n\ttransition: opacity 0.3s linear;\n\topacity: 0.801;\n\tdisplay: block;\n\tbackground: #CCCCCC;\n}\nsection #origincode_videogallery li:hover .infoLayer {\n\t-webkit-transition: opacity 0.3s linear;\n\t-moz-transition: opacity 0.3s linear;\n\tms-transition: opacity 0.3s linear;\n\t-o-transition: opacity 0.3s linear;\n\ttransition: opacity 0.3s linear;\n\topacity: 1;\n\tdisplay: block;\n}\nsection #origincode_videogallery p {text-align:center;}\n<\/style><\/p>\n<\/div><div class=\"fusion-clearfix\"><\/div><\/div><\/div><\/div><\/div><\/p>\n","protected":false},"excerpt":{"rendered":"","protected":false},"author":1,"featured_media":0,"parent":0,"menu_order":0,"comment_status":"closed","ping_status":"closed","template":"100-width.php","meta":{"footnotes":""},"class_list":["post-1219","page","type-page","status-publish","hentry"],"acf":[],"_links":{"self":[{"href":"https:\/\/atalak.dantzaz.eus\/fr\/wp-json\/wp\/v2\/pages\/1219","targetHints":{"allow":["GET"]}}],"collection":[{"href":"https:\/\/atalak.dantzaz.eus\/fr\/wp-json\/wp\/v2\/pages"}],"about":[{"href":"https:\/\/atalak.dantzaz.eus\/fr\/wp-json\/wp\/v2\/types\/page"}],"author":[{"embeddable":true,"href":"https:\/\/atalak.dantzaz.eus\/fr\/wp-json\/wp\/v2\/users\/1"}],"replies":[{"embeddable":true,"href":"https:\/\/atalak.dantzaz.eus\/fr\/wp-json\/wp\/v2\/comments?post=1219"}],"version-history":[{"count":4,"href":"https:\/\/atalak.dantzaz.eus\/fr\/wp-json\/wp\/v2\/pages\/1219\/revisions"}],"predecessor-version":[{"id":1294,"href":"https:\/\/atalak.dantzaz.eus\/fr\/wp-json\/wp\/v2\/pages\/1219\/revisions\/1294"}],"wp:attachment":[{"href":"https:\/\/atalak.dantzaz.eus\/fr\/wp-json\/wp\/v2\/media?parent=1219"}],"curies":[{"name":"wp","href":"https:\/\/api.w.org\/{rel}","templated":true}]}}