{"id":1228,"date":"2021-11-12T21:16:31","date_gmt":"2021-11-12T19:16:31","guid":{"rendered":"https:\/\/atalak.dantzaz.eus\/laboratorios-2019\/"},"modified":"2021-12-19T12:32:18","modified_gmt":"2021-12-19T10:32:18","slug":"laboratoires-2019","status":"publish","type":"page","link":"https:\/\/atalak.dantzaz.eus\/fr\/laboratoires-2019\/","title":{"rendered":"Laboratoires 2019"},"content":{"rendered":"<p><div class=\"fusion-fullwidth fullwidth-box fusion-builder-row-1 hundred-percent-fullwidth non-hundred-percent-height-scrolling\" style=\"background-color: rgba(255,255,255,0);background-position: center center;background-repeat: no-repeat;padding-top:0px;padding-right:0px;padding-bottom:0px;padding-left:0px;margin-bottom: 0px;margin-top: 0px;border-width: 0px 0px 0px 0px;border-color:#eae9e9;border-style:solid;\" ><div class=\"fusion-builder-row fusion-row\"><div class=\"fusion-layout-column fusion_builder_column fusion-builder-column-0 fusion_builder_column_1_1 1_1 fusion-one-full fusion-column-first fusion-column-last\" style=\"margin-top:0px;margin-bottom:20px;\"><div class=\"fusion-column-wrapper fusion-flex-column-wrapper-legacy\" style=\"background-position:left top;background-repeat:no-repeat;-webkit-background-size:cover;-moz-background-size:cover;-o-background-size:cover;background-size:cover;padding: 0px 0px 0px 0px;\"><span class=\" fusion-imageframe imageframe-none imageframe-1 hover-type-none\"><img decoding=\"async\" width=\"2000\" height=\"843\" alt=\"Laboratorio experimentacion\" title=\"Laboratorio experimentacion\" src=\"https:\/\/atalak.dantzaz.eus\/wp-content\/uploads\/2020\/03\/fondo-lab.jpg\" class=\"img-responsive wp-image-429\" srcset=\"https:\/\/atalak.dantzaz.eus\/wp-content\/uploads\/2020\/03\/fondo-lab-200x84.jpg 200w, https:\/\/atalak.dantzaz.eus\/wp-content\/uploads\/2020\/03\/fondo-lab-400x169.jpg 400w, https:\/\/atalak.dantzaz.eus\/wp-content\/uploads\/2020\/03\/fondo-lab-600x253.jpg 600w, https:\/\/atalak.dantzaz.eus\/wp-content\/uploads\/2020\/03\/fondo-lab-800x337.jpg 800w, https:\/\/atalak.dantzaz.eus\/wp-content\/uploads\/2020\/03\/fondo-lab-1200x506.jpg 1200w, https:\/\/atalak.dantzaz.eus\/wp-content\/uploads\/2020\/03\/fondo-lab.jpg 2000w\" sizes=\"(max-width: 1024px) 100vw, 2000px\" \/><\/span><div class=\"fusion-clearfix\"><\/div><\/div><\/div><\/div><\/div><div class=\"fusion-fullwidth fullwidth-box fusion-builder-row-2 nonhundred-percent-fullwidth non-hundred-percent-height-scrolling\" style=\"background-color: rgba(255,255,255,0);background-position: center center;background-repeat: no-repeat;padding-top:35px;padding-right:0px;padding-bottom:0px;padding-left:0px;margin-bottom: 0px;margin-top: 0px;border-width: 0px 0px 0px 0px;border-color:#eae9e9;border-style:solid;\" ><div class=\"fusion-builder-row fusion-row\"><div class=\"fusion-layout-column fusion_builder_column fusion-builder-column-1 fusion_builder_column_1_1 1_1 fusion-one-full fusion-column-first fusion-column-last\" style=\"margin-top:0px;margin-bottom:20px;\"><div class=\"fusion-column-wrapper fusion-flex-column-wrapper-legacy\" style=\"background-position:left top;background-repeat:no-repeat;-webkit-background-size:cover;-moz-background-size:cover;-o-background-size:cover;background-size:cover;padding: 0px 0px 0px 0px;\"><style type=\"text\/css\"><\/style><div class=\"fusion-title title fusion-title-1 fusion-sep-none fusion-title-center fusion-title-text fusion-title-size-one tituloh1 debajo\" style=\"font-size:48px;margin-top:0px;margin-right:0px;margin-bottom:31px;margin-left:0px;\"><h1 class=\"title-heading-center\" style=\"margin:0;font-size:1em;color:#000000;line-height:1;\">Plus d&rsquo;espace, plus de temps, plus de connexions<\/h1><\/div><div class=\"fusion-text fusion-text-1 texto-grande\"><p><span style=\"font-weight: 400;\">Atalak 2.0 propose \u00e9galement quelques nouvelles fonctionnalit\u00e9s pour la p\u00e9riode 2019-2020. D&rsquo;une part, il offre aux membres la possibilit\u00e9 d&rsquo;int\u00e9grer les laboratoires des chor\u00e9graphes participants \u00e0 travers diff\u00e9rents programmes ou actions en relation avec leurs spectateurs. En retour, le projet propose deux semaines de laboratoire de cr\u00e9ation, offrant le temps n\u00e9cessaire \u00e0 l&rsquo;approfondissement de la recherche chor\u00e9graphique tant pour le cr\u00e9ateur que pour les danseurs. Cette proposition cherche \u00e0 se concentrer sur les cr\u00e9ateurs qui commencent \u00e0 faire leurs premiers pas dans le monde de la chor\u00e9graphie, en leur offrant un format de laboratoire o\u00f9 la cr\u00e9ation de groupe est essentielle. Atalak 2.0 propose \u00e9galement un \u00ab\u00a0regard ext\u00e9rieur\u00a0\u00bb pour accompagner les processus de laboratoire. Ce sont des experts dans le domaine de la chor\u00e9graphie et de la dramaturgie.<\/span><\/p>\n<p><span style=\"font-weight: 400;\">Apr\u00e8s le succ\u00e8s de l&rsquo;ann\u00e9e derni\u00e8re, \u00ab\u00a0Atalak. Kafe bat ?\u00a0\u00bb, introduira des rencontres entre professionnels du secteur.<\/span><\/p>\n<\/div><div class=\"fusion-clearfix\"><\/div><\/div><\/div><\/div><\/div><div class=\"fusion-fullwidth fullwidth-box fusion-builder-row-3 videos nonhundred-percent-fullwidth non-hundred-percent-height-scrolling\" style=\"background-color: rgba(255,255,255,0);background-position: center center;background-repeat: no-repeat;padding-top:0px;padding-right:0px;padding-bottom:45px;padding-left:0px;margin-top: 35px;border-width: 0px 0px 0px 0px;border-color:#eae9e9;border-style:solid;\" ><div class=\"fusion-builder-row fusion-row\"><div class=\"fusion-layout-column fusion_builder_column fusion-builder-column-2 fusion_builder_column_1_1 1_1 fusion-one-full fusion-column-first fusion-column-last\" style=\"margin-top:0px;margin-bottom:0px;\"><div class=\"fusion-column-wrapper fusion-flex-column-wrapper-legacy\" style=\"background-position:left top;background-repeat:no-repeat;-webkit-background-size:cover;-moz-background-size:cover;-o-background-size:cover;background-size:cover;padding: 0px 0px 0px 0px;\"><style type=\"text\/css\"><\/style><div class=\"fusion-title title fusion-title-2 fusion-sep-none fusion-title-center fusion-title-text fusion-title-size-two tituloh2\" style=\"margin-top:0px;margin-right:0px;margin-bottom:31px;margin-left:0px;\"><h2 class=\"title-heading-center\" style=\"margin:0;\">Laboratoires 2019<\/h2><\/div><div class=\"fusion-text fusion-text-2\"><p>\n<div class=\"lab-list\">\n\n    <div class=\"lab-full clearfix\" id=\"led-silhouette\">         \n        <div class=\"lab-image\"> \n         \t       \n\t\t\t\n                 <\/div> <!-- lab-image-->\n\n      \n\n        <div class=\"lab-content\">\n         <div class=\"lab-intro\">\n           <h3 class=\"persona\">Led Silhouette<\/h3>\n           <span class=\"tipo\">LABORATOIRE D\u2019EXP\u00c9RIMENTATION<\/span>\n           <span class=\"periodo\">D\u00e9cembre 2019<\/span>\n           <span class=\"separacion\"><\/span>\n         <\/div>  <!-- lab-intro -->\n\n           \n\n                     \n\n           <div class=\"contenido\"><p><span style=\"font-weight: 400;\"><em>PART 3<\/em> &#8211; <\/span><span style=\"font-weight: 400;\">La troisi\u00e8me partie est le projet avec lequel nous \u00e9tudions et d\u00e9veloppons diff\u00e9rents outils, qualit\u00e9s de mouvement, en voyageant \u00e0 travers diff\u00e9rents niveaux et en \u00e9tablissant des termes divers avec lesquels nous voulons g\u00e9n\u00e9rer une atmosph\u00e8re transformatrice. Exposer la forme de diff\u00e9rentes mani\u00e8res, devenir un poly\u00e8dre aux multiples facettes qui utilise le mouvement et l&rsquo;image comme arme principale et de ruse.<\/span><\/p>\n<p><span style=\"font-weight: 400;\">Sans la pr\u00e9tention de cr\u00e9er une pi\u00e8ce ferm\u00e9e, nous voulons explorer le vocabulaire que nous avons particuli\u00e8rement travaill\u00e9 avec notre \u00e9quipe jusqu&rsquo;\u00e0 pr\u00e9sent et voir comment transmettre ces id\u00e9es et concepts \u00e0 diff\u00e9rents esprits et corps. La PART 3 est un d\u00e9but par la fin, un laboratoire spatial o\u00f9 l&rsquo;on peut faire des essais et des erreurs avant de r\u00e9aliser la pi\u00e8ce finie, en mettant en pratique les exp\u00e9riences acquises dans ces processus de recherche.<\/span><\/p>\n<\/div>\n\n             \n              <div class=\"bio\"><span>BIO<\/span>\n              <p><span style=\"font-weight: 400;\">Soci\u00e9t\u00e9 cr\u00e9\u00e9e et dirig\u00e9e par le navarrais Martxel Rodriguez et le madril\u00e8ne Jon L\u00f3pez. Parall\u00e8lement \u00e0 leur activit\u00e9 d&rsquo;interpr\u00e8tes dans des compagnies telles que \u00ab\u00a0La Veronal\u00a0\u00bb ou \u00ab\u00a0Kukai Dantza\u00a0\u00bb, ils commencent en 2016 leur stage de cr\u00e9ateurs en co-dirigeant le collectif de jeunes artistes form\u00e9s dans diff\u00e9rentes disciplines de la danse et influenc\u00e9s par l&rsquo;art contemporain. Ils explorent de nouvelles formes de mouvement et diff\u00e9rents concepts dans le but d&rsquo;offrir leur propre vision de la danse contemporaine, en construisant une plateforme o\u00f9 ils peuvent travailler et faire leur Led Silhouette.<\/span><\/p>\n<p><span style=\"font-weight: 400;\">Depuis la cr\u00e9ation en 2016 de leur premi\u00e8re pi\u00e8ce \u00ab\u00a0Moira\u00a0\u00bb, coproduite et cr\u00e9\u00e9e au \u00ab\u00a0Festival 10 Sentidos\u00a0\u00bb \u00e0 Valence, ils ont r\u00e9alis\u00e9 des r\u00e9sidences telles que \u00ab\u00a0Sortutakoak\u00a0\u00bb au Pays Basque, \u00ab\u00a0Residentes 2019\u00a0\u00bb au Centro de Danza Canal \u00e0 Madrid ou au si\u00e8ge de la \u00ab\u00a0Compa\u00f1\u00eda Nacional de Danza\u00a0\u00bb. R\u00e9sidences o\u00f9 ils d\u00e9veloppent des \u0153uvres qui ont \u00e9t\u00e9 pr\u00e9sent\u00e9es dans des lieux tels que la \u00ab\u00a0Cuarta Pared\u00a0\u00bb de Madrid, le \u00ab\u00a0Festival Quincena de Danza Almada\u00a0\u00bb au Portugal, le \u00ab\u00a0Festival Internazional Nuova Danza\u00a0\u00bb en Sardaigne ou le mus\u00e9e \u00ab\u00a0Centre del Carmen de Valencia\u00a0\u00bb.<\/span><\/p>\n<p>&nbsp;<\/p>\n<\/span><\/div> <!-- bio-->\n                   \n\n           \n              \n          <\/div><!-- lab-content-->\n        <\/div> <!-- lab-full -->\n            <div class=\"lab-full clearfix\" id=\"proyecto-larrua\">         \n        <div class=\"lab-image\"> \n         \t       \n\t\t\t\n                 <\/div> <!-- lab-image-->\n\n      \n\n        <div class=\"lab-content\">\n         <div class=\"lab-intro\">\n           <h3 class=\"persona\">Projet Larrua<\/h3>\n           <span class=\"tipo\">LABORATOIRE D\u2019EXP\u00c9RIMENTATION<\/span>\n           <span class=\"periodo\">Juin 2019<\/span>\n           <span class=\"separacion\"><\/span>\n         <\/div>  <!-- lab-intro -->\n\n           \n\n                     \n\n           <div class=\"contenido\"><p><i><span style=\"font-weight: 400;\">ARTALDE<\/span><\/i><span style=\"font-weight: 400;\"> &#8211; <\/span><span style=\"font-weight: 400;\">Nous utilisons une tribu ou un groupe de personnes qui ont g\u00e9n\u00e9r\u00e9 un mode de communication diff\u00e9rent de ce que nous connaissons comme \u00ab\u00a0normal\u00a0\u00bb, comme excuse pour enqu\u00eater sur la nature des \u00eatres humains. Dans ce laboratoire, nous souhaitons nous concentrer sur la mani\u00e8re dont la communication est produite par le langage corporel \u00e0 partir de la th\u00e9\u00e2tralit\u00e9 du geste et du contact physique direct comme moyen de communication. Inspir\u00e9s par le Poor Th\u00e9\u00e2tre de Grotowski et l&rsquo;Empty Space de Peter Brook, nous cherchons \u00e0 explorer l&rsquo;id\u00e9e d&rsquo;habiter et de transformer l&rsquo;espace \u00e0 travers nos corps de diff\u00e9rentes mani\u00e8res, comme par exemple transformer les corps en mobilier de sc\u00e8ne.<\/span><\/p>\n<\/div>\n\n             \n              <div class=\"bio\"><span>BIO<\/span>\n              <p><span style=\"font-weight: 400;\">Projet Larrua est un projet de danse dirig\u00e9 par Jordi Vilaseca et Aritz L\u00f3pez qui poss\u00e8de son propre langage, qui unit les styles, la physicalit\u00e9 et les disciplines (BreakDance et danse contemporaine). PROYECTO LARRUA est n\u00e9 avec l&rsquo;intention d&rsquo;activer la danse \u00e0 Vitoria-Gasteiz et dans ses environs et de lancer ainsi ce premier projet qui veut ouvrir de futures collaborations avec des artistes locaux et nationaux, diff\u00e9rentes institutions, des r\u00e9sidences artistiques&#8230; Travaillant ainsi comme un collectif artistique.<\/span><\/p>\n<p>&nbsp;<\/p>\n<\/span><\/div> <!-- bio-->\n                   \n\n           \n              \n          <\/div><!-- lab-content-->\n        <\/div> <!-- lab-full -->\n            <div class=\"lab-full clearfix\" id=\"myriam-perez-cazabon\">         \n        <div class=\"lab-image\"> \n         \t<img decoding=\"async\" width=\"183\" height=\"183\" src=\"https:\/\/atalak.dantzaz.eus\/wp-content\/uploads\/2021\/08\/Atalak-laboratorios-2019-Myriam_Perez_Cazabon.jpg\" class=\"attachment-medium size-medium wp-post-image\" alt=\"Atalak Laboratorios 2019 - Myriam Perez Cazabon\" srcset=\"https:\/\/atalak.dantzaz.eus\/wp-content\/uploads\/2021\/08\/Atalak-laboratorios-2019-Myriam_Perez_Cazabon-66x66.jpg 66w, https:\/\/atalak.dantzaz.eus\/wp-content\/uploads\/2021\/08\/Atalak-laboratorios-2019-Myriam_Perez_Cazabon-150x150.jpg 150w, https:\/\/atalak.dantzaz.eus\/wp-content\/uploads\/2021\/08\/Atalak-laboratorios-2019-Myriam_Perez_Cazabon.jpg 183w\" sizes=\"(max-width: 183px) 100vw, 183px\" \/>       \n\t\t\t\n                 <\/div> <!-- lab-image-->\n\n      \n\n        <div class=\"lab-content\">\n         <div class=\"lab-intro\">\n           <h3 class=\"persona\">Myriam Perez Cazabon<\/h3>\n           <span class=\"tipo\">LABORATOIRE D\u2019EXP\u00c9RIMENTATION<\/span>\n           <span class=\"periodo\">Avril 2019<\/span>\n           <span class=\"separacion\"><\/span>\n         <\/div>  <!-- lab-intro -->\n\n           \n\n                     \n\n           <div class=\"contenido\"><p><em>FUNERAL WALTZ &#8211;<\/em> <span style=\"font-weight: 400;\">Lors de ce premier laboratoire exp\u00e9rimental ATALAK, qui a dur\u00e9 trois semaines, Myriam Perez s&rsquo;est int\u00e9ress\u00e9e \u00e0 l&rsquo;approfondissement et \u00e0 l&rsquo;int\u00e9gration de son aspect d&rsquo;interpr\u00e8te du mouvement dans la danse. Par cons\u00e9quent, mon int\u00e9r\u00eat est d&rsquo;\u00e9tudier ce qui arrive au danseur quand il n&rsquo;a pas \u00e0 danser, ce qui et qui se cache derri\u00e8re la chor\u00e9graphie, en s&rsquo;occupant des sc\u00e8nes de plus de calme et de silence. \u00ab\u00a0Valse d&rsquo;un enterrement est une proposition cr\u00e9ative inspir\u00e9e de la pi\u00e8ce Mutu, cr\u00e9\u00e9e par la compagnie de Myriam Perez Cazab\u00f3n le 6 mai 2018. Au cours du laboratoire, nous travaillerons sur trois \u00e9pisodes ou espaces de communication, o\u00f9 le silence remplace tout le sens du mot et o\u00f9 la compr\u00e9hension entre les personnes prend corps \u00e0 travers les plus petits gestes et surtout, \u00e0 travers le regard. Le chor\u00e9graphe d&rsquo;Iparralde, Mizel Th\u00e9ret, a suivi le processus en tant qu&rsquo;\u0153il ext\u00e9rieur.<\/span><\/p>\n<\/div>\n\n             \n              <div class=\"bio\"><span>BIO<\/span>\n              <p><span style=\"font-weight: 400;\">Elle commence ses \u00e9tudes de danse entre Saint-S\u00e9bastien et Irun. Elle a \u00e9tudi\u00e9 la danse contemporaine \u00e0 Codarts (Rotterdam). Elle collabore en tant qu&rsquo;interpr\u00e8te et chor\u00e9graphe \u00e0 diff\u00e9rents projets li\u00e9s \u00e0 la cr\u00e9ation et \u00e0 la performance dans diff\u00e9rentes disciplines artistiques, en les combinant avec la p\u00e9dagogie depuis 2004. En 2016, elle commence sa carri\u00e8re personnelle en tant que compagnie et cr\u00e9e les pi\u00e8ces Vac\u00edo (2017), Extra\u00f1a en mi piel (Dantzan Bilaka 2017. Pi\u00e8ce recommand\u00e9e par le r\u00e9seau de th\u00e9\u00e2tre basque SAREA) et \u00ab\u00a0Mutu\u00a0\u00bb (Gazteszena 2018). Il travaille actuellement sur sa nouvelle production \u00ab\u00a0Iceberg\u00a0\u00bb, qui sera pr\u00e9sent\u00e9e en premi\u00e8re le 10 mai 2019.\u00a0<\/span><\/p>\n<p><b>\u00a0<\/b><\/p>\n<\/span><\/div> <!-- bio-->\n                   \n\n           \n              \n          <\/div><!-- lab-content-->\n        <\/div> <!-- lab-full -->\n            \n  <\/div> <!-- lab-list -->\n\t\n\n\n<section id=\"thumbwrapper5\" class=\"gallery-video-content\"\n         data-gallery-video-perpage=\"5\" data-gallery-video-id=\"5\">\n\n    <input type=\"hidden\" class=\"pagenum\" value=\"1\"\/>\n    <ul id=\"origincode_videogallery\" class=\"origincode_videogallery view-thumbnails\">\n        <li id=\"fullPreview\"><\/li>\n        <input type=\"hidden\" id=\"total\" value=\"1\"\/>\n                    <li class=\"origincode_big_li\" data-id=\"152\">\n                                    <a class=\"vvimeo origincode_videogallery_item group5\"\n                       href=\"\/\/player.vimeo.com\/video\/350285934\"\n                       title=\"MYRIAM PEREZ CAZABON\"\n                       data-description=\"\"\n                       data-id=\"152\"><\/a>\n                    <img decoding=\"async\" src=\"https:\/\/i.vimeocdn.com\/video\/969855407-c01ce9be364da0768fa174d7788e0e398d3a04bbd9066a4ead5335ed267ceb93-d_640?region=us\"\n                         alt=\"MYRIAM PEREZ CAZABON\"\/>\n                                    <div class=\"overLayer\"><\/div>\n                <div class=\"infoLayer\">\n                    <ul>\n                        <li>\n                            <h2>\n                                MYRIAM PEREZ CAZABON                            <\/h2>\n                        <\/li>\n                        <li>\n                            <p>\n                                Watch Video                            <\/p>\n                        <\/li>\n                    <\/ul>\n                <\/div>\n            <\/li>\n                    <li class=\"origincode_big_li\" data-id=\"105\">\n                                    <a class=\"vvimeo origincode_videogallery_item group5\"\n                       href=\"\/\/player.vimeo.com\/video\/394370959\"\n                       title=\"LED SILHOUETTE\"\n                       data-description=\"\"\n                       data-id=\"105\"><\/a>\n                    <img decoding=\"async\" src=\"https:\/\/i.vimeocdn.com\/video\/860223242-fbbe19482040585fc7ce7f3480c8c18616a22686920bfeb2c24f57ead82a5a3a-d_640?region=us\"\n                         alt=\"LED SILHOUETTE\"\/>\n                                    <div class=\"overLayer\"><\/div>\n                <div class=\"infoLayer\">\n                    <ul>\n                        <li>\n                            <h2>\n                                LED SILHOUETTE                            <\/h2>\n                        <\/li>\n                        <li>\n                            <p>\n                                Watch Video                            <\/p>\n                        <\/li>\n                    <\/ul>\n                <\/div>\n            <\/li>\n                    <li class=\"origincode_big_li\" data-id=\"180\">\n                                    <a class=\"vvimeo origincode_videogallery_item group5\"\n                       href=\"\/\/player.vimeo.com\/video\/360475880\"\n                       title=\"PROJET LARRUA\"\n                       data-description=\"\"\n                       data-id=\"180\"><\/a>\n                    <img decoding=\"async\" src=\"\"\n                         alt=\"PROJET LARRUA\"\/>\n                                    <div class=\"overLayer\"><\/div>\n                <div class=\"infoLayer\">\n                    <ul>\n                        <li>\n                            <h2>\n                                PROJET LARRUA                            <\/h2>\n                        <\/li>\n                        <li>\n                            <p>\n                                Watch Video                            <\/p>\n                        <\/li>\n                    <\/ul>\n                <\/div>\n            <\/li>\n                    <li class=\"origincode_big_li\" data-id=\"116\">\n                                    <a class=\"vvimeo origincode_videogallery_item group5\"\n                       href=\"\/\/player.vimeo.com\/video\/392303122\"\n                       title=\"LED SILHOUETTE\"\n                       data-description=\"\"\n                       data-id=\"116\"><\/a>\n                    <img decoding=\"async\" src=\"https:\/\/i.vimeocdn.com\/video\/857508296-e37ba004e61387eab3a4d428f06bcefe9bb4f236cd6d4c2b3e26163a23c6a7e1-d_640?region=us\"\n                         alt=\"LED SILHOUETTE\"\/>\n                                    <div class=\"overLayer\"><\/div>\n                <div class=\"infoLayer\">\n                    <ul>\n                        <li>\n                            <h2>\n                                LED SILHOUETTE                            <\/h2>\n                        <\/li>\n                        <li>\n                            <p>\n                                Watch Video                            <\/p>\n                        <\/li>\n                    <\/ul>\n                <\/div>\n            <\/li>\n        \n    <\/ul>\n    <\/section>\n<style>\nsection #origincode_videogallery a{\n\tborder:none;\n}\nsection #origincode_videogallery {\n\tpadding: 28px;\n\tdisplay: block;\n\tmin-height: 100%;\n\ttext-align: center;\n\tmargin-bottom: 30px;\n  background-color: #333333; box-shadow: 0 0 10px;}\n\n\n#origincode_videogallery .origincode_big_li {\n\twidth: 100%;\n\tmax-width: 240px;\n\toverflow:hidden;\n\theight: 150px;\n\tmargin: 1px !important;\n\tpadding:0 !important;\n\tborder: 1px solid #444444;\n\tborder-radius: 5px;\n}\n\nsection #origincode_videogallery li .infoLayer ul li {\n\tmax-height:80px;\n\toverflow:hidden;\n}\n\nsection #origincode_videogallery li .overLayer ul li h2,\nsection #origincode_videogallery li .infoLayer ul li h2 {\n\tfont-size: 16px;\n\tcolor: #FFFFFF;\n\tmargin:0 !important;\n}\n\nsection #origincode_videogallery li .infoLayer ul li p {\n\tcolor: #FFFFFF;\n\tmargin:0 !important;\n}\n\nsection #origincode_videogallery li .overLayer,\nsection #origincode_videogallery li .infoLayer {\n\t-webkit-transition: opacity 0.3s linear;\n\t-moz-transition: opacity 0.3s linear;\n\t-ms-transition: opacity 0.3s linear;\n\t-o-transition: opacity 0.3s linear;\n\ttransition: opacity 0.3s linear;\n\twidth: 100%;\n\tmax-width: 240px;\n\theight: 150px;\n\tposition: absolute;\n\ttext-align: center;\n\topacity: 0;\n\ttop: 0;\n\tleft: 0;\n\tz-index: 4;\n\tborder-radius: 5px;\n}\n\n\n\nsection #origincode_videogallery li a {\n\tposition: absolute;\n\tdisplay: block;\n\twidth: 100%;\n\tmax-width: 240px;\n\theight: 150px;\n\ttop: 0;\n\tleft: 0;\n\tz-index: 6;\n\tborder-radius: 5px;\n}\n.load_more3 {\n\tmargin: 10px 0;\n\tposition:relative;\n\ttext-align:center;\n\twidth:100%;\n}\n\n.load_more_button3 {\n\tborder-radius: 10px;\n\tdisplay:inline-block;\n\tpadding:5px 15px;\n\tfont-size:19px !important;;\n\tcolor:#CCCCCC !important;;\n\tbackground:#333333 !important;\n\tcursor:pointer;\n\n}\n.load_more_button3:hover{\n\tcolor:#D9D9D9 !important;\n\tbackground:#8F827C !important;\n}\n.loading3 {\n\tdisplay:none;\n}\n.paginate3{\n\tfont-size:22px !important;\n\tcolor:#0A0202 !important;\n\ttext-align: center;\n}\n.paginate3 a{\n\tborder-bottom: none !important;\n\tbox-shadow: none !important;\n}\n.icon-style3{\n\tfont-size: 22px !important;\n\tcolor:#333333 !important;\n}\n.clear{\n\tclear:both;\n}\n\n#origincode_videogallery li img {\n\twidth: 100%;\n\tmax-width: 238px;\n\theight: 148px;\n\tmin-height: 100%;\n\tmargin:0 !important;\n}\n\nsection #origincode_videogallery li:hover .overLayer {\n\t-webkit-transition: opacity 0.3s linear;\n\t-moz-transition: opacity 0.3s linear;\n\t-ms-transition: opacity 0.3s linear;\n\t-o-transition: opacity 0.3s linear;\n\ttransition: opacity 0.3s linear;\n\topacity: 0.801;\n\tdisplay: block;\n\tbackground: #CCCCCC;\n}\nsection #origincode_videogallery li:hover .infoLayer {\n\t-webkit-transition: opacity 0.3s linear;\n\t-moz-transition: opacity 0.3s linear;\n\tms-transition: opacity 0.3s linear;\n\t-o-transition: opacity 0.3s linear;\n\ttransition: opacity 0.3s linear;\n\topacity: 1;\n\tdisplay: block;\n}\nsection #origincode_videogallery p {text-align:center;}\n<\/style><\/p>\n<\/div><div class=\"fusion-clearfix\"><\/div><\/div><\/div><\/div><\/div><\/p>\n","protected":false},"excerpt":{"rendered":"","protected":false},"author":1,"featured_media":0,"parent":0,"menu_order":0,"comment_status":"closed","ping_status":"closed","template":"100-width.php","meta":{"footnotes":""},"class_list":["post-1228","page","type-page","status-publish","hentry"],"acf":[],"_links":{"self":[{"href":"https:\/\/atalak.dantzaz.eus\/fr\/wp-json\/wp\/v2\/pages\/1228","targetHints":{"allow":["GET"]}}],"collection":[{"href":"https:\/\/atalak.dantzaz.eus\/fr\/wp-json\/wp\/v2\/pages"}],"about":[{"href":"https:\/\/atalak.dantzaz.eus\/fr\/wp-json\/wp\/v2\/types\/page"}],"author":[{"embeddable":true,"href":"https:\/\/atalak.dantzaz.eus\/fr\/wp-json\/wp\/v2\/users\/1"}],"replies":[{"embeddable":true,"href":"https:\/\/atalak.dantzaz.eus\/fr\/wp-json\/wp\/v2\/comments?post=1228"}],"version-history":[{"count":4,"href":"https:\/\/atalak.dantzaz.eus\/fr\/wp-json\/wp\/v2\/pages\/1228\/revisions"}],"predecessor-version":[{"id":1297,"href":"https:\/\/atalak.dantzaz.eus\/fr\/wp-json\/wp\/v2\/pages\/1228\/revisions\/1297"}],"wp:attachment":[{"href":"https:\/\/atalak.dantzaz.eus\/fr\/wp-json\/wp\/v2\/media?parent=1228"}],"curies":[{"name":"wp","href":"https:\/\/api.w.org\/{rel}","templated":true}]}}