{"id":1236,"date":"2021-11-12T21:20:36","date_gmt":"2021-11-12T19:20:36","guid":{"rendered":"https:\/\/atalak.dantzaz.eus\/laboratorios-2018\/"},"modified":"2021-12-19T12:32:55","modified_gmt":"2021-12-19T10:32:55","slug":"laboratoires-2018","status":"publish","type":"page","link":"https:\/\/atalak.dantzaz.eus\/fr\/laboratoires-2018\/","title":{"rendered":"Laboratoires 2018"},"content":{"rendered":"<p><div class=\"fusion-fullwidth fullwidth-box fusion-builder-row-1 hundred-percent-fullwidth non-hundred-percent-height-scrolling\" style=\"background-color: rgba(255,255,255,0);background-position: center center;background-repeat: no-repeat;padding-top:0px;padding-right:0px;padding-bottom:0px;padding-left:0px;margin-bottom: 0px;margin-top: 0px;border-width: 0px 0px 0px 0px;border-color:#eae9e9;border-style:solid;\" ><div class=\"fusion-builder-row fusion-row\"><div class=\"fusion-layout-column fusion_builder_column fusion-builder-column-0 fusion_builder_column_1_1 1_1 fusion-one-full fusion-column-first fusion-column-last\" style=\"margin-top:0px;margin-bottom:20px;\"><div class=\"fusion-column-wrapper fusion-flex-column-wrapper-legacy\" style=\"background-position:left top;background-repeat:no-repeat;-webkit-background-size:cover;-moz-background-size:cover;-o-background-size:cover;background-size:cover;padding: 0px 0px 0px 0px;\"><span class=\" fusion-imageframe imageframe-none imageframe-1 hover-type-none\"><img decoding=\"async\" width=\"2000\" height=\"843\" alt=\"Laboratorio experimentacion\" title=\"Laboratorio experimentacion\" src=\"https:\/\/atalak.dantzaz.eus\/wp-content\/uploads\/2020\/03\/fondo-lab.jpg\" class=\"img-responsive wp-image-429\" srcset=\"https:\/\/atalak.dantzaz.eus\/wp-content\/uploads\/2020\/03\/fondo-lab-200x84.jpg 200w, https:\/\/atalak.dantzaz.eus\/wp-content\/uploads\/2020\/03\/fondo-lab-400x169.jpg 400w, https:\/\/atalak.dantzaz.eus\/wp-content\/uploads\/2020\/03\/fondo-lab-600x253.jpg 600w, https:\/\/atalak.dantzaz.eus\/wp-content\/uploads\/2020\/03\/fondo-lab-800x337.jpg 800w, https:\/\/atalak.dantzaz.eus\/wp-content\/uploads\/2020\/03\/fondo-lab-1200x506.jpg 1200w, https:\/\/atalak.dantzaz.eus\/wp-content\/uploads\/2020\/03\/fondo-lab.jpg 2000w\" sizes=\"(max-width: 1024px) 100vw, 2000px\" \/><\/span><div class=\"fusion-clearfix\"><\/div><\/div><\/div><\/div><\/div><div class=\"fusion-fullwidth fullwidth-box fusion-builder-row-2 nonhundred-percent-fullwidth non-hundred-percent-height-scrolling\" style=\"background-color: rgba(255,255,255,0);background-position: center center;background-repeat: no-repeat;padding-top:35px;padding-right:0px;padding-bottom:0px;padding-left:0px;margin-bottom: 0px;margin-top: 0px;border-width: 0px 0px 0px 0px;border-color:#eae9e9;border-style:solid;\" ><div class=\"fusion-builder-row fusion-row\"><div class=\"fusion-layout-column fusion_builder_column fusion-builder-column-1 fusion_builder_column_1_1 1_1 fusion-one-full fusion-column-first fusion-column-last\" style=\"margin-top:0px;margin-bottom:20px;\"><div class=\"fusion-column-wrapper fusion-flex-column-wrapper-legacy\" style=\"background-position:left top;background-repeat:no-repeat;-webkit-background-size:cover;-moz-background-size:cover;-o-background-size:cover;background-size:cover;padding: 0px 0px 0px 0px;\"><style type=\"text\/css\"><\/style><div class=\"fusion-title title fusion-title-1 fusion-sep-none fusion-title-center fusion-title-text fusion-title-size-one tituloh1 debajo\" style=\"font-size:48px;margin-top:0px;margin-right:0px;margin-bottom:31px;margin-left:0px;\"><h1 class=\"title-heading-center\" style=\"margin:0;font-size:1em;color:#000000;line-height:1;\">ATALAK 2.0 est une structure de mise en r\u00e9seau qui offre un d\u00e9bouch\u00e9 aux propositions chor\u00e9graphiques<\/h1><\/div><div class=\"fusion-text fusion-text-1 texto-grande\"><p>Le programme Atalak 2.0 fait un pas de plus dans son engagement en faveur de la cr\u00e9ation chor\u00e9graphique gr\u00e2ce \u00e0 l&rsquo;incorporation d&rsquo;un nouveau partenaire en Navarre. Cette ann\u00e9e, la Fondation Baluarte rejoint Donostia Kultura, le CCN Malandain Ballet Biarritz, Tabakalera et Azkuna Zentroa. Cette ann\u00e9e, les cr\u00e9ateurs invit\u00e9s sont le danseur et chor\u00e9graphe donostien I\u00f1aki Azpillaga (assistant cr\u00e9atif de la compagnie dirig\u00e9e par le belge Wim Vandekeybus), Matxalen Bilbao (un des chor\u00e9graphes basques ayant la plus longue carri\u00e8re), Edu Muruamendiaraz (chor\u00e9graphe, fondateur et directeur du groupe Aukeran), Blanca Arrieta (danseuse, chor\u00e9graphe et directrice de la compagnie Ciento Cincuenta Cuerdas), la cr\u00e9atrice navarraise Carmen Larraz (professeur et chor\u00e9graphe de la compagnie D\u00ednamo Danza) et le Fran\u00e7ais Thierry Martinez.<\/p>\n<p>Atalak 2.0 propose \u00e9galement quelques nouveaut\u00e9s pour l&rsquo;ann\u00e9e 2018. D&rsquo;une part, il offre aux membres la possibilit\u00e9 d&rsquo;int\u00e9grer les cr\u00e9ations des chor\u00e9graphes participants \u00e0 travers diff\u00e9rents programmes ou actions en relation avec leurs spectateurs. D&rsquo;autre part, et sous le titre \u00ab\u00a0Atalak. Kafe bat ? introduit les rencontres entre cr\u00e9ateurs et professionnels du secteur dans chacun des espaces associ\u00e9s<\/p>\n<\/div><div class=\"fusion-clearfix\"><\/div><\/div><\/div><\/div><\/div><div class=\"fusion-fullwidth fullwidth-box fusion-builder-row-3 videos nonhundred-percent-fullwidth non-hundred-percent-height-scrolling\" style=\"background-color: rgba(255,255,255,0);background-position: center center;background-repeat: no-repeat;padding-top:0px;padding-right:0px;padding-bottom:45px;padding-left:0px;margin-top: 35px;border-width: 0px 0px 0px 0px;border-color:#eae9e9;border-style:solid;\" ><div class=\"fusion-builder-row fusion-row\"><div class=\"fusion-layout-column fusion_builder_column fusion-builder-column-2 fusion_builder_column_1_1 1_1 fusion-one-full fusion-column-first fusion-column-last\" style=\"margin-top:0px;margin-bottom:0px;\"><div class=\"fusion-column-wrapper fusion-flex-column-wrapper-legacy\" style=\"background-position:left top;background-repeat:no-repeat;-webkit-background-size:cover;-moz-background-size:cover;-o-background-size:cover;background-size:cover;padding: 0px 0px 0px 0px;\"><style type=\"text\/css\"><\/style><div class=\"fusion-title title fusion-title-2 fusion-sep-none fusion-title-center fusion-title-text fusion-title-size-two tituloh2\" style=\"margin-top:0px;margin-right:0px;margin-bottom:31px;margin-left:0px;\"><h2 class=\"title-heading-center\" style=\"margin:0;\">Laboratoires 2018<\/h2><\/div><div class=\"fusion-text fusion-text-2\"><p>\n<div class=\"lab-list\">\n\n    <div class=\"lab-full clearfix\" id=\"thierry-martinez\">         \n        <div class=\"lab-image\"> \n         \t<img decoding=\"async\" width=\"300\" height=\"300\" src=\"https:\/\/atalak.dantzaz.eus\/wp-content\/uploads\/2021\/08\/Atalak-laboratorios-2018-thierry_Martinez-300x300.jpg\" class=\"attachment-medium size-medium wp-post-image\" alt=\"Atalak-laboratorios-2018-thierry_Martinez\" srcset=\"https:\/\/atalak.dantzaz.eus\/wp-content\/uploads\/2021\/08\/Atalak-laboratorios-2018-thierry_Martinez-66x66.jpg 66w, https:\/\/atalak.dantzaz.eus\/wp-content\/uploads\/2021\/08\/Atalak-laboratorios-2018-thierry_Martinez-150x150.jpg 150w, https:\/\/atalak.dantzaz.eus\/wp-content\/uploads\/2021\/08\/Atalak-laboratorios-2018-thierry_Martinez-200x200.jpg 200w, https:\/\/atalak.dantzaz.eus\/wp-content\/uploads\/2021\/08\/Atalak-laboratorios-2018-thierry_Martinez-300x300.jpg 300w, https:\/\/atalak.dantzaz.eus\/wp-content\/uploads\/2021\/08\/Atalak-laboratorios-2018-thierry_Martinez-400x400.jpg 400w, https:\/\/atalak.dantzaz.eus\/wp-content\/uploads\/2021\/08\/Atalak-laboratorios-2018-thierry_Martinez.jpg 501w\" sizes=\"(max-width: 300px) 100vw, 300px\" \/>       \n\t\t\t\n                 <\/div> <!-- lab-image-->\n\n      \n\n        <div class=\"lab-content\">\n         <div class=\"lab-intro\">\n           <h3 class=\"persona\">Thierry Martinez<\/h3>\n           <span class=\"tipo\">LABORATOIRE D\u2019EXP\u00c9RIMENTATION<\/span>\n           <span class=\"periodo\">2018 D\u00e9cembre<\/span>\n           <span class=\"separacion\"><\/span>\n         <\/div>  <!-- lab-intro -->\n\n           \n\n                     \n\n           <div class=\"contenido\"><p><span style=\"font-weight: 400;\">Le chor\u00e9graphe fran\u00e7ais Thierry Martinez pr\u00e9sente <em>CONTRAST<\/em>, une id\u00e9e inspir\u00e9e par <\/span><span style=\"font-weight: 400;\">la \u00ab\u00a0diversit\u00e9 des cultures qui \u00e9manent du groupe de danseurs dans leurs <\/span><span style=\"font-weight: 400;\">personnalit\u00e9s\u00a0\u00bb, et qui vise \u00e0 cr\u00e9er une pi\u00e8ce vivante et humaine qui exprime <\/span><span style=\"font-weight: 400;\">la curiosit\u00e9 des jeunes interpr\u00e8tes.<\/span><\/p>\n<\/div>\n\n             \n              <div class=\"bio\"><span>BIO<\/span>\n              <p><span style=\"font-weight: 400;\">Form\u00e9 \u00e0 EPSEDANSE (Montpellier) et apr\u00e8s une premi\u00e8re exp\u00e9rience professionnelle au sein de la soci\u00e9t\u00e9 A. M. Porras, Thierry Martinez a rejoint le groupe <\/span><span style=\"font-weight: 400;\">Les compteurs. Cie (Barcelone), par R. Oller. Apr\u00e8s avoir d\u00e9velopp\u00e9 diff\u00e9rents projets en tant que free-lance, il a poursuivi sa carri\u00e8re en Su\u00e8de en 2003 en travaillant avec Norrdans Co. <\/span><span style=\"font-weight: 400;\">en interpr\u00e9tant diverses cr\u00e9ations de chor\u00e9graphes tels que R. Horta, S.Petronio, R. Oller, U. Ivgi et R. Zappala, entre autres. En 2010, il a particip\u00e9 \u00e0 la production \u00ab\u00a0Toccata <\/span><span style=\"font-weight: 400;\">e Fuga\u00a0\u00bb, une co-cr\u00e9ation avec Luisa Lazzaro. Il a \u00e9galement particip\u00e9 au festival londonien Resolutions. Plus tard, il a cr\u00e9\u00e9 deux pi\u00e8ces (\u00ab\u00a0Le Temps d&rsquo;une Rencontre <\/span><span style=\"font-weight: 400;\">et \u00ab\u00a0Dialogues m\u00eal\u00e9s\u00a0\u00bb) pour le festival Le temps d&rsquo;Aimer (Biarritz), en plus d&rsquo;autres \u0153uvres chor\u00e9graphiques comme \u00ab\u00a0L&rsquo;Instant des Forges\u00a0\u00bb en 2011, \u00ab\u00a0Son et <\/span><span style=\"font-weight: 400;\">Light Show at Hosssegor Casino\u00a0\u00bb, plus plusieurs solos et duos. Actuellement, il combine son activit\u00e9 dans la soci\u00e9t\u00e9 Norrdans et son travail dans l&rsquo;\u00e9quipe p\u00e9dagogique <\/span><span style=\"font-weight: 400;\">du CFD Biarritz.<\/span><\/p>\n<p><span style=\"font-weight: 400;\">\u00a0<\/span><\/p>\n<\/span><\/div> <!-- bio-->\n                   \n\n           \n              \n          <\/div><!-- lab-content-->\n        <\/div> <!-- lab-full -->\n            <div class=\"lab-full clearfix\" id=\"carmen-larraz\">         \n        <div class=\"lab-image\"> \n         \t<img decoding=\"async\" width=\"300\" height=\"298\" src=\"https:\/\/atalak.dantzaz.eus\/wp-content\/uploads\/2020\/03\/atalak-carmen-larraz-300x298.jpeg\" class=\"attachment-medium size-medium wp-post-image\" alt=\"Atalak-Carmen_Larraz\" srcset=\"https:\/\/atalak.dantzaz.eus\/wp-content\/uploads\/2020\/03\/atalak-carmen-larraz-66x66.jpeg 66w, https:\/\/atalak.dantzaz.eus\/wp-content\/uploads\/2020\/03\/atalak-carmen-larraz-150x150.jpeg 150w, https:\/\/atalak.dantzaz.eus\/wp-content\/uploads\/2020\/03\/atalak-carmen-larraz-200x199.jpeg 200w, https:\/\/atalak.dantzaz.eus\/wp-content\/uploads\/2020\/03\/atalak-carmen-larraz-300x298.jpeg 300w, https:\/\/atalak.dantzaz.eus\/wp-content\/uploads\/2020\/03\/atalak-carmen-larraz-400x397.jpeg 400w, https:\/\/atalak.dantzaz.eus\/wp-content\/uploads\/2020\/03\/atalak-carmen-larraz.jpeg 430w\" sizes=\"(max-width: 300px) 100vw, 300px\" \/>       \n\t\t\t\n                 <\/div> <!-- lab-image-->\n\n      \n\n        <div class=\"lab-content\">\n         <div class=\"lab-intro\">\n           <h3 class=\"persona\">Carmen Larraz<\/h3>\n           <span class=\"tipo\">LABORATOIRE D\u2019EXP\u00c9RIMENTATION<\/span>\n           <span class=\"periodo\">D\u00e9cembre 2018<\/span>\n           <span class=\"separacion\"><\/span>\n         <\/div>  <!-- lab-intro -->\n\n           \n\n                     \n\n           <div class=\"contenido\"><p><span style=\"font-weight: 400;\">La cr\u00e9atrice navarraise Carmen Larraz pr\u00e9sente Electrical Body. \u00ab\u00a0Partir du simple <\/span><span style=\"font-weight: 400;\">image de la fa\u00e7on dont un aimant agit contre un autre, le magn\u00e9tisme peut \u00eatre extrapol\u00e9 \u00e0 <\/span><span style=\"font-weight: 400;\">une myriade d&rsquo;imaginaires personnels et de relations humaines. Mon intention est de lancer la proposition <\/span><span style=\"font-weight: 400;\">et, gr\u00e2ce \u00e0 des outils d&rsquo;improvisation, stimuler l&rsquo;univers personnel de <\/span><span style=\"font-weight: 400;\">chaque interpr\u00e8te\u00a0\u00bb.<\/span><\/p>\n<\/div>\n\n             \n              <div class=\"bio\"><span>BIO<\/span>\n              <p><span style=\"font-weight: 400;\">Elle a commenc\u00e9 sa formation \u00e0 l&rsquo;Escuela de Danza de Navarra et s&rsquo;est form\u00e9 professionnellement \u00e0 la danse contemporaine \u00e0 Bruxelles et \u00e0 Amsterdam, sous la direction de prestigieux enseignants, dont David Zambrano. Il a dans\u00e9 pour Frey Faust, Salva Sanchis, Deja Donne, Iztok Kovak, En-Knap et la compagnie de cirque Rital Brocante.<\/span><\/p>\n<p><span style=\"font-weight: 400;\">En 2009, elle est retourn\u00e9e \u00e0 Pampelune, o\u00f9 elle a commenc\u00e9 sa carri\u00e8re de cr\u00e9atrice, collaborant avec d&rsquo;autres artistes et signant des projets tels que \u00ab\u00a0A la manera de recuerdo <\/span><span style=\"font-weight: 400;\">Sudden\u00a0\u00bb, \u00ab\u00a0Puppets of Time\u00a0\u00bb, \u00ab\u00a0The Net\u00a0\u00bb, \u00ab\u00a0White\u00a0\u00bb et \u00ab\u00a0Track 4\u00a0\u00bb. En 2013, il cr\u00e9e la compagnie D\u00ednamo Danza, avec laquelle il pr\u00e9sente sa premi\u00e8re production, \u00ab\u00a0Flecha Rota\u00a0\u00bb, une cr\u00e9ationqui a re\u00e7u un prix dans le cadre du concours Zawirowania. En juin 2016, elle a re\u00e7u le 2e prix du concours international de danse en solo \u00e0 Gdansk (Pologne) avec sa pi\u00e8ce \u00ab\u00a0Dynamo\u00a0\u00bb. La m\u00eame ann\u00e9e, en collaboration avec le Quinteto Bortz, il signe la cr\u00e9ation chor\u00e9graphique de l&rsquo;\u0153uvre musicale d&rsquo;Iru\u00f1eko Taldea, \u00ab\u00a0El Ravissement de l&rsquo;Europe\u00a0\u00bb. <\/span><\/p>\n<p><span style=\"font-weight: 400;\">En octobre 2017, la premi\u00e8re de \u00ab\u00a0Transoce\u00e1nica\u00a0\u00bb a eu lieu \u00e0 l&rsquo;Auditorium Bara\u00f1\u00e1in, une proposition qui combine photographie, danse et musique et qui s&rsquo;inspire de \u00e0 l&rsquo;\u00e9coute de l&rsquo;environnement. Larraz donne \u00e9galement des ateliers et des stages de danse contemporaine. Il combine actuellement son activit\u00e9 cr\u00e9ative avec l&rsquo;enseignement \u00e0 l&rsquo;int\u00e9rieur de l&rsquo;Aulaescena (Auditorium Bara\u00f1\u00e1in).<\/span><\/p>\n<p><span style=\"font-weight: 400;\">\u00a0<\/span><\/p>\n<\/span><\/div> <!-- bio-->\n                   \n\n           \n              \n          <\/div><!-- lab-content-->\n        <\/div> <!-- lab-full -->\n            <div class=\"lab-full clearfix\" id=\"blanca-arrieta\">         \n        <div class=\"lab-image\"> \n         \t<img decoding=\"async\" width=\"182\" height=\"182\" src=\"https:\/\/atalak.dantzaz.eus\/wp-content\/uploads\/2021\/08\/Atalak-laboratorios_2018-Blanca_Arrieta.jpg\" class=\"attachment-medium size-medium wp-post-image\" alt=\"\" srcset=\"https:\/\/atalak.dantzaz.eus\/wp-content\/uploads\/2021\/08\/Atalak-laboratorios_2018-Blanca_Arrieta-66x66.jpg 66w, https:\/\/atalak.dantzaz.eus\/wp-content\/uploads\/2021\/08\/Atalak-laboratorios_2018-Blanca_Arrieta-150x150.jpg 150w, https:\/\/atalak.dantzaz.eus\/wp-content\/uploads\/2021\/08\/Atalak-laboratorios_2018-Blanca_Arrieta.jpg 182w\" sizes=\"(max-width: 182px) 100vw, 182px\" \/>       \n\t\t\t\n                 <\/div> <!-- lab-image-->\n\n      \n\n        <div class=\"lab-content\">\n         <div class=\"lab-intro\">\n           <h3 class=\"persona\">Blanca Arrieta<\/h3>\n           <span class=\"tipo\">LABORATOIRE D\u2019EXP\u00c9RIMENTATION<\/span>\n           <span class=\"periodo\">Mai 2018<\/span>\n           <span class=\"separacion\"><\/span>\n         <\/div>  <!-- lab-intro -->\n\n           \n\n                     \n\n           <div class=\"contenido\"><p><span style=\"font-weight: 400;\">\u00ab\u00a0Mouvements synchrones\u00a0\u00bb. \u00ab\u00a0Le travail que je propose pour cette r\u00e9sidence-laboratoire\u00a0\u00bb, explique Arrieta, \u00ab\u00a0se concentre sur la question suivante : comment pensons-nous physiquement ? Lorsque nous g\u00e9n\u00e9rons un mouvement, nous recherchons un espace pour la forme, pour des connexions personnelles et pour des dialogues physiques avec d&rsquo;autres corps. Le corps et l&rsquo;esprit se connectent pour donner un sens au mouvement. Sur la base de cette id\u00e9e, Arrieta propose un exercice chor\u00e9graphique qui joue \u00ab\u00a0avec la simultan\u00e9it\u00e9 des actions ou la co\u00efncidence de mouvements similaires entre deux ou plusieurs corps temporairement align\u00e9s\u00a0\u00bb.<\/span><\/p>\n<\/div>\n\n             \n              <div class=\"bio\"><span>BIO<\/span>\n              <p><span style=\"font-weight: 400;\">Blanca Arrieta (Vitoria, 1970) est chor\u00e9graphe, danseuse et collaboratrice de nombreuses cr\u00e9ations contemporaines. Elle a re\u00e7u sa formation au London Contem<\/span><span style=\"font-weight: 400;\">byary Dance School \/ The Place et depuis lors, il est d\u00e9di\u00e9 \u00e0 sa propre cr\u00e9ation. Elle collabore actuellement avec l&rsquo;artiste de Bilbao Mabi Revuelta dans le cadre du projet Acrom\u00e1tica, \u00e9tendant ainsi son exp\u00e9rience au-del\u00e0 de sa propre entreprise. Pour la troisi\u00e8me ann\u00e9e cons\u00e9cutive, elle fait partie de l&rsquo;\u00e9quipe de soutien et de coordination du programme Dantzan Bilaka autour de la cr\u00e9ation chor\u00e9graphique promue par le gouvernement basque. Blanca est bas\u00e9e \u00e0 Bilbao et a produit des \u0153uvres de nature tr\u00e8s diverse qui ont \u00e9t\u00e9 vues partout en Espagne, en Europe, au Canada et aux \u00c9tats-Unis. En 2015, elle a lanc\u00e9 un projet de recherche ax\u00e9 sur l&rsquo;architecture du corps, du temps et de l&rsquo;espace, travail qui s&rsquo;est concr\u00e9tis\u00e9 par des cr\u00e9ations telles que \u00ab\u00a0Sujets\u00a0\u00bb ou \u00ab\u00a0Espace\u00a0\u00bb.<\/span><\/p>\n<p>&gt; <a href=\"https:\/\/blancaarrieta.wixsite.com\/proyectos\" target=\"_blank\" rel=\"noopener\">Blancaarrieta.com<\/a><\/p>\n<\/span><\/div> <!-- bio-->\n                   \n\n           \n              \n          <\/div><!-- lab-content-->\n        <\/div> <!-- lab-full -->\n            <div class=\"lab-full clearfix\" id=\"edu-muruamendiaraz\">         \n        <div class=\"lab-image\"> \n         \t<img decoding=\"async\" width=\"300\" height=\"300\" src=\"https:\/\/atalak.dantzaz.eus\/wp-content\/uploads\/2021\/08\/Atalak_laboratorios-2018-Edu_Muruamendiaraz-300x300.jpg\" class=\"attachment-medium size-medium wp-post-image\" alt=\"Atalak_laboratorios 2018-Edu_Muruamendiaraz.jpg\" srcset=\"https:\/\/atalak.dantzaz.eus\/wp-content\/uploads\/2021\/08\/Atalak_laboratorios-2018-Edu_Muruamendiaraz-66x66.jpg 66w, https:\/\/atalak.dantzaz.eus\/wp-content\/uploads\/2021\/08\/Atalak_laboratorios-2018-Edu_Muruamendiaraz-150x150.jpg 150w, https:\/\/atalak.dantzaz.eus\/wp-content\/uploads\/2021\/08\/Atalak_laboratorios-2018-Edu_Muruamendiaraz-200x200.jpg 200w, https:\/\/atalak.dantzaz.eus\/wp-content\/uploads\/2021\/08\/Atalak_laboratorios-2018-Edu_Muruamendiaraz-300x300.jpg 300w, https:\/\/atalak.dantzaz.eus\/wp-content\/uploads\/2021\/08\/Atalak_laboratorios-2018-Edu_Muruamendiaraz.jpg 342w\" sizes=\"(max-width: 300px) 100vw, 300px\" \/>       \n\t\t\t\n                 <\/div> <!-- lab-image-->\n\n      \n\n        <div class=\"lab-content\">\n         <div class=\"lab-intro\">\n           <h3 class=\"persona\">Edu Muruamendiaraz<\/h3>\n           <span class=\"tipo\">LABORATOIRE D\u2019EXP\u00c9RIMENTATION<\/span>\n           <span class=\"periodo\">Mai 2018<\/span>\n           <span class=\"separacion\"><\/span>\n         <\/div>  <!-- lab-intro -->\n\n           \n\n                     \n\n           <div class=\"contenido\"><p>Chor\u00e9graphe, directeur et danseur d&rsquo;Aukeran Dantza Konpainia. Form\u00e9 \u00e0 la danse traditionnelle, un genre \u00e0 partir duquel il a d\u00e9velopp\u00e9 une carri\u00e8re professionnelle li\u00e9e \u00e0 l&rsquo;exp\u00e9rimentation et \u00e0 la fusion des langages traditionnels et contemporains, une philosophie qui d\u00e9finit \u00e9galement son travail dans (cet) ATALAK, intitul\u00e9 \u00ab\u00a0DantzAmorfosis\u00a0\u00bb.<\/p>\n<\/div>\n\n             \n              <div class=\"bio\"><span>BIO<\/span>\n              <p>Chor\u00e9graphe, directeur et danseur d&rsquo;Aukeran Dantza Konpainia. Form\u00e9 \u00e0 la danse traditionnelle, un genre \u00e0 partir duquel il a d\u00e9velopp\u00e9 une carri\u00e8re professionnelle orient\u00e9e vers l&rsquo;exp\u00e9rimentation et la fusion des langages traditionnels et contemporains, cr\u00e9ant des spectacles innovants qui sont devenus la marque de fabrique de la compagnie. En tant que danseur, il a remport\u00e9 plusieurs \u00e9ditions du championnat du Pays basque de \u00ab\u00a0Aurresku\u00a0\u00bb et de \u00ab\u00a0Danza al suelto\u00a0\u00bb. Danseuse officielle du Festival international du film de Donostia pendant plusieurs ann\u00e9es. Il a collabor\u00e9 avec divers artistes tels que Kepa Junkera et Oreka TX, ainsi qu&rsquo;avec l&rsquo;Orchestre des jeunes d&rsquo;Euskadi. Il a \u00e9galement particip\u00e9 en tant que danseur au film du prestigieux cin\u00e9aste Carlos Saura et a partag\u00e9 la sc\u00e8ne avec des interpr\u00e8tes prestigieux tels que Luc\u00eda Lacarra et Igor Yebra. Il est actuellement conseiller artistique et chor\u00e9graphe. En outre, il a une solide carri\u00e8re d&rsquo;enseignant en tant que professeur de danse traditionnelle dans plusieurs groupes de danse du Pays basque et donne des cours monographiques sur la danse traditionnelle pour les enseignants et les \u00e9tudiants \u00e0 l&rsquo;\u00e9tranger, comme au Centre r\u00e9gional de Paris (2011).<\/p>\n<p>&gt; <a href=\"http:\/\/www.aukeran.com\/es\/\" target=\"_blank\" rel=\"noopener\">Aukeran.com<\/a><\/p>\n<\/span><\/div> <!-- bio-->\n                   \n\n           \n              \n          <\/div><!-- lab-content-->\n        <\/div> <!-- lab-full -->\n            <div class=\"lab-full clearfix\" id=\"inaki-azpillaga\">         \n        <div class=\"lab-image\"> \n         \t<img decoding=\"async\" width=\"300\" height=\"300\" src=\"https:\/\/atalak.dantzaz.eus\/wp-content\/uploads\/2021\/08\/Atalak-Laboratorios_2018-Inaki_azpillaga-300x300.jpg\" class=\"attachment-medium size-medium wp-post-image\" alt=\"Atalak-Laboratorios 2018: I\u00f1aki Azpillaga\" srcset=\"https:\/\/atalak.dantzaz.eus\/wp-content\/uploads\/2021\/08\/Atalak-Laboratorios_2018-Inaki_azpillaga-66x66.jpg 66w, https:\/\/atalak.dantzaz.eus\/wp-content\/uploads\/2021\/08\/Atalak-Laboratorios_2018-Inaki_azpillaga-150x150.jpg 150w, https:\/\/atalak.dantzaz.eus\/wp-content\/uploads\/2021\/08\/Atalak-Laboratorios_2018-Inaki_azpillaga-200x200.jpg 200w, https:\/\/atalak.dantzaz.eus\/wp-content\/uploads\/2021\/08\/Atalak-Laboratorios_2018-Inaki_azpillaga-300x300.jpg 300w, https:\/\/atalak.dantzaz.eus\/wp-content\/uploads\/2021\/08\/Atalak-Laboratorios_2018-Inaki_azpillaga-400x400.jpg 400w, https:\/\/atalak.dantzaz.eus\/wp-content\/uploads\/2021\/08\/Atalak-Laboratorios_2018-Inaki_azpillaga.jpg 500w\" sizes=\"(max-width: 300px) 100vw, 300px\" \/>       \n\t\t\t\n                 <\/div> <!-- lab-image-->\n\n      \n\n        <div class=\"lab-content\">\n         <div class=\"lab-intro\">\n           <h3 class=\"persona\">I\u00f1aki Azpillaga<\/h3>\n           <span class=\"tipo\">LABORATOIRE D\u2019EXP\u00c9RIMENTATION<\/span>\n           <span class=\"periodo\">F\u00e9vrier 2018<\/span>\n           <span class=\"separacion\"><\/span>\n         <\/div>  <!-- lab-intro -->\n\n           \n\n                     \n\n           <div class=\"contenido\"><p>Suturas\u00a0\u00bb, le nom de la proposition qu&rsquo;Azpillaga a con\u00e7ue pour les danseurs de Dantzaz, s&rsquo;inspire du travail que le chor\u00e9graphe de Saint-S\u00e9bastien a d\u00e9velopp\u00e9 apr\u00e8s son s\u00e9jour avec la compagnie Ultima Vez en Belgique. \u00ab\u00a0La qualit\u00e9 du mouvement est bas\u00e9e sur le naturalisme\u00a0\u00bb, explique-t-il, un naturalisme qui explore la d\u00e9finition extr\u00eame des qualit\u00e9s du mouvement et des mod\u00e8les de composition chor\u00e9graphique. \u00ab\u00a0Dans le travail de cr\u00e9ation que je d\u00e9veloppe aujourd&rsquo;hui, je m&rsquo;int\u00e9resse aux relations de couple, tant dans leur intimit\u00e9 que dans leur vie en collectivit\u00e9 ; \u00e0 leurs conflits et compromis dans le partage d&rsquo;un m\u00eame espace physique et mental\u00a0\u00bb, ajoute-t-elle.<\/p>\n<\/div>\n\n             \n              <div class=\"bio\"><span>BIO<\/span>\n              <p>N\u00e9 \u00e0 Donostia, il a commenc\u00e9 \u00e0 danser gr\u00e2ce au folklore basque. Il a ensuite \u00e9tudi\u00e9 le ballet classique, le jazz, la danse moderne et contemporaine. Apr\u00e8s avoir travaill\u00e9 avec le Ballet du Teatro L\u00edrico Nacional La Zarzuela, il a orient\u00e9 sa carri\u00e8re vers le domaine de la danse contemporaine, travaillant avec diff\u00e9rents groupes (Bocanada Danza, entre autres). Il a suivi une formation en composition de danse, en improvisation et en \u00e9clairage \u00e0 l&rsquo;\u00e9cole Nikolaus\/Louis de New York. Il a obtenu le premier prix du VIe Certamen Coreogr\u00e1fico de Madrid. Apr\u00e8s la premi\u00e8re de \u00ab\u00a0Di\u00e1logo de Sordos\u00a0\u00bb, il d\u00e9cide de s&rsquo;installer \u00e0 Bruxelles pour travailler avec Wim Vandekeybus. Pendant trois ans, il participe \u00e0 son processus de cr\u00e9ation en tant qu&rsquo;interpr\u00e8te, puis en tant qu&rsquo;assistant chor\u00e9graphe dans sa compagnie \u00daltima Vez, \u00e0 laquelle il est toujours li\u00e9 aujourd&rsquo;hui. Il combine actuellement son travail d&rsquo;assistant \u00e0 la cr\u00e9ation de la danse avec l&rsquo;enseignement. Il donne des cours et des ateliers de danse et est l&rsquo;auteur de pi\u00e8ces telles que \u00ab\u00a0Cyclopes\u00a0\u00bb (Tokyo 2010), \u00ab\u00a0Jeffrey.1\u00a0\u00bb (Copenhague 2011) et \u00ab\u00a0The Olympic spirit 1\u00a0\u00bb (Tokyo 2013).<\/p>\n<\/span><\/div> <!-- bio-->\n                   \n\n           \n              \n          <\/div><!-- lab-content-->\n        <\/div> <!-- lab-full -->\n            <div class=\"lab-full clearfix\" id=\"matxalen-bilbao\">         \n        <div class=\"lab-image\"> \n         \t<img decoding=\"async\" width=\"168\" height=\"168\" src=\"https:\/\/atalak.dantzaz.eus\/wp-content\/uploads\/2021\/08\/Atalak-Laboratorios-2017_-Matxalen-Bilbao.jpg\" class=\"attachment-medium size-medium wp-post-image\" alt=\"\" srcset=\"https:\/\/atalak.dantzaz.eus\/wp-content\/uploads\/2021\/08\/Atalak-Laboratorios-2017_-Matxalen-Bilbao-66x66.jpg 66w, https:\/\/atalak.dantzaz.eus\/wp-content\/uploads\/2021\/08\/Atalak-Laboratorios-2017_-Matxalen-Bilbao-150x150.jpg 150w, https:\/\/atalak.dantzaz.eus\/wp-content\/uploads\/2021\/08\/Atalak-Laboratorios-2017_-Matxalen-Bilbao.jpg 168w\" sizes=\"(max-width: 168px) 100vw, 168px\" \/>       \n\t\t\t\n                 <\/div> <!-- lab-image-->\n\n      \n\n        <div class=\"lab-content\">\n         <div class=\"lab-intro\">\n           <h3 class=\"persona\">Matxalen Bilbao<\/h3>\n           <span class=\"tipo\">LABORATOIRE D\u2019EXP\u00c9RIMENTATION<\/span>\n           <span class=\"periodo\">F\u00e9vrier 2018<\/span>\n           <span class=\"separacion\"><\/span>\n         <\/div>  <!-- lab-intro -->\n\n           \n\n                     \n\n           <div class=\"contenido\"><p>Amarrak\u00a0\u00bb est le titre du projet que Matxalen Bilbao a con\u00e7u pour sa r\u00e9sidence avec Dantzaz. Une \u0153uvre dont le but, dit-elle, est d&rsquo;analyser la relation entre l&rsquo;individu et le groupe, en explorant \u00ab\u00a0les processus d&rsquo;organisation, d&rsquo;invasion, de singularit\u00e9, d&rsquo;appropriation et d&rsquo;improvisation\u00a0\u00bb. Des images d&rsquo;engrenages, de migrations et de compositions sculpturales sont les sources de la cr\u00e9ation d&rsquo;une chor\u00e9graphie qui vise \u00e0 mettre en sc\u00e8ne la mani\u00e8re dont le groupe cherche, suit, s\u00e9pare et voyage \u00e0 travers diff\u00e9rentes situations. \u00ab\u00a0Parfois li\u00e9s, parfois s\u00e9par\u00e9s&#8230; mais toujours proches\u00a0\u00bb, dit-elle.<\/p>\n<p>&nbsp;<\/p>\n<\/div>\n\n             \n              <div class=\"bio\"><span>BIO<\/span>\n              <p>Elle est titulaire d&rsquo;un dipl\u00f4me d&rsquo;\u00e9ducation de base avec sp\u00e9cialisation en sciences humaines de l&rsquo;Universit\u00e9 du Pays basque. En 2007-2008, elle a \u00e9tudi\u00e9 un master en arts et sciences du spectacle \u00e0 l&rsquo;universit\u00e9 du Pays basque. Depuis 1998, elle combine son travail d&rsquo;interpr\u00e8te avec celui de chor\u00e9graphe. Elle a dans\u00e9 pour les compagnies Matarile Teatro (Centro Dram\u00e1tico Galego), Dami\u00e1n Mu\u00f1oz Danza, Blanca Arrieta, Con buen pie et Forros. Dix pi\u00e8ces soutiennent sa carri\u00e8re. Quatre solos, un duo, un trio et deux quatuors compl\u00e8tent son \u0153uvre. Les cr\u00e9ations les plus remarquables sont \u00ab\u00a0Sast ! (2009), \u00ab\u00a0Haiku 4\u00a0\u00bb (2007), \u00ab\u00a0Capricho\u00a0\u00bb (2005), \u00ab\u00a0Lotura\u00a0\u00bb (2004), \u00ab\u00a0Mutis\u00a0\u00bb (2003). Ses \u0153uvres ont \u00e9t\u00e9 vues sur diverses sc\u00e8nes et dans des festivals tels que Regards Crois\u00e9s (Biarritz), BAD Festival de Teatro y Danza (Bilbao), \u00c1 la gare mondiale (Bergerac), Dferia14 (Donostia), Zaragoza Contempor\u00e1nea, Festival de Artes Performativas Y#10 Covilha, Ciclo Alien\u00edgenas (Ja\u00e9n) ou \u00a1Ahora Danza ! (S\u00e9ville).<\/p>\n<p>&gt; <a href=\"http:\/\/www.matxalenbilbao.es\/\" target=\"_blank\" rel=\"noopener\">matxalenbilbao.es<\/a><\/p>\n<\/span><\/div> <!-- bio-->\n                   \n\n           \n              \n          <\/div><!-- lab-content-->\n        <\/div> <!-- lab-full -->\n            \n  <\/div> <!-- lab-list -->\n\t\n\n\n<section id=\"thumbwrapper20\" class=\"gallery-video-content\"\n         data-gallery-video-perpage=\"5\" data-gallery-video-id=\"20\">\n\n    <input type=\"hidden\" class=\"pagenum\" value=\"1\"\/>\n    <ul id=\"origincode_videogallery\" class=\"origincode_videogallery view-thumbnails\">\n        <li id=\"fullPreview\"><\/li>\n        <input type=\"hidden\" id=\"total\" value=\"2\"\/>\n                    <li class=\"origincode_big_li\" data-id=\"154\">\n                                    <a class=\"vvimeo origincode_videogallery_item group20\"\n                       href=\"\/\/player.vimeo.com\/video\/362061212\"\n                       title=\"THIERRY MARTINEZ\"\n                       data-description=\"\"\n                       data-id=\"154\"><\/a>\n                    <img decoding=\"async\" src=\"https:\/\/i.vimeocdn.com\/video\/816720368-f5d37aeec179c2ae5e54b57278b73b5cf2c4d0ab831602bf39b86576247ced86-d_640?region=us\"\n                         alt=\"THIERRY MARTINEZ\"\/>\n                                    <div class=\"overLayer\"><\/div>\n                <div class=\"infoLayer\">\n                    <ul>\n                        <li>\n                            <h2>\n                                THIERRY MARTINEZ                            <\/h2>\n                        <\/li>\n                        <li>\n                            <p>\n                                Watch Video                            <\/p>\n                        <\/li>\n                    <\/ul>\n                <\/div>\n            <\/li>\n                    <li class=\"origincode_big_li\" data-id=\"185\">\n                                    <a class=\"vvimeo origincode_videogallery_item group20\"\n                       href=\"\/\/player.vimeo.com\/video\/325534674\"\n                       title=\"CARMEN LARRAZ\"\n                       data-description=\"\"\n                       data-id=\"185\"><\/a>\n                    <img decoding=\"async\" src=\"https:\/\/i.vimeocdn.com\/video\/769296020-830756904ba5bf4f5a3cd2965775dd7a97450e519a65e3e9934bf9d4bd150862-d_640?region=us\"\n                         alt=\"CARMEN LARRAZ\"\/>\n                                    <div class=\"overLayer\"><\/div>\n                <div class=\"infoLayer\">\n                    <ul>\n                        <li>\n                            <h2>\n                                CARMEN LARRAZ                            <\/h2>\n                        <\/li>\n                        <li>\n                            <p>\n                                Watch Video                            <\/p>\n                        <\/li>\n                    <\/ul>\n                <\/div>\n            <\/li>\n                    <li class=\"origincode_big_li\" data-id=\"184\">\n                                    <a class=\"vvimeo origincode_videogallery_item group20\"\n                       href=\"\/\/player.vimeo.com\/video\/294425896\"\n                       title=\"I\u00d1AKI AZPILLAGA\"\n                       data-description=\"\"\n                       data-id=\"184\"><\/a>\n                    <img decoding=\"async\" src=\"https:\/\/i.vimeocdn.com\/video\/731327615-2c39c0b2f3ace62aa171babef044483166d6fa17f377b0d6c08b40a6ed5b613b-d_640?region=us\"\n                         alt=\"I\u00d1AKI AZPILLAGA\"\/>\n                                    <div class=\"overLayer\"><\/div>\n                <div class=\"infoLayer\">\n                    <ul>\n                        <li>\n                            <h2>\n                                I\u00d1AKI AZPILLAGA                            <\/h2>\n                        <\/li>\n                        <li>\n                            <p>\n                                Watch Video                            <\/p>\n                        <\/li>\n                    <\/ul>\n                <\/div>\n            <\/li>\n                    <li class=\"origincode_big_li\" data-id=\"183\">\n                                    <a class=\"vvimeo origincode_videogallery_item group20\"\n                       href=\"\/\/player.vimeo.com\/video\/325533440\"\n                       title=\"BLANCA ARRIETA\"\n                       data-description=\"\"\n                       data-id=\"183\"><\/a>\n                    <img decoding=\"async\" src=\"https:\/\/i.vimeocdn.com\/video\/769305794-ef66eaf0b6324830d814069a99ba1833a9a0c7c76a3ffd8dd82b99516c7240e8-d_640?region=us\"\n                         alt=\"BLANCA ARRIETA\"\/>\n                                    <div class=\"overLayer\"><\/div>\n                <div class=\"infoLayer\">\n                    <ul>\n                        <li>\n                            <h2>\n                                BLANCA ARRIETA                            <\/h2>\n                        <\/li>\n                        <li>\n                            <p>\n                                Watch Video                            <\/p>\n                        <\/li>\n                    <\/ul>\n                <\/div>\n            <\/li>\n                    <li class=\"origincode_big_li\" data-id=\"182\">\n                                    <a class=\"vvimeo origincode_videogallery_item group20\"\n                       href=\"\/\/player.vimeo.com\/video\/325540433\"\n                       title=\"EDU MURUAMENDIARAZ\"\n                       data-description=\"\"\n                       data-id=\"182\"><\/a>\n                    <img decoding=\"async\" src=\"https:\/\/i.vimeocdn.com\/video\/769305638-ff90c5c9f21a7bf018f3b883b48aca20e942e9a4d8c6b3cbabc6d01007f7863f-d_640?region=us\"\n                         alt=\"EDU MURUAMENDIARAZ\"\/>\n                                    <div class=\"overLayer\"><\/div>\n                <div class=\"infoLayer\">\n                    <ul>\n                        <li>\n                            <h2>\n                                EDU MURUAMENDIARAZ                            <\/h2>\n                        <\/li>\n                        <li>\n                            <p>\n                                Watch Video                            <\/p>\n                        <\/li>\n                    <\/ul>\n                <\/div>\n            <\/li>\n                    <li class=\"origincode_big_li\" data-id=\"181\">\n                                    <a class=\"vvimeo origincode_videogallery_item group20\"\n                       href=\"\/\/player.vimeo.com\/video\/262076842\"\n                       title=\"MATXALEN BILBAO\"\n                       data-description=\"\"\n                       data-id=\"181\"><\/a>\n                    <img decoding=\"async\" src=\"https:\/\/i.vimeocdn.com\/video\/691257512-772751833a92bb66bf1f80a740e0c719984112bcd9d3d4e9d28fb01fa88a6e20-d_640?region=us\"\n                         alt=\"MATXALEN BILBAO\"\/>\n                                    <div class=\"overLayer\"><\/div>\n                <div class=\"infoLayer\">\n                    <ul>\n                        <li>\n                            <h2>\n                                MATXALEN BILBAO                            <\/h2>\n                        <\/li>\n                        <li>\n                            <p>\n                                Watch Video                            <\/p>\n                        <\/li>\n                    <\/ul>\n                <\/div>\n            <\/li>\n        \n    <\/ul>\n    <\/section>\n<style>\nsection #origincode_videogallery a{\n\tborder:none;\n}\nsection #origincode_videogallery {\n\tpadding: 28px;\n\tdisplay: block;\n\tmin-height: 100%;\n\ttext-align: center;\n\tmargin-bottom: 30px;\n  background-color: #333333; box-shadow: 0 0 10px;}\n\n\n#origincode_videogallery .origincode_big_li {\n\twidth: 100%;\n\tmax-width: 240px;\n\toverflow:hidden;\n\theight: 150px;\n\tmargin: 1px !important;\n\tpadding:0 !important;\n\tborder: 1px solid #444444;\n\tborder-radius: 5px;\n}\n\nsection #origincode_videogallery li .infoLayer ul li {\n\tmax-height:80px;\n\toverflow:hidden;\n}\n\nsection #origincode_videogallery li .overLayer ul li h2,\nsection #origincode_videogallery li .infoLayer ul li h2 {\n\tfont-size: 16px;\n\tcolor: #FFFFFF;\n\tmargin:0 !important;\n}\n\nsection #origincode_videogallery li .infoLayer ul li p {\n\tcolor: #FFFFFF;\n\tmargin:0 !important;\n}\n\nsection #origincode_videogallery li .overLayer,\nsection #origincode_videogallery li .infoLayer {\n\t-webkit-transition: opacity 0.3s linear;\n\t-moz-transition: opacity 0.3s linear;\n\t-ms-transition: opacity 0.3s linear;\n\t-o-transition: opacity 0.3s linear;\n\ttransition: opacity 0.3s linear;\n\twidth: 100%;\n\tmax-width: 240px;\n\theight: 150px;\n\tposition: absolute;\n\ttext-align: center;\n\topacity: 0;\n\ttop: 0;\n\tleft: 0;\n\tz-index: 4;\n\tborder-radius: 5px;\n}\n\n\n\nsection #origincode_videogallery li a {\n\tposition: absolute;\n\tdisplay: block;\n\twidth: 100%;\n\tmax-width: 240px;\n\theight: 150px;\n\ttop: 0;\n\tleft: 0;\n\tz-index: 6;\n\tborder-radius: 5px;\n}\n.load_more3 {\n\tmargin: 10px 0;\n\tposition:relative;\n\ttext-align:center;\n\twidth:100%;\n}\n\n.load_more_button3 {\n\tborder-radius: 10px;\n\tdisplay:inline-block;\n\tpadding:5px 15px;\n\tfont-size:19px !important;;\n\tcolor:#CCCCCC !important;;\n\tbackground:#333333 !important;\n\tcursor:pointer;\n\n}\n.load_more_button3:hover{\n\tcolor:#D9D9D9 !important;\n\tbackground:#8F827C !important;\n}\n.loading3 {\n\tdisplay:none;\n}\n.paginate3{\n\tfont-size:22px !important;\n\tcolor:#0A0202 !important;\n\ttext-align: center;\n}\n.paginate3 a{\n\tborder-bottom: none !important;\n\tbox-shadow: none !important;\n}\n.icon-style3{\n\tfont-size: 22px !important;\n\tcolor:#333333 !important;\n}\n.clear{\n\tclear:both;\n}\n\n#origincode_videogallery li img {\n\twidth: 100%;\n\tmax-width: 238px;\n\theight: 148px;\n\tmin-height: 100%;\n\tmargin:0 !important;\n}\n\nsection #origincode_videogallery li:hover .overLayer {\n\t-webkit-transition: opacity 0.3s linear;\n\t-moz-transition: opacity 0.3s linear;\n\t-ms-transition: opacity 0.3s linear;\n\t-o-transition: opacity 0.3s linear;\n\ttransition: opacity 0.3s linear;\n\topacity: 0.801;\n\tdisplay: block;\n\tbackground: #CCCCCC;\n}\nsection #origincode_videogallery li:hover .infoLayer {\n\t-webkit-transition: opacity 0.3s linear;\n\t-moz-transition: opacity 0.3s linear;\n\tms-transition: opacity 0.3s linear;\n\t-o-transition: opacity 0.3s linear;\n\ttransition: opacity 0.3s linear;\n\topacity: 1;\n\tdisplay: block;\n}\nsection #origincode_videogallery p {text-align:center;}\n<\/style><\/p>\n<\/div><div class=\"fusion-clearfix\"><\/div><\/div><\/div><\/div><\/div><\/p>\n","protected":false},"excerpt":{"rendered":"","protected":false},"author":1,"featured_media":0,"parent":0,"menu_order":0,"comment_status":"closed","ping_status":"closed","template":"100-width.php","meta":{"footnotes":""},"class_list":["post-1236","page","type-page","status-publish","hentry"],"acf":[],"_links":{"self":[{"href":"https:\/\/atalak.dantzaz.eus\/fr\/wp-json\/wp\/v2\/pages\/1236","targetHints":{"allow":["GET"]}}],"collection":[{"href":"https:\/\/atalak.dantzaz.eus\/fr\/wp-json\/wp\/v2\/pages"}],"about":[{"href":"https:\/\/atalak.dantzaz.eus\/fr\/wp-json\/wp\/v2\/types\/page"}],"author":[{"embeddable":true,"href":"https:\/\/atalak.dantzaz.eus\/fr\/wp-json\/wp\/v2\/users\/1"}],"replies":[{"embeddable":true,"href":"https:\/\/atalak.dantzaz.eus\/fr\/wp-json\/wp\/v2\/comments?post=1236"}],"version-history":[{"count":4,"href":"https:\/\/atalak.dantzaz.eus\/fr\/wp-json\/wp\/v2\/pages\/1236\/revisions"}],"predecessor-version":[{"id":1298,"href":"https:\/\/atalak.dantzaz.eus\/fr\/wp-json\/wp\/v2\/pages\/1236\/revisions\/1298"}],"wp:attachment":[{"href":"https:\/\/atalak.dantzaz.eus\/fr\/wp-json\/wp\/v2\/media?parent=1236"}],"curies":[{"name":"wp","href":"https:\/\/api.w.org\/{rel}","templated":true}]}}