{"id":1244,"date":"2021-11-12T21:57:14","date_gmt":"2021-11-12T19:57:14","guid":{"rendered":"https:\/\/atalak.dantzaz.eus\/laboratorios-2017\/"},"modified":"2021-12-19T12:34:26","modified_gmt":"2021-12-19T10:34:26","slug":"laboratoires-2017","status":"publish","type":"page","link":"https:\/\/atalak.dantzaz.eus\/fr\/laboratoires-2017\/","title":{"rendered":"Laboratoires 2017"},"content":{"rendered":"<p><div class=\"fusion-fullwidth fullwidth-box fusion-builder-row-1 hundred-percent-fullwidth non-hundred-percent-height-scrolling\" style=\"background-color: rgba(255,255,255,0);background-position: center center;background-repeat: no-repeat;padding-top:0px;padding-right:0px;padding-bottom:0px;padding-left:0px;margin-bottom: 0px;margin-top: 0px;border-width: 0px 0px 0px 0px;border-color:#eae9e9;border-style:solid;\" ><div class=\"fusion-builder-row fusion-row\"><div class=\"fusion-layout-column fusion_builder_column fusion-builder-column-0 fusion_builder_column_1_1 1_1 fusion-one-full fusion-column-first fusion-column-last\" style=\"margin-top:0px;margin-bottom:20px;\"><div class=\"fusion-column-wrapper fusion-flex-column-wrapper-legacy\" style=\"background-position:left top;background-repeat:no-repeat;-webkit-background-size:cover;-moz-background-size:cover;-o-background-size:cover;background-size:cover;padding: 0px 0px 0px 0px;\"><span class=\" fusion-imageframe imageframe-none imageframe-1 hover-type-none\"><img decoding=\"async\" width=\"2000\" height=\"843\" alt=\"Laboratorio experimentacion\" title=\"Laboratorio experimentacion\" src=\"https:\/\/atalak.dantzaz.eus\/wp-content\/uploads\/2020\/03\/fondo-lab.jpg\" class=\"img-responsive wp-image-429\" srcset=\"https:\/\/atalak.dantzaz.eus\/wp-content\/uploads\/2020\/03\/fondo-lab-200x84.jpg 200w, https:\/\/atalak.dantzaz.eus\/wp-content\/uploads\/2020\/03\/fondo-lab-400x169.jpg 400w, https:\/\/atalak.dantzaz.eus\/wp-content\/uploads\/2020\/03\/fondo-lab-600x253.jpg 600w, https:\/\/atalak.dantzaz.eus\/wp-content\/uploads\/2020\/03\/fondo-lab-800x337.jpg 800w, https:\/\/atalak.dantzaz.eus\/wp-content\/uploads\/2020\/03\/fondo-lab-1200x506.jpg 1200w, https:\/\/atalak.dantzaz.eus\/wp-content\/uploads\/2020\/03\/fondo-lab.jpg 2000w\" sizes=\"(max-width: 1024px) 100vw, 2000px\" \/><\/span><div class=\"fusion-clearfix\"><\/div><\/div><\/div><\/div><\/div><div class=\"fusion-fullwidth fullwidth-box fusion-builder-row-2 nonhundred-percent-fullwidth non-hundred-percent-height-scrolling\" style=\"background-color: rgba(255,255,255,0);background-position: center center;background-repeat: no-repeat;padding-top:35px;padding-right:0px;padding-bottom:0px;padding-left:0px;margin-bottom: 0px;margin-top: 0px;border-width: 0px 0px 0px 0px;border-color:#eae9e9;border-style:solid;\" ><div class=\"fusion-builder-row fusion-row\"><div class=\"fusion-layout-column fusion_builder_column fusion-builder-column-1 fusion_builder_column_1_1 1_1 fusion-one-full fusion-column-first fusion-column-last\" style=\"margin-top:0px;margin-bottom:20px;\"><div class=\"fusion-column-wrapper fusion-flex-column-wrapper-legacy\" style=\"background-position:left top;background-repeat:no-repeat;-webkit-background-size:cover;-moz-background-size:cover;-o-background-size:cover;background-size:cover;padding: 0px 0px 0px 0px;\"><style type=\"text\/css\"><\/style><div class=\"fusion-title title fusion-title-1 fusion-sep-none fusion-title-center fusion-title-text fusion-title-size-one tituloh1 debajo\" style=\"font-size:48px;margin-top:0px;margin-right:0px;margin-bottom:31px;margin-left:0px;\"><h1 class=\"title-heading-center\" style=\"margin:0;font-size:1em;color:#000000;line-height:1;\">Les microprocessus de cr\u00e9ation chor\u00e9graphique rapprochant les r\u00e9cits artistiques contemporains du public<\/h1><\/div><div class=\"fusion-text fusion-text-1 texto-grande\"><p>Depuis la cr\u00e9ation d&rsquo;Atalak en 2008, Dantzaz constitue un laboratoire et un lieu de rencontre pour les nouvelles valeurs de la danse. Une initiative avec laquelle la plateforme bas\u00e9e \u00e0 Errenteria consolide et renforce son engagement envers le Centre de cr\u00e9ation chor\u00e9graphique, qui accueille chaque ann\u00e9e 12 r\u00e9sidences artistiques. Les six cr\u00e9ateurs basques qui collaboreront avec les interpr\u00e8tes de la compagnie Dantzaz au cours de l&rsquo;ann\u00e9e 2017 sont Marta Coronado et Fabio Lo\u00f2pez (qui ouvriront la p\u00e9riode de r\u00e9sidence en f\u00e9vrier), Mikel Aristegui et Iker G\u00f3mez (invit\u00e9s dans les installations de Dantzaz en mai) et Eneko Alcaraz et Eneko Gil (qui compl\u00e9teront la liste des cr\u00e9ateurs r\u00e9sidents \u00e0 Dantzaz au cours du mois de novembre). Leurs projets, qui feront place \u00e0 des formats, des langues et des codes esth\u00e9tiques tr\u00e8s h\u00e9t\u00e9rog\u00e8nes, trouveront un interlocuteur dans le r\u00e9seau d&rsquo;exposition articul\u00e9 par Donostia Kultura, Tabakalera, Dantzagunea, le CCN Malandain-Biarritz et Azkuna Zentroa (Bilbao).<\/p>\n<\/div><div class=\"fusion-clearfix\"><\/div><\/div><\/div><\/div><\/div><div class=\"fusion-fullwidth fullwidth-box fusion-builder-row-3 videos nonhundred-percent-fullwidth non-hundred-percent-height-scrolling\" style=\"background-color: rgba(255,255,255,0);background-position: center center;background-repeat: no-repeat;padding-top:0px;padding-right:0px;padding-bottom:45px;padding-left:0px;margin-top: 35px;border-width: 0px 0px 0px 0px;border-color:#eae9e9;border-style:solid;\" ><div class=\"fusion-builder-row fusion-row\"><div class=\"fusion-layout-column fusion_builder_column fusion-builder-column-2 fusion_builder_column_1_1 1_1 fusion-one-full fusion-column-first fusion-column-last\" style=\"margin-top:0px;margin-bottom:0px;\"><div class=\"fusion-column-wrapper fusion-flex-column-wrapper-legacy\" style=\"background-position:left top;background-repeat:no-repeat;-webkit-background-size:cover;-moz-background-size:cover;-o-background-size:cover;background-size:cover;padding: 0px 0px 0px 0px;\"><style type=\"text\/css\"><\/style><div class=\"fusion-title title fusion-title-2 fusion-sep-none fusion-title-center fusion-title-text fusion-title-size-two tituloh2\" style=\"margin-top:0px;margin-right:0px;margin-bottom:31px;margin-left:0px;\"><h2 class=\"title-heading-center\" style=\"margin:0;\">Laboratoires 2017<\/h2><\/div><div class=\"fusion-text fusion-text-2\"><p>\n<div class=\"lab-list\">\n\n    <div class=\"lab-full clearfix\" id=\"eneko-alcaraz\">         \n        <div class=\"lab-image\"> \n         \t<img decoding=\"async\" width=\"200\" height=\"200\" src=\"https:\/\/atalak.dantzaz.eus\/wp-content\/uploads\/2021\/08\/Atalak-Laboratorios-2017-Eneko_ALcaraz.jpeg\" class=\"attachment-medium size-medium wp-post-image\" alt=\"Atalak - Laboratorios 2017: Eneko Alcaraz\" srcset=\"https:\/\/atalak.dantzaz.eus\/wp-content\/uploads\/2021\/08\/Atalak-Laboratorios-2017-Eneko_ALcaraz-66x66.jpeg 66w, https:\/\/atalak.dantzaz.eus\/wp-content\/uploads\/2021\/08\/Atalak-Laboratorios-2017-Eneko_ALcaraz-150x150.jpeg 150w, https:\/\/atalak.dantzaz.eus\/wp-content\/uploads\/2021\/08\/Atalak-Laboratorios-2017-Eneko_ALcaraz.jpeg 200w\" sizes=\"(max-width: 200px) 100vw, 200px\" \/>       \n\t\t\t\n                 <\/div> <!-- lab-image-->\n\n      \n\n        <div class=\"lab-content\">\n         <div class=\"lab-intro\">\n           <h3 class=\"persona\">Eneko Alcaraz<\/h3>\n           <span class=\"tipo\">LABORATOIRE D\u2019EXP\u00c9RIMENTATION<\/span>\n           <span class=\"periodo\">D\u00e9cembre 2017<\/span>\n           <span class=\"separacion\"><\/span>\n         <\/div>  <!-- lab-intro -->\n\n           \n\n                     \n\n           <div class=\"contenido\"><p><span style=\"font-weight: 400;\">Dans Bero gabe (\u00ab\u00a0Absence de chaleur\u00a0\u00bb), l&rsquo;artiste gipuzkoais Eneko Alcaraz propose une r\u00e9flexion sur la col\u00e8re, la solitude, les limites et la nature sauvage qui se nourrit de diff\u00e9rents registres chor\u00e9graphiques ; de la danse contemporaine \u00e0 l&rsquo;acrobatie et au partenariat.<\/span><\/p>\n<\/div>\n\n             \n              <div class=\"bio\"><span>BIO<\/span>\n              <p><span style=\"font-weight: 400;\">Form\u00e9 sous la direction de chor\u00e9graphes tels que Mar\u00eda Mu\u00f1oz et Pep Ramis, Alexis Eupierre, Thomas Houert et Jeremy Nelson, Alcaraz est dipl\u00f4m\u00e9 en danse contemporaine de l&rsquo;Institut del Teatre de la Diputaci\u00f3 de Barcelone. Interpr\u00e8te et cr\u00e9ateur, sa carri\u00e8re professionnelle est soutenue par plusieurs d\u00e9cennies de collaboration avec des groupes importants comme Mudances, dirig\u00e9 par \u00c0ngels Margarit, avec lequel il d\u00e9veloppe son activit\u00e9 de performance et de cr\u00e9ation depuis 1998. En tant qu&rsquo;interpr\u00e8te, il a \u00e9galement particip\u00e9 \u00e0 des productions de Color Dansa, Otra Danza, Lapsus, Lan\u00f2nima Imperial et Projecte Gallina. En 1996, avec Daniel Morales, elle a fond\u00e9 la compagnie de danse Ekilore. \u00c0 la t\u00eate de ce groupe, il a cr\u00e9\u00e9 des productions telles que \u00ab\u00a0Amonaren Mengantza\u00a0\u00bb (1998), \u00ab\u00a0L\u00e1grimas Negras\u00a0\u00bb (2005), \u00ab\u00a0Irekita\u00a0\u00bb (2006) et \u00ab\u00a0Gozari Goxo\u00a0\u00bb (2007). Aujourd&rsquo;hui, Alcaraz d\u00e9veloppe \u00e9galement un travail important en tant que professeur de danse.<\/span><\/p>\n<\/span><\/div> <!-- bio-->\n                   \n\n           \n              \n          <\/div><!-- lab-content-->\n        <\/div> <!-- lab-full -->\n            <div class=\"lab-full clearfix\" id=\"eneko-gil-2\">         \n        <div class=\"lab-image\"> \n         \t<img decoding=\"async\" width=\"300\" height=\"300\" src=\"https:\/\/atalak.dantzaz.eus\/wp-content\/uploads\/2020\/03\/enekogil-300x300.jpg\" class=\"attachment-medium size-medium wp-post-image\" alt=\"Atalak - eneko gil\" srcset=\"https:\/\/atalak.dantzaz.eus\/wp-content\/uploads\/2020\/03\/enekogil-66x66.jpg 66w, https:\/\/atalak.dantzaz.eus\/wp-content\/uploads\/2020\/03\/enekogil-150x150.jpg 150w, https:\/\/atalak.dantzaz.eus\/wp-content\/uploads\/2020\/03\/enekogil-200x200.jpg 200w, https:\/\/atalak.dantzaz.eus\/wp-content\/uploads\/2020\/03\/enekogil-300x300.jpg 300w, https:\/\/atalak.dantzaz.eus\/wp-content\/uploads\/2020\/03\/enekogil-400x400.jpg 400w, https:\/\/atalak.dantzaz.eus\/wp-content\/uploads\/2020\/03\/enekogil.jpg 500w\" sizes=\"(max-width: 300px) 100vw, 300px\" \/>       \n\t\t\t\n                 <\/div> <!-- lab-image-->\n\n      \n\n        <div class=\"lab-content\">\n         <div class=\"lab-intro\">\n           <h3 class=\"persona\">Eneko Gil<\/h3>\n           <span class=\"tipo\">LABORATOIRE D\u2019EXP\u00c9RIMENTATION<\/span>\n           <span class=\"periodo\">D\u00e9cembre 2017<\/span>\n           <span class=\"separacion\"><\/span>\n         <\/div>  <!-- lab-intro -->\n\n           \n\n                     \n\n           <div class=\"contenido\"><p><em><span style=\"font-weight: 400;\">CULPA EST NOSTRA &#8211; <\/span><\/em><span style=\"font-weight: 400;\">L&rsquo;individu est coupable, comme nous l&rsquo;a montr\u00e9 l&rsquo;histoire, donc un individu qui a honte et qui se repent. M\u00eame si nous vivons dans une soci\u00e9t\u00e9 ath\u00e9e (ou non), l&rsquo;individu porte le poids de la culpabilit\u00e9, principalement \u00e0 cause des peurs cr\u00e9\u00e9es par les religions. Nous oublions l&rsquo;enfant que nous \u00e9tions il y a longtemps et que nous fait cette soci\u00e9t\u00e9 ? Qu&rsquo;est-ce qui est mal et qu&rsquo;est-ce qui est bien ? Quelle voie devons-nous choisir dans cette vie pour que le poids de la culpabilit\u00e9 diminue ou disparaisse ?<\/span><\/p>\n<p><span style=\"font-weight: 400;\">La punition ou l&rsquo;auto-punition, la honte, les regrets, les p\u00e9nitences, etc. seront les id\u00e9es que le danseur Eneko Gil veut travailler avec les danseurs de Dantzaz. La masse juge l&rsquo;individu et cet individu devra chercher ses propres outils pour parvenir \u00e0 l&rsquo;acceptation. Un exercice qui peut avoir une touche religieuse ou mystique, pour symboliser le pourquoi de la culpabilit\u00e9.<\/span><\/p>\n<\/div>\n\n             \n              <div class=\"bio\"><span>BIO<\/span>\n              <p><span style=\"font-weight: 400;\">Form\u00e9 \u00e0 la danse traditionnelle basque et dipl\u00f4m\u00e9 en Philologie et Musique Hispaniques, Gil est danseur au sein des compagnies Ereintza Dantza Taldea et Kukai Dantza, avec lesquelles il a mis en sc\u00e8ne des spectacles tels que \u00ab\u00a01937\u00a0\u00bb, \u00ab\u00a0Otehitzari Biraka\u00a0\u00bb, \u00ab\u00a0Laidos\u00a0\u00bb et \u00ab\u00a0Hnuy Illa&#8230;Il a commenc\u00e9 sa carri\u00e8re de danseur dans Ereintza Dantza Taldea, dans Errenter\u00eda. Il a re\u00e7u une formation en danse traditionnelle dans ce groupe de danse et \u00e0 l&rsquo;\u00e9cole de musique et de danse Errenteria Musikal. Il a particip\u00e9 \u00e0 de nombreux spectacles de danse au Pays Basque et \u00e0 l&rsquo;\u00e9tranger. Il a notamment particip\u00e9 \u00e0 des festivals de folklore en Irlande, en France, en Turquie, en Autriche&#8230; Aujourd&rsquo;hui, il est toujours membre et danseur de Ereintza Dantza Taldea. En plus de son travail de danseur, il a \u00e9tudi\u00e9 la philologie et la musique hispaniques, se sp\u00e9cialisant dans le piano. Depuis 2001, il est danseur au sein de la compagnie Kukai Dantza et a particip\u00e9 aux spectacles \u00ab\u00a01937\u00a0\u00bb, \u00ab\u00a0Otehitzari Biraka\u00a0\u00bb, \u00ab\u00a0Laidos\u00a0\u00bb et \u00ab\u00a0Hnuy Illa&#8230;\u00a0\u00bb. Il a remport\u00e9 de nombreux prix importants pour les couples, avec Nerea Vesga. Il a \u00e9t\u00e9 champion de Guip\u00fazcoa en 2006 et vice-champion du Pays basque en 2006 et 2007.<\/span><\/p>\n<\/span><\/div> <!-- bio-->\n                   \n\n           \n              \n          <\/div><!-- lab-content-->\n        <\/div> <!-- lab-full -->\n            <div class=\"lab-full clearfix\" id=\"iker-gomez\">         \n        <div class=\"lab-image\"> \n         \t<img decoding=\"async\" width=\"169\" height=\"169\" src=\"https:\/\/atalak.dantzaz.eus\/wp-content\/uploads\/2021\/08\/atalak-laboratorios-2017-Iker_Gomez.jpg\" class=\"attachment-medium size-medium wp-post-image\" alt=\"Atalak-Laboratorios 2017: Iker G\u00f3mez\" srcset=\"https:\/\/atalak.dantzaz.eus\/wp-content\/uploads\/2021\/08\/atalak-laboratorios-2017-Iker_Gomez-66x66.jpg 66w, https:\/\/atalak.dantzaz.eus\/wp-content\/uploads\/2021\/08\/atalak-laboratorios-2017-Iker_Gomez-150x150.jpg 150w, https:\/\/atalak.dantzaz.eus\/wp-content\/uploads\/2021\/08\/atalak-laboratorios-2017-Iker_Gomez.jpg 169w\" sizes=\"(max-width: 169px) 100vw, 169px\" \/>       \n\t\t\t\n                 <\/div> <!-- lab-image-->\n\n      \n\n        <div class=\"lab-content\">\n         <div class=\"lab-intro\">\n           <h3 class=\"persona\">Iker G\u00f3mez<\/h3>\n           <span class=\"tipo\">LABORATOIRE D\u2019EXP\u00c9RIMENTATION<\/span>\n           <span class=\"periodo\">Juin 2017<\/span>\n           <span class=\"separacion\"><\/span>\n         <\/div>  <!-- lab-intro -->\n\n           \n\n                     \n\n           <div class=\"contenido\"><p><em><span style=\"font-weight: 400;\">HETEROTOP\u00cdA &#8211; <\/span><\/em><span style=\"font-weight: 400;\">Fuyant les explications ou les documents conventionnels, Iker G\u00f3mez souligne la valeur m\u00eame du processus cr\u00e9atif comme fin. Une id\u00e9e qui lui sert \u00e0 approfondir son intuition du corps et de sa contribution en tant qu&rsquo;espace cr\u00e9atif. Sensibilit\u00e9, fluidit\u00e9, originalit\u00e9, divergence ou dualit\u00e9 coexistent dans l&#8217;empreinte artistique que le chor\u00e9graphe basque imprime \u00e0 son travail. Heterotopia\u00a0\u00bb est le nom du projet avec lequel Iker G\u00f3mez \u00ab\u00a0entend construire sur ce qui a \u00e9t\u00e9 construit\u00a0\u00bb, inspir\u00e9 par l&rsquo;apport de l&rsquo;intelligence \u00e9motionnelle, de l&rsquo;imagination et de ces espaces qui se trouvent \u00ab\u00a0entre les significations et le sens m\u00eame de la chor\u00e9graphie\u00a0\u00bb.<\/span><\/p>\n<\/div>\n\n             \n              <div class=\"bio\"><span>BIO<\/span>\n              <p><span style=\"font-weight: 400;\">Iker G\u00f3mez a su combiner sa double facette de danseur et de cr\u00e9ateur avec les arts visuels les plus avant-gardistes. D\u00e9j\u00e0 en 2007, il s&rsquo;\u00e9tait engag\u00e9 \u00e0 aborder, \u00e0 partir de la danse et de la vid\u00e9o-chor\u00e9graphie, un mouvement aussi rupturiste que le \u00ab\u00a0dada\u00efsme\u00a0\u00bb. Outre sa contribution \u00e0 la recherche et \u00e0 la cr\u00e9ation, il est responsable depuis 2011 de l&rsquo;Espace Contemporain de l&rsquo;Institut universitaire de danse d&rsquo;Alicia Alonso. Son stage a \u00e9t\u00e9 suivi de cinq ans sur les sc\u00e8nes europ\u00e9ennes avec le Ballet national suisse ou le Regensurg Tanztheater et sous la direction de chor\u00e9graphes internationaux tels que Jir\u00ed Kyli\u00e1n, Stjin Cellis, Rui Horta, Wim Vandekeybus ou Jo Stromgren. Apr\u00e8s une collaboration fructueuse avec des chor\u00e9graphes et des metteurs en sc\u00e8ne, mais cette fois-ci en orientant sa carri\u00e8re vers la mise en sc\u00e8ne, la chor\u00e9graphie et les arts audiovisuels, il a cr\u00e9\u00e9 son propre studio vid\u00e9o sp\u00e9cialis\u00e9 dans les arts du spectacle : Digital Video Dance Art. Entre 2005 et 2006, il a \u00e9t\u00e9 assistant chor\u00e9graphe pour la compagnie suisse Marcel Leeman Physical Dance Theater, avant de retourner en Espagne en tant que membre d'\u00a0\u00bbAREAtangent\u00a0\u00bb (une plate-forme pour les cr\u00e9ateurs bas\u00e9e en Catalogne) et de cr\u00e9er sa propre compagnie, \u00ab\u00a0Iker G\u00f3mez-Th\u00e9\u00e2tre Physique\u00a0\u00bb, avec laquelle il a lanc\u00e9 des projets tels que \u00ab\u00a0Absurdo\u00a0\u00bb, \u00ab\u00a0La Danza del Cisne\u00a0\u00bb et \u00ab\u00a0APPLE LOVE\u00a0\u00bb.<\/span><\/p>\n<\/span><\/div> <!-- bio-->\n                   \n\n           \n              \n          <\/div><!-- lab-content-->\n        <\/div> <!-- lab-full -->\n            <div class=\"lab-full clearfix\" id=\"mikel-aristegui\">         \n        <div class=\"lab-image\"> \n         \t<img decoding=\"async\" width=\"225\" height=\"225\" src=\"https:\/\/atalak.dantzaz.eus\/wp-content\/uploads\/2021\/08\/atalak-laboratorios-2017-MikelAristegui.jpeg\" class=\"attachment-medium size-medium wp-post-image\" alt=\"\" srcset=\"https:\/\/atalak.dantzaz.eus\/wp-content\/uploads\/2021\/08\/atalak-laboratorios-2017-MikelAristegui-66x66.jpeg 66w, https:\/\/atalak.dantzaz.eus\/wp-content\/uploads\/2021\/08\/atalak-laboratorios-2017-MikelAristegui-150x150.jpeg 150w, https:\/\/atalak.dantzaz.eus\/wp-content\/uploads\/2021\/08\/atalak-laboratorios-2017-MikelAristegui-200x200.jpeg 200w, https:\/\/atalak.dantzaz.eus\/wp-content\/uploads\/2021\/08\/atalak-laboratorios-2017-MikelAristegui.jpeg 225w\" sizes=\"(max-width: 225px) 100vw, 225px\" \/>       \n\t\t\t\n                 <\/div> <!-- lab-image-->\n\n      \n\n        <div class=\"lab-content\">\n         <div class=\"lab-intro\">\n           <h3 class=\"persona\">Mikel Aristegui<\/h3>\n           <span class=\"tipo\">LABORATOIRE D\u2019EXP\u00c9RIMENTATION<\/span>\n           <span class=\"periodo\">Juin 2017<\/span>\n           <span class=\"separacion\"><\/span>\n         <\/div>  <!-- lab-intro -->\n\n           \n\n                     \n\n           <div class=\"contenido\"><p><span style=\"font-weight: 400;\">\u00ab\u00a0Neutrois\u00a0\u00bb, nom du laboratoire qu&rsquo; Aristegui va projeter avec Dantzaz, propose de laisser de c\u00f4t\u00e9 les r\u00f4les traditionnels des sexes. Son objectif, explique-t-il, est de faire en sorte que les danseurs \u00e9chappent \u00e0 la d\u00e9finition traditionnelle de l&rsquo;homme ou de la femme, \u00ab\u00a0de prince ou de princesse\u00a0\u00bb, souligne le chor\u00e9graphe de Saint-S\u00e9bastien. Mikel Aristegui, alma mater de la compagnie T.L.F. Danza et premier prix du 8\u00e8me Concours de Chor\u00e9graphie de Madrid, se plonge dans un sujet d&rsquo;une profonde signification sociale. Quelle importance ont les r\u00f4les des hommes et des femmes dans la soci\u00e9t\u00e9 actuelle, qu&rsquo;est-ce qui les d\u00e9finit, se demande-t-il ? Afin d&rsquo;ouvrir un nouveau dialogue sur l&rsquo;\u00e9galit\u00e9, souligne-t-il, nous devons \u00eatre capables d&rsquo;imaginer un genre ind\u00e9fini, en abandonnant l'\u00a0\u00bbh\u00e9t\u00e9ronormatif\u00a0\u00bb. Pour ce faire, Aristegui utilisera les danseurs et leurs corps, les traitera comme tels, sans leur demander s&rsquo;ils veulent \u00eatre \u00ab\u00a0princes\u00a0\u00bb ou \u00ab\u00a0princesses\u00a0\u00bb.<\/span><\/p>\n<\/div>\n\n             \n              <div class=\"bio\"><span>BIO<\/span>\n              <p><span style=\"font-weight: 400;\">Dipl\u00f4m\u00e9 en danse contemporaine de la Folkwang-Hochschule d&rsquo;Essen, Mikel Aristegui a fait une carri\u00e8re qui s&rsquo;est largement d\u00e9roul\u00e9e hors de nos fronti\u00e8res. En tant que danseur, il s&rsquo;est form\u00e9 aux c\u00f4t\u00e9s de noms prestigieux de la sc\u00e8ne internationale. C&rsquo;est le cas de la chor\u00e9graphe et metteur en sc\u00e8ne allemande Sasha Waltz, avec laquelle Aristegui a travaill\u00e9 entre 2001 et 2005, et du groupe anglais DV8 Physical Theatre. Son travail de danseur et de chor\u00e9graphe s&rsquo;est cristallis\u00e9 dans des productions telles que \u00ab\u00a0noBody\u00a0\u00bb, \u00ab\u00a0Insideout\u00a0\u00bb et \u00ab\u00a0K\u00f6rper\u00a0\u00bb. Parmi ses derni\u00e8res cr\u00e9ations, citons \u00ab\u00a0Animale Omega\u00a0\u00bb (2008), \u00ab\u00a0Garantie Abgelaufen\u00a0\u00bb (2008), avec Ester Ambrosino, \u00ab\u00a0Hormen Arteko Oiart-zunak\u00a0\u00bb (2009) et \u00ab\u00a0Unerwartet\/Ezustekoa\u00a0\u00bb (2009). Sa carri\u00e8re de cr\u00e9ateur a d\u00e9but\u00e9 avec sa participation au VIIIe Certamen Coreogr\u00e1fico de Madrid, o\u00f9 il a obtenu le premier prix pour la pi\u00e8ce \u00ab\u00a0Para M\u00a0\u00bb, coproduite avec Marcela San Pedro. A la t\u00eate de sa compagnie, le T.L.F. Danza, il a cr\u00e9\u00e9 plus de quinze pi\u00e8ces qui ont \u00e9t\u00e9 pr\u00e9sent\u00e9es dans des festivals et sur des sc\u00e8nes prestigieuses. Le natif de Saint-S\u00e9bastien peut \u00e9galement se vanter d&rsquo;avoir particip\u00e9 \u00e0 deux films de danse, \u00ab\u00a0Reines d&rsquo;un <\/span><span style=\"font-weight: 400;\">jour\u00a0\u00bb et \u00ab\u00a0Coup Contre\u00a0\u00bb.<\/span><\/p>\n<\/span><\/div> <!-- bio-->\n                   \n\n           \n              \n          <\/div><!-- lab-content-->\n        <\/div> <!-- lab-full -->\n            <div class=\"lab-full clearfix\" id=\"marta-coronado\">         \n        <div class=\"lab-image\"> \n         \t<img decoding=\"async\" width=\"300\" height=\"300\" src=\"https:\/\/atalak.dantzaz.eus\/wp-content\/uploads\/2021\/08\/atalak-2017-laboratorios_experimentacion-marta_coronado-web-300x300.jpg\" class=\"attachment-medium size-medium wp-post-image\" alt=\"Atalak - Laboratorios 2017: Marta Coronado\" srcset=\"https:\/\/atalak.dantzaz.eus\/wp-content\/uploads\/2021\/08\/atalak-2017-laboratorios_experimentacion-marta_coronado-web-66x66.jpg 66w, https:\/\/atalak.dantzaz.eus\/wp-content\/uploads\/2021\/08\/atalak-2017-laboratorios_experimentacion-marta_coronado-web-150x150.jpg 150w, https:\/\/atalak.dantzaz.eus\/wp-content\/uploads\/2021\/08\/atalak-2017-laboratorios_experimentacion-marta_coronado-web-200x200.jpg 200w, https:\/\/atalak.dantzaz.eus\/wp-content\/uploads\/2021\/08\/atalak-2017-laboratorios_experimentacion-marta_coronado-web-300x300.jpg 300w, https:\/\/atalak.dantzaz.eus\/wp-content\/uploads\/2021\/08\/atalak-2017-laboratorios_experimentacion-marta_coronado-web-400x400.jpg 400w, https:\/\/atalak.dantzaz.eus\/wp-content\/uploads\/2021\/08\/atalak-2017-laboratorios_experimentacion-marta_coronado-web.jpg 500w\" sizes=\"(max-width: 300px) 100vw, 300px\" \/>       \n\t\t\t\n                 <\/div> <!-- lab-image-->\n\n      \n\n        <div class=\"lab-content\">\n         <div class=\"lab-intro\">\n           <h3 class=\"persona\">Marta Coronado<\/h3>\n           <span class=\"tipo\">LABORATOIRE D\u2019EXP\u00c9RIMENTATION<\/span>\n           <span class=\"periodo\">F\u00e9vrier 2017<\/span>\n           <span class=\"separacion\"><\/span>\n         <\/div>  <!-- lab-intro -->\n\n           \n\n                     \n\n           <div class=\"contenido\"><p><span style=\"font-weight: 400;\">La proposition du <em>BAJO CONTINUO<\/em> de Marta Coronado, se concentre sur l&rsquo;\u00e9criture musicale de la p\u00e9riode baroque. Cette \u00e9criture est le squelette de la composition elle-m\u00eame, ce qui fait que le musicien qui avait l&rsquo;intention de l&rsquo;interpr\u00e9ter s\u00e9rieusement et en connaissance de cause doit improviser une s\u00e9rie de d\u00e9tails et de d\u00e9corations. Ces versions individualisent le style du musicien en lui donnant la libert\u00e9 d&rsquo;ex\u00e9cution et l&rsquo;espace n\u00e9cessaire pour cr\u00e9er des moments que le compositeur lui-m\u00eame n&rsquo;avait pas saisis dans la partition. Ce laboratoire est bas\u00e9 sur l&rsquo;id\u00e9e de proposer une phrase de mouvement comme mati\u00e8re premi\u00e8re ou BASSE CONTINUE qui peut \u00eatre ex\u00e9cut\u00e9e avec pr\u00e9cision mais aussi transform\u00e9e, d\u00e9cor\u00e9e et individualis\u00e9e par<\/span> <span style=\"font-weight: 400;\">chaque danseur. Des corps intelligents \u00e0 la recherche d&rsquo;accords, d&rsquo;une version pure et individuelle et comme toile de fond la simplicit\u00e9 charg\u00e9e de la musique baroque.<\/span><\/p>\n<p><span style=\"font-weight: 400;\">\u00a0<\/span><\/p>\n<\/div>\n\n             \n              <div class=\"bio\"><span>BIO<\/span>\n              <p><span style=\"font-weight: 400;\">Marta Coronado \u00e9tudie la danse classique \u00e0 la Escuela Oficial de Danza del Gobierno de Navarra. Pendant ses \u00e9tudes, elle danse dans la compagnie Yauzkari de Jos\u00e9 et Contxa Lainez. Apr\u00e8s avoir obtenu son dipl\u00f4me, elle s&rsquo;est install\u00e9e \u00e0 Bruxelles pour suivre une formation en P.A.R.T.S. (cycle de formation). Depuis 1998, elle est membre de la soci\u00e9t\u00e9 ROSAS \/ Anna Teresa De Keersmaeker. Elle danse et participe \u00e0 la cr\u00e9ation de Drumming, I said I, In real time, Rain, April me, Bitches Brew, Kassandra, Rain Raga et D&rsquo; un soir un jour et aux reconstitutions de Aghterland, Mozart concert Areas et Steve Reich evening.\u00a0 En plus de faire partie de la distribution de Rosas en tant que danseuse, elle dirige \u00e9galement les projets de fin d&rsquo;\u00e9tudes du r\u00e9pertoire de Rosas dans P.A.R.T.S. Re-Rain et Drumming. En 2011 et 2014, elle enseigne et se produit comme r\u00e9p\u00e9titrice dans la recr\u00e9ation de Rain \u00e0 l&rsquo;Op\u00e9ra de Paris. Elle est chor\u00e9graphe invit\u00e9e \u00e0 La Salle Singapour et \u00e0 la compagnie Fueradeleje. Elle enseigne la technique du ballet \u00e0 la compagnie Rosas, Les ballets C. de la B. Derni\u00e8re compagnie, le Ballet de Marseille et PARTS. Elle enseigne les ateliers de technique de lib\u00e9ration \u00e0 ImPulsTanz, Charleroi Danses, Thor Company et au Conservatoire sup\u00e9rieur de Madrid. Elle combine actuellement son travail \u00e0 Rosas en tant que danseuse, r\u00e9p\u00e9titrice et directrice de r\u00e9p\u00e9tition. Elle a \u00e9galement chor\u00e9graphi\u00e9 avec son collectif de cr\u00e9ation House of Bertha. Sa pi\u00e8ce White Noise sera pr\u00e9sent\u00e9e en premi\u00e8re et en tourn\u00e9e \u00e0 partir de 2011.<\/span><\/p>\n<p><span style=\"font-weight: 400;\">Elle fait partie du projet PHD IN ONE NIGHT.<\/span><\/p>\n<p>&nbsp;<\/p>\n<\/span><\/div> <!-- bio-->\n                   \n\n           \n              \n          <\/div><!-- lab-content-->\n        <\/div> <!-- lab-full -->\n            <div class=\"lab-full clearfix\" id=\"fabio-lopez\">         \n        <div class=\"lab-image\"> \n         \t<img decoding=\"async\" width=\"300\" height=\"300\" src=\"https:\/\/atalak.dantzaz.eus\/wp-content\/uploads\/2021\/08\/atalak-2017-laboratorios-fabio_lopez-300x300.jpg\" class=\"attachment-medium size-medium wp-post-image\" alt=\"Atalak Laboratorios 2017: Fabio L\u00f3pez\" srcset=\"https:\/\/atalak.dantzaz.eus\/wp-content\/uploads\/2021\/08\/atalak-2017-laboratorios-fabio_lopez-66x66.jpg 66w, https:\/\/atalak.dantzaz.eus\/wp-content\/uploads\/2021\/08\/atalak-2017-laboratorios-fabio_lopez-150x150.jpg 150w, https:\/\/atalak.dantzaz.eus\/wp-content\/uploads\/2021\/08\/atalak-2017-laboratorios-fabio_lopez-200x200.jpg 200w, https:\/\/atalak.dantzaz.eus\/wp-content\/uploads\/2021\/08\/atalak-2017-laboratorios-fabio_lopez-300x300.jpg 300w, https:\/\/atalak.dantzaz.eus\/wp-content\/uploads\/2021\/08\/atalak-2017-laboratorios-fabio_lopez-400x400.jpg 400w, https:\/\/atalak.dantzaz.eus\/wp-content\/uploads\/2021\/08\/atalak-2017-laboratorios-fabio_lopez.jpg 500w\" sizes=\"(max-width: 300px) 100vw, 300px\" \/>       \n\t\t\t\n                 <\/div> <!-- lab-image-->\n\n      \n\n        <div class=\"lab-content\">\n         <div class=\"lab-intro\">\n           <h3 class=\"persona\">Fabio L\u00f3pez<\/h3>\n           <span class=\"tipo\">LABORATOIRE D\u2019EXP\u00c9RIMENTATION<\/span>\n           <span class=\"periodo\">F\u00e9vrier 2017<\/span>\n           <span class=\"separacion\"><\/span>\n         <\/div>  <!-- lab-intro -->\n\n           \n\n                     \n\n           <div class=\"contenido\"><p><span style=\"font-weight: 400;\">La proposition <em>AURA<\/em> de Fabio Lopez s&rsquo;inspire du texte \u00ab\u00a0Un jour nous sommes tomb\u00e9s du ciel\u00a0\u00bb de Yann Bouvard. AURA signifie en grec ancien \u00ab\u00a0brise divine\u00a0\u00bb, cette vapeur ou subtile expiration d&rsquo;un \u00eatre, qui nous fera voyager dans le silence de ce monde gris des indig\u00e8nes. Dans les pages du magnifique Requiem In memoria de Cam\u00f5es em d\u00f3 menor (op. 23), du Portugais Jo\u00e3o Domingos Bomtempo, cr\u00e9\u00e9 \u00e0 Paris en 1819, notre \u00eatre marchera en exil, sans applaudissements, sans patrie. Une solitude qui m\u00e8ne \u00e0 un vaste ab\u00eeme o\u00f9 les \u00e9toiles sont cach\u00e9es par la nuit noire. O\u00f9 est l&rsquo;\u00e2me ? O\u00f9 est la lumi\u00e8re ? Le paradis perdu.<\/span><\/p>\n<\/div>\n\n             \n              <div class=\"bio\"><span>BIO<\/span>\n              <p><span style=\"font-weight: 400;\">Dipl\u00f4m\u00e9 en 2004 du Conservatoire national du Portugal (EDCN) sous la direction de Jos\u00e9 Luis Vieira, il obtient une bourse pour participer \u00e0 l&rsquo;Intensif d&rsquo;\u00e9t\u00e9 de la Juilliard School New York City. Il compl\u00e8te sa formation en Suisse \u00e0 l&rsquo;\u00c9cole-Atelier Rudra B\u00e9jart Lausanne. En 2006, il rejoint le Ballet Malandain de Biarritz. En 2012, il remporte le 3e Prix ADAMI\/Synodal pr\u00e9sid\u00e9 par Emilio Calcagno, avec la Pi\u00e8ce In\u00eas. En 2013, il cr\u00e9e le Pr\u00e9lude pour une soir\u00e9e \u00ab\u00a0Lagunak Elkarlanean\u00a0\u00bb (Lutte contre le SIDA) en partenariat avec l&rsquo;association Harri Beltza et l&rsquo;ensemble Kaabestri au mus\u00e9e San Telmo de San Sebastian (Espagne). A l&rsquo;invitation d&rsquo;Oleg Petrov en 2015, accompagn\u00e9 de Grigorij Lifanov, un artiste sc\u00e9nique bas\u00e9 \u00e0 Moscou, il a cr\u00e9\u00e9 R\u00eaves pour la Compagnie de Tantsteatr d&rsquo;Ekaterinbourg (Russie) de Fellini. Avec le soutien de la Fondation Igor Stravinsky, il a r\u00e9\u00e9crit Les Noces avec le CFD Biarritz pour l&rsquo;\u00e9v\u00e9nement \u00ab\u00a0Biarritz Ann\u00e9es Folles\u00a0\u00bb en juin 2015. La COMPAGNIE ILLICITE | F\u00c1BIO LOPEZ a \u00e9t\u00e9 cr\u00e9\u00e9e en avril 2015 \u00e0 Biarritz.<\/span><\/p>\n<\/span><\/div> <!-- bio-->\n                   \n\n           \n              \n          <\/div><!-- lab-content-->\n        <\/div> <!-- lab-full -->\n            \n  <\/div> <!-- lab-list -->\n\t\n\n\n<section id=\"thumbwrapper23\" class=\"gallery-video-content\"\n         data-gallery-video-perpage=\"5\" data-gallery-video-id=\"23\">\n\n    <input type=\"hidden\" class=\"pagenum\" value=\"1\"\/>\n    <ul id=\"origincode_videogallery\" class=\"origincode_videogallery view-thumbnails\">\n        <li id=\"fullPreview\"><\/li>\n        <input type=\"hidden\" id=\"total\" value=\"2\"\/>\n                    <li class=\"origincode_big_li\" data-id=\"191\">\n                                    <a class=\"vvimeo origincode_videogallery_item group23\"\n                       href=\"\/\/player.vimeo.com\/video\/214728322\"\n                       title=\"MARTA CORONADO\"\n                       data-description=\"\"\n                       data-id=\"191\"><\/a>\n                    <img decoding=\"async\" src=\"https:\/\/i.vimeocdn.com\/video\/679472907-9f91a5326643efc927a0b38db585f98ff6e1b0df7d035fb95d55380c2ae9669e-d_640?region=us\"\n                         alt=\"MARTA CORONADO\"\/>\n                                    <div class=\"overLayer\"><\/div>\n                <div class=\"infoLayer\">\n                    <ul>\n                        <li>\n                            <h2>\n                                MARTA CORONADO                            <\/h2>\n                        <\/li>\n                        <li>\n                            <p>\n                                Watch Video                            <\/p>\n                        <\/li>\n                    <\/ul>\n                <\/div>\n            <\/li>\n                    <li class=\"origincode_big_li\" data-id=\"192\">\n                                    <a class=\"vvimeo origincode_videogallery_item group23\"\n                       href=\"\/\/player.vimeo.com\/video\/252693795\"\n                       title=\"ENEKO ALCARAZ\"\n                       data-description=\"\"\n                       data-id=\"192\"><\/a>\n                    <img decoding=\"async\" src=\"https:\/\/i.vimeocdn.com\/video\/679398188-2a8e398bdf4a18c193ad787a2c66a951a43f7c9813b823493923168412b6ca1c-d_640?region=us\"\n                         alt=\"ENEKO ALCARAZ\"\/>\n                                    <div class=\"overLayer\"><\/div>\n                <div class=\"infoLayer\">\n                    <ul>\n                        <li>\n                            <h2>\n                                ENEKO ALCARAZ                            <\/h2>\n                        <\/li>\n                        <li>\n                            <p>\n                                Watch Video                            <\/p>\n                        <\/li>\n                    <\/ul>\n                <\/div>\n            <\/li>\n                    <li class=\"origincode_big_li\" data-id=\"187\">\n                                    <a class=\"vvimeo origincode_videogallery_item group23\"\n                       href=\"\/\/player.vimeo.com\/video\/252754145\"\n                       title=\"ENEKO GIL\"\n                       data-description=\"\"\n                       data-id=\"187\"><\/a>\n                    <img decoding=\"async\" src=\"https:\/\/i.vimeocdn.com\/video\/679472162-2d6d6a73a339edb921346d238a102c6bb7bfa844db274c86449cea0595172fd3-d_640?region=us\"\n                         alt=\"ENEKO GIL\"\/>\n                                    <div class=\"overLayer\"><\/div>\n                <div class=\"infoLayer\">\n                    <ul>\n                        <li>\n                            <h2>\n                                ENEKO GIL                            <\/h2>\n                        <\/li>\n                        <li>\n                            <p>\n                                Watch Video                            <\/p>\n                        <\/li>\n                    <\/ul>\n                <\/div>\n            <\/li>\n                    <li class=\"origincode_big_li\" data-id=\"190\">\n                                    <a class=\"vvimeo origincode_videogallery_item group23\"\n                       href=\"\/\/player.vimeo.com\/video\/223114391\"\n                       title=\"MIKEL ARISTEGUI\"\n                       data-description=\"\"\n                       data-id=\"190\"><\/a>\n                    <img decoding=\"async\" src=\"https:\/\/i.vimeocdn.com\/video\/641820410-5d27bc5cbd2fbed1bf51be55544919845e5f0bf2eb9299c43b03ed7700960980-d_640?region=us\"\n                         alt=\"MIKEL ARISTEGUI\"\/>\n                                    <div class=\"overLayer\"><\/div>\n                <div class=\"infoLayer\">\n                    <ul>\n                        <li>\n                            <h2>\n                                MIKEL ARISTEGUI                            <\/h2>\n                        <\/li>\n                        <li>\n                            <p>\n                                Watch Video                            <\/p>\n                        <\/li>\n                    <\/ul>\n                <\/div>\n            <\/li>\n                    <li class=\"origincode_big_li\" data-id=\"186\">\n                                    <a class=\"vvimeo origincode_videogallery_item group23\"\n                       href=\"\/\/player.vimeo.com\/video\/210945675\"\n                       title=\"FABIO L\u00d3PEZ\"\n                       data-description=\"\"\n                       data-id=\"186\"><\/a>\n                    <img decoding=\"async\" src=\"https:\/\/i.vimeocdn.com\/video\/679472753-209dd0551756a44942afc3cc9ddf9c8173a81df5d377ed8d477f8d9423314d21-d_640?region=us\"\n                         alt=\"FABIO L\u00d3PEZ\"\/>\n                                    <div class=\"overLayer\"><\/div>\n                <div class=\"infoLayer\">\n                    <ul>\n                        <li>\n                            <h2>\n                                FABIO L\u00d3PEZ                            <\/h2>\n                        <\/li>\n                        <li>\n                            <p>\n                                Watch Video                            <\/p>\n                        <\/li>\n                    <\/ul>\n                <\/div>\n            <\/li>\n                    <li class=\"origincode_big_li\" data-id=\"189\">\n                                    <a class=\"vvimeo origincode_videogallery_item group23\"\n                       href=\"\/\/player.vimeo.com\/video\/223114934\"\n                       title=\"IKER G\u00d3MEZ\"\n                       data-description=\"\"\n                       data-id=\"189\"><\/a>\n                    <img decoding=\"async\" src=\"https:\/\/i.vimeocdn.com\/video\/679472627-3cc76802126a9824e9454c4fa5ac61aa4330f8e5bf6a2f768f829b093c298287-d_640?region=us\"\n                         alt=\"IKER G\u00d3MEZ\"\/>\n                                    <div class=\"overLayer\"><\/div>\n                <div class=\"infoLayer\">\n                    <ul>\n                        <li>\n                            <h2>\n                                IKER G\u00d3MEZ                            <\/h2>\n                        <\/li>\n                        <li>\n                            <p>\n                                Watch Video                            <\/p>\n                        <\/li>\n                    <\/ul>\n                <\/div>\n            <\/li>\n        \n    <\/ul>\n    <\/section>\n<style>\nsection #origincode_videogallery a{\n\tborder:none;\n}\nsection #origincode_videogallery {\n\tpadding: 28px;\n\tdisplay: block;\n\tmin-height: 100%;\n\ttext-align: center;\n\tmargin-bottom: 30px;\n  background-color: #333333; box-shadow: 0 0 10px;}\n\n\n#origincode_videogallery .origincode_big_li {\n\twidth: 100%;\n\tmax-width: 240px;\n\toverflow:hidden;\n\theight: 150px;\n\tmargin: 1px !important;\n\tpadding:0 !important;\n\tborder: 1px solid #444444;\n\tborder-radius: 5px;\n}\n\nsection #origincode_videogallery li .infoLayer ul li {\n\tmax-height:80px;\n\toverflow:hidden;\n}\n\nsection #origincode_videogallery li .overLayer ul li h2,\nsection #origincode_videogallery li .infoLayer ul li h2 {\n\tfont-size: 16px;\n\tcolor: #FFFFFF;\n\tmargin:0 !important;\n}\n\nsection #origincode_videogallery li .infoLayer ul li p {\n\tcolor: #FFFFFF;\n\tmargin:0 !important;\n}\n\nsection #origincode_videogallery li .overLayer,\nsection #origincode_videogallery li .infoLayer {\n\t-webkit-transition: opacity 0.3s linear;\n\t-moz-transition: opacity 0.3s linear;\n\t-ms-transition: opacity 0.3s linear;\n\t-o-transition: opacity 0.3s linear;\n\ttransition: opacity 0.3s linear;\n\twidth: 100%;\n\tmax-width: 240px;\n\theight: 150px;\n\tposition: absolute;\n\ttext-align: center;\n\topacity: 0;\n\ttop: 0;\n\tleft: 0;\n\tz-index: 4;\n\tborder-radius: 5px;\n}\n\n\n\nsection #origincode_videogallery li a {\n\tposition: absolute;\n\tdisplay: block;\n\twidth: 100%;\n\tmax-width: 240px;\n\theight: 150px;\n\ttop: 0;\n\tleft: 0;\n\tz-index: 6;\n\tborder-radius: 5px;\n}\n.load_more3 {\n\tmargin: 10px 0;\n\tposition:relative;\n\ttext-align:center;\n\twidth:100%;\n}\n\n.load_more_button3 {\n\tborder-radius: 10px;\n\tdisplay:inline-block;\n\tpadding:5px 15px;\n\tfont-size:19px !important;;\n\tcolor:#CCCCCC !important;;\n\tbackground:#333333 !important;\n\tcursor:pointer;\n\n}\n.load_more_button3:hover{\n\tcolor:#D9D9D9 !important;\n\tbackground:#8F827C !important;\n}\n.loading3 {\n\tdisplay:none;\n}\n.paginate3{\n\tfont-size:22px !important;\n\tcolor:#0A0202 !important;\n\ttext-align: center;\n}\n.paginate3 a{\n\tborder-bottom: none !important;\n\tbox-shadow: none !important;\n}\n.icon-style3{\n\tfont-size: 22px !important;\n\tcolor:#333333 !important;\n}\n.clear{\n\tclear:both;\n}\n\n#origincode_videogallery li img {\n\twidth: 100%;\n\tmax-width: 238px;\n\theight: 148px;\n\tmin-height: 100%;\n\tmargin:0 !important;\n}\n\nsection #origincode_videogallery li:hover .overLayer {\n\t-webkit-transition: opacity 0.3s linear;\n\t-moz-transition: opacity 0.3s linear;\n\t-ms-transition: opacity 0.3s linear;\n\t-o-transition: opacity 0.3s linear;\n\ttransition: opacity 0.3s linear;\n\topacity: 0.801;\n\tdisplay: block;\n\tbackground: #CCCCCC;\n}\nsection #origincode_videogallery li:hover .infoLayer {\n\t-webkit-transition: opacity 0.3s linear;\n\t-moz-transition: opacity 0.3s linear;\n\tms-transition: opacity 0.3s linear;\n\t-o-transition: opacity 0.3s linear;\n\ttransition: opacity 0.3s linear;\n\topacity: 1;\n\tdisplay: block;\n}\nsection #origincode_videogallery p {text-align:center;}\n<\/style><\/p>\n<\/div><div class=\"fusion-clearfix\"><\/div><\/div><\/div><\/div><\/div><\/p>\n","protected":false},"excerpt":{"rendered":"","protected":false},"author":1,"featured_media":0,"parent":0,"menu_order":0,"comment_status":"closed","ping_status":"closed","template":"100-width.php","meta":{"footnotes":""},"class_list":["post-1244","page","type-page","status-publish","hentry"],"acf":[],"_links":{"self":[{"href":"https:\/\/atalak.dantzaz.eus\/fr\/wp-json\/wp\/v2\/pages\/1244","targetHints":{"allow":["GET"]}}],"collection":[{"href":"https:\/\/atalak.dantzaz.eus\/fr\/wp-json\/wp\/v2\/pages"}],"about":[{"href":"https:\/\/atalak.dantzaz.eus\/fr\/wp-json\/wp\/v2\/types\/page"}],"author":[{"embeddable":true,"href":"https:\/\/atalak.dantzaz.eus\/fr\/wp-json\/wp\/v2\/users\/1"}],"replies":[{"embeddable":true,"href":"https:\/\/atalak.dantzaz.eus\/fr\/wp-json\/wp\/v2\/comments?post=1244"}],"version-history":[{"count":4,"href":"https:\/\/atalak.dantzaz.eus\/fr\/wp-json\/wp\/v2\/pages\/1244\/revisions"}],"predecessor-version":[{"id":1301,"href":"https:\/\/atalak.dantzaz.eus\/fr\/wp-json\/wp\/v2\/pages\/1244\/revisions\/1301"}],"wp:attachment":[{"href":"https:\/\/atalak.dantzaz.eus\/fr\/wp-json\/wp\/v2\/media?parent=1244"}],"curies":[{"name":"wp","href":"https:\/\/api.w.org\/{rel}","templated":true}]}}