{"id":1253,"date":"2021-11-12T21:08:10","date_gmt":"2021-11-12T19:08:10","guid":{"rendered":"https:\/\/atalak.dantzaz.eus\/laboratorios-2021\/"},"modified":"2022-09-09T11:59:34","modified_gmt":"2022-09-09T09:59:34","slug":"laboratoires-2021","status":"publish","type":"page","link":"https:\/\/atalak.dantzaz.eus\/fr\/laboratoires-2021\/","title":{"rendered":"Laboratoires 2021"},"content":{"rendered":"<p><div class=\"fusion-fullwidth fullwidth-box fusion-builder-row-1 hundred-percent-fullwidth non-hundred-percent-height-scrolling\" style=\"background-color: rgba(255,255,255,0);background-position: center center;background-repeat: no-repeat;padding-top:0px;padding-right:0px;padding-bottom:0px;padding-left:0px;margin-bottom: 0px;margin-top: 0px;border-width: 0px 0px 0px 0px;border-color:#eae9e9;border-style:solid;\" ><div class=\"fusion-builder-row fusion-row\"><div class=\"fusion-layout-column fusion_builder_column fusion-builder-column-0 fusion_builder_column_1_1 1_1 fusion-one-full fusion-column-first fusion-column-last\" style=\"margin-top:0px;margin-bottom:20px;\"><div class=\"fusion-column-wrapper fusion-flex-column-wrapper-legacy\" style=\"background-position:left top;background-repeat:no-repeat;-webkit-background-size:cover;-moz-background-size:cover;-o-background-size:cover;background-size:cover;padding: 0px 0px 0px 0px;\"><span class=\" fusion-imageframe imageframe-none imageframe-1 hover-type-none\"><img decoding=\"async\" width=\"2000\" height=\"843\" alt=\"Laboratorio experimentacion\" title=\"Laboratorio experimentacion\" src=\"https:\/\/atalak.dantzaz.eus\/wp-content\/uploads\/2020\/03\/fondo-lab.jpg\" class=\"img-responsive wp-image-429\" srcset=\"https:\/\/atalak.dantzaz.eus\/wp-content\/uploads\/2020\/03\/fondo-lab-200x84.jpg 200w, https:\/\/atalak.dantzaz.eus\/wp-content\/uploads\/2020\/03\/fondo-lab-400x169.jpg 400w, https:\/\/atalak.dantzaz.eus\/wp-content\/uploads\/2020\/03\/fondo-lab-600x253.jpg 600w, https:\/\/atalak.dantzaz.eus\/wp-content\/uploads\/2020\/03\/fondo-lab-800x337.jpg 800w, https:\/\/atalak.dantzaz.eus\/wp-content\/uploads\/2020\/03\/fondo-lab-1200x506.jpg 1200w, https:\/\/atalak.dantzaz.eus\/wp-content\/uploads\/2020\/03\/fondo-lab.jpg 2000w\" sizes=\"(max-width: 1024px) 100vw, 2000px\" \/><\/span><div class=\"fusion-clearfix\"><\/div><\/div><\/div><\/div><\/div><div class=\"fusion-fullwidth fullwidth-box fusion-builder-row-2 nonhundred-percent-fullwidth non-hundred-percent-height-scrolling\" style=\"background-color: rgba(255,255,255,0);background-position: center center;background-repeat: no-repeat;padding-top:35px;padding-right:0px;padding-bottom:0px;padding-left:0px;margin-bottom: 0px;margin-top: 0px;border-width: 0px 0px 0px 0px;border-color:#eae9e9;border-style:solid;\" ><div class=\"fusion-builder-row fusion-row\"><div class=\"fusion-layout-column fusion_builder_column fusion-builder-column-1 fusion_builder_column_1_1 1_1 fusion-one-full fusion-column-first fusion-column-last\" style=\"margin-top:0px;margin-bottom:20px;\"><div class=\"fusion-column-wrapper fusion-flex-column-wrapper-legacy\" style=\"background-position:left top;background-repeat:no-repeat;-webkit-background-size:cover;-moz-background-size:cover;-o-background-size:cover;background-size:cover;padding: 0px 0px 0px 0px;\"><style type=\"text\/css\"><\/style><div class=\"fusion-title title fusion-title-1 fusion-sep-none fusion-title-center fusion-title-text fusion-title-size-one tituloh1 debajo\" style=\"font-size:48px;margin-top:0px;margin-right:0px;margin-bottom:31px;margin-left:0px;\"><h1 class=\"title-heading-center\" style=\"margin:0;font-size:1em;color:#000000;line-height:1;\">Un espace pour exp\u00e9rimenter, rechercher, travailler avec\/dans un groupe<\/h1><\/div><div class=\"fusion-text fusion-text-1 texto-grande\"><p>Le R\u00e9seau Atalak se concentre \u00e0 donner la\u00a0<strong>possibilit\u00e9 de processus\u00a0<\/strong><strong>de cr\u00e9ation chor\u00e9graphique,\u00a0<\/strong>dans laquelle les chor\u00e9graphes s\u00e9lectionn\u00e9s trouvent un espace pour\u00a0<strong>exp\u00e9rimenter, rechercher et rencontrer de nouveaux d\u00e9fis.<\/strong><\/p>\n<p>Cette proposition vise \u00e0 se concentrer sur les chor\u00e9graphes qui commencent \u00e0 faire leurs pas dans le monde de la chor\u00e9graphie en leur offrant un format de laboratoire o\u00f9 la cr\u00e9ation de groupe est essentielle. Atalak propose \u00e9galement aux \u00abyeux ext\u00e9rieurs\u00bb d\u2019accompagner les processus de laboratoire et d\u2019autres disciplines artistiques. \u00c0 son tour, cette initiative g\u00e9n\u00e8re un nouveau r\u00e9seau au sein du projet, apportant un nouveau r\u00e9seau \u00e0 ceux qui participent au processus. La s\u00e9lection et le suivi des artistes accueillis dans le programme de laboratoires d\u2019exp\u00e9rimentation sont g\u00e9r\u00e9s par l\u2019\u00e9quipe Atalak, qui suit continuellement la r\u00e9alit\u00e9 chor\u00e9graphique sur le territoire.<\/p>\n<\/div><div class=\"fusion-clearfix\"><\/div><\/div><\/div><\/div><\/div><div class=\"fusion-fullwidth fullwidth-box fusion-builder-row-3 videos nonhundred-percent-fullwidth non-hundred-percent-height-scrolling\" style=\"background-color: rgba(255,255,255,0);background-position: center center;background-repeat: no-repeat;padding-top:0px;padding-right:0px;padding-bottom:45px;padding-left:0px;margin-top: 35px;border-width: 0px 0px 0px 0px;border-color:#eae9e9;border-style:solid;\" ><div class=\"fusion-builder-row fusion-row\"><div class=\"fusion-layout-column fusion_builder_column fusion-builder-column-2 fusion_builder_column_1_1 1_1 fusion-one-full fusion-column-first fusion-column-last\" style=\"margin-top:0px;margin-bottom:0px;\"><div class=\"fusion-column-wrapper fusion-flex-column-wrapper-legacy\" style=\"background-position:left top;background-repeat:no-repeat;-webkit-background-size:cover;-moz-background-size:cover;-o-background-size:cover;background-size:cover;padding: 0px 0px 0px 0px;\"><style type=\"text\/css\"><\/style><div class=\"fusion-title title fusion-title-2 fusion-sep-none fusion-title-center fusion-title-text fusion-title-size-two tituloh2\" style=\"margin-top:0px;margin-right:0px;margin-bottom:31px;margin-left:0px;\"><h2 class=\"title-heading-center\" style=\"margin:0;\">Laboratorios 2021<\/h2><\/div><div class=\"fusion-text fusion-text-2\"><p>\n<div class=\"lab-list\">\n\n    <div class=\"lab-full clearfix\" id=\"amaia-elizaran\">         \n        <div class=\"lab-image\"> \n         \t<img decoding=\"async\" width=\"300\" height=\"300\" src=\"https:\/\/atalak.dantzaz.eus\/wp-content\/uploads\/2021\/06\/atalak-laboratorios-AmaiaElizaran-1-300x300.jpeg\" class=\"attachment-medium size-medium wp-post-image\" alt=\"\" srcset=\"https:\/\/atalak.dantzaz.eus\/wp-content\/uploads\/2021\/06\/atalak-laboratorios-AmaiaElizaran-1-66x66.jpeg 66w, https:\/\/atalak.dantzaz.eus\/wp-content\/uploads\/2021\/06\/atalak-laboratorios-AmaiaElizaran-1-150x150.jpeg 150w, https:\/\/atalak.dantzaz.eus\/wp-content\/uploads\/2021\/06\/atalak-laboratorios-AmaiaElizaran-1-200x200.jpeg 200w, https:\/\/atalak.dantzaz.eus\/wp-content\/uploads\/2021\/06\/atalak-laboratorios-AmaiaElizaran-1-300x300.jpeg 300w, https:\/\/atalak.dantzaz.eus\/wp-content\/uploads\/2021\/06\/atalak-laboratorios-AmaiaElizaran-1-400x400.jpeg 400w, https:\/\/atalak.dantzaz.eus\/wp-content\/uploads\/2021\/06\/atalak-laboratorios-AmaiaElizaran-1-600x600.jpeg 600w, https:\/\/atalak.dantzaz.eus\/wp-content\/uploads\/2021\/06\/atalak-laboratorios-AmaiaElizaran-1-768x768.jpeg 768w, https:\/\/atalak.dantzaz.eus\/wp-content\/uploads\/2021\/06\/atalak-laboratorios-AmaiaElizaran-1-800x800.jpeg 800w, https:\/\/atalak.dantzaz.eus\/wp-content\/uploads\/2021\/06\/atalak-laboratorios-AmaiaElizaran-1.jpeg 948w\" sizes=\"(max-width: 300px) 100vw, 300px\" \/>       \n\t\t\t\n                 <\/div> <!-- lab-image-->\n\n      \n\n        <div class=\"lab-content\">\n         <div class=\"lab-intro\">\n           <h3 class=\"persona\">Amaia Elizaran<\/h3>\n           <span class=\"tipo\">LABORATOIRE D\u2019EXP\u00c9RIMENTATION<\/span>\n           <span class=\"periodo\">01-10\/12\/2021<\/span>\n           <span class=\"separacion\"><\/span>\n         <\/div>  <!-- lab-intro -->\n\n           \n\n                     \n\n           <div class=\"contenido\"><p><em>\u00ab\u00a0Le son me fait bouger, il va directement dans mon corps et me connecte au mouvement\u00a0\u00bb<\/em><\/p>\n<p>Durant les deux premi\u00e8res semaines de d\u00e9cembre, la chor\u00e9graphe et performeuse toulousaine Amaia Elizaran, accompagn\u00e9e des performeurs de Dantzaz, explorera la relation entre le son et le mouvement. La voix, la respiration, le son et le corps accompagnent le parcours d&rsquo;Elizaran, dont le travail s&rsquo;inspire de processus de recherche autour de l&rsquo;improvisation et de la cr\u00e9ation chor\u00e9graphique pour des espaces non conventionnels.<\/p>\n<p>Dans ce laboratoire exp\u00e9rimental, l&rsquo;\u00e9quipe d&rsquo;ATALAK, ainsi que la danseuse et chor\u00e9graphe Mizel Theret et le musicien irlandais Liam \u00d3 Maonla\u00ed, accompagneront les recherches d&rsquo;Elizaran dans un itin\u00e9raire cr\u00e9atif qui sera pr\u00e9sent\u00e9 dans les diff\u00e9rentes villes qui composent le r\u00e9seau transfrontalier ATALAK.<\/p>\n<\/div>\n\n             \n              <div class=\"bio\"><span>BIO<\/span>\n              <p><strong>Amaia Elizaran<\/strong> (1992, Tolosa, Guipuzkoa) est une danseuse et chor\u00e9graphe basque qui a cr\u00e9\u00e9 cinq pi\u00e8ces originales de danse contemporaine &#8211; Raw (2016), Pool (2017), Block (2018), Mar (2019,) Out (2020) &#8211; et particip\u00e9 \u00e0 diff\u00e9rents projets culturels au cours des dix derni\u00e8res ann\u00e9es. Elle a commenc\u00e9 sa formation en danse classique \u00e0 l&rsquo;\u00e9cole Ekintza.<\/p>\n<p>En 2008, apr\u00e8s avoir re\u00e7u une bourse de la Diputaci\u00f3n Foral de Guip\u00fazcoa, elle a \u00e9tudi\u00e9 au Real Conservatorio Profesional de Danza Mariemma, o\u00f9 elle a obtenu son dipl\u00f4me dans la sp\u00e9cialit\u00e9 de danse contemporaine (2012-2013) et a re\u00e7u le prix Virginia Valero pour sa carri\u00e8re, ainsi qu&rsquo;une mention honorable. Depuis l&rsquo;obtention de son dipl\u00f4me en 2013, elle a travaill\u00e9 avec des chor\u00e9graphes tels que James Wilton, John Ross, Jessica Kennedy, Adam Russell, Iker Arrue, Jon Maya, Iris Heitzinger, Hilde Koch et Judith Argomaniz.<\/p>\n<p>Depuis 2018, elle collabore en tant que danseuse invit\u00e9e \u00e0 plusieurs concerts du Quatuor Alos. Depuis 2015, elle travaille sur ses propres projets sous le nom d&rsquo;Amaia Elizaran et combine son travail d&rsquo;interpr\u00e8te avec celui de p\u00e9dagogue.<\/p>\n<p><span style=\"font-weight: 400;\">\u00a0<\/span><\/p>\n<\/span><\/div> <!-- bio-->\n                   \n\n           \n            \n              <span class=\"muestra\"><strong>\u00c9chantillons<\/strong><br>\n              <p><strong><a href=\"https:\/\/atalak.dantzaz.eus\/fr\/agenda\/\" target=\"_blank\" rel=\"noopener\">Voir l\u2019Agenda<\/a><\/strong><\/p>\n<\/span>\n              \n          <\/div><!-- lab-content-->\n        <\/div> <!-- lab-full -->\n            <div class=\"lab-full clearfix\" id=\"eva-guerrero\">         \n        <div class=\"lab-image\"> \n         \t<img decoding=\"async\" width=\"300\" height=\"300\" src=\"https:\/\/atalak.dantzaz.eus\/wp-content\/uploads\/2021\/06\/atalak_laboratorios-2021-evaguerrero-300x300.jpg\" class=\"attachment-medium size-medium wp-post-image\" alt=\"\" srcset=\"https:\/\/atalak.dantzaz.eus\/wp-content\/uploads\/2021\/06\/atalak_laboratorios-2021-evaguerrero-66x66.jpg 66w, https:\/\/atalak.dantzaz.eus\/wp-content\/uploads\/2021\/06\/atalak_laboratorios-2021-evaguerrero-150x150.jpg 150w, https:\/\/atalak.dantzaz.eus\/wp-content\/uploads\/2021\/06\/atalak_laboratorios-2021-evaguerrero-200x200.jpg 200w, https:\/\/atalak.dantzaz.eus\/wp-content\/uploads\/2021\/06\/atalak_laboratorios-2021-evaguerrero-300x300.jpg 300w, https:\/\/atalak.dantzaz.eus\/wp-content\/uploads\/2021\/06\/atalak_laboratorios-2021-evaguerrero-400x400.jpg 400w, https:\/\/atalak.dantzaz.eus\/wp-content\/uploads\/2021\/06\/atalak_laboratorios-2021-evaguerrero-600x600.jpg 600w, https:\/\/atalak.dantzaz.eus\/wp-content\/uploads\/2021\/06\/atalak_laboratorios-2021-evaguerrero.jpg 700w\" sizes=\"(max-width: 300px) 100vw, 300px\" \/>       \n\t\t\t\n                 <\/div> <!-- lab-image-->\n\n      \n\n        <div class=\"lab-content\">\n         <div class=\"lab-intro\">\n           <h3 class=\"persona\">Eva Guerrero<\/h3>\n           <span class=\"tipo\">LABORATOIRE D\u2019EXP\u00c9RIMENTATION<\/span>\n           <span class=\"periodo\">07-18\/06\/2021<\/span>\n           <span class=\"separacion\"><\/span>\n         <\/div>  <!-- lab-intro -->\n\n           \n\n                     \n\n           <div class=\"contenido\"><p><span style=\"font-weight: 400;\">En juin, le laboratoire d&rsquo;exp\u00e9rimentation sera r\u00e9alis\u00e9 par Eva Guerrero directrice du collectif Doos, sera accueilli en r\u00e9sidence par le Festival de Danza de Navarra DNA. La Communaut\u00e9 de Navarre comptera sur la pr\u00e9sence de cette r\u00e9sidence Atalak en recherchant des synergies avec les institutions, les lieux d&rsquo;accueil et les publics. Le d\u00e9veloppement de la recherche de l&rsquo;espace entre un corps et un autre, initi\u00e9 dans le processus de recherche \u00ab\u00a0En mitad de alguna parte\u00a0\u00bb (2020), sera le point de d\u00e9part pour Eva Guerrero dans ce Laboratoire.<\/span><\/p>\n<\/div>\n\n             \n              <div class=\"bio\"><span>BIO<\/span>\n              <p><span style=\"font-weight: 400;\"><strong>Eva Guerrero<\/strong> (Euskadi) a \u00e9tudi\u00e9 les arts du spectacle (BAI Bizkaiko Antzerki Ikastegia) accompagn\u00e9 d&rsquo;un BA Contemporary Performances Practices (Leeds Beckett University), se formant en parall\u00e8le \u00e0 la danse contemporaine, l&rsquo;improvisation et les techniques martiales avec diff\u00e9rents professionnels. Actuellement, elle est sur le point de terminer une formation en ost\u00e9opathie. En 2005, elle a cr\u00e9\u00e9 sa premi\u00e8re pi\u00e8ce sc\u00e9nique \u00ab\u00a01+1=1\u00a0\u00bb et depuis lors, outre la cr\u00e9ation de spectacles de danse contemporaine, elle cherche d&rsquo;autres moyens de la fusionner avec d&rsquo;autres langages tels que : la vid\u00e9o-danse, l&rsquo;installation, la narration (Livre \u00ab\u00a0destruction mutuelle assur\u00e9e\u00a0\u00bb 2015) ou l&rsquo;exposition (\u00ab\u00a0O\u00f9 je commence, tu finis\u00a0\u00bb Metro Bilbao-BAD Bilbao 2020).<\/span><\/p>\n<p><span style=\"font-weight: 400;\">Le travail artistique part toujours du corps avec des mat\u00e9riaux tels que : la manipulation, les actions quotidiennes, la torsion, le risque, les corps laids &#8230; utilise l&rsquo;improvisation et le texte \u00e0 la fois sur sc\u00e8ne et comme outil de chor\u00e9graphie. Ses \u0153uvres ont \u00e9t\u00e9 expos\u00e9es au niveau national et international (Euskadi, Navarre, Catalogne, Cuenca, France, Angleterre, Br\u00e9sil, \u00c9gypte, \u00c9tats-Unis&#8230;) Depuis 2013, il co-dirige avec Jemima Cano le Collectif DOOS o\u00f9, en plus de la production de ses \u0153uvres, ils r\u00e9alisent un travail de m\u00e9diation, de sensibilisation et de travail public, ainsi que de donner une nouvelle direction \u00e0 l&rsquo;Espacio Punto de Fuga, en apportant la danse \u00e0 toutes sortes de personnes. Leur dernier travail, \u00ab\u00a0Gorpuztu\u00a0\u00bb (2019), a \u00e9t\u00e9 nomin\u00e9 pour 2 MAX Awards 2020 (meilleur nouvel auteur et meilleure interpr\u00e8te f\u00e9minine) et pr\u00e9pare actuellement sa nouvelle production : \u00ab\u00a0LOF Ladies On Fight\u00a0\u00bb, qui sortira en novembre 2021.<\/span><\/p>\n<\/span><\/div> <!-- bio-->\n                   \n\n           \n            \n              <span class=\"muestra\"><strong>\u00c9chantillons<\/strong><br>\n              <p><strong><a href=\"https:\/\/atalak.dantzaz.eus\/fr\/agenda\/\" target=\"_blank\" rel=\"noopener\">Voir l\u2019Agenda<\/a><\/strong><\/p>\n<\/span>\n              \n          <\/div><!-- lab-content-->\n        <\/div> <!-- lab-full -->\n            <div class=\"lab-full clearfix\" id=\"itsaso-cano\">         \n        <div class=\"lab-image\"> \n         \t<img decoding=\"async\" width=\"300\" height=\"300\" src=\"https:\/\/atalak.dantzaz.eus\/wp-content\/uploads\/2021\/03\/atalak-laboratorio-itsaso-cano--300x300.jpg\" class=\"attachment-medium size-medium wp-post-image\" alt=\"\" srcset=\"https:\/\/atalak.dantzaz.eus\/wp-content\/uploads\/2021\/03\/atalak-laboratorio-itsaso-cano--66x66.jpg 66w, https:\/\/atalak.dantzaz.eus\/wp-content\/uploads\/2021\/03\/atalak-laboratorio-itsaso-cano--150x150.jpg 150w, https:\/\/atalak.dantzaz.eus\/wp-content\/uploads\/2021\/03\/atalak-laboratorio-itsaso-cano--200x200.jpg 200w, https:\/\/atalak.dantzaz.eus\/wp-content\/uploads\/2021\/03\/atalak-laboratorio-itsaso-cano--300x300.jpg 300w, https:\/\/atalak.dantzaz.eus\/wp-content\/uploads\/2021\/03\/atalak-laboratorio-itsaso-cano--400x400.jpg 400w, https:\/\/atalak.dantzaz.eus\/wp-content\/uploads\/2021\/03\/atalak-laboratorio-itsaso-cano-.jpg 500w\" sizes=\"(max-width: 300px) 100vw, 300px\" \/>       \n\t\t\t\n                 <\/div> <!-- lab-image-->\n\n      \n\n        <div class=\"lab-content\">\n         <div class=\"lab-intro\">\n           <h3 class=\"persona\">Itxaso Cano<\/h3>\n           <span class=\"tipo\">LABORATOIRE D\u2019EXP\u00c9RIMENTATION<\/span>\n           <span class=\"periodo\">15-26\/03\/2021<\/span>\n           <span class=\"separacion\"><\/span>\n         <\/div>  <!-- lab-intro -->\n\n           \n\n                     \n\n           <div class=\"contenido\"><p>Au cours du mois de mars, Itxaso A. Cano, artiste navarrais qui dirige la compagnie ZUK dance, sera accueilli \u00e0 Gipuzkoako Dantzagunea pour \u00e9laborer son laboratoire bas\u00e9 sur le \u00ab\u00a0groove\u00a0\u00bb. Cette proposition de Cano, aborde se concentrer sur la sensation rythmique cr\u00e9\u00e9e par la musique dans le corps pour d\u00e9velopper des mat\u00e9riaux chor\u00e9graphiques en collaboration avec les danseurs. Dans ce laboratoire, les \u00e9tudiants de la derni\u00e8re ann\u00e9e de la ligne de danse de Dantzerti feront partie, poursuivant ainsi la collaboration \u00e9tablie en 2020.<\/p>\n<\/div>\n\n             \n              <div class=\"bio\"><span>BIO<\/span>\n              <p><strong>Itsaso Cano<\/strong> (Navarra) est dipl\u00f4m\u00e9e du Conservatoire sup\u00e9rieur de danse Mar\u00eda de \u00c1vila. De 2000 \u00e0 2012, elle a travaill\u00e9 comme assistante chor\u00e9graphe et premi\u00e8re danseuse de la compagnie Dani Pannullo DanceTheatre.co. \u00c0 partir de 2008, elle a commenc\u00e9 \u00e0 monter ses premi\u00e8res pi\u00e8ces en solo, jusqu&rsquo;\u00e0 ce qu&rsquo;en 2013, \u00e0 la t\u00eate du collectif Zuk Dance, elle pr\u00e9sente sa premi\u00e8re \u0153uvre compl\u00e8te, ZUK, une pi\u00e8ce prim\u00e9e au Certamen de la Universidad Carlos III de Madrid et au Certamen de J\u00f3venes Creadores 2013. Depuis 2013, elle s&rsquo;est lanc\u00e9e dans des projets de toutes sortes : elle a dans\u00e9 dans la derni\u00e8re com\u00e9die musicale de Dani Pannullo, DanceTheatre.co, New York Story, a chor\u00e9graphi\u00e9 le film Los mundos sutiles d&rsquo;Eduardo Chapero Jackson et a dirig\u00e9 avec le collectif de danse Zuk Halka (une pi\u00e8ce avec musique live, danse et sc\u00e9nographie en mouvement qui a \u00e9t\u00e9 cr\u00e9\u00e9e dans la salle Valle Incl\u00e1n de la RESAD en juin 2014 et a \u00e9t\u00e9 nomin\u00e9e aux MAX Awards 2015 en tant que meilleure chor\u00e9graphie et meilleure production priv\u00e9e). Apr\u00e8s son dernier duo, BOX, gagnant du Certamen J\u00f3venes Creadores de Madrid 2014 et s\u00e9lectionn\u00e9 pour la Biennale Mediterr\u00e1nea de Mil\u00e1n 2015, Itsaso \u00c1lvarez travaille sur ses nouvelles productions : K.O, Nudos et Vaca. En 2020, il cr\u00e9e la pi\u00e8ce Materia et une publication de la m\u00eame cr\u00e9ation.<\/p>\n<p>&nbsp;<\/p>\n<\/span><\/div> <!-- bio-->\n                   \n\n           \n            \n              <span class=\"muestra\"><strong>\u00c9chantillons<\/strong><br>\n              <p><strong><a href=\"https:\/\/atalak.dantzaz.eus\/fr\/agenda\/\" target=\"_blank\" rel=\"noopener\">Voir l\u2019Agenda<\/a><\/strong><\/p>\n<\/span>\n              \n          <\/div><!-- lab-content-->\n        <\/div> <!-- lab-full -->\n            \n  <\/div> <!-- lab-list -->\n\t\n\n\n<section id=\"thumbwrapper24\" class=\"gallery-video-content\"\n         data-gallery-video-perpage=\"5\" data-gallery-video-id=\"24\">\n\n    <input type=\"hidden\" class=\"pagenum\" value=\"1\"\/>\n    <ul id=\"origincode_videogallery\" class=\"origincode_videogallery view-thumbnails\">\n        <li id=\"fullPreview\"><\/li>\n        <input type=\"hidden\" id=\"total\" value=\"1\"\/>\n                    <li class=\"origincode_big_li\" data-id=\"201\">\n                                    <a class=\"vvimeo origincode_videogallery_item group24\"\n                       href=\"\/\/player.vimeo.com\/video\/669861960?h=706a9ca4c1&amp;badge=0&amp;autopause=0&amp;player_id=0&amp;app_id=58479\"\n                       title=\"Amaia Leizaran\"\n                       data-description=\"\"\n                       data-id=\"201\"><\/a>\n                    <img decoding=\"async\" src=\"https:\/\/atalak.dantzaz.eus\/wp-content\/uploads\/2022\/01\/atalak_amaia_elizaran_video-01.jpg\"\n                         alt=\"Amaia Leizaran\"\/>\n                                    <div class=\"overLayer\"><\/div>\n                <div class=\"infoLayer\">\n                    <ul>\n                        <li>\n                            <h2>\n                                Amaia Leizaran                            <\/h2>\n                        <\/li>\n                        <li>\n                            <p>\n                                Watch Video                            <\/p>\n                        <\/li>\n                    <\/ul>\n                <\/div>\n            <\/li>\n                    <li class=\"origincode_big_li\" data-id=\"197\">\n                                    <a class=\"vvimeo origincode_videogallery_item group24\"\n                       href=\"\/\/player.vimeo.com\/video\/640426974\"\n                       title=\"Itsaso Cano\"\n                       data-description=\"\"\n                       data-id=\"197\"><\/a>\n                    <img decoding=\"async\" src=\"https:\/\/i.vimeocdn.com\/video\/1288033075-ebd65963c05133ac23e80fa980aee45c86774e5e16552bcbe_640?region=us\"\n                         alt=\"Itsaso Cano\"\/>\n                                    <div class=\"overLayer\"><\/div>\n                <div class=\"infoLayer\">\n                    <ul>\n                        <li>\n                            <h2>\n                                Itsaso Cano                            <\/h2>\n                        <\/li>\n                        <li>\n                            <p>\n                                Watch Video                            <\/p>\n                        <\/li>\n                    <\/ul>\n                <\/div>\n            <\/li>\n                    <li class=\"origincode_big_li\" data-id=\"196\">\n                                    <a class=\"vvimeo origincode_videogallery_item group24\"\n                       href=\"\/\/player.vimeo.com\/video\/575290815\"\n                       title=\"EVA GUERRERO\"\n                       data-description=\"\"\n                       data-id=\"196\"><\/a>\n                    <img decoding=\"async\" src=\"https:\/\/i.vimeocdn.com\/video\/1189763426-3604c5de7a12023ae21dbbbaa1ea6cdc7c6423c177bbf25c663c5da8fcc25666-d_640?region=us\"\n                         alt=\"EVA GUERRERO\"\/>\n                                    <div class=\"overLayer\"><\/div>\n                <div class=\"infoLayer\">\n                    <ul>\n                        <li>\n                            <h2>\n                                EVA GUERRERO                            <\/h2>\n                        <\/li>\n                        <li>\n                            <p>\n                                Watch Video                            <\/p>\n                        <\/li>\n                    <\/ul>\n                <\/div>\n            <\/li>\n        \n    <\/ul>\n    <\/section>\n<style>\nsection #origincode_videogallery a{\n\tborder:none;\n}\nsection #origincode_videogallery {\n\tpadding: 28px;\n\tdisplay: block;\n\tmin-height: 100%;\n\ttext-align: center;\n\tmargin-bottom: 30px;\n  background-color: #333333; box-shadow: 0 0 10px;}\n\n\n#origincode_videogallery .origincode_big_li {\n\twidth: 100%;\n\tmax-width: 240px;\n\toverflow:hidden;\n\theight: 150px;\n\tmargin: 1px !important;\n\tpadding:0 !important;\n\tborder: 1px solid #444444;\n\tborder-radius: 5px;\n}\n\nsection #origincode_videogallery li .infoLayer ul li {\n\tmax-height:80px;\n\toverflow:hidden;\n}\n\nsection #origincode_videogallery li .overLayer ul li h2,\nsection #origincode_videogallery li .infoLayer ul li h2 {\n\tfont-size: 16px;\n\tcolor: #FFFFFF;\n\tmargin:0 !important;\n}\n\nsection #origincode_videogallery li .infoLayer ul li p {\n\tcolor: #FFFFFF;\n\tmargin:0 !important;\n}\n\nsection #origincode_videogallery li .overLayer,\nsection #origincode_videogallery li .infoLayer {\n\t-webkit-transition: opacity 0.3s linear;\n\t-moz-transition: opacity 0.3s linear;\n\t-ms-transition: opacity 0.3s linear;\n\t-o-transition: opacity 0.3s linear;\n\ttransition: opacity 0.3s linear;\n\twidth: 100%;\n\tmax-width: 240px;\n\theight: 150px;\n\tposition: absolute;\n\ttext-align: center;\n\topacity: 0;\n\ttop: 0;\n\tleft: 0;\n\tz-index: 4;\n\tborder-radius: 5px;\n}\n\n\n\nsection #origincode_videogallery li a {\n\tposition: absolute;\n\tdisplay: block;\n\twidth: 100%;\n\tmax-width: 240px;\n\theight: 150px;\n\ttop: 0;\n\tleft: 0;\n\tz-index: 6;\n\tborder-radius: 5px;\n}\n.load_more3 {\n\tmargin: 10px 0;\n\tposition:relative;\n\ttext-align:center;\n\twidth:100%;\n}\n\n.load_more_button3 {\n\tborder-radius: 10px;\n\tdisplay:inline-block;\n\tpadding:5px 15px;\n\tfont-size:19px !important;;\n\tcolor:#CCCCCC !important;;\n\tbackground:#333333 !important;\n\tcursor:pointer;\n\n}\n.load_more_button3:hover{\n\tcolor:#D9D9D9 !important;\n\tbackground:#8F827C !important;\n}\n.loading3 {\n\tdisplay:none;\n}\n.paginate3{\n\tfont-size:22px !important;\n\tcolor:#0A0202 !important;\n\ttext-align: center;\n}\n.paginate3 a{\n\tborder-bottom: none !important;\n\tbox-shadow: none !important;\n}\n.icon-style3{\n\tfont-size: 22px !important;\n\tcolor:#333333 !important;\n}\n.clear{\n\tclear:both;\n}\n\n#origincode_videogallery li img {\n\twidth: 100%;\n\tmax-width: 238px;\n\theight: 148px;\n\tmin-height: 100%;\n\tmargin:0 !important;\n}\n\nsection #origincode_videogallery li:hover .overLayer {\n\t-webkit-transition: opacity 0.3s linear;\n\t-moz-transition: opacity 0.3s linear;\n\t-ms-transition: opacity 0.3s linear;\n\t-o-transition: opacity 0.3s linear;\n\ttransition: opacity 0.3s linear;\n\topacity: 0.801;\n\tdisplay: block;\n\tbackground: #CCCCCC;\n}\nsection #origincode_videogallery li:hover .infoLayer {\n\t-webkit-transition: opacity 0.3s linear;\n\t-moz-transition: opacity 0.3s linear;\n\tms-transition: opacity 0.3s linear;\n\t-o-transition: opacity 0.3s linear;\n\ttransition: opacity 0.3s linear;\n\topacity: 1;\n\tdisplay: block;\n}\nsection #origincode_videogallery p {text-align:center;}\n<\/style><\/p>\n<\/div><div class=\"fusion-clearfix\"><\/div><\/div><\/div><\/div><\/div><\/p>\n","protected":false},"excerpt":{"rendered":"","protected":false},"author":1,"featured_media":0,"parent":0,"menu_order":0,"comment_status":"closed","ping_status":"closed","template":"100-width.php","meta":{"footnotes":""},"class_list":["post-1253","page","type-page","status-publish","hentry"],"acf":[],"_links":{"self":[{"href":"https:\/\/atalak.dantzaz.eus\/fr\/wp-json\/wp\/v2\/pages\/1253","targetHints":{"allow":["GET"]}}],"collection":[{"href":"https:\/\/atalak.dantzaz.eus\/fr\/wp-json\/wp\/v2\/pages"}],"about":[{"href":"https:\/\/atalak.dantzaz.eus\/fr\/wp-json\/wp\/v2\/types\/page"}],"author":[{"embeddable":true,"href":"https:\/\/atalak.dantzaz.eus\/fr\/wp-json\/wp\/v2\/users\/1"}],"replies":[{"embeddable":true,"href":"https:\/\/atalak.dantzaz.eus\/fr\/wp-json\/wp\/v2\/comments?post=1253"}],"version-history":[{"count":6,"href":"https:\/\/atalak.dantzaz.eus\/fr\/wp-json\/wp\/v2\/pages\/1253\/revisions"}],"predecessor-version":[{"id":1380,"href":"https:\/\/atalak.dantzaz.eus\/fr\/wp-json\/wp\/v2\/pages\/1253\/revisions\/1380"}],"wp:attachment":[{"href":"https:\/\/atalak.dantzaz.eus\/fr\/wp-json\/wp\/v2\/media?parent=1253"}],"curies":[{"name":"wp","href":"https:\/\/api.w.org\/{rel}","templated":true}]}}