{"id":1357,"date":"2021-11-12T23:22:01","date_gmt":"2021-11-12T21:22:01","guid":{"rendered":"https:\/\/atalak.dantzaz.eus\/producciones-2020\/"},"modified":"2022-01-19T10:56:22","modified_gmt":"2022-01-19T08:56:22","slug":"productions-2020","status":"publish","type":"page","link":"https:\/\/atalak.dantzaz.eus\/fr\/productions-2020\/","title":{"rendered":"Productions 2020"},"content":{"rendered":"<p><div class=\"fusion-fullwidth fullwidth-box fusion-builder-row-1 hundred-percent-fullwidth non-hundred-percent-height-scrolling\" style=\"background-color: rgba(255,255,255,0);background-position: center center;background-repeat: no-repeat;padding-top:0px;padding-right:0px;padding-bottom:0px;padding-left:0px;margin-bottom: 0px;margin-top: 0px;border-width: 0px 0px 0px 0px;border-color:#eae9e9;border-style:solid;\" ><div class=\"fusion-builder-row fusion-row\"><div class=\"fusion-layout-column fusion_builder_column fusion-builder-column-0 fusion_builder_column_1_1 1_1 fusion-one-full fusion-column-first fusion-column-last\" style=\"margin-top:0px;margin-bottom:20px;\"><div class=\"fusion-column-wrapper fusion-flex-column-wrapper-legacy\" style=\"background-position:left top;background-repeat:no-repeat;-webkit-background-size:cover;-moz-background-size:cover;-o-background-size:cover;background-size:cover;padding: 0px 0px 0px 0px;\"><span class=\" fusion-imageframe imageframe-none imageframe-1 hover-type-none ancho\"><img decoding=\"async\" width=\"1709\" height=\"699\" title=\"OLYMPUS DIGITAL CAMERA\" src=\"https:\/\/atalak.dantzaz.eus\/wp-content\/uploads\/2021\/11\/atalak-produccion-portada.jpg\" class=\"img-responsive wp-image-1199\" srcset=\"https:\/\/atalak.dantzaz.eus\/wp-content\/uploads\/2021\/11\/atalak-produccion-portada-200x82.jpg 200w, https:\/\/atalak.dantzaz.eus\/wp-content\/uploads\/2021\/11\/atalak-produccion-portada-400x164.jpg 400w, https:\/\/atalak.dantzaz.eus\/wp-content\/uploads\/2021\/11\/atalak-produccion-portada-600x245.jpg 600w, https:\/\/atalak.dantzaz.eus\/wp-content\/uploads\/2021\/11\/atalak-produccion-portada-800x327.jpg 800w, https:\/\/atalak.dantzaz.eus\/wp-content\/uploads\/2021\/11\/atalak-produccion-portada-1200x491.jpg 1200w, https:\/\/atalak.dantzaz.eus\/wp-content\/uploads\/2021\/11\/atalak-produccion-portada.jpg 1709w\" sizes=\"(max-width: 1024px) 100vw, 1709px\" \/><\/span><div class=\"fusion-clearfix\"><\/div><\/div><\/div><\/div><\/div><div class=\"fusion-fullwidth fullwidth-box fusion-builder-row-2 nonhundred-percent-fullwidth non-hundred-percent-height-scrolling\" style=\"background-color: rgba(255,255,255,0);background-position: center center;background-repeat: no-repeat;padding-top:35px;padding-right:0px;padding-bottom:0px;padding-left:0px;margin-bottom: 0px;margin-top: 0px;border-width: 0px 0px 0px 0px;border-color:#eae9e9;border-style:solid;\" ><div class=\"fusion-builder-row fusion-row\"><div class=\"fusion-layout-column fusion_builder_column fusion-builder-column-1 fusion_builder_column_1_1 1_1 fusion-one-full fusion-column-first fusion-column-last\" style=\"margin-top:0px;margin-bottom:20px;\"><div class=\"fusion-column-wrapper fusion-flex-column-wrapper-legacy\" style=\"background-position:left top;background-repeat:no-repeat;-webkit-background-size:cover;-moz-background-size:cover;-o-background-size:cover;background-size:cover;padding: 0px 0px 0px 0px;\"><style type=\"text\/css\"><\/style><div class=\"fusion-title title fusion-title-1 fusion-sep-none fusion-title-center fusion-title-text fusion-title-size-one tituloh1 debajo\" style=\"font-size:48px;margin-top:0px;margin-right:0px;margin-bottom:31px;margin-left:0px;\"><h1 class=\"title-heading-center\" style=\"margin:0;font-size:1em;color:#000000;line-height:1;\">Produire pour tourner et rencontrer le monde<\/h1><\/div><div class=\"fusion-text fusion-text-1 texto-grande\"><p>Le R\u00e9seau Atalak se concentre sur la cr\u00e9ation chor\u00e9graphique, dans laquelle les chor\u00e9graphes s\u00e9lectionn\u00e9s trouvent un espace pour exp\u00e9rimenter, rechercher et rencontrer de nouveaux d\u00e9fis.<\/p>\n<p>Les productions d&rsquo;Atalak auront \u00e9galement un accompagnement, cette fois en collaboration avec Azala (Idoia Zabaleta et Dantzaz) avec l&rsquo;exp\u00e9rience de cette artiste et professionnel de la danse en ce qui concerne l&rsquo;analyse et la r\u00e9flexion de la pratique chor\u00e9graphique.<\/p>\n<p>La s\u00e9lection et le suivi des artistes accueillis dans la r\u00e9sidence de production sont g\u00e9r\u00e9s par l&rsquo;\u00e9quipe Atalak, qui suit continuellement la r\u00e9alit\u00e9 chor\u00e9graphique sur le territoire. Une fois r\u00e9alis\u00e9e une premi\u00e8re s\u00e9lection, en accord avec des entit\u00e9s du R\u00e9seau Atalak, toujours en tenant compte des param\u00e8tres suivants : trajectoire de l&rsquo;artiste, productions ant\u00e9rieures, contact avec le R\u00e9seau Atalak et affinit\u00e9 pour la cr\u00e9ation de groupe.<\/p>\n<\/div><div class=\"fusion-clearfix\"><\/div><\/div><\/div><\/div><\/div><div class=\"fusion-fullwidth fullwidth-box fusion-builder-row-3 nonhundred-percent-fullwidth non-hundred-percent-height-scrolling\" style=\"background-color: rgba(255,255,255,0);background-position: center center;background-repeat: no-repeat;padding-top:0px;padding-right:0px;padding-bottom:0px;padding-left:0px;margin-top: 35px;border-width: 0px 0px 0px 0px;border-color:#eae9e9;border-style:solid;\" ><div class=\"fusion-builder-row fusion-row\"><div class=\"fusion-layout-column fusion_builder_column fusion-builder-column-2 fusion_builder_column_1_1 1_1 fusion-one-full fusion-column-first fusion-column-last\" style=\"margin-top:0px;margin-bottom:0px;\"><div class=\"fusion-column-wrapper fusion-flex-column-wrapper-legacy\" style=\"background-position:left top;background-repeat:no-repeat;-webkit-background-size:cover;-moz-background-size:cover;-o-background-size:cover;background-size:cover;padding: 0px 0px 0px 0px;\"><style type=\"text\/css\"><\/style><div class=\"fusion-title title fusion-title-2 fusion-sep-none fusion-title-center fusion-title-text fusion-title-size-two tituloh2\" style=\"margin-top:0px;margin-right:0px;margin-bottom:31px;margin-left:0px;\"><h2 class=\"title-heading-center\" style=\"margin:0;\">Production 2020<\/h2><\/div><div class=\"fusion-text fusion-text-2\">\n<div class=\"lab-list\">\n\n    <div class=\"lab-full clearfix\" id=\"carmen-larraz\">         \n        <div class=\"lab-image\"> \n         \t<img decoding=\"async\" width=\"300\" height=\"298\" src=\"https:\/\/atalak.dantzaz.eus\/wp-content\/uploads\/2020\/03\/atalak-carmen-larraz-300x298.jpeg\" class=\"attachment-medium size-medium wp-post-image\" alt=\"Atalak-Carmen_Larraz\" srcset=\"https:\/\/atalak.dantzaz.eus\/wp-content\/uploads\/2020\/03\/atalak-carmen-larraz-66x66.jpeg 66w, https:\/\/atalak.dantzaz.eus\/wp-content\/uploads\/2020\/03\/atalak-carmen-larraz-150x150.jpeg 150w, https:\/\/atalak.dantzaz.eus\/wp-content\/uploads\/2020\/03\/atalak-carmen-larraz-200x199.jpeg 200w, https:\/\/atalak.dantzaz.eus\/wp-content\/uploads\/2020\/03\/atalak-carmen-larraz-300x298.jpeg 300w, https:\/\/atalak.dantzaz.eus\/wp-content\/uploads\/2020\/03\/atalak-carmen-larraz-400x397.jpeg 400w, https:\/\/atalak.dantzaz.eus\/wp-content\/uploads\/2020\/03\/atalak-carmen-larraz.jpeg 430w\" sizes=\"(max-width: 300px) 100vw, 300px\" \/>       \n\t\t\t\n                 <\/div> \n\n      \n\n        <div class=\"lab-content\">\n         <div class=\"lab-intro\">\n           <h3 class=\"persona\">Carmen Larraz<\/h3>\n           <span class=\"tipo\">R\u00c9SIDENCE DE PRODUCTION<\/span>\n           <span class=\"periodo\">11-29\/01\/21 et 01-04\/21<\/span>\n           <span class=\"separacion\"><\/span>\n        <\/div>\n\n            \n              <span class=\"residencia\"><strong>R\u00e9sidence accueil<\/strong><br>\n              <p>Gipuzkoako Dantzagunea<\/p>\n<\/span>\n           \n           \n                     \n\n           <div class=\"contenido\"><p><strong>NIKOLA, de CARMEN LARRAZ, est la production chor\u00e9graphique qui se d\u00e9veloppe au sein du r\u00e9seau ATALAK entre septembre 2020 et f\u00e9vrier 2021<\/strong>, et qui sera pr\u00e9sent\u00e9e le 4 f\u00e9vrier \u00e0 l\u2019Auditorium Niessen de Renter\u00eda (Gipuzkoa). Depuis l\u2019Atalak qui s\u2019est tenu en novembre 2019, Carmen Larraz se tourne vers la science comme source d\u2019inspiration. Dans cette phase, elle entre en contact avec Bertha Bermudez, avec laquelle elle se plonge dans le domaine de la cr\u00e9ation.<br \/>\nL\u2019\u00e9lectromagn\u00e9tisme est le fil conducteur qui ouvre une ligne de recherche au sein de sa carri\u00e8re.<\/p>\n<p>\u201cJe m\u2019int\u00e9resse \u00e0 la mani\u00e8re d\u2019exprimer par l\u2019art les concepts que la science a d\u00e9velopp\u00e9s, qui sont en eux-m\u00eames tr\u00e8s beaux et qui enrichissent notre vision de la vie\u201d. (Carmen Larraz, f\u00e9vrier 2020).<\/p>\n<p>Dans ce processus, Carmen, avec la troupe de Dantzaz et assist\u00e9e de Mart\u00edn Los Arcos, membre du Dinamo Danza, se focalisera sur la figure de Nikola Tesla, l\u2019artiste scientifique, souvent appel\u00e9 le magicien de la lumi\u00e8re. En plus d\u2019\u00eatre un brillant scientifique, Nikola Tesla \u00e9tait une figure charismatique et altruiste, qui nous a laiss\u00e9 une s\u00e9rie d\u2019images aussi brillantes que po\u00e9tiques. NIKOLA adopte ces images et ces id\u00e9es de l\u2019\u00e9lectromagn\u00e9tisme, ce qui donne lieu \u00e0 des compositions chor\u00e9graphiques avec lesquelles on peut faire diff\u00e9rentes lectures des relations humaines. Pour cela, la collaboration avec les danseurs du Centre de D\u00e9veloppement de la Danse Dantzaz est d\u2019une grande importance puisque leurs exp\u00e9riences et leur carri\u00e8re artistique viendront soutenir le processus avec une contribution plus personnelle.<\/p>\n<p>La R\u00e9sidence de production chor\u00e9graphique du r\u00e9seau ATALAK a fourni \u00e0 Carmen Larraz, en plus de la distribution de Dantzaz, Adriana Pous et Idoia Zabaleta pour<br \/>\nl\u2019accompagnement et les conseils chor\u00e9graphiques, le compositeur Hilario Rodeiro, Saioa Matxain comme costumi\u00e8re et Alberto Arizaga et Asier G\u00f3mez (Eragin Stac) comme \u00e9clairagistes.<\/p>\n<\/div>\n\n             \n              <div class=\"bio\"><span>BIO<\/span>\n              <p><strong>Carmen Larraz<\/strong> a \u00e9t\u00e9 form\u00e9e \u00e0 PARTS, dans le Xgroup. Par la suite, elle a dans\u00e9 dans diff\u00e9rentes compagnies: Frey faust, Deja Donne, Rital Brocante, FR-Knap Iztok Kovac, Salva Sanchis. Elle a \u00e9galement dans\u00e9 pour David Zambrano dans \u201cThe Rabbit Project\u201d, pour Bertha Bermudez dans \u201cStolen Beauty\u201d, et pour Marta Coronado dans \u201cThe Silence of the Flowers\u201d.<\/p>\n<p>En 2013, elle a cr\u00e9\u00e9 la compagnie D\u00ednamo Danza \u00e0 Pampelune avec laquelle elle a cr\u00e9\u00e9 divers spectacles et effectu\u00e9 une tourn\u00e9e internationale. En 2016, elle re\u00e7oit le deuxi\u00e8me prix lors du concours de danse solo de Gdansk, avec son solo \u201cDynamo\u201d. Son duo \u201cLuces y Sombras\u201d a remport\u00e9 un prix au concours de chor\u00e9graphie de Madrid. Elle re\u00e7oit le prix de la cr\u00e9ation de la mairie de Pampelune en 2017 pour sa proposition \u201cTransoce\u00e1nica\u201d et en 2019 pour \u201cElektrical Body\u201d.<\/p>\n<p>Elle est la cr\u00e9atrice et la directrice artistique du festival Danzad Danzad Malditos de Danza en Espacios Abiertos, un festival qui se tient sur les remparts de la vieille ville de Pampelune depuis 2016. En 2019, avec Marta Coronado et Laida Aldaz, elle cr\u00e9e et codirige le Centre chor\u00e9graphique international La Faktor\u00eda. elle enseigne g\u00e9n\u00e9ralement la danse contemporaine et l\u2019improvisation, et continue \u00e0 apprendre les arts martiaux.<\/p>\n<\/span><\/div>\n                      \n          <\/div>\n        <\/div>\n            \n  <\/div>\n\t\n\n\n<\/div><div class=\"fusion-clearfix\"><\/div><\/div><\/div><\/div><\/div><div class=\"fusion-fullwidth fullwidth-box fusion-builder-row-4 videos nonhundred-percent-fullwidth non-hundred-percent-height-scrolling\" style=\"background-color: rgba(255,255,255,0);background-position: center center;background-repeat: no-repeat;padding-top:15px;padding-right:0px;padding-bottom:35px;padding-left:0px;margin-bottom: 0px;border-width: 0px 0px 0px 0px;border-color:#eae9e9;border-style:solid;\" ><div class=\"fusion-builder-row fusion-row\"><div class=\"fusion-layout-column fusion_builder_column fusion-builder-column-3 fusion_builder_column_1_1 1_1 fusion-one-full fusion-column-first fusion-column-last\" style=\"margin-top:0px;margin-bottom:20px;\"><div class=\"fusion-column-wrapper fusion-flex-column-wrapper-legacy\" style=\"background-position:left top;background-repeat:no-repeat;-webkit-background-size:cover;-moz-background-size:cover;-o-background-size:cover;background-size:cover;padding: 0px 0px 0px 0px;\"><style type=\"text\/css\"><\/style><div class=\"fusion-title title fusion-title-3 fusion-sep-none fusion-title-center fusion-title-text fusion-title-size-three tituloh3\" style=\"margin-top:0px;margin-right:0px;margin-bottom:31px;margin-left:0px;\"><h3 class=\"title-heading-center\" style=\"margin:0;\">R\u00c9SIDENCE PRODUCTION 2020: Carmen Larraz<\/h3><\/div><div class=\"fusion-text fusion-text-3 galeria-video-prod\"><section id=\"thumbwrapper4\" class=\"gallery-video-content\"\n         data-gallery-video-perpage=\"5\" data-gallery-video-id=\"4\">\n\n    <input type=\"hidden\" class=\"pagenum\" value=\"1\"\/>\n    <ul id=\"origincode_videogallery\" class=\"origincode_videogallery view-thumbnails\">\n        <li id=\"fullPreview\"><\/li>\n        <input type=\"hidden\" id=\"total\" value=\"1\"\/>\n                    <li class=\"origincode_big_li\" data-id=\"86\">\n                                    <a class=\"vvimeo origincode_videogallery_item group4\"\n                       href=\"\/\/player.vimeo.com\/video\/517787881\"\n                       title=\"NIKOLA\"\n                       data-description=\"\"\n                       data-id=\"86\"><\/a>\n                    <img decoding=\"async\" src=\"https:\/\/i.vimeocdn.com\/video\/1082689118-24b3d2b8b75c2adb99080a0569ccb439b84a5daeded97910fc446fd675344bbb-d_640?region=us\"\n                         alt=\"NIKOLA\"\/>\n                                    <div class=\"overLayer\"><\/div>\n                <div class=\"infoLayer\">\n                    <ul>\n                        <li>\n                            <h2>\n                                NIKOLA                            <\/h2>\n                        <\/li>\n                        <li>\n                            <p>\n                                Watch Video                            <\/p>\n                        <\/li>\n                    <\/ul>\n                <\/div>\n            <\/li>\n                    <li class=\"origincode_big_li\" data-id=\"42\">\n                                    <a class=\"vvimeo origincode_videogallery_item group4\"\n                       href=\"\/\/player.vimeo.com\/video\/385975977\"\n                       title=\"WALLS\"\n                       data-description=\"\"\n                       data-id=\"42\"><\/a>\n                    <img decoding=\"async\" src=\"https:\/\/i.vimeocdn.com\/video\/848342899-ee1dc155fef5688bcd4bc20ac9e6ce29d34acea6bd8a0970f83ac1ce2a3a9481-d_640?region=us\"\n                         alt=\"WALLS\"\/>\n                                    <div class=\"overLayer\"><\/div>\n                <div class=\"infoLayer\">\n                    <ul>\n                        <li>\n                            <h2>\n                                WALLS                            <\/h2>\n                        <\/li>\n                        <li>\n                            <p>\n                                Watch Video                            <\/p>\n                        <\/li>\n                    <\/ul>\n                <\/div>\n            <\/li>\n        \n    <\/ul>\n    <\/section>\n<style>\nsection #origincode_videogallery a{\n\tborder:none;\n}\nsection #origincode_videogallery {\n\tpadding: 28px;\n\tdisplay: block;\n\tmin-height: 100%;\n\ttext-align: center;\n\tmargin-bottom: 30px;\n  background-color: #333333; box-shadow: 0 0 10px;}\n\n\n#origincode_videogallery .origincode_big_li {\n\twidth: 100%;\n\tmax-width: 240px;\n\toverflow:hidden;\n\theight: 150px;\n\tmargin: 1px !important;\n\tpadding:0 !important;\n\tborder: 1px solid #444444;\n\tborder-radius: 5px;\n}\n\nsection #origincode_videogallery li .infoLayer ul li {\n\tmax-height:80px;\n\toverflow:hidden;\n}\n\nsection #origincode_videogallery li .overLayer ul li h2,\nsection #origincode_videogallery li .infoLayer ul li h2 {\n\tfont-size: 16px;\n\tcolor: #FFFFFF;\n\tmargin:0 !important;\n}\n\nsection #origincode_videogallery li .infoLayer ul li p {\n\tcolor: #FFFFFF;\n\tmargin:0 !important;\n}\n\nsection #origincode_videogallery li .overLayer,\nsection #origincode_videogallery li .infoLayer {\n\t-webkit-transition: opacity 0.3s linear;\n\t-moz-transition: opacity 0.3s linear;\n\t-ms-transition: opacity 0.3s linear;\n\t-o-transition: opacity 0.3s linear;\n\ttransition: opacity 0.3s linear;\n\twidth: 100%;\n\tmax-width: 240px;\n\theight: 150px;\n\tposition: absolute;\n\ttext-align: center;\n\topacity: 0;\n\ttop: 0;\n\tleft: 0;\n\tz-index: 4;\n\tborder-radius: 5px;\n}\n\n\n\nsection #origincode_videogallery li a {\n\tposition: absolute;\n\tdisplay: block;\n\twidth: 100%;\n\tmax-width: 240px;\n\theight: 150px;\n\ttop: 0;\n\tleft: 0;\n\tz-index: 6;\n\tborder-radius: 5px;\n}\n.load_more3 {\n\tmargin: 10px 0;\n\tposition:relative;\n\ttext-align:center;\n\twidth:100%;\n}\n\n.load_more_button3 {\n\tborder-radius: 10px;\n\tdisplay:inline-block;\n\tpadding:5px 15px;\n\tfont-size:19px !important;;\n\tcolor:#CCCCCC !important;;\n\tbackground:#333333 !important;\n\tcursor:pointer;\n\n}\n.load_more_button3:hover{\n\tcolor:#D9D9D9 !important;\n\tbackground:#8F827C !important;\n}\n.loading3 {\n\tdisplay:none;\n}\n.paginate3{\n\tfont-size:22px !important;\n\tcolor:#0A0202 !important;\n\ttext-align: center;\n}\n.paginate3 a{\n\tborder-bottom: none !important;\n\tbox-shadow: none !important;\n}\n.icon-style3{\n\tfont-size: 22px !important;\n\tcolor:#333333 !important;\n}\n.clear{\n\tclear:both;\n}\n\n#origincode_videogallery li img {\n\twidth: 100%;\n\tmax-width: 238px;\n\theight: 148px;\n\tmin-height: 100%;\n\tmargin:0 !important;\n}\n\nsection #origincode_videogallery li:hover .overLayer {\n\t-webkit-transition: opacity 0.3s linear;\n\t-moz-transition: opacity 0.3s linear;\n\t-ms-transition: opacity 0.3s linear;\n\t-o-transition: opacity 0.3s linear;\n\ttransition: opacity 0.3s linear;\n\topacity: 0.801;\n\tdisplay: block;\n\tbackground: #CCCCCC;\n}\nsection #origincode_videogallery li:hover .infoLayer {\n\t-webkit-transition: opacity 0.3s linear;\n\t-moz-transition: opacity 0.3s linear;\n\tms-transition: opacity 0.3s linear;\n\t-o-transition: opacity 0.3s linear;\n\ttransition: opacity 0.3s linear;\n\topacity: 1;\n\tdisplay: block;\n}\nsection #origincode_videogallery p {text-align:center;}\n<\/style>\n<\/div><div class=\"fusion-video fusion-vimeo fusion-aligncenter video-vimeo\" style=\"max-width:920px;max-height:575px; width:100%\"><div class=\"video-shortcode\"><iframe title=\"Vimeo video player 1\" src=\"https:\/\/player.vimeo.com\/video\/517787881?autoplay=0&amp;title=0&amp;byline=0&amp;portrait=0&amp;rel=0&amp;color=ffffff&autopause=0\" width=\"920\" height=\"575\" allowfullscreen allow=\"autoplay; fullscreen\"><\/iframe><\/div><\/div><div class=\"fusion-clearfix\"><\/div><\/div><\/div><\/div><\/div><\/p>\n","protected":false},"excerpt":{"rendered":"","protected":false},"author":1,"featured_media":0,"parent":0,"menu_order":0,"comment_status":"closed","ping_status":"closed","template":"100-width.php","meta":{"footnotes":""},"class_list":["post-1357","page","type-page","status-publish","hentry"],"acf":[],"_links":{"self":[{"href":"https:\/\/atalak.dantzaz.eus\/fr\/wp-json\/wp\/v2\/pages\/1357","targetHints":{"allow":["GET"]}}],"collection":[{"href":"https:\/\/atalak.dantzaz.eus\/fr\/wp-json\/wp\/v2\/pages"}],"about":[{"href":"https:\/\/atalak.dantzaz.eus\/fr\/wp-json\/wp\/v2\/types\/page"}],"author":[{"embeddable":true,"href":"https:\/\/atalak.dantzaz.eus\/fr\/wp-json\/wp\/v2\/users\/1"}],"replies":[{"embeddable":true,"href":"https:\/\/atalak.dantzaz.eus\/fr\/wp-json\/wp\/v2\/comments?post=1357"}],"version-history":[{"count":4,"href":"https:\/\/atalak.dantzaz.eus\/fr\/wp-json\/wp\/v2\/pages\/1357\/revisions"}],"predecessor-version":[{"id":1390,"href":"https:\/\/atalak.dantzaz.eus\/fr\/wp-json\/wp\/v2\/pages\/1357\/revisions\/1390"}],"wp:attachment":[{"href":"https:\/\/atalak.dantzaz.eus\/fr\/wp-json\/wp\/v2\/media?parent=1357"}],"curies":[{"name":"wp","href":"https:\/\/api.w.org\/{rel}","templated":true}]}}