{"id":1965,"date":"2023-02-22T18:43:45","date_gmt":"2023-02-22T16:43:45","guid":{"rendered":"https:\/\/atalak.dantzaz.eus\/laboratorios-2023\/"},"modified":"2023-02-22T19:17:53","modified_gmt":"2023-02-22T17:17:53","slug":"laboratoires-2023","status":"publish","type":"page","link":"https:\/\/atalak.dantzaz.eus\/fr\/laboratoires-2023\/","title":{"rendered":"Laboratoires 2023"},"content":{"rendered":"<p><div class=\"fusion-fullwidth fullwidth-box fusion-builder-row-1 hundred-percent-fullwidth non-hundred-percent-height-scrolling\" style=\"background-color: rgba(255,255,255,0);background-position: center center;background-repeat: no-repeat;padding-top:0px;padding-right:0px;padding-bottom:0px;padding-left:0px;margin-bottom: 0px;margin-top: 0px;border-width: 0px 0px 0px 0px;border-color:#eae9e9;border-style:solid;\" ><div class=\"fusion-builder-row fusion-row\"><div class=\"fusion-layout-column fusion_builder_column fusion-builder-column-0 fusion_builder_column_1_1 1_1 fusion-one-full fusion-column-first fusion-column-last\" style=\"margin-top:0px;margin-bottom:20px;\"><div class=\"fusion-column-wrapper fusion-flex-column-wrapper-legacy\" style=\"background-position:left top;background-repeat:no-repeat;-webkit-background-size:cover;-moz-background-size:cover;-o-background-size:cover;background-size:cover;padding: 0px 0px 0px 0px;\"><span class=\" fusion-imageframe imageframe-none imageframe-1 hover-type-none\"><img decoding=\"async\" width=\"2000\" height=\"843\" alt=\"Laboratorio experimentacion\" title=\"Laboratorio experimentacion\" src=\"https:\/\/atalak.dantzaz.eus\/wp-content\/uploads\/2020\/03\/fondo-lab.jpg\" class=\"img-responsive wp-image-429\" srcset=\"https:\/\/atalak.dantzaz.eus\/wp-content\/uploads\/2020\/03\/fondo-lab-200x84.jpg 200w, https:\/\/atalak.dantzaz.eus\/wp-content\/uploads\/2020\/03\/fondo-lab-400x169.jpg 400w, https:\/\/atalak.dantzaz.eus\/wp-content\/uploads\/2020\/03\/fondo-lab-600x253.jpg 600w, https:\/\/atalak.dantzaz.eus\/wp-content\/uploads\/2020\/03\/fondo-lab-800x337.jpg 800w, https:\/\/atalak.dantzaz.eus\/wp-content\/uploads\/2020\/03\/fondo-lab-1200x506.jpg 1200w, https:\/\/atalak.dantzaz.eus\/wp-content\/uploads\/2020\/03\/fondo-lab.jpg 2000w\" sizes=\"(max-width: 1024px) 100vw, 2000px\" \/><\/span><div class=\"fusion-clearfix\"><\/div><\/div><\/div><\/div><\/div><div class=\"fusion-fullwidth fullwidth-box fusion-builder-row-2 nonhundred-percent-fullwidth non-hundred-percent-height-scrolling\" style=\"background-color: rgba(255,255,255,0);background-position: center center;background-repeat: no-repeat;padding-top:35px;padding-right:0px;padding-bottom:0px;padding-left:0px;margin-bottom: 0px;margin-top: 0px;border-width: 0px 0px 0px 0px;border-color:#eae9e9;border-style:solid;\" ><div class=\"fusion-builder-row fusion-row\"><div class=\"fusion-layout-column fusion_builder_column fusion-builder-column-1 fusion_builder_column_1_1 1_1 fusion-one-full fusion-column-first fusion-column-last\" style=\"margin-top:0px;margin-bottom:20px;\"><div class=\"fusion-column-wrapper fusion-flex-column-wrapper-legacy\" style=\"background-position:left top;background-repeat:no-repeat;-webkit-background-size:cover;-moz-background-size:cover;-o-background-size:cover;background-size:cover;padding: 0px 0px 0px 0px;\"><style type=\"text\/css\"><\/style><div class=\"fusion-title title fusion-title-1 fusion-sep-none fusion-title-center fusion-title-text fusion-title-size-one tituloh1 debajo\" style=\"font-size:48px;margin-top:0px;margin-right:0px;margin-bottom:31px;margin-left:0px;\"><h1 class=\"title-heading-center\" style=\"margin:0;font-size:1em;color:#000000;line-height:1;\">Transmission, recherche et exp\u00e9rimentation<\/h1><\/div><div class=\"fusion-text fusion-text-1 texto-grande\"><p>Les laboratoires ATALAK sont cet espace o\u00f9 les artistes peuvent essayer des choses, o\u00f9 ils peuvent faire des erreurs et enqu\u00eater. La seule condition ou restriction qui limite leur format est que la recherche doit s\u2019adresser \u00e0 un groupe de 8 \u00e0 12 interpr\u00e8tes chor\u00e9graphiques.<\/p>\n<p>En 2023, le r\u00e9seau propose trois lignes de laboratoires : lab.transmission, lab.recherche et lab.exp\u00e9rimentation.<\/p>\n<\/div><div class=\"fusion-clearfix\"><\/div><\/div><\/div><\/div><\/div><div class=\"fusion-fullwidth fullwidth-box fusion-builder-row-3 videos nonhundred-percent-fullwidth non-hundred-percent-height-scrolling\" style=\"background-color: rgba(255,255,255,0);background-position: center center;background-repeat: no-repeat;padding-top:0px;padding-right:0px;padding-bottom:45px;padding-left:0px;margin-top: 35px;border-width: 0px 0px 0px 0px;border-color:#eae9e9;border-style:solid;\" ><div class=\"fusion-builder-row fusion-row\"><div class=\"fusion-layout-column fusion_builder_column fusion-builder-column-2 fusion_builder_column_1_1 1_1 fusion-one-full fusion-column-first fusion-column-last\" style=\"margin-top:0px;margin-bottom:0px;\"><div class=\"fusion-column-wrapper fusion-flex-column-wrapper-legacy\" style=\"background-position:left top;background-repeat:no-repeat;-webkit-background-size:cover;-moz-background-size:cover;-o-background-size:cover;background-size:cover;padding: 0px 0px 0px 0px;\"><style type=\"text\/css\"><\/style><div class=\"fusion-title title fusion-title-2 fusion-sep-none fusion-title-center fusion-title-text fusion-title-size-two tituloh2\" style=\"margin-top:0px;margin-right:0px;margin-bottom:31px;margin-left:0px;\"><h2 class=\"title-heading-center\" style=\"margin:0;\">Laboratoires 2023<\/h2><\/div><div class=\"fusion-text fusion-text-2\">\n<div class=\"lab-list\">\n\n    <div class=\"lab-full clearfix\" id=\"analemma-martxel-rodriguez-y-jon-lopez-led-silhouette\">         \n        <div class=\"lab-image\"> \n         \t<img decoding=\"async\" width=\"297\" height=\"170\" src=\"https:\/\/atalak.dantzaz.eus\/wp-content\/uploads\/2023\/02\/LedSilhouette.jpeg\" class=\"attachment-medium size-medium wp-post-image\" alt=\"\" srcset=\"https:\/\/atalak.dantzaz.eus\/wp-content\/uploads\/2023\/02\/LedSilhouette-200x114.jpeg 200w, https:\/\/atalak.dantzaz.eus\/wp-content\/uploads\/2023\/02\/LedSilhouette.jpeg 297w\" sizes=\"(max-width: 297px) 100vw, 297px\" \/>       \n\t\t\t\n                 <\/div> <!-- lab-image-->\n\n      \n\n        <div class=\"lab-content\">\n         <div class=\"lab-intro\">\n           <h3 class=\"persona\">Anal\u00ebmma, Martxel Rodriguez et Jon L\u00f3pez, Led Silhouette<\/h3>\n           <span class=\"tipo\">LABORATOIRE D'EXP\u00c9RIMENTATION<\/span>\n           <span class=\"periodo\">18-29\/09\/2023<\/span>\n           <span class=\"separacion\"><\/span>\n         <\/div>  <!-- lab-intro -->\n\n            \n              <span class=\"residencia\"><strong>R\u00e9sidence accueil<\/strong><br>\n              <p><span style=\"font-weight: 400;\">Dantzagunea, <\/span><span style=\"font-weight: 400;\">Errenteria<\/span><\/p>\n<\/span>\n           \n\n                     \n\n           <div class=\"contenido\"><p>S\u00e9lectionn\u00e9s comme artistes de l&rsquo;appel d&rsquo;ATALAK pour le laboratoire d&rsquo;exp\u00e9rimentation 2023, Led Silhouette propose un voyage pour explorer les fronti\u00e8res entre diff\u00e9rents champs disciplinaires des arts qui compl\u00e8tent aujourd&rsquo;hui notre paysage ; entre danse, peinture, performance, audiovisuel&#8230;. Avec Anal\u00ebmma, nous voulons enqu\u00eater sur ce qui existe entre les \u00e9l\u00e9ments visuels et th\u00e9\u00e2traux, la photographie, le cin\u00e9ma, l&rsquo;illustration, l&rsquo;installation, l&rsquo;art de l&rsquo;objet&#8230; tout au long du laboratoire avec les interpr\u00e8tes de Dantzaz non pas comme des \u00e9l\u00e9ments d\u00e9coratifs du processus cr\u00e9atif, mais comme une autre priorit\u00e9 du travail chor\u00e9graphique.<\/p>\n<\/div>\n\n                    \n\n           \n            \n              <span class=\"muestra\"><strong>\u00c9chantillons<\/strong><br>\n              <p><span style=\"font-weight: 400;\">27\/09\/2023, 19:30, <\/span><span style=\"font-weight: 400;\">Teatro F\u00e9lix Petite, Red de Teatros Municipales de Vitoria- Gasteiz<\/span><\/p>\n<p><a href=\"https:\/\/principalantzokia.janto.es\/espectaculo\/analemma\/23ver06\">https:\/\/principalantzokia.janto.es\/espectaculo\/analemma\/23ver06<\/a><\/p>\n<p><span style=\"font-weight: 400;\">28\/09\/2023, 19:00, <\/span>Herri Arte Eskola, Auditorio Niessen, Errenteria<\/p>\n<p><a href=\"https:\/\/kultura.errenteria.eus\/agenda\/ekitaldia\/atalak-egonaldi-irteera-analemma-led-silhouette-k6c2md\/\">https:\/\/kultura.errenteria.eus\/agenda\/ekitaldia\/atalak-egonaldi-irteera-analemma-led-silhouette-k6c2md\/<\/a><\/p>\n<p><span style=\"font-weight: 400;\">29\/09\/2023, 20:00, <\/span>Centro de Cultura Kulturgunea, Tafalla<\/p>\n<p><a href=\"https:\/\/www.festivaldna.com\/es\/agenda-3\/2023-09-29\/danza\/analemma\/490\">https:\/\/www.festivaldna.com\/es\/agenda-3\/2023-09-29\/danza\/analemma\/490<\/a><\/p>\n<p><span style=\"font-weight: 400;\">05\/10\/2023, 19:00, <\/span><span style=\"font-weight: 400;\">Gamaritz (Gare du Midi), Malandain Ballet Biarritz<\/span><\/p>\n<p><span style=\"font-weight: 400;\">06\/10\/2023, 19:30, <\/span><span style=\"font-weight: 400;\">Tabakalera, Donostia-San Sebasti\u00e1n<\/span><\/p>\n<p><a href=\"https:\/\/www.tabakalera.eus\/es\/analemma-martxel-rodriguez-y-jon-lopez-led-silhouette\/\">https:\/\/www.tabakalera.eus\/es\/analemma-martxel-rodriguez-y-jon-lopez-led-silhouette\/<\/a><\/p>\n<\/span>\n              \n          <\/div><!-- lab-content-->\n        <\/div> <!-- lab-full -->\n            <div class=\"lab-full clearfix\" id=\"imaginarios-posibles-ines-aubert\">         \n        <div class=\"lab-image\"> \n         \t<img decoding=\"async\" width=\"300\" height=\"200\" src=\"https:\/\/atalak.dantzaz.eus\/wp-content\/uploads\/2023\/03\/Ines-Aubert-300x200.jpg\" class=\"attachment-medium size-medium wp-post-image\" alt=\"\" srcset=\"https:\/\/atalak.dantzaz.eus\/wp-content\/uploads\/2023\/03\/Ines-Aubert-200x134.jpg 200w, https:\/\/atalak.dantzaz.eus\/wp-content\/uploads\/2023\/03\/Ines-Aubert-300x200.jpg 300w, https:\/\/atalak.dantzaz.eus\/wp-content\/uploads\/2023\/03\/Ines-Aubert-400x267.jpg 400w, https:\/\/atalak.dantzaz.eus\/wp-content\/uploads\/2023\/03\/Ines-Aubert-600x401.jpg 600w, https:\/\/atalak.dantzaz.eus\/wp-content\/uploads\/2023\/03\/Ines-Aubert-768x513.jpg 768w, https:\/\/atalak.dantzaz.eus\/wp-content\/uploads\/2023\/03\/Ines-Aubert-800x534.jpg 800w, https:\/\/atalak.dantzaz.eus\/wp-content\/uploads\/2023\/03\/Ines-Aubert-1024x684.jpg 1024w, https:\/\/atalak.dantzaz.eus\/wp-content\/uploads\/2023\/03\/Ines-Aubert-1200x802.jpg 1200w, https:\/\/atalak.dantzaz.eus\/wp-content\/uploads\/2023\/03\/Ines-Aubert.jpg 1280w\" sizes=\"(max-width: 300px) 100vw, 300px\" \/>       \n\t\t\t\n          \n           <div class=\"bailarines escritorio\">\n             <span>Danseurs<\/span>    \n             <span class=\"separacion\"><\/span>\n                <ul>       \n                                  \n                <li>Curiosas y curiosos interesados en la danza y el movimiento<\/li>\n\n                             <\/ul>\n            <\/div> <!-- bailarines-->\n                     <\/div> <!-- lab-image-->\n\n      \n\n        <div class=\"lab-content\">\n         <div class=\"lab-intro\">\n           <h3 class=\"persona\">Imaginaires Possibles, In\u00e9s Aubert<\/h3>\n           <span class=\"tipo\">Atelier de mouvement et de cr\u00e9ation<\/span>\n           <span class=\"periodo\">Diff\u00e9rentes dates entre le 30\/03\/2023 et le 08\/06\/2023<\/span>\n           <span class=\"separacion\"><\/span>\n         <\/div>  <!-- lab-intro -->\n\n            \n              <span class=\"residencia\"><strong>R\u00e9sidence accueil<\/strong><br>\n              <p>Centro C\u00edvico Hegoalde, Vitoria\/Gasteiz (Araba), Tabakalera, San Sebasti\u00e1n (Gipuzkoa), Casa de Cultura de San Adrian (Navarra) Centro Huarte, Huarte (Navarra)<\/p>\n<p>&nbsp;<\/p>\n<\/span>\n           \n\n              \n            <div class=\"bailarines movil\">\n             <span>Danseurs<\/span>    \n             <span class=\"separacion\"><\/span>\n                <ul>       \n                                  \n                <li>Curiosas y curiosos interesados en la danza y el movimiento<\/li>\n\n                             <\/ul>\n            <\/div> <!-- bailarines-->\n                     \n\n           <div class=\"contenido\"><p>La chor\u00e9graphe In\u00e9s Aubert, poursuit le d\u00e9veloppement de la ligne communautaire du r\u00e9seau ATALAK, en utilisant la chor\u00e9graphie comme un outil de communication et d&rsquo;autonomisation pour tous ceux qui veulent aborder la danse.<\/p>\n<p>Dans l&rsquo;atelier <em>Imaginaires Possibles<\/em>, le corps est un espace infini ouvert \u00e0 l&rsquo;imagination o\u00f9 le temps, l&rsquo;espace et le mouvement nous rempliront d&rsquo;options pour comprendre notre corps comme instrument d&rsquo;expression. Dans cet atelier, In\u00e9s Aubert propose l&rsquo;exploration du mouvement \u00e0 partir d&rsquo;exp\u00e9riences de conscience corporelle, d&rsquo;improvisation et de techniques de danse contemporaine.<\/p>\n<p>L&rsquo;id\u00e9e est de partager le plaisir du mouvement et la beaut\u00e9 de ce que nous sommes.<\/p>\n<\/div>\n\n                    \n\n           \n            \n              <span class=\"muestra\"><strong>\u00c9chantillons<\/strong><br>\n              <p>06\/05\/2023, 13:00-13:30,<br \/>\nCasa de Cultura de San Adrian (Navarra)<\/p>\n<p>27\/05\/2023, 13:00-13:30,<br \/>\nCentro Huarte , Huarte (Navarra)<\/p>\n<p>08\/06\/2023, 20:00-20:30,<br \/>\nCentro C\u00edvico Hegoalde, Vitoria\/Gasteiz (Araba)<\/p>\n<\/span>\n              \n          <\/div><!-- lab-content-->\n        <\/div> <!-- lab-full -->\n            <div class=\"lab-full clearfix\" id=\"el-espacio-entre-dos-cuerpos-eva-guerrero-y-garazi-lopez-de-armentia-doos-colectivo\">         \n        <div class=\"lab-image\"> \n         \t<img decoding=\"async\" width=\"300\" height=\"169\" src=\"https:\/\/atalak.dantzaz.eus\/wp-content\/uploads\/2023\/02\/Eva-Guerrero_DoosColectivo-300x169.jpg\" class=\"attachment-medium size-medium wp-post-image\" alt=\"\" srcset=\"https:\/\/atalak.dantzaz.eus\/wp-content\/uploads\/2023\/02\/Eva-Guerrero_DoosColectivo-200x113.jpg 200w, https:\/\/atalak.dantzaz.eus\/wp-content\/uploads\/2023\/02\/Eva-Guerrero_DoosColectivo-300x169.jpg 300w, https:\/\/atalak.dantzaz.eus\/wp-content\/uploads\/2023\/02\/Eva-Guerrero_DoosColectivo-400x225.jpg 400w, https:\/\/atalak.dantzaz.eus\/wp-content\/uploads\/2023\/02\/Eva-Guerrero_DoosColectivo-600x338.jpg 600w, https:\/\/atalak.dantzaz.eus\/wp-content\/uploads\/2023\/02\/Eva-Guerrero_DoosColectivo-768x432.jpg 768w, https:\/\/atalak.dantzaz.eus\/wp-content\/uploads\/2023\/02\/Eva-Guerrero_DoosColectivo-800x450.jpg 800w, https:\/\/atalak.dantzaz.eus\/wp-content\/uploads\/2023\/02\/Eva-Guerrero_DoosColectivo-1024x576.jpg 1024w, https:\/\/atalak.dantzaz.eus\/wp-content\/uploads\/2023\/02\/Eva-Guerrero_DoosColectivo-1200x675.jpg 1200w, https:\/\/atalak.dantzaz.eus\/wp-content\/uploads\/2023\/02\/Eva-Guerrero_DoosColectivo-1536x864.jpg 1536w, https:\/\/atalak.dantzaz.eus\/wp-content\/uploads\/2023\/02\/Eva-Guerrero_DoosColectivo.jpg 1600w\" sizes=\"(max-width: 300px) 100vw, 300px\" \/>       \n\t\t\t\n          \n           <div class=\"bailarines escritorio\">\n             <span>Danseurs<\/span>    \n             <span class=\"separacion\"><\/span>\n                <ul>       \n                                  \n                <li>Estudiantes del Cycle Sp\u00e9cialis\u00e9 en danse contemporaine del Conservatoire \u00e0 Rayonnement R\u00e9gional Maurice Ravel Pays Basque<\/li>\n\n                             <\/ul>\n            <\/div> <!-- bailarines-->\n                     <\/div> <!-- lab-image-->\n\n      \n\n        <div class=\"lab-content\">\n         <div class=\"lab-intro\">\n           <h3 class=\"persona\">L&rsquo;espace entre deux corps, Eva Guerrero et Garazi Lopez de Armentia, Doos Colectivo<\/h3>\n           <span class=\"tipo\">LABORATOIRE DE TRANSMISSION<\/span>\n           <span class=\"periodo\">11-14\/04\/2023<\/span>\n           <span class=\"separacion\"><\/span>\n         <\/div>  <!-- lab-intro -->\n\n            \n              <span class=\"residencia\"><strong>R\u00e9sidence accueil<\/strong><br>\n              <p><span style=\"font-weight: 400;\">Conservatoire Maurice Ravel Bayonne (Biarritz) et <\/span><span style=\"font-weight: 400;\">Dantzagunea (Errenteria)<\/span><\/p>\n<\/span>\n           \n\n              \n            <div class=\"bailarines movil\">\n             <span>Danseurs<\/span>    \n             <span class=\"separacion\"><\/span>\n                <ul>       \n                                  \n                <li>Estudiantes del Cycle Sp\u00e9cialis\u00e9 en danse contemporaine del Conservatoire \u00e0 Rayonnement R\u00e9gional Maurice Ravel Pays Basque<\/li>\n\n                             <\/ul>\n            <\/div> <!-- bailarines-->\n                     \n\n           <div class=\"contenido\"><p><em>L&rsquo;espace entre deux corps<\/em> est une investigation que les chor\u00e9graphes Eva Guerrero et Garazi Lopez de Armentia d\u00e9veloppent depuis 2020 et qui sera cr\u00e9\u00e9e en novembre 2023. Comment un corps en affecte-t-il un autre ? Quels types de connexions, de sensations sont g\u00e9n\u00e9r\u00e9es dans cet espace invisible entre les personnes ? O\u00f9 commence un corps et o\u00f9 finit l&rsquo;autre ? Et comment \u00e9merge leur manipulation sont des questions qui serviront \u00e0 d\u00e9velopper une relecture et une transmission du processus artistique de Guerrero et Lopez de Armentia avec les \u00e9l\u00e8ves du Cycle Sp\u00e9cialis\u00e9 en danse contemporaine du Conservatoire \u00e0 Rayonnement R\u00e9gional Maurice Ravel Pays basque.\u00a0 Ils\/Elles auront \u00e9galement l&rsquo;occasion de passer une journ\u00e9e \u00e0 Dantzagunea pour conna\u00eetre en d\u00e9tail les espaces, les artistes et les institutions qui soutiennent activement la danse sur le territoire de Gipuzkoa.<\/p>\n<\/div>\n\n                    \n\n           \n              \n          <\/div><!-- lab-content-->\n        <\/div> <!-- lab-full -->\n            <div class=\"lab-full clearfix\" id=\"fuck-you-bertin-2-0-eneko-gil\">         \n        <div class=\"lab-image\"> \n         \t<img decoding=\"async\" width=\"300\" height=\"300\" src=\"https:\/\/atalak.dantzaz.eus\/wp-content\/uploads\/2020\/03\/enekogil-300x300.jpg\" class=\"attachment-medium size-medium wp-post-image\" alt=\"Atalak - eneko gil\" srcset=\"https:\/\/atalak.dantzaz.eus\/wp-content\/uploads\/2020\/03\/enekogil-66x66.jpg 66w, https:\/\/atalak.dantzaz.eus\/wp-content\/uploads\/2020\/03\/enekogil-150x150.jpg 150w, https:\/\/atalak.dantzaz.eus\/wp-content\/uploads\/2020\/03\/enekogil-200x200.jpg 200w, https:\/\/atalak.dantzaz.eus\/wp-content\/uploads\/2020\/03\/enekogil-300x300.jpg 300w, https:\/\/atalak.dantzaz.eus\/wp-content\/uploads\/2020\/03\/enekogil-400x400.jpg 400w, https:\/\/atalak.dantzaz.eus\/wp-content\/uploads\/2020\/03\/enekogil.jpg 500w\" sizes=\"(max-width: 300px) 100vw, 300px\" \/>       \n\t\t\t\n          \n           <div class=\"bailarines escritorio\">\n             <span>Danseurs<\/span>    \n             <span class=\"separacion\"><\/span>\n                <ul>       \n                                  \n                <li>Andrea Aguado<\/li>\n\n                                  \n                <li>Mariona Carrasco<\/li>\n\n                                  \n                <li>Margot Castro<\/li>\n\n                                  \n                <li>Maddi Gaztelumendi<\/li>\n\n                                  \n                <li>Laura G. Latasa<\/li>\n\n                                  \n                <li>Lara Matea Ivan\u010di\u010d<\/li>\n\n                                  \n                <li>Maitane Pikabea<\/li>\n\n                                  \n                <li>Estebe Abrisketa<\/li>\n\n                                  \n                <li>Raul Abentin<\/li>\n\n                                  \n                <li>Filippo Cosso<\/li>\n\n                                  \n                <li>Noel Quintela<\/li>\n\n                                  \n                <li>Pascuale-Lele Mazzella<\/li>\n\n                                  \n                <li>I\u00f1igo Rementer\u00eda<\/li>\n\n                             <\/ul>\n            <\/div> <!-- bailarines-->\n                     <\/div> <!-- lab-image-->\n\n      \n\n        <div class=\"lab-content\">\n         <div class=\"lab-intro\">\n           <h3 class=\"persona\">Fuck you Bertin 2.0, Eneko Gil<\/h3>\n           <span class=\"tipo\">LABORATOIRE DE RECHERCHE<\/span>\n           <span class=\"periodo\">11, 12, 17-21\/04\/2023<\/span>\n           <span class=\"separacion\"><\/span>\n         <\/div>  <!-- lab-intro -->\n\n            \n              <span class=\"residencia\"><strong>R\u00e9sidence accueil<\/strong><br>\n              <p>Dantzagunea<\/p>\n<\/span>\n           \n\n              \n            <div class=\"bailarines movil\">\n             <span>Danseurs<\/span>    \n             <span class=\"separacion\"><\/span>\n                <ul>       \n                                  \n                <li>Andrea Aguado<\/li>\n\n                                  \n                <li>Mariona Carrasco<\/li>\n\n                                  \n                <li>Margot Castro<\/li>\n\n                                  \n                <li>Maddi Gaztelumendi<\/li>\n\n                                  \n                <li>Laura G. Latasa<\/li>\n\n                                  \n                <li>Lara Matea Ivan\u010di\u010d<\/li>\n\n                                  \n                <li>Maitane Pikabea<\/li>\n\n                                  \n                <li>Estebe Abrisketa<\/li>\n\n                                  \n                <li>Raul Abentin<\/li>\n\n                                  \n                <li>Filippo Cosso<\/li>\n\n                                  \n                <li>Noel Quintela<\/li>\n\n                                  \n                <li>Pascuale-Lele Mazzella<\/li>\n\n                                  \n                <li>I\u00f1igo Rementer\u00eda<\/li>\n\n                             <\/ul>\n            <\/div> <!-- bailarines-->\n                     \n\n           <div class=\"contenido\"><p>Pendant une semaine et en collaboration avec les interpr\u00e8tes de Dantzaz, Eneko Gil d\u00e9veloppera la recherche chor\u00e9graphique <em>Fuck you Bertin 2.0<\/em> bas\u00e9e sur l&rsquo;influence que les conversations textuelles ou audio ont sur le corps et le mouvement, en r\u00e9fl\u00e9chissant \u00e0 la recherche de physiques masculines et en plongeant dans les univers que ces physiques peuvent sugg\u00e9rer. Ce projet s&rsquo;inscrit dans la continuit\u00e9 de deux processus pr\u00e9c\u00e9dents, <em>Fuck you Bertin<\/em> (2020), d\u00e9velopp\u00e9 dans le cadre du laboratoire d&rsquo;exp\u00e9rimentation ATALAK, et <em>Fuck you Bertin-Hitzezko hitzak mugimenduan<\/em> (2021).<\/p>\n<\/div>\n\n                    \n\n           \n            \n              <span class=\"muestra\"><strong>\u00c9chantillons<\/strong><br>\n              <p>21\/04\/2023, 13:30, Dantzagunea, Errenteria<\/p>\n<p>24\/04\/2023, 19:30, Mus\u00e9e de Navarre, DNA, Pampelune<\/p>\n<p>26\/04\/2023, 19:00, Gamaritz (Gare du Midi), Malandain Ballet Biarritz<\/p>\n<\/span>\n              \n          <\/div><!-- lab-content-->\n        <\/div> <!-- lab-full -->\n            <div class=\"lab-full clearfix\" id=\"erre-al-cubo-andrea-irurzun-danzai\">         \n        <div class=\"lab-image\"> \n         \t<img decoding=\"async\" width=\"300\" height=\"300\" src=\"https:\/\/atalak.dantzaz.eus\/wp-content\/uploads\/2023\/02\/Andrea-Irurzun-300x300.jpeg\" class=\"attachment-medium size-medium wp-post-image\" alt=\"\" srcset=\"https:\/\/atalak.dantzaz.eus\/wp-content\/uploads\/2023\/02\/Andrea-Irurzun-66x66.jpeg 66w, https:\/\/atalak.dantzaz.eus\/wp-content\/uploads\/2023\/02\/Andrea-Irurzun-150x150.jpeg 150w, https:\/\/atalak.dantzaz.eus\/wp-content\/uploads\/2023\/02\/Andrea-Irurzun-200x200.jpeg 200w, https:\/\/atalak.dantzaz.eus\/wp-content\/uploads\/2023\/02\/Andrea-Irurzun-300x300.jpeg 300w, https:\/\/atalak.dantzaz.eus\/wp-content\/uploads\/2023\/02\/Andrea-Irurzun-400x400.jpeg 400w, https:\/\/atalak.dantzaz.eus\/wp-content\/uploads\/2023\/02\/Andrea-Irurzun-600x600.jpeg 600w, https:\/\/atalak.dantzaz.eus\/wp-content\/uploads\/2023\/02\/Andrea-Irurzun-768x768.jpeg 768w, https:\/\/atalak.dantzaz.eus\/wp-content\/uploads\/2023\/02\/Andrea-Irurzun.jpeg 800w\" sizes=\"(max-width: 300px) 100vw, 300px\" \/>       \n\t\t\t\n          \n           <div class=\"bailarines escritorio\">\n             <span>Danseurs<\/span>    \n             <span class=\"separacion\"><\/span>\n                <ul>       \n                                  \n                <li>Andrea Aguado<\/li>\n\n                                  \n                <li>Mariona Carrasco<\/li>\n\n                                  \n                <li>Maddi Gaztelumendi<\/li>\n\n                                  \n                <li>Laura G. Latasa<\/li>\n\n                                  \n                <li>Lara Matea Ivan\u010di\u010d<\/li>\n\n                                  \n                <li>Maitane Pikabea<\/li>\n\n                                  \n                <li>Estebe Abrisketa<\/li>\n\n                                  \n                <li>Raul Abentin<\/li>\n\n                                  \n                <li>Filippo Cosso<\/li>\n\n                                  \n                <li>Noel Quintela<\/li>\n\n                                  \n                <li>Pascuale-Lele Mazzella<\/li>\n\n                                  \n                <li>I\u00f1igo Rementer\u00eda<\/li>\n\n                             <\/ul>\n            <\/div> <!-- bailarines-->\n                     <\/div> <!-- lab-image-->\n\n      \n\n        <div class=\"lab-content\">\n         <div class=\"lab-intro\">\n           <h3 class=\"persona\">Erre al cubo, Andrea Irurzun, DanzAI<\/h3>\n           <span class=\"tipo\">LABORATOIRE DE RECHERCHE<\/span>\n           <span class=\"periodo\">13-17\/03\/2023<\/span>\n           <span class=\"separacion\"><\/span>\n         <\/div>  <!-- lab-intro -->\n\n            \n              <span class=\"residencia\"><strong>R\u00e9sidence accueil<\/strong><br>\n              <p>Dantzagunea<\/p>\n<\/span>\n           \n\n              \n            <div class=\"bailarines movil\">\n             <span>Danseurs<\/span>    \n             <span class=\"separacion\"><\/span>\n                <ul>       \n                                  \n                <li>Andrea Aguado<\/li>\n\n                                  \n                <li>Mariona Carrasco<\/li>\n\n                                  \n                <li>Maddi Gaztelumendi<\/li>\n\n                                  \n                <li>Laura G. Latasa<\/li>\n\n                                  \n                <li>Lara Matea Ivan\u010di\u010d<\/li>\n\n                                  \n                <li>Maitane Pikabea<\/li>\n\n                                  \n                <li>Estebe Abrisketa<\/li>\n\n                                  \n                <li>Raul Abentin<\/li>\n\n                                  \n                <li>Filippo Cosso<\/li>\n\n                                  \n                <li>Noel Quintela<\/li>\n\n                                  \n                <li>Pascuale-Lele Mazzella<\/li>\n\n                                  \n                <li>I\u00f1igo Rementer\u00eda<\/li>\n\n                             <\/ul>\n            <\/div> <!-- bailarines-->\n                     \n\n           <div class=\"contenido\"><p>La chor\u00e9graphe navarraise Andrea Irurzun directrice de DanzAI pr\u00e9sente en avant-premi\u00e8re le premier laboratoire de recherche DNA accueilli en mars \u00e0 Dantzagunea. Apr\u00e8s avoir b\u00e9n\u00e9fici\u00e9 d&rsquo;une r\u00e9sidence dans le cadre du programme DNA du gouvernement de Navarre, Irurzun passera une semaine de recherche chor\u00e9graphique avec 10 interpr\u00e8tes de Dantzazaz avec lesquels elle d\u00e9veloppera sa proposition chor\u00e9graphique <em>Erre al cubo<\/em>, centr\u00e9e sur la r\u00e8gle des 3R : R\u00e9duire, R\u00e9utiliser, Recycler. <em>Erre al cubo<\/em> est \u00e0 la recherche de nouvelles esth\u00e9tiques, d&rsquo;atmosph\u00e8res plastiques et minimalistes et\/ou modernistes qui peuvent \u00e9merger gr\u00e2ce \u00e0 leur application tant en mouvement que sur sc\u00e8ne.<\/p>\n<\/div>\n\n                    \n\n           \n            \n              <span class=\"muestra\"><strong>\u00c9chantillons<\/strong><br>\n              <p>25\/03\/2023, 16:30,<br \/>\nConservatoire \u00e0 Rayonnement R\u00e9gional Maurice Ravel Pays Basque, <em>Regards Crois\u00e9s<\/em><\/p>\n<\/span>\n              \n          <\/div><!-- lab-content-->\n        <\/div> <!-- lab-full -->\n            <div class=\"lab-full clearfix\" id=\"europoli-azpijokoak-myriam-perez-cazabon\">         \n        <div class=\"lab-image\"> \n         \t<img decoding=\"async\" width=\"300\" height=\"142\" src=\"https:\/\/atalak.dantzaz.eus\/wp-content\/uploads\/2020\/03\/Miriamperez_Foirejambon-300x142.jpg\" class=\"attachment-medium size-medium wp-post-image\" alt=\"Miriam erez Foirejambon\" srcset=\"https:\/\/atalak.dantzaz.eus\/wp-content\/uploads\/2020\/03\/Miriamperez_Foirejambon-200x95.jpg 200w, https:\/\/atalak.dantzaz.eus\/wp-content\/uploads\/2020\/03\/Miriamperez_Foirejambon-300x142.jpg 300w, https:\/\/atalak.dantzaz.eus\/wp-content\/uploads\/2020\/03\/Miriamperez_Foirejambon-400x189.jpg 400w, https:\/\/atalak.dantzaz.eus\/wp-content\/uploads\/2020\/03\/Miriamperez_Foirejambon-600x284.jpg 600w, https:\/\/atalak.dantzaz.eus\/wp-content\/uploads\/2020\/03\/Miriamperez_Foirejambon-768x363.jpg 768w, https:\/\/atalak.dantzaz.eus\/wp-content\/uploads\/2020\/03\/Miriamperez_Foirejambon-800x378.jpg 800w, https:\/\/atalak.dantzaz.eus\/wp-content\/uploads\/2020\/03\/Miriamperez_Foirejambon-1024x484.jpg 1024w, https:\/\/atalak.dantzaz.eus\/wp-content\/uploads\/2020\/03\/Miriamperez_Foirejambon-1200x567.jpg 1200w, https:\/\/atalak.dantzaz.eus\/wp-content\/uploads\/2020\/03\/Miriamperez_Foirejambon-1536x726.jpg 1536w\" sizes=\"(max-width: 300px) 100vw, 300px\" \/>       \n\t\t\t\n          \n           <div class=\"bailarines escritorio\">\n             <span>Danseurs<\/span>    \n             <span class=\"separacion\"><\/span>\n                <ul>       \n                                  \n                <li>Estudiantes de arte dram\u00e1tico y danza de Dantzerti<\/li>\n\n                             <\/ul>\n            <\/div> <!-- bailarines-->\n                     <\/div> <!-- lab-image-->\n\n      \n\n        <div class=\"lab-content\">\n         <div class=\"lab-intro\">\n           <h3 class=\"persona\">\u00ab\u00a0EUROPOLI. Azpijokoak\u00a0\u00bb, Myriam Perez Cazabon<\/h3>\n           <span class=\"tipo\">LABORATOIRE TRANSDISCIPLINAIRE<\/span>\n           <span class=\"periodo\">09-20\/01\/2023<\/span>\n           <span class=\"separacion\"><\/span>\n         <\/div>  <!-- lab-intro -->\n\n            \n              <span class=\"residencia\"><strong>R\u00e9sidence accueil<\/strong><br>\n              <p>Dantzerti, Bilbao<\/p>\n<\/span>\n           \n\n              \n            <div class=\"bailarines movil\">\n             <span>Danseurs<\/span>    \n             <span class=\"separacion\"><\/span>\n                <ul>       \n                                  \n                <li>Estudiantes de arte dram\u00e1tico y danza de Dantzerti<\/li>\n\n                             <\/ul>\n            <\/div> <!-- bailarines-->\n                     \n\n           <div class=\"contenido\"><p>La chor\u00e9graphe Myriam Perez Cazabon, directrice du projet &lsquo;Neri(H)ari&rsquo; (Irun), collabore avec le r\u00e9seau ATALAK depuis 2019 avec le laboratoire exp\u00e9rimental <em>Vals de un funeral<\/em>, inspir\u00e9 par les subtilit\u00e9s \u00e9motionnelles des personnes, le silence comme moyen de communication et l&rsquo;immobilit\u00e9 comme forme de mouvement. En 2023, Cazabon d\u00e9veloppe le premier laboratoire transdisciplinaire (danse\/th\u00e9\u00e2tre) en collaboration avec l&rsquo;\u00e9cole sup\u00e9rieure du Pays basque, Dantzerti, et avec Estitxu, afin d&rsquo;accompagner les processus que les professeurs de Danterti Izaskun Lapaza et Estitxu Zalduae ont mis en marche avec les \u00e9tudiants de troisi\u00e8me ann\u00e9e de chaque discipline. Dans le cadre du festival associ\u00e9 Regards Crois\u00e9s (CCN Malandain Ballet Biarritz, La Fundici\u00f3n), le laboratoire proposera un vernissage le 25 mars.<\/p>\n<\/div>\n\n                    \n\n           \n            \n              <span class=\"muestra\"><strong>\u00c9chantillons<\/strong><br>\n              <p>25\/03\/2023, 16:30,<br \/>\nConservatoire \u00e0 Rayonnement R\u00e9gional Maurice Ravel Pays Basque, <em>Regards Crois\u00e9s<\/em><\/p>\n<\/span>\n              \n          <\/div><!-- lab-content-->\n        <\/div> <!-- lab-full -->\n            \n  <\/div> <!-- lab-list -->\n\t\n\n\n<\/div><div class=\"fusion-clearfix\"><\/div><\/div><\/div><\/div><\/div><\/p>\n","protected":false},"excerpt":{"rendered":"","protected":false},"author":1,"featured_media":0,"parent":0,"menu_order":0,"comment_status":"closed","ping_status":"closed","template":"100-width.php","meta":{"footnotes":""},"class_list":["post-1965","page","type-page","status-publish","hentry"],"acf":[],"_links":{"self":[{"href":"https:\/\/atalak.dantzaz.eus\/fr\/wp-json\/wp\/v2\/pages\/1965","targetHints":{"allow":["GET"]}}],"collection":[{"href":"https:\/\/atalak.dantzaz.eus\/fr\/wp-json\/wp\/v2\/pages"}],"about":[{"href":"https:\/\/atalak.dantzaz.eus\/fr\/wp-json\/wp\/v2\/types\/page"}],"author":[{"embeddable":true,"href":"https:\/\/atalak.dantzaz.eus\/fr\/wp-json\/wp\/v2\/users\/1"}],"replies":[{"embeddable":true,"href":"https:\/\/atalak.dantzaz.eus\/fr\/wp-json\/wp\/v2\/comments?post=1965"}],"version-history":[{"count":3,"href":"https:\/\/atalak.dantzaz.eus\/fr\/wp-json\/wp\/v2\/pages\/1965\/revisions"}],"predecessor-version":[{"id":1971,"href":"https:\/\/atalak.dantzaz.eus\/fr\/wp-json\/wp\/v2\/pages\/1965\/revisions\/1971"}],"wp:attachment":[{"href":"https:\/\/atalak.dantzaz.eus\/fr\/wp-json\/wp\/v2\/media?parent=1965"}],"curies":[{"name":"wp","href":"https:\/\/api.w.org\/{rel}","templated":true}]}}