{"id":2163,"date":"2024-01-25T08:35:59","date_gmt":"2024-01-25T06:35:59","guid":{"rendered":"https:\/\/atalak.dantzaz.eus\/?page_id=2163"},"modified":"2024-03-04T18:50:52","modified_gmt":"2024-03-04T16:50:52","slug":"laboratoires","status":"publish","type":"page","link":"https:\/\/atalak.dantzaz.eus\/fr\/laboratoires\/","title":{"rendered":"Laboratoires"},"content":{"rendered":"<p><div class=\"fusion-fullwidth fullwidth-box fusion-builder-row-1 hundred-percent-fullwidth non-hundred-percent-height-scrolling\" style=\"background-color: rgba(255,255,255,0);background-position: center center;background-repeat: no-repeat;padding-top:0px;padding-right:0px;padding-bottom:0px;padding-left:0px;margin-bottom: 0px;margin-top: 0px;border-width: 0px 0px 0px 0px;border-color:#eae9e9;border-style:solid;\" ><div class=\"fusion-builder-row fusion-row\"><div class=\"fusion-layout-column fusion_builder_column fusion-builder-column-0 fusion_builder_column_1_1 1_1 fusion-one-full fusion-column-first fusion-column-last\" style=\"margin-top:0px;margin-bottom:20px;\"><div class=\"fusion-column-wrapper fusion-flex-column-wrapper-legacy\" style=\"background-position:left top;background-repeat:no-repeat;-webkit-background-size:cover;-moz-background-size:cover;-o-background-size:cover;background-size:cover;padding: 0px 0px 0px 0px;\"><span class=\" fusion-imageframe imageframe-none imageframe-1 hover-type-none\"><img decoding=\"async\" width=\"2000\" height=\"843\" alt=\"Laboratorio experimentacion\" title=\"Laboratorio experimentacion\" src=\"https:\/\/atalak.dantzaz.eus\/wp-content\/uploads\/2020\/03\/fondo-lab.jpg\" class=\"img-responsive wp-image-429\" srcset=\"https:\/\/atalak.dantzaz.eus\/wp-content\/uploads\/2020\/03\/fondo-lab-200x84.jpg 200w, https:\/\/atalak.dantzaz.eus\/wp-content\/uploads\/2020\/03\/fondo-lab-400x169.jpg 400w, https:\/\/atalak.dantzaz.eus\/wp-content\/uploads\/2020\/03\/fondo-lab-600x253.jpg 600w, https:\/\/atalak.dantzaz.eus\/wp-content\/uploads\/2020\/03\/fondo-lab-800x337.jpg 800w, https:\/\/atalak.dantzaz.eus\/wp-content\/uploads\/2020\/03\/fondo-lab-1200x506.jpg 1200w, https:\/\/atalak.dantzaz.eus\/wp-content\/uploads\/2020\/03\/fondo-lab.jpg 2000w\" sizes=\"(max-width: 1024px) 100vw, 2000px\" \/><\/span><div class=\"fusion-clearfix\"><\/div><\/div><\/div><\/div><\/div><div class=\"fusion-fullwidth fullwidth-box fusion-builder-row-2 nonhundred-percent-fullwidth non-hundred-percent-height-scrolling\" style=\"background-color: rgba(255,255,255,0);background-position: center center;background-repeat: no-repeat;padding-top:35px;padding-right:0px;padding-bottom:0px;padding-left:0px;margin-bottom: 0px;margin-top: 0px;border-width: 0px 0px 0px 0px;border-color:#eae9e9;border-style:solid;\" ><div class=\"fusion-builder-row fusion-row\"><div class=\"fusion-layout-column fusion_builder_column fusion-builder-column-1 fusion_builder_column_1_1 1_1 fusion-one-full fusion-column-first fusion-column-last\" style=\"margin-top:0px;margin-bottom:20px;\"><div class=\"fusion-column-wrapper fusion-flex-column-wrapper-legacy\" style=\"background-position:left top;background-repeat:no-repeat;-webkit-background-size:cover;-moz-background-size:cover;-o-background-size:cover;background-size:cover;padding: 0px 0px 0px 0px;\"><style type=\"text\/css\"><\/style><div class=\"fusion-title title fusion-title-1 fusion-sep-none fusion-title-center fusion-title-text fusion-title-size-one tituloh1 debajo\" style=\"font-size:48px;margin-top:0px;margin-right:0px;margin-bottom:31px;margin-left:0px;\"><h1 class=\"title-heading-center\" style=\"margin:0;font-size:1em;color:#000000;line-height:1;\">Transmission, recherche et exp\u00e9rimentation<\/h1><\/div><div class=\"fusion-text fusion-text-1 texto-grande\"><p>Les laboratoires ATALAK sont cet espace o\u00f9 les artistes peuvent essayer des choses, o\u00f9 ils peuvent faire des erreurs et enqu\u00eater. La seule condition ou restriction qui limite leur format est que la recherche doit s\u2019adresser \u00e0 un groupe de 8 \u00e0 12 interpr\u00e8tes chor\u00e9graphiques.<\/p>\n<p>En 2023, le r\u00e9seau propose trois lignes de laboratoires : lab.transmission, lab.recherche et lab.exp\u00e9rimentation.<\/p>\n<\/div><div class=\"fusion-clearfix\"><\/div><\/div><\/div><\/div><\/div><div class=\"fusion-fullwidth fullwidth-box fusion-builder-row-3 videos nonhundred-percent-fullwidth non-hundred-percent-height-scrolling\" style=\"background-color: rgba(255,255,255,0);background-position: center center;background-repeat: no-repeat;padding-top:0px;padding-right:0px;padding-bottom:45px;padding-left:0px;margin-top: 35px;border-width: 0px 0px 0px 0px;border-color:#eae9e9;border-style:solid;\" ><div class=\"fusion-builder-row fusion-row\"><div class=\"fusion-layout-column fusion_builder_column fusion-builder-column-2 fusion_builder_column_1_1 1_1 fusion-one-full fusion-column-first fusion-column-last\" style=\"margin-top:0px;margin-bottom:0px;\"><div class=\"fusion-column-wrapper fusion-flex-column-wrapper-legacy\" style=\"background-position:left top;background-repeat:no-repeat;-webkit-background-size:cover;-moz-background-size:cover;-o-background-size:cover;background-size:cover;padding: 0px 0px 0px 0px;\"><style type=\"text\/css\"><\/style><div class=\"fusion-title title fusion-title-2 fusion-sep-none fusion-title-center fusion-title-text fusion-title-size-two tituloh2\" style=\"margin-top:0px;margin-right:0px;margin-bottom:31px;margin-left:0px;\"><h2 class=\"title-heading-center\" style=\"margin:0;\">Laboratoires 2024<\/h2><\/div><div class=\"fusion-text fusion-text-2\">\n<div class=\"lab-list\">\n\n    <div class=\"lab-full clearfix\" id=\"imaginarios-posibles-ines-aubert-2\">         \n        <div class=\"lab-image\"> \n         \t<img decoding=\"async\" width=\"300\" height=\"200\" src=\"https:\/\/atalak.dantzaz.eus\/wp-content\/uploads\/2024\/01\/ines-aubert1-300x200.jpg\" class=\"attachment-medium size-medium wp-post-image\" alt=\"\" srcset=\"https:\/\/atalak.dantzaz.eus\/wp-content\/uploads\/2024\/01\/ines-aubert1-200x134.jpg 200w, https:\/\/atalak.dantzaz.eus\/wp-content\/uploads\/2024\/01\/ines-aubert1-300x200.jpg 300w, https:\/\/atalak.dantzaz.eus\/wp-content\/uploads\/2024\/01\/ines-aubert1-400x267.jpg 400w, https:\/\/atalak.dantzaz.eus\/wp-content\/uploads\/2024\/01\/ines-aubert1-600x401.jpg 600w, https:\/\/atalak.dantzaz.eus\/wp-content\/uploads\/2024\/01\/ines-aubert1-768x513.jpg 768w, https:\/\/atalak.dantzaz.eus\/wp-content\/uploads\/2024\/01\/ines-aubert1-800x534.jpg 800w, https:\/\/atalak.dantzaz.eus\/wp-content\/uploads\/2024\/01\/ines-aubert1-1024x684.jpg 1024w, https:\/\/atalak.dantzaz.eus\/wp-content\/uploads\/2024\/01\/ines-aubert1-1200x802.jpg 1200w, https:\/\/atalak.dantzaz.eus\/wp-content\/uploads\/2024\/01\/ines-aubert1.jpg 1280w\" sizes=\"(max-width: 300px) 100vw, 300px\" \/>       \n\t\t\t\n          \n           <div class=\"bailarines escritorio\">\n             <span>Danseurs<\/span>    \n             <span class=\"separacion\"><\/span>\n                <ul>       \n                                  \n                <li>comunidad<\/li>\n\n                             <\/ul>\n            <\/div> <!-- bailarines-->\n                     <\/div> <!-- lab-image-->\n\n      \n\n        <div class=\"lab-content\">\n         <div class=\"lab-intro\">\n           <h3 class=\"persona\">Imaginarios Posibles, In\u00e9s Aubert<\/h3>\n           <span class=\"tipo\">a(ta) communotaire (transg\u00e9n\u00e9rationnel)<\/span>\n           <span class=\"periodo\">13, 20, 27 janvier<\/span>\n           <span class=\"separacion\"><\/span>\n         <\/div>  <!-- lab-intro -->\n\n            \n              <span class=\"residencia\"><strong>R\u00e9sidence accueil<\/strong><br>\n              <p>Civivox Iturrama, Pamplona<\/p>\n<\/span>\n           \n\n              \n            <div class=\"bailarines movil\">\n             <span>Danseurs<\/span>    \n             <span class=\"separacion\"><\/span>\n                <ul>       \n                                  \n                <li>comunidad<\/li>\n\n                             <\/ul>\n            <\/div> <!-- bailarines-->\n                     \n\n           <div class=\"contenido\"><p>Le festival DANZ&rsquo;24 poursuit sa collaboration avec le r\u00e9seau ATALAK et organise \u00e0 cette occasion une s\u00e9rie de trois ateliers avec la chor\u00e9graphe In\u00e9s Aubert qui, en d\u00e9veloppant la ligne communautaire du r\u00e9seau ATALAK, place la chor\u00e9graphie comme un outil de communication et d&rsquo;autonomisation pour tous ceux qui veulent approcher la danse et avec un int\u00e9r\u00eat particulier pour les groupes ayant d&rsquo;autres capacit\u00e9s ou une diversit\u00e9 fonctionnelle.<\/p>\n<p>Dans l&rsquo;atelier communautaire <em>Imaginarios Posibles<\/em>, le corps est un espace infini ouvert \u00e0 l&rsquo;imagination o\u00f9 le temps, l&rsquo;espace et le mouvement nous offrent des options pour comprendre notre corps comme un instrument d&rsquo;expression. Dans cet atelier communautaire, In\u00e9s Aubert propose d&rsquo;explorer le mouvement \u00e0 partir d&rsquo;exp\u00e9riences de conscience corporelle, d&rsquo;improvisation et de techniques de danse contemporaine.<\/p>\n<blockquote><p>L&rsquo;id\u00e9e est de partager le plaisir du mouvement et la beaut\u00e9 de ce que nous sommes.<\/p><\/blockquote>\n<\/div>\n\n                    \n\n           \n            \n              <span class=\"muestra\"><strong>\u00c9chantillons<\/strong><br>\n              <p><strong>27\/01<em>, 13:00, <\/em><\/strong><em>Civivox Iturrama, Pamplona<\/em><\/p>\n<\/span>\n              \n          <\/div><!-- lab-content-->\n        <\/div> <!-- lab-full -->\n            <div class=\"lab-full clearfix\" id=\"itak-emilie-camacho\">         \n        <div class=\"lab-image\"> \n         \t<img decoding=\"async\" width=\"300\" height=\"169\" src=\"https:\/\/atalak.dantzaz.eus\/wp-content\/uploads\/2024\/01\/Picture-1-300x169.png\" class=\"attachment-medium size-medium wp-post-image\" alt=\"\" srcset=\"https:\/\/atalak.dantzaz.eus\/wp-content\/uploads\/2024\/01\/Picture-1-200x113.png 200w, https:\/\/atalak.dantzaz.eus\/wp-content\/uploads\/2024\/01\/Picture-1-300x169.png 300w, https:\/\/atalak.dantzaz.eus\/wp-content\/uploads\/2024\/01\/Picture-1-400x226.png 400w, https:\/\/atalak.dantzaz.eus\/wp-content\/uploads\/2024\/01\/Picture-1-600x338.png 600w, https:\/\/atalak.dantzaz.eus\/wp-content\/uploads\/2024\/01\/Picture-1.png 624w\" sizes=\"(max-width: 300px) 100vw, 300px\" \/>       \n\t\t\t\n          \n           <div class=\"bailarines escritorio\">\n             <span>Danseurs<\/span>    \n             <span class=\"separacion\"><\/span>\n                <ul>       \n                                  \n                <li>lxs int\u00e9rpretes de Dantzaz<\/li>\n\n                                  \n                <li><\/li>\n\n                             <\/ul>\n            <\/div> <!-- bailarines-->\n                     <\/div> <!-- lab-image-->\n\n      \n\n        <div class=\"lab-content\">\n         <div class=\"lab-intro\">\n           <h3 class=\"persona\">ITAK, Emilie Camacho<\/h3>\n           <span class=\"tipo\">Lab. de exp\u00e9rimentation<\/span>\n           <span class=\"periodo\">08-23 avril<\/span>\n           <span class=\"separacion\"><\/span>\n         <\/div>  <!-- lab-intro -->\n\n            \n              <span class=\"residencia\"><strong>R\u00e9sidence accueil<\/strong><br>\n              <p>Dantzagunea, Errenteria<\/p>\n<\/span>\n           \n\n              \n            <div class=\"bailarines movil\">\n             <span>Danseurs<\/span>    \n             <span class=\"separacion\"><\/span>\n                <ul>       \n                                  \n                <li>lxs int\u00e9rpretes de Dantzaz<\/li>\n\n                                  \n                <li><\/li>\n\n                             <\/ul>\n            <\/div> <!-- bailarines-->\n                     \n\n           <div class=\"contenido\"><p>Emilie Camacho a \u00e9t\u00e9 s\u00e9lectionn\u00e9e pour la r\u00e9sidence d&rsquo;exp\u00e9rimentation de 2024 au sein du r\u00e9seau ATALAK. Son laboratoire, intitul\u00e9 ITAK, plonge dans l&rsquo;herm\u00e9neutique de la figure de P\u00e9n\u00e9lope, explorant la po\u00e9tique du mouvement dans\u00e9 \u00e0 travers une fusion transdisciplinaire. Tout au long du laboratoire, Camacho partagera sa recherche avec les interpr\u00e8tes de Dantzaz, leur permettant d&rsquo;agir en toute conscience et, par cons\u00e9quent, en pr\u00e9sence, captant leur \u00e9nergie vernaculaire dans le but d&rsquo;impliquer le public et de cr\u00e9er un langage contemporain.<\/p>\n<blockquote><p><em>Parmi les techniques que j&rsquo;ai l&rsquo;intention d&rsquo;utiliser, on trouve l&rsquo;improvisation individuelle, l&rsquo;improvisation de contact d\u00e9velopp\u00e9e par Steve Paxton, la composition instantan\u00e9e \u00e0 l&rsquo;image de la transe de Jackson Pollock, dont les techniques de Laban nous permettent de prendre conscience et, par cons\u00e9quent, de fixer, et la relation spatiale entre les deux, afin de permettre l&rsquo;\u00e9mergence du mouvement authentique et de d\u00e9velopper en m\u00eame temps l&rsquo;art de le pr\u00e9senter.<\/em> (Emilie Camacho)<\/p><\/blockquote>\n<\/div>\n\n                    \n\n           \n            \n              <span class=\"muestra\"><strong>\u00c9chantillons<\/strong><br>\n              <p><strong>17\/04, 19:00, <em>Museo de Navarra, Pamplona<\/em><\/strong><\/p>\n<p><strong>19\/04, 19:00<em>, <\/em><\/strong><em>Sala Z, Tabakalera, Donostia<\/em><\/p>\n<p><strong>23\/04, 19:00, <\/strong><em>Gamaritz, Gare du Midi, Biarritz<\/em><\/p>\n<p><strong>24\/04, 19:00, <\/strong><em>Tafalla Kulturgunea<\/em><\/p>\n<p><strong>25\/04, 19:00, <\/strong><em>Niessen Kulturgunea, Errenteria<\/em><\/p>\n<\/span>\n              \n          <\/div><!-- lab-content-->\n        <\/div> <!-- lab-full -->\n            <div class=\"lab-full clearfix\" id=\"luz-negra-carmen-larraz\">         \n        <div class=\"lab-image\"> \n         \t<img decoding=\"async\" width=\"300\" height=\"200\" src=\"https:\/\/atalak.dantzaz.eus\/wp-content\/uploads\/2024\/01\/F_2-Nikola_Dantzaz_Niessen-52-1-300x200.jpg\" class=\"attachment-medium size-medium wp-post-image\" alt=\"\" srcset=\"https:\/\/atalak.dantzaz.eus\/wp-content\/uploads\/2024\/01\/F_2-Nikola_Dantzaz_Niessen-52-1-200x133.jpg 200w, https:\/\/atalak.dantzaz.eus\/wp-content\/uploads\/2024\/01\/F_2-Nikola_Dantzaz_Niessen-52-1-300x200.jpg 300w, https:\/\/atalak.dantzaz.eus\/wp-content\/uploads\/2024\/01\/F_2-Nikola_Dantzaz_Niessen-52-1-400x266.jpg 400w, https:\/\/atalak.dantzaz.eus\/wp-content\/uploads\/2024\/01\/F_2-Nikola_Dantzaz_Niessen-52-1-600x400.jpg 600w, https:\/\/atalak.dantzaz.eus\/wp-content\/uploads\/2024\/01\/F_2-Nikola_Dantzaz_Niessen-52-1-768x512.jpg 768w, https:\/\/atalak.dantzaz.eus\/wp-content\/uploads\/2024\/01\/F_2-Nikola_Dantzaz_Niessen-52-1-800x533.jpg 800w, https:\/\/atalak.dantzaz.eus\/wp-content\/uploads\/2024\/01\/F_2-Nikola_Dantzaz_Niessen-52-1-1024x682.jpg 1024w, https:\/\/atalak.dantzaz.eus\/wp-content\/uploads\/2024\/01\/F_2-Nikola_Dantzaz_Niessen-52-1-1200x799.jpg 1200w, https:\/\/atalak.dantzaz.eus\/wp-content\/uploads\/2024\/01\/F_2-Nikola_Dantzaz_Niessen-52-1.jpg 1303w\" sizes=\"(max-width: 300px) 100vw, 300px\" \/>       \n\t\t\t\n          \n           <div class=\"bailarines escritorio\">\n             <span>Danseurs<\/span>    \n             <span class=\"separacion\"><\/span>\n                <ul>       \n                                  \n                <li>lxs int\u00e9rpretes de Dantzaz<\/li>\n\n                             <\/ul>\n            <\/div> <!-- bailarines-->\n                     <\/div> <!-- lab-image-->\n\n      \n\n        <div class=\"lab-content\">\n         <div class=\"lab-intro\">\n           <h3 class=\"persona\">LUZ NEGRA, Carmen Larraz<\/h3>\n           <span class=\"tipo\">Lab. de recherche<\/span>\n           <span class=\"periodo\">18-21 mars<\/span>\n           <span class=\"separacion\"><\/span>\n         <\/div>  <!-- lab-intro -->\n\n            \n              <span class=\"residencia\"><strong>R\u00e9sidence accueil<\/strong><br>\n              <p>Dantzagunea, Errenteria<\/p>\n<\/span>\n           \n\n              \n            <div class=\"bailarines movil\">\n             <span>Danseurs<\/span>    \n             <span class=\"separacion\"><\/span>\n                <ul>       \n                                  \n                <li>lxs int\u00e9rpretes de Dantzaz<\/li>\n\n                             <\/ul>\n            <\/div> <!-- bailarines-->\n                     \n\n           <div class=\"contenido\"><p>Carmen Larraz, chor\u00e9graphe navarraise, poursuivra en mars sa recherche chor\u00e9graphique <em>Luz Negra<\/em>, d\u00e9velopp\u00e9e dans le cadre du programme DNA (Navarra) avec les interpr\u00e8tes de Dantzaz. Le travail effectu\u00e9 pr\u00e9c\u00e9demment s&rsquo;est concentr\u00e9 sur l&rsquo;identification d&rsquo;outils, tant physiques qu&rsquo;imaginatifs, permettant de concevoir et d&rsquo;\u00e9crire le mouvement. Il s&rsquo;agit principalement d&rsquo;un \u00e9tat concret de concentration \u00e0 partir duquel g\u00e9n\u00e9rer le mouvement.<\/p>\n<blockquote><p><em>J<\/em><em>&lsquo;ai commenc\u00e9 \u00e0 esquisser une m\u00e9thodologie qui se concentre sur trois domaines de travail : visualiser par l&rsquo;imagination un circuit de lumi\u00e8re qui traverse le corps, concentrer l&rsquo;attention sur les tissus \u00e9lastiques du corps, en particulier sur les tendons e<\/em><em>t les ligaments pour leurs propri\u00e9t\u00e9s de force, d&rsquo;\u00e9lasticit\u00e9 et de connectivit\u00e9 de l&rsquo;ensemble du corps, et le dernier, la physicalisation de l&rsquo;image : traduire l&rsquo;image mentale en mouvement \u00e0 partir de l&rsquo;\u00e9lasticit\u00e9 de ces tissus. <\/em><em>\u00c0 partir de cette m\u00e9thodologie canalis\u00e9e par le corps, je souhaite transmettre la nature \u00e9nerg\u00e9tique du corps<\/em> (Carmen Larraz, 2024).<\/p><\/blockquote>\n<\/div>\n\n                    \n\n           \n            \n              <span class=\"muestra\"><strong>\u00c9chantillons<\/strong><br>\n              <p><strong>22.03.2024, 13:00<em>, <\/em><\/strong><em>Dantzagunea, Errenteria<\/em><\/p>\n<p><strong>23.03.2024, 16:00<em>, <\/em><\/strong><em>Festival Regards Croises, Conservatoire Maurice Ravel Pays Basque, Biarritz<\/em><\/p>\n<\/span>\n              \n          <\/div><!-- lab-content-->\n        <\/div> <!-- lab-full -->\n            <div class=\"lab-full clearfix\" id=\"hustu-matxalen-bilbao\">         \n        <div class=\"lab-image\"> \n         \t<img decoding=\"async\" width=\"300\" height=\"169\" src=\"https:\/\/atalak.dantzaz.eus\/wp-content\/uploads\/2024\/01\/20180219-suturas-amarrak-550-300x169.jpg\" class=\"attachment-medium size-medium wp-post-image\" alt=\"convocatoria atalak\" srcset=\"https:\/\/atalak.dantzaz.eus\/wp-content\/uploads\/2024\/01\/20180219-suturas-amarrak-550-200x113.jpg 200w, https:\/\/atalak.dantzaz.eus\/wp-content\/uploads\/2024\/01\/20180219-suturas-amarrak-550-300x169.jpg 300w, https:\/\/atalak.dantzaz.eus\/wp-content\/uploads\/2024\/01\/20180219-suturas-amarrak-550-400x225.jpg 400w, https:\/\/atalak.dantzaz.eus\/wp-content\/uploads\/2024\/01\/20180219-suturas-amarrak-550-600x338.jpg 600w, https:\/\/atalak.dantzaz.eus\/wp-content\/uploads\/2024\/01\/20180219-suturas-amarrak-550-768x432.jpg 768w, https:\/\/atalak.dantzaz.eus\/wp-content\/uploads\/2024\/01\/20180219-suturas-amarrak-550-800x450.jpg 800w, https:\/\/atalak.dantzaz.eus\/wp-content\/uploads\/2024\/01\/20180219-suturas-amarrak-550-1024x576.jpg 1024w, https:\/\/atalak.dantzaz.eus\/wp-content\/uploads\/2024\/01\/20180219-suturas-amarrak-550-1200x675.jpg 1200w, https:\/\/atalak.dantzaz.eus\/wp-content\/uploads\/2024\/01\/20180219-suturas-amarrak-550.jpg 1304w\" sizes=\"(max-width: 300px) 100vw, 300px\" \/>       \n\t\t\t\n          \n           <div class=\"bailarines escritorio\">\n             <span>Danseurs<\/span>    \n             <span class=\"separacion\"><\/span>\n                <ul>       \n                                  \n                <li>lxs alumnxs del Conservatorio Maurice Ravel Pays Basque<\/li>\n\n                                  \n                <li>Maurice Ravel Pays Vasco kontserbatorioko ikasleak<\/li>\n\n                             <\/ul>\n            <\/div> <!-- bailarines-->\n                     <\/div> <!-- lab-image-->\n\n      \n\n        <div class=\"lab-content\">\n         <div class=\"lab-intro\">\n           <h3 class=\"persona\">HUSTU, Matxalen Bilbao<\/h3>\n           <span class=\"tipo\">Lab. transmission<\/span>\n           <span class=\"periodo\">17-18 f\u00e9vrier y 21 mars<\/span>\n           <span class=\"separacion\"><\/span>\n         <\/div>  <!-- lab-intro -->\n\n            \n              <span class=\"residencia\"><strong>R\u00e9sidence accueil<\/strong><br>\n              <p>Dantzagunea, Errenteria<\/p>\n<\/span>\n           \n\n              \n            <div class=\"bailarines movil\">\n             <span>Danseurs<\/span>    \n             <span class=\"separacion\"><\/span>\n                <ul>       \n                                  \n                <li>lxs alumnxs del Conservatorio Maurice Ravel Pays Basque<\/li>\n\n                                  \n                <li>Maurice Ravel Pays Vasco kontserbatorioko ikasleak<\/li>\n\n                             <\/ul>\n            <\/div> <!-- bailarines-->\n                     \n\n           <div class=\"contenido\"><p>Le R\u00e9seau ATALAK poursuit sa relation avec les espaces \u00e9ducatifs de l&rsquo;Euror\u00e9gion. Cette fois-ci, c&rsquo;est le Conservatoire Maurice Ravel Pays Basque qui accueillera le laboratoire de transmission <em>Hustu<\/em> d\u00e9velopp\u00e9 par la chor\u00e9graphe Matxalen Bilbao. Certaines des questions soulev\u00e9es dans sa derni\u00e8re recherche, <em>Una nada pre\u00f1ada<\/em>, qui traversent le corps en mouvement et interrogent l&rsquo;id\u00e9e du vide, seront partag\u00e9es avec les \u00e9l\u00e8ves du cycle d&rsquo;orientation professionnelle du conservatoire.<\/p>\n<blockquote><p><em>J<\/em><em>e propose un laboratoire du mouvement, un espace de recherche o\u00f9 la qu\u00eate est le corps lui-m\u00eame et o\u00f9 l&rsquo;exploration du mouvement est la ressource essentielle pour faire \u00e9merger la corporalit\u00e9 de l&rsquo;\u0153uvre. Mon intention est de d\u00e9velopper une \u00e9criture chor\u00e9gr<\/em><em>a<\/em><em>phique de l&rsquo;\u0153uvre elle-m\u00eame, de composer des essais chor\u00e9graphiques issus des recherches men\u00e9es pendant le laboratoire. En plus de proposer une approche de l&rsquo;id\u00e9e du vide comme outil de composition. Une id\u00e9e qui prend un int\u00e9r\u00eat particulier lorsqu&rsquo;elle est<\/em><em> port\u00e9e \u00e0 plus de corps&#8230; <\/em>(Matxalen Bilbao, 2024).<\/p><\/blockquote>\n<p>Le laboratoire de transmission fera l&rsquo;objet d&rsquo;une ouverture de son processus dans le cadre du Festival Regards Croises d\u00e9velopp\u00e9 par le CCN Malandain Ballet Biarritz et la Fundici\u00f3n (Bilbao).<\/p>\n<\/div>\n\n                    \n\n           \n            \n              <span class=\"muestra\"><strong>\u00c9chantillons<\/strong><br>\n              <p><strong>22.03.2024<\/strong>, <strong>19:00, <\/strong><em>Salle Gamaritz, Gare du Midi, Biarritz<\/em><\/p>\n<\/span>\n              \n          <\/div><!-- lab-content-->\n        <\/div> <!-- lab-full -->\n            \n  <\/div> <!-- lab-list -->\n\t\n\n\n<\/div><div class=\"fusion-clearfix\"><\/div><\/div><\/div><\/div><\/div><\/p>\n","protected":false},"excerpt":{"rendered":"","protected":false},"author":5,"featured_media":0,"parent":0,"menu_order":0,"comment_status":"closed","ping_status":"closed","template":"100-width.php","meta":{"footnotes":""},"class_list":["post-2163","page","type-page","status-publish","hentry"],"acf":[],"_links":{"self":[{"href":"https:\/\/atalak.dantzaz.eus\/fr\/wp-json\/wp\/v2\/pages\/2163","targetHints":{"allow":["GET"]}}],"collection":[{"href":"https:\/\/atalak.dantzaz.eus\/fr\/wp-json\/wp\/v2\/pages"}],"about":[{"href":"https:\/\/atalak.dantzaz.eus\/fr\/wp-json\/wp\/v2\/types\/page"}],"author":[{"embeddable":true,"href":"https:\/\/atalak.dantzaz.eus\/fr\/wp-json\/wp\/v2\/users\/5"}],"replies":[{"embeddable":true,"href":"https:\/\/atalak.dantzaz.eus\/fr\/wp-json\/wp\/v2\/comments?post=2163"}],"version-history":[{"count":7,"href":"https:\/\/atalak.dantzaz.eus\/fr\/wp-json\/wp\/v2\/pages\/2163\/revisions"}],"predecessor-version":[{"id":2328,"href":"https:\/\/atalak.dantzaz.eus\/fr\/wp-json\/wp\/v2\/pages\/2163\/revisions\/2328"}],"wp:attachment":[{"href":"https:\/\/atalak.dantzaz.eus\/fr\/wp-json\/wp\/v2\/media?parent=2163"}],"curies":[{"name":"wp","href":"https:\/\/api.w.org\/{rel}","templated":true}]}}