{"id":516,"date":"2020-03-21T12:08:39","date_gmt":"2020-03-21T12:08:39","guid":{"rendered":"https:\/\/atalak.dantzaz.eus\/producciones\/"},"modified":"2022-01-29T12:04:41","modified_gmt":"2022-01-29T10:04:41","slug":"productions","status":"publish","type":"page","link":"https:\/\/atalak.dantzaz.eus\/fr\/productions\/","title":{"rendered":"Productions"},"content":{"rendered":"<p><div class=\"fusion-fullwidth fullwidth-box fusion-builder-row-1 hundred-percent-fullwidth non-hundred-percent-height-scrolling\" style=\"background-color: rgba(255,255,255,0);background-position: center center;background-repeat: no-repeat;padding-top:0px;padding-right:0px;padding-bottom:0px;padding-left:0px;margin-bottom: 0px;margin-top: 0px;border-width: 0px 0px 0px 0px;border-color:#eae9e9;border-style:solid;\" ><div class=\"fusion-builder-row fusion-row\"><div class=\"fusion-layout-column fusion_builder_column fusion-builder-column-0 fusion_builder_column_1_1 1_1 fusion-one-full fusion-column-first fusion-column-last\" style=\"margin-top:0px;margin-bottom:20px;\"><div class=\"fusion-column-wrapper fusion-flex-column-wrapper-legacy\" style=\"background-position:left top;background-repeat:no-repeat;-webkit-background-size:cover;-moz-background-size:cover;-o-background-size:cover;background-size:cover;padding: 0px 0px 0px 0px;\"><span class=\" fusion-imageframe imageframe-none imageframe-1 hover-type-none ancho\"><img decoding=\"async\" width=\"1709\" height=\"699\" title=\"OLYMPUS DIGITAL CAMERA\" src=\"https:\/\/atalak.dantzaz.eus\/wp-content\/uploads\/2021\/11\/atalak-produccion-portada.jpg\" class=\"img-responsive wp-image-1199\" srcset=\"https:\/\/atalak.dantzaz.eus\/wp-content\/uploads\/2021\/11\/atalak-produccion-portada-200x82.jpg 200w, https:\/\/atalak.dantzaz.eus\/wp-content\/uploads\/2021\/11\/atalak-produccion-portada-400x164.jpg 400w, https:\/\/atalak.dantzaz.eus\/wp-content\/uploads\/2021\/11\/atalak-produccion-portada-600x245.jpg 600w, https:\/\/atalak.dantzaz.eus\/wp-content\/uploads\/2021\/11\/atalak-produccion-portada-800x327.jpg 800w, https:\/\/atalak.dantzaz.eus\/wp-content\/uploads\/2021\/11\/atalak-produccion-portada-1200x491.jpg 1200w, https:\/\/atalak.dantzaz.eus\/wp-content\/uploads\/2021\/11\/atalak-produccion-portada.jpg 1709w\" sizes=\"(max-width: 1024px) 100vw, 1709px\" \/><\/span><div class=\"fusion-clearfix\"><\/div><\/div><\/div><\/div><\/div><div class=\"fusion-fullwidth fullwidth-box fusion-builder-row-2 nonhundred-percent-fullwidth non-hundred-percent-height-scrolling\" style=\"background-color: rgba(255,255,255,0);background-position: center center;background-repeat: no-repeat;padding-top:35px;padding-right:0px;padding-bottom:0px;padding-left:0px;margin-bottom: 0px;margin-top: 0px;border-width: 0px 0px 0px 0px;border-color:#eae9e9;border-style:solid;\" ><div class=\"fusion-builder-row fusion-row\"><div class=\"fusion-layout-column fusion_builder_column fusion-builder-column-1 fusion_builder_column_1_1 1_1 fusion-one-full fusion-column-first fusion-column-last\" style=\"margin-top:0px;margin-bottom:20px;\"><div class=\"fusion-column-wrapper fusion-flex-column-wrapper-legacy\" style=\"background-position:left top;background-repeat:no-repeat;-webkit-background-size:cover;-moz-background-size:cover;-o-background-size:cover;background-size:cover;padding: 0px 0px 0px 0px;\"><style type=\"text\/css\"><\/style><div class=\"fusion-title title fusion-title-1 fusion-sep-none fusion-title-center fusion-title-text fusion-title-size-one tituloh1 debajo\" style=\"font-size:48px;margin-top:0px;margin-right:0px;margin-bottom:31px;margin-left:0px;\"><h1 class=\"title-heading-center\" style=\"margin:0;font-size:1em;color:#000000;line-height:1;\">Produire pour tourner et rencontrer le monde<\/h1><\/div><div class=\"fusion-text fusion-text-1 texto-grande\"><p>Le R\u00e9seau Atalak se concentre sur la cr\u00e9ation chor\u00e9graphique, dans laquelle les chor\u00e9graphes s\u00e9lectionn\u00e9s trouvent un espace pour exp\u00e9rimenter, rechercher et rencontrer de nouveaux d\u00e9fis.<\/p>\n<p>Les productions d&rsquo;Atalak auront \u00e9galement un accompagnement, cette fois en collaboration avec Azala (Idoia Zabaleta et Dantzaz) avec l&rsquo;exp\u00e9rience de cette artiste et professionnel de la danse en ce qui concerne l&rsquo;analyse et la r\u00e9flexion de la pratique chor\u00e9graphique.<\/p>\n<p>La s\u00e9lection et le suivi des artistes accueillis dans la r\u00e9sidence de production sont g\u00e9r\u00e9s par l&rsquo;\u00e9quipe Atalak, qui suit continuellement la r\u00e9alit\u00e9 chor\u00e9graphique sur le territoire. Une fois r\u00e9alis\u00e9e une premi\u00e8re s\u00e9lection, en accord avec des entit\u00e9s du R\u00e9seau Atalak, toujours en tenant compte des param\u00e8tres suivants : trajectoire de l&rsquo;artiste, productions ant\u00e9rieures, contact avec le R\u00e9seau Atalak et affinit\u00e9 pour la cr\u00e9ation de groupe.<\/p>\n<\/div><div class=\"fusion-clearfix\"><\/div><\/div><\/div><\/div><\/div><div class=\"fusion-fullwidth fullwidth-box fusion-builder-row-3 nonhundred-percent-fullwidth non-hundred-percent-height-scrolling\" style=\"background-color: rgba(255,255,255,0);background-position: center center;background-repeat: no-repeat;padding-top:0px;padding-right:0px;padding-bottom:0px;padding-left:0px;margin-top: 35px;border-width: 0px 0px 0px 0px;border-color:#eae9e9;border-style:solid;\" ><div class=\"fusion-builder-row fusion-row\"><div class=\"fusion-layout-column fusion_builder_column fusion-builder-column-2 fusion_builder_column_1_1 1_1 fusion-one-full fusion-column-first fusion-column-last\" style=\"margin-top:0px;margin-bottom:0px;\"><div class=\"fusion-column-wrapper fusion-flex-column-wrapper-legacy\" style=\"background-position:left top;background-repeat:no-repeat;-webkit-background-size:cover;-moz-background-size:cover;-o-background-size:cover;background-size:cover;padding: 0px 0px 0px 0px;\"><style type=\"text\/css\"><\/style><div class=\"fusion-title title fusion-title-2 fusion-sep-none fusion-title-center fusion-title-text fusion-title-size-two tituloh2\" style=\"margin-top:0px;margin-right:0px;margin-bottom:31px;margin-left:0px;\"><h2 class=\"title-heading-center\" style=\"margin:0;\">Production 2021<\/h2><\/div><div class=\"fusion-text fusion-text-2\">\n<div class=\"lab-list\">\n\n    <div class=\"lab-full clearfix\" id=\"quorum-hilde-koch\">         \n        <div class=\"lab-image\"> \n         \t<img decoding=\"async\" width=\"273\" height=\"300\" src=\"https:\/\/atalak.dantzaz.eus\/wp-content\/uploads\/2021\/10\/Atalak-HildeKoch-produccion-21-273x300.jpg\" class=\"attachment-medium size-medium wp-post-image\" alt=\"\" srcset=\"https:\/\/atalak.dantzaz.eus\/wp-content\/uploads\/2021\/10\/Atalak-HildeKoch-produccion-21-200x220.jpg 200w, https:\/\/atalak.dantzaz.eus\/wp-content\/uploads\/2021\/10\/Atalak-HildeKoch-produccion-21-273x300.jpg 273w, https:\/\/atalak.dantzaz.eus\/wp-content\/uploads\/2021\/10\/Atalak-HildeKoch-produccion-21-400x440.jpg 400w, https:\/\/atalak.dantzaz.eus\/wp-content\/uploads\/2021\/10\/Atalak-HildeKoch-produccion-21.jpg 414w\" sizes=\"(max-width: 273px) 100vw, 273px\" \/>       \n\t\t\t\n          \n           <div class=\"bailarines escritorio\">\n             <span>Danseurs<\/span>    \n             <span class=\"separacion\"><\/span>\n                <ul>       \n                                  \n                <li>Andrea Aguado<\/li>\n\n                                  \n                <li>Marina Eskisabel<\/li>\n\n                                  \n                <li>Maddi Gaztelumendi<\/li>\n\n                                  \n                <li>Laura G. Latasa<\/li>\n\n                                  \n                <li>Lara Ivan\u010di\u010d<\/li>\n\n                                  \n                <li>Raul Abentin<\/li>\n\n                                  \n                <li>Noel Quintana<\/li>\n\n                                  \n                <li>I\u00f1igo Rementer\u00eda<\/li>\n\n                                  \n                <li>Oscar Pascual<\/li>\n\n                                  \n                <li>Be\u00f1at Urrutia<\/li>\n\n                             <\/ul>\n            <\/div>\n                     <\/div> \n\n      \n\n        <div class=\"lab-content\">\n         <div class=\"lab-intro\">\n           <h3 class=\"persona\">QUORUM &#8211; Hilde Koch<\/h3>\n           <span class=\"tipo\">R\u00c9SIDENCE DE PRODUCTION<\/span>\n           <span class=\"periodo\"><\/span>\n           <span class=\"separacion\"><\/span>\n        <\/div>\n\n           \n           \n              \n            <div class=\"bailarines movil\">\n             <span>Danseurs<\/span>    \n             <span class=\"separacion\"><\/span>\n                <ul>       \n                                  \n                <li>Andrea Aguado<\/li>\n\n                                  \n                <li>Marina Eskisabel<\/li>\n\n                                  \n                <li>Maddi Gaztelumendi<\/li>\n\n                                  \n                <li>Laura G. Latasa<\/li>\n\n                                  \n                <li>Lara Ivan\u010di\u010d<\/li>\n\n                                  \n                <li>Raul Abentin<\/li>\n\n                                  \n                <li>Noel Quintana<\/li>\n\n                                  \n                <li>I\u00f1igo Rementer\u00eda<\/li>\n\n                                  \n                <li>Oscar Pascual<\/li>\n\n                                  \n                <li>Be\u00f1at Urrutia<\/li>\n\n                             <\/ul>\n            <\/div>\n                     \n\n           <div class=\"contenido\"><p><strong><i>Quorum : Nombre d&rsquo;individus n\u00e9cessaires pour qu&rsquo;un organe d\u00e9lib\u00e9rant puisse prendre certains accords.<\/i><\/strong><\/p>\n<p>La production Quorum d&rsquo;ATALAK, chor\u00e9graphi\u00e9e par Hilde Koch, est une collaboration avec la compositrice Paula Olaz, la cr\u00e9atrice de mode durable Tytti Thusberg et la cr\u00e9atrice d&rsquo;\u00e9clairage Alaine Arzoz. La collaboration de ces quatre femmes est le point de d\u00e9part de la pi\u00e8ce Quorum, o\u00f9 elles sont rejointes par les jeunes interpr\u00e8tes de la compagnie, avec l&rsquo;accompagnement artistique et de production de Dantzaz.<\/p>\n<p>Quorum est une pi\u00e8ce de danse qui d\u00e9bute par une r\u00e9flexion sur les \u00eatres humains, la nature et leurs interactions. Hilde Koch cherche, \u00e0 travers cette enqu\u00eate chor\u00e9graphique, un lieu o\u00f9 trouver le calme et la sobri\u00e9t\u00e9. S&rsquo;inspirant des langages de William Forsythe et de Nacho Duato, Koch propose dans cette nouvelle cr\u00e9ation une collaboration avec les interpr\u00e8tes de Dantzaz et l&rsquo;\u00e9quipe artistique pour trouver des actions authentiques qui embarquent le public dans un moment de recueillement et de beaut\u00e9.<\/p>\n<p>La pi\u00e8ce coexiste avec des compositions abstraites bas\u00e9es sur les quatre \u00e9l\u00e9ments vitaux tels que l&rsquo;eau, le feu, l&rsquo;air et la terre, qui symbolisent le monde ancestral qui continue \u00e0 nous accompagner et \u00e0 inspirer la fragilit\u00e9 dans laquelle nous vivons.<\/p>\n<p>Dans cette proposition chor\u00e9graphique, une relation transg\u00e9n\u00e9rationnelle est pr\u00e9sente tout au long du processus de cr\u00e9ation ; dans lequel l&rsquo;exp\u00e9rience de Hilde Koch est entrelac\u00e9e avec de jeunes interpr\u00e8tes qui commencent leur carri\u00e8re et leur parcours professionnel, donnant lieu \u00e0 une symbiose et un enrichissement pour toutes ses composantes. Quorum se veut un petit hommage \u00e0 ceux qui ont \u00e9t\u00e9 perdus&#8230; \u00e0 ceux qui ne sont plus avec nous&#8230; avec pour objectif central d&rsquo;encourager la prise de d\u00e9cision cr\u00e9ative de la part des interpr\u00e8tes.<\/p>\n<\/div>\n\n             \n              <div class=\"bio\"><span>BIO<\/span>\n              <p>Hilde Koch (Gipuzkoa) Form\u00e9e au Conservatoire de musique et de danse de Saint-S\u00e9bastien, Mme Koch a termin\u00e9 ses \u00e9tudes \u00e0 l&rsquo;\u00e9cole du Ballett de Stuttgart, o\u00f9 elle obtient son premier contrat sous la direction du grand chor\u00e9graphe John Cranko. De 1981 \u00e0 1991, elle a dans\u00e9 au Frankfurt Ballet en tant que soliste sous la direction de William Forsythe. En 1991, elle rejoint l&rsquo;\u00e9quipe artistique de Nacho Duato, en tant que directrice artistique adjointe de la Compagnie<\/p>\n<p>nationale de danse. Depuis 1993, elle met en sc\u00e8ne diff\u00e9rents ballets de Nacho Duato et William Forsythe pour des compagnies internationales et donne des ateliers. Depuis 2004, il est membre du Conseil directeur des th\u00e9\u00e2tres de la Communaut\u00e9 de Valence, sous la direction de Inmaculada Gil. En 2008, elle a re\u00e7u le Premio De La Danza 2008 de l&rsquo;Asociaci\u00f3n De Profesionales De Danza De Gipuzkoa et est \u00e9galement membre de l&rsquo;Academia de las Artes Esc\u00e9nicas de Espa\u00f1a. En tant que chor\u00e9graphe, elle a travaill\u00e9 pour plusieurs compagnies, dont Dantzaz, Seattle Project, le Ballet de la Generalitat Valenciana, le Teatro Fern\u00e1n G\u00f3mez de Madrid et le Teatro Arriaga de Bilbao.<\/p>\n<\/span><\/div>\n                      \n          <\/div>\n        <\/div>\n            \n  <\/div>\n\t\n\n\n<\/div><div class=\"fusion-clearfix\"><\/div><\/div><\/div><\/div><\/div><div class=\"fusion-fullwidth fullwidth-box fusion-builder-row-4 videos nonhundred-percent-fullwidth non-hundred-percent-height-scrolling\" style=\"background-color: rgba(255,255,255,0);background-position: center center;background-repeat: no-repeat;padding-top:15px;padding-right:0px;padding-bottom:35px;padding-left:0px;margin-bottom: 0px;border-width: 0px 0px 0px 0px;border-color:#eae9e9;border-style:solid;\" ><div class=\"fusion-builder-row fusion-row\"><div class=\"fusion-layout-column fusion_builder_column fusion-builder-column-3 fusion_builder_column_1_1 1_1 fusion-one-full fusion-column-first fusion-column-last\" style=\"margin-top:0px;margin-bottom:20px;\"><div class=\"fusion-column-wrapper fusion-flex-column-wrapper-legacy\" style=\"background-position:left top;background-repeat:no-repeat;-webkit-background-size:cover;-moz-background-size:cover;-o-background-size:cover;background-size:cover;padding: 0px 0px 0px 0px;\"><style type=\"text\/css\"><\/style><div class=\"fusion-title title fusion-title-3 fusion-sep-none fusion-title-center fusion-title-text fusion-title-size-three tituloh3\" style=\"margin-top:0px;margin-right:0px;margin-bottom:31px;margin-left:0px;\"><h3 class=\"title-heading-center\" style=\"margin:0;\">R\u00c9SIDENCE PRODUCTION 2021: QUORUM<\/h3><\/div><div class=\"fusion-text fusion-text-3 galeria-video-prod\"><section id=\"thumbwrapper4\" class=\"gallery-video-content\"\n         data-gallery-video-perpage=\"5\" data-gallery-video-id=\"4\">\n\n    <input type=\"hidden\" class=\"pagenum\" value=\"1\"\/>\n    <ul id=\"origincode_videogallery\" class=\"origincode_videogallery view-thumbnails\">\n        <li id=\"fullPreview\"><\/li>\n        <input type=\"hidden\" id=\"total\" value=\"1\"\/>\n                    <li class=\"origincode_big_li\" data-id=\"86\">\n                                    <a class=\"vvimeo origincode_videogallery_item group4\"\n                       href=\"\/\/player.vimeo.com\/video\/517787881\"\n                       title=\"NIKOLA\"\n                       data-description=\"\"\n                       data-id=\"86\"><\/a>\n                    <img decoding=\"async\" src=\"https:\/\/i.vimeocdn.com\/video\/1082689118-24b3d2b8b75c2adb99080a0569ccb439b84a5daeded97910fc446fd675344bbb-d_640?region=us\"\n                         alt=\"NIKOLA\"\/>\n                                    <div class=\"overLayer\"><\/div>\n                <div class=\"infoLayer\">\n                    <ul>\n                        <li>\n                            <h2>\n                                NIKOLA                            <\/h2>\n                        <\/li>\n                        <li>\n                            <p>\n                                Watch Video                            <\/p>\n                        <\/li>\n                    <\/ul>\n                <\/div>\n            <\/li>\n                    <li class=\"origincode_big_li\" data-id=\"42\">\n                                    <a class=\"vvimeo origincode_videogallery_item group4\"\n                       href=\"\/\/player.vimeo.com\/video\/385975977\"\n                       title=\"WALLS\"\n                       data-description=\"\"\n                       data-id=\"42\"><\/a>\n                    <img decoding=\"async\" src=\"https:\/\/i.vimeocdn.com\/video\/848342899-ee1dc155fef5688bcd4bc20ac9e6ce29d34acea6bd8a0970f83ac1ce2a3a9481-d_640?region=us\"\n                         alt=\"WALLS\"\/>\n                                    <div class=\"overLayer\"><\/div>\n                <div class=\"infoLayer\">\n                    <ul>\n                        <li>\n                            <h2>\n                                WALLS                            <\/h2>\n                        <\/li>\n                        <li>\n                            <p>\n                                Watch Video                            <\/p>\n                        <\/li>\n                    <\/ul>\n                <\/div>\n            <\/li>\n        \n    <\/ul>\n    <\/section>\n<style>\nsection #origincode_videogallery a{\n\tborder:none;\n}\nsection #origincode_videogallery {\n\tpadding: 28px;\n\tdisplay: block;\n\tmin-height: 100%;\n\ttext-align: center;\n\tmargin-bottom: 30px;\n  background-color: #333333; box-shadow: 0 0 10px;}\n\n\n#origincode_videogallery .origincode_big_li {\n\twidth: 100%;\n\tmax-width: 240px;\n\toverflow:hidden;\n\theight: 150px;\n\tmargin: 1px !important;\n\tpadding:0 !important;\n\tborder: 1px solid #444444;\n\tborder-radius: 5px;\n}\n\nsection #origincode_videogallery li .infoLayer ul li {\n\tmax-height:80px;\n\toverflow:hidden;\n}\n\nsection #origincode_videogallery li .overLayer ul li h2,\nsection #origincode_videogallery li .infoLayer ul li h2 {\n\tfont-size: 16px;\n\tcolor: #FFFFFF;\n\tmargin:0 !important;\n}\n\nsection #origincode_videogallery li .infoLayer ul li p {\n\tcolor: #FFFFFF;\n\tmargin:0 !important;\n}\n\nsection #origincode_videogallery li .overLayer,\nsection #origincode_videogallery li .infoLayer {\n\t-webkit-transition: opacity 0.3s linear;\n\t-moz-transition: opacity 0.3s linear;\n\t-ms-transition: opacity 0.3s linear;\n\t-o-transition: opacity 0.3s linear;\n\ttransition: opacity 0.3s linear;\n\twidth: 100%;\n\tmax-width: 240px;\n\theight: 150px;\n\tposition: absolute;\n\ttext-align: center;\n\topacity: 0;\n\ttop: 0;\n\tleft: 0;\n\tz-index: 4;\n\tborder-radius: 5px;\n}\n\n\n\nsection #origincode_videogallery li a {\n\tposition: absolute;\n\tdisplay: block;\n\twidth: 100%;\n\tmax-width: 240px;\n\theight: 150px;\n\ttop: 0;\n\tleft: 0;\n\tz-index: 6;\n\tborder-radius: 5px;\n}\n.load_more3 {\n\tmargin: 10px 0;\n\tposition:relative;\n\ttext-align:center;\n\twidth:100%;\n}\n\n.load_more_button3 {\n\tborder-radius: 10px;\n\tdisplay:inline-block;\n\tpadding:5px 15px;\n\tfont-size:19px !important;;\n\tcolor:#CCCCCC !important;;\n\tbackground:#333333 !important;\n\tcursor:pointer;\n\n}\n.load_more_button3:hover{\n\tcolor:#D9D9D9 !important;\n\tbackground:#8F827C !important;\n}\n.loading3 {\n\tdisplay:none;\n}\n.paginate3{\n\tfont-size:22px !important;\n\tcolor:#0A0202 !important;\n\ttext-align: center;\n}\n.paginate3 a{\n\tborder-bottom: none !important;\n\tbox-shadow: none !important;\n}\n.icon-style3{\n\tfont-size: 22px !important;\n\tcolor:#333333 !important;\n}\n.clear{\n\tclear:both;\n}\n\n#origincode_videogallery li img {\n\twidth: 100%;\n\tmax-width: 238px;\n\theight: 148px;\n\tmin-height: 100%;\n\tmargin:0 !important;\n}\n\nsection #origincode_videogallery li:hover .overLayer {\n\t-webkit-transition: opacity 0.3s linear;\n\t-moz-transition: opacity 0.3s linear;\n\t-ms-transition: opacity 0.3s linear;\n\t-o-transition: opacity 0.3s linear;\n\ttransition: opacity 0.3s linear;\n\topacity: 0.801;\n\tdisplay: block;\n\tbackground: #CCCCCC;\n}\nsection #origincode_videogallery li:hover .infoLayer {\n\t-webkit-transition: opacity 0.3s linear;\n\t-moz-transition: opacity 0.3s linear;\n\tms-transition: opacity 0.3s linear;\n\t-o-transition: opacity 0.3s linear;\n\ttransition: opacity 0.3s linear;\n\topacity: 1;\n\tdisplay: block;\n}\nsection #origincode_videogallery p {text-align:center;}\n<\/style>\n<\/div><div class=\"fusion-video fusion-vimeo fusion-aligncenter video-vimeo\" style=\"max-width:920px;max-height:575px; width:100%\"><div class=\"video-shortcode\"><iframe title=\"Vimeo video player 1\" src=\"https:\/\/player.vimeo.com\/video\/659614730?autoplay=0&amp;h=ff47de424f&amp;title=0&amp;byline=0&amp;portrait=0&amp;rel=0&amp;color=ffffff&autopause=0\" width=\"920\" height=\"575\" allowfullscreen allow=\"autoplay; fullscreen\"><\/iframe><\/div><\/div><div class=\"fusion-clearfix\"><\/div><\/div><\/div><\/div><\/div><\/p>\n","protected":false},"excerpt":{"rendered":"","protected":false},"author":1,"featured_media":0,"parent":0,"menu_order":0,"comment_status":"closed","ping_status":"closed","template":"100-width.php","meta":{"footnotes":""},"class_list":["post-516","page","type-page","status-publish","hentry"],"acf":[],"_links":{"self":[{"href":"https:\/\/atalak.dantzaz.eus\/fr\/wp-json\/wp\/v2\/pages\/516","targetHints":{"allow":["GET"]}}],"collection":[{"href":"https:\/\/atalak.dantzaz.eus\/fr\/wp-json\/wp\/v2\/pages"}],"about":[{"href":"https:\/\/atalak.dantzaz.eus\/fr\/wp-json\/wp\/v2\/types\/page"}],"author":[{"embeddable":true,"href":"https:\/\/atalak.dantzaz.eus\/fr\/wp-json\/wp\/v2\/users\/1"}],"replies":[{"embeddable":true,"href":"https:\/\/atalak.dantzaz.eus\/fr\/wp-json\/wp\/v2\/comments?post=516"}],"version-history":[{"count":12,"href":"https:\/\/atalak.dantzaz.eus\/fr\/wp-json\/wp\/v2\/pages\/516\/revisions"}],"predecessor-version":[{"id":1437,"href":"https:\/\/atalak.dantzaz.eus\/fr\/wp-json\/wp\/v2\/pages\/516\/revisions\/1437"}],"wp:attachment":[{"href":"https:\/\/atalak.dantzaz.eus\/fr\/wp-json\/wp\/v2\/media?parent=516"}],"curies":[{"name":"wp","href":"https:\/\/api.w.org\/{rel}","templated":true}]}}