{"id":564,"date":"2020-03-10T09:21:58","date_gmt":"2020-03-10T09:21:58","guid":{"rendered":"https:\/\/atalak.dantzaz.eus\/socios\/"},"modified":"2021-03-16T07:30:54","modified_gmt":"2021-03-16T07:30:54","slug":"partenaires","status":"publish","type":"page","link":"https:\/\/atalak.dantzaz.eus\/fr\/partenaires\/","title":{"rendered":"Partenaires"},"content":{"rendered":"<p><div class=\"fusion-fullwidth fullwidth-box fusion-builder-row-1 hundred-percent-fullwidth non-hundred-percent-height-scrolling\" style=\"background-color: rgba(255,255,255,0);background-position: center center;background-repeat: no-repeat;padding-top:0px;padding-right:0px;padding-bottom:0px;padding-left:0px;border-width: 0px 0px 0px 0px;border-color:#eae9e9;border-style:solid;\" ><div class=\"fusion-builder-row fusion-row\"><div class=\"fusion-layout-column fusion_builder_column fusion-builder-column-0 fusion_builder_column_1_1 1_1 fusion-one-full fusion-column-first fusion-column-last\" style=\"margin-top:0px;margin-bottom:0px;\"><div class=\"fusion-column-wrapper fusion-flex-column-wrapper-legacy\" style=\"background-position:left top;background-repeat:no-repeat;-webkit-background-size:cover;-moz-background-size:cover;-o-background-size:cover;background-size:cover;padding: 0px 0px 0px 0px;\"><span class=\" fusion-imageframe imageframe-none imageframe-1 hover-type-none\"><img decoding=\"async\" width=\"2000\" height=\"945\" title=\"red\" src=\"https:\/\/atalak.dantzaz.eus\/wp-content\/uploads\/2020\/05\/red.jpg\" class=\"img-responsive wp-image-487\" srcset=\"https:\/\/atalak.dantzaz.eus\/wp-content\/uploads\/2020\/05\/red-200x95.jpg 200w, https:\/\/atalak.dantzaz.eus\/wp-content\/uploads\/2020\/05\/red-400x189.jpg 400w, https:\/\/atalak.dantzaz.eus\/wp-content\/uploads\/2020\/05\/red-600x284.jpg 600w, https:\/\/atalak.dantzaz.eus\/wp-content\/uploads\/2020\/05\/red-800x378.jpg 800w, https:\/\/atalak.dantzaz.eus\/wp-content\/uploads\/2020\/05\/red-1200x567.jpg 1200w, https:\/\/atalak.dantzaz.eus\/wp-content\/uploads\/2020\/05\/red.jpg 2000w\" sizes=\"(max-width: 1024px) 100vw, 2000px\" \/><\/span><div class=\"fusion-clearfix\"><\/div><\/div><\/div><\/div><\/div><div class=\"fusion-fullwidth fullwidth-box fusion-builder-row-2 nonhundred-percent-fullwidth non-hundred-percent-height-scrolling\" style=\"background-color: rgba(255,255,255,0);background-position: center center;background-repeat: no-repeat;padding-top:45px;padding-right:0px;padding-bottom:15px;padding-left:0px;margin-bottom: 0px;margin-top: 0px;border-width: 0px 0px 0px 0px;border-color:#eae9e9;border-style:solid;\" ><div class=\"fusion-builder-row fusion-row\"><div class=\"fusion-layout-column fusion_builder_column fusion-builder-column-1 fusion_builder_column_1_1 1_1 fusion-one-full fusion-column-first fusion-column-last\" style=\"margin-top:0px;margin-bottom:20px;\"><div class=\"fusion-column-wrapper fusion-flex-column-wrapper-legacy\" style=\"background-position:left top;background-repeat:no-repeat;-webkit-background-size:cover;-moz-background-size:cover;-o-background-size:cover;background-size:cover;padding: 0px 0px 0px 0px;\"><style type=\"text\/css\"><\/style><div class=\"fusion-title title fusion-title-1 fusion-sep-none fusion-title-center fusion-title-text fusion-title-size-one tituloh1 debajo\" style=\"margin-top:0px;margin-right:0px;margin-bottom:31px;margin-left:0px;\"><h1 class=\"title-heading-center\" style=\"margin:0;\">Un espace de cr\u00e9ation et de rencontre, en expansion continue<\/h1><\/div><div class=\"fusion-text fusion-text-1 texto-grande\"><p>Tout au long de leurs diff\u00e9rentes actions li\u00e9es aux diff\u00e9rentes lignes de cr\u00e9ation d&rsquo;Atalak, ils atteindront diff\u00e9rents publics et secteurs. L&rsquo;intention du r\u00e9seau est que toutes ces actions et tentatives qui sont men\u00e9es par les diff\u00e9rents partenaires vont cristalliser, g\u00e9n\u00e9rant des lignes de travail permanentes, y compris plus de collaborateurs et partenaires, comme peuvent \u00eatre les actions de sensibilisation et de m\u00e9diation dans les centres \u00e9ducatifs, la documentation et les archives de la danse et de son secteur, et aussi la coop\u00e9ration constante avec les organismes de formation en danse qui existent dans l&rsquo;Euror\u00e9gion.<\/p>\n<\/div><div class=\"fusion-clearfix\"><\/div><\/div><\/div><\/div><\/div><div class=\"fusion-fullwidth fullwidth-box fusion-builder-row-3 nonhundred-percent-fullwidth non-hundred-percent-height-scrolling\" style=\"background-color: rgba(255,255,255,0);background-position: center center;background-repeat: no-repeat;padding-top:0px;padding-right:45px;padding-bottom:0px;padding-left:45px;border-width: 0px 0px 0px 0px;border-color:#eae9e9;border-style:solid;\" ><div class=\"fusion-builder-row fusion-row\"><div class=\"fusion-layout-column fusion_builder_column fusion-builder-column-2 fusion_builder_column_1_1 1_1 fusion-one-full fusion-column-first fusion-column-last\" style=\"margin-top:0px;margin-bottom:0px;\"><div class=\"fusion-column-wrapper fusion-flex-column-wrapper-legacy\" style=\"background-position:left top;background-repeat:no-repeat;-webkit-background-size:cover;-moz-background-size:cover;-o-background-size:cover;background-size:cover;padding: 0px 0px 0px 0px;\"><iframe src=\"https:\/\/www.google.com\/maps\/d\/embed?mid=1hgd3Pv12nV0y32HgJ7CAUGh0oQPJZwnE&scrollwheel=false\" width=\"100%\" height=\"480\"><\/iframe><div class=\"fusion-clearfix\"><\/div><\/div><\/div><\/div><\/div><div class=\"fusion-fullwidth fullwidth-box fusion-builder-row-4 organizacion nonhundred-percent-fullwidth non-hundred-percent-height-scrolling\" style=\"background-color: rgba(255,255,255,0);background-position: center center;background-repeat: no-repeat;padding-top:35px;padding-right:0px;padding-bottom:45px;padding-left:0px;margin-bottom: 0px;margin-top: 0px;border-width: 0px 0px 0px 0px;border-color:#eae9e9;border-style:solid;\" ><div class=\"fusion-builder-row fusion-row\"><div class=\"fusion-layout-column fusion_builder_column fusion-builder-column-3 fusion_builder_column_1_1 1_1 fusion-one-full fusion-column-first fusion-column-last\" style=\"margin-top:0px;margin-bottom:20px;\"><div class=\"fusion-column-wrapper fusion-flex-column-wrapper-legacy\" style=\"background-position:left top;background-repeat:no-repeat;-webkit-background-size:cover;-moz-background-size:cover;-o-background-size:cover;background-size:cover;padding: 0px 0px 0px 0px;\"><style type=\"text\/css\"><\/style><div class=\"fusion-title title fusion-title-2 fusion-sep-none fusion-title-text fusion-title-size-two tituloh2 debajo\" style=\"margin-top:0px;margin-right:0px;margin-bottom:31px;margin-left:0px;\"><h2 class=\"title-heading-left\" style=\"margin:0;\">Partenaires<\/h2><\/div><div class=\"fusion-text fusion-text-2\">\n<div class=\"entidades clearfix\">\n    \n        <div class=\"entidad clearfix\">         \n          <div class=\"entidad-image\"> \n         \t                <a href=\"https:\/\/dantzaz.eus\/\" target=\"_blank\"><img decoding=\"async\" width=\"300\" height=\"103\" src=\"https:\/\/atalak.dantzaz.eus\/wp-content\/uploads\/2020\/03\/dantzaz-300x103.jpg\" class=\"attachment-medium size-medium wp-post-image\" alt=\"\" srcset=\"https:\/\/atalak.dantzaz.eus\/wp-content\/uploads\/2020\/03\/dantzaz-200x69.jpg 200w, https:\/\/atalak.dantzaz.eus\/wp-content\/uploads\/2020\/03\/dantzaz-300x103.jpg 300w, https:\/\/atalak.dantzaz.eus\/wp-content\/uploads\/2020\/03\/dantzaz.jpg 375w\" sizes=\"(max-width: 300px) 100vw, 300px\" \/> <\/a>           <\/div> \n          <div class=\"detalles\">\n          <p><strong>Dantzaz<\/strong> (Gipuzkoa-Euskadi) Chef de file du projet. Bas\u00e9 \u00e0 Gipuzkoako Dantzagunea (Errenteria), le service pour la danse de la D\u00e9putation Forale de Gipuzkoa, r\u00e9unit un Centre de Cr\u00e9ation Chor\u00e9graphique Internationale (SKNZ), avec un Centre d&rsquo;Emploi pour jeunes professionnels du monde de la danse. Une plateforme pionni\u00e8re dans le domaine des arts du mouvement. Plus de 130 danseurs d&rsquo;une vingtaine de pays et 60 chor\u00e9graphes ont pass\u00e9 par cette structure dans ses presque 20 ans d&rsquo;histoire. Articul\u00e9e comme une maison de cr\u00e9ation et de production, des cr\u00e9ateurs reconnus et des valeurs \u00e9mergentes sont invit\u00e9s chaque ann\u00e9e \u00e0 son Centre de cr\u00e9ation chor\u00e9graphique international pour r\u00e9aliser des r\u00e9sidences de production, g\u00e9n\u00e9rant des pi\u00e8ces chor\u00e9graphiques qui ont fait partie de grandes productions<\/p>\n          <\/div>\n        <\/div>\n                <div class=\"entidad clearfix\">         \n          <div class=\"entidad-image\"> \n         \t                <a href=\"http:\/\/www.fundacionbaluarte.com\/\" target=\"_blank\"><img decoding=\"async\" width=\"150\" height=\"150\" src=\"https:\/\/atalak.dantzaz.eus\/wp-content\/uploads\/2020\/03\/baluarte.jpg\" class=\"attachment-medium size-medium wp-post-image\" alt=\"\" srcset=\"https:\/\/atalak.dantzaz.eus\/wp-content\/uploads\/2020\/03\/baluarte-66x66.jpg 66w, https:\/\/atalak.dantzaz.eus\/wp-content\/uploads\/2020\/03\/baluarte.jpg 150w\" sizes=\"(max-width: 150px) 100vw, 150px\" \/> <\/a>           <\/div> \n          <div class=\"detalles\">\n          <p><strong>Fondation Baluarte<\/strong> (Navarre) : La Fondation Baluarte est une fondation publique li\u00e9e au D\u00e9partement de la Culture et du Sport du Gouvernement de Navarre. Il a son si\u00e8ge \u00e0 l&rsquo;Auditorium et Palais des Congr\u00e8s Baluarte, \u00e0 Pampelune. En 2016, \u00e0 la demande du gouvernement de Navarre, il a pris en charge la gestion de l&rsquo;Orchestre Symphonique de Navarre, ce qui en fait l&rsquo;ensemble symphonique officiel de la Communaut\u00e9 Forale. Il a pour objectif principal de servir d&rsquo;outil de promotion de la culture de Navarre, sa diffusion \u00e0 l&rsquo;ext\u00e9rieur, la promotion de la cr\u00e9ation, l&rsquo;attention aux interpr\u00e8tes navarrais et la r\u00e9cup\u00e9ration du patrimoine culturel, notamment dans les domaines des arts sc\u00e9niques et de la musique. Pour cela, il d\u00e9veloppe ses propres programmes et collabore avec les programmes de la Direction G\u00e9n\u00e9rale de la Culture du Gouvernement de Navarre.<\/p>\n          <\/div>\n        <\/div>\n                <div class=\"entidad clearfix\">         \n          <div class=\"entidad-image\"> \n         \t                <a href=\"http:\/\/malandainballet.com\/\" target=\"_blank\"><img decoding=\"async\" width=\"300\" height=\"73\" src=\"https:\/\/atalak.dantzaz.eus\/wp-content\/uploads\/2020\/03\/malandain-300x73.jpg\" class=\"attachment-medium size-medium wp-post-image\" alt=\"\" srcset=\"https:\/\/atalak.dantzaz.eus\/wp-content\/uploads\/2020\/03\/malandain-200x49.jpg 200w, https:\/\/atalak.dantzaz.eus\/wp-content\/uploads\/2020\/03\/malandain-300x73.jpg 300w, https:\/\/atalak.dantzaz.eus\/wp-content\/uploads\/2020\/03\/malandain.jpg 350w\" sizes=\"(max-width: 300px) 100vw, 300px\" \/> <\/a>           <\/div> \n          <div class=\"detalles\">\n          <p><strong>Centre Chor\u00e9graphique National Malandain-Biarritz<\/strong> (Pyr\u00e9n\u00e9es Atlantiques-Nouvelle-Aquitaine) Sous l&rsquo;impulsion commune de la ville de Biarritz et du Minist\u00e8re de la Culture et de la Communication, en 1998 na\u00eet le Centre Chor\u00e9graphique National Malandain Ballet Biarritz. Ses objectifs sont la cr\u00e9ation, la diffusion et la mise en \u0153uvre d&rsquo;actions de sensibilisation, en plus de stimuler le travail artistique d&rsquo;autres compagnies et d&rsquo;autres cr\u00e9ateurs. Depuis 2014, le Grand Studio de la Gare du Midi de Biarritz accueille les pr\u00e9sentations d\u2019Atalak 2.0 et commence \u00e0 travailler sur le d\u00e9veloppement d\u2019une activit\u00e9 chor\u00e9graphique transfrontali\u00e8re, fa\u00e7onn\u00e9e par le projet \u00ab Ballet T \u00bb, \u00e0 c\u00f4t\u00e9 de la ville de Saint-S\u00e9bastien et du festival \u00ab Regards Crois\u00e9s \u00bb, qui accueille des pr\u00e9sentations et des actions d\u2019Atal<\/p>\n          <\/div>\n        <\/div>\n                <div class=\"entidad clearfix\">         \n          <div class=\"entidad-image\"> \n         \t                <a href=\"https:\/\/www.tabakalera.eu\/es\" target=\"_blank\"><img decoding=\"async\" width=\"300\" height=\"238\" src=\"https:\/\/atalak.dantzaz.eus\/wp-content\/uploads\/2020\/03\/tabakalera-300x238.jpg\" class=\"attachment-medium size-medium wp-post-image\" alt=\"\" srcset=\"https:\/\/atalak.dantzaz.eus\/wp-content\/uploads\/2020\/03\/tabakalera-200x159.jpg 200w, https:\/\/atalak.dantzaz.eus\/wp-content\/uploads\/2020\/03\/tabakalera-300x238.jpg 300w, https:\/\/atalak.dantzaz.eus\/wp-content\/uploads\/2020\/03\/tabakalera.jpg 350w\" sizes=\"(max-width: 300px) 100vw, 300px\" \/> <\/a>           <\/div> \n          <div class=\"detalles\">\n          <p><strong>Tabakalera<\/strong> est un centre de culture contemporaine situ\u00e9 \u00e0 Saint-S\u00e9bastien avec une double vocation, \u00eatre un centre de production et offrir une programmation publique d&rsquo;activit\u00e9s. Ces deux axes d\u00e9passent tous les domaines du projet, qui sont r\u00e9gis par la cr\u00e9ation, la formation \u00e0 partir de la r\u00e9flexion et l&rsquo;exposition. En plus de servir de lieu de soutien \u00e0 la professionnalisation des artistes et des cr\u00e9ateurs, il g\u00e9n\u00e8re \u00e9galement la programmation pour diff\u00e9rents publics et met \u00e0 la disposition du grand public des outils de rapprochement et d&rsquo;acc\u00e8s \u00e0 la culture contemporaine et \u00e0 la cr\u00e9ation. Les r\u00e9sidences sont un outil cl\u00e9 dans le projet de Tabakalera: elles enrichissent le programme culturel qui se d\u00e9veloppe au centre, tout en int\u00e9grant des agents ext\u00e9rieurs dans les dynamiques du projet culturel.<\/p>\n          <\/div>\n        <\/div>\n                <div class=\"entidad clearfix\">         \n          <div class=\"entidad-image\"> \n         \t                <a href=\"http:\/\/dantzagunea.gipuzkoakultura.net\/\" target=\"_blank\"><img decoding=\"async\" width=\"300\" height=\"129\" src=\"https:\/\/atalak.dantzaz.eus\/wp-content\/uploads\/2020\/03\/dantzagunea-300x129.jpg\" class=\"attachment-medium size-medium wp-post-image\" alt=\"\" srcset=\"https:\/\/atalak.dantzaz.eus\/wp-content\/uploads\/2020\/03\/dantzagunea-200x86.jpg 200w, https:\/\/atalak.dantzaz.eus\/wp-content\/uploads\/2020\/03\/dantzagunea-300x129.jpg 300w, https:\/\/atalak.dantzaz.eus\/wp-content\/uploads\/2020\/03\/dantzagunea.jpg 350w\" sizes=\"(max-width: 300px) 100vw, 300px\" \/> <\/a>           <\/div> \n          <div class=\"detalles\">\n          <p><strong>Gipuzkoako Dantzagunea<\/strong> est le service de danse de la Diputaci\u00f3n de Gipuzkoa. Il a \u00e9t\u00e9 cr\u00e9\u00e9 en 2009, dans le but de promouvoir la cr\u00e9ation et la formation de la danse en Gipuzkoa, et de travailler sur la consolidation du r\u00e9seau et des danseurs, danseuses et dans l&rsquo;am\u00e9lioration des ressources pour la danse. Il a commenc\u00e9 \u00e0 marcher \u00e0 Arteleku, et a actuellement son si\u00e8ge dans le b\u00e2timent Niessen de la Mairie d&rsquo;Errenteria, o\u00f9 il ya quatre salles de danse. Il r\u00e9alise les programmes Sortutakoak pour la cr\u00e9ation de danse contemporaine, traditionnelle et sociale. Gr\u00e2ce au projet DantzaSare, il est le principal gestionnaire et m\u00e9diateur pour le d\u00e9veloppement du vaste et divers secteur de la danse de Gipuzkoa, et promeut des cr\u00e9ateurs et cr\u00e9atrices professionnels. L&rsquo;initiative DantzaDok documente le travail des cr\u00e9ateurs et des groupes de la province.<\/p>\n          <\/div>\n        <\/div>\n                <div class=\"entidad clearfix\">         \n          <div class=\"entidad-image\"> \n         \t                <a href=\"https:\/\/www.vitoria-gasteiz.org\/we001\/was\/we001Action.do?idioma=es&accionWe001=ficha&accion=teatro\" target=\"_blank\"><img decoding=\"async\" width=\"300\" height=\"197\" src=\"https:\/\/atalak.dantzaz.eus\/wp-content\/uploads\/2020\/05\/vitoria_logo-w-300x197.jpg\" class=\"attachment-medium size-medium wp-post-image\" alt=\"\" srcset=\"https:\/\/atalak.dantzaz.eus\/wp-content\/uploads\/2020\/05\/vitoria_logo-w-200x132.jpg 200w, https:\/\/atalak.dantzaz.eus\/wp-content\/uploads\/2020\/05\/vitoria_logo-w-300x197.jpg 300w, https:\/\/atalak.dantzaz.eus\/wp-content\/uploads\/2020\/05\/vitoria_logo-w.jpg 380w\" sizes=\"(max-width: 300px) 100vw, 300px\" \/> <\/a>           <\/div> \n          <div class=\"detalles\">\n          <p>Le <strong>R\u00e9seau des th\u00e9\u00e2tres de Vitoria-Gasteiz<\/strong> est compos\u00e9 des espaces sc\u00e9niques suivants: Teatro Principal Antzokia, Teatro F\u00e9lix Petite Antzokia (CC Ibaiondo), Teatro Jes\u00fas Ib\u00e1\u00f1ez de Matauco Antzokia (CC Hegoalde), Teatro Be\u00f1at Etxepare Antzokia (CC Iparralico), Teatro Le r\u00e9seau de th\u00e9\u00e2tres, a pour mission de promouvoir une offre culturelle en mati\u00e8re d&rsquo;arts sc\u00e9niques, pluriels et de qualit\u00e9 \u00e0 travers la programmation, comme de l&rsquo;utilisation d&rsquo;espaces sc\u00e9niques et d&rsquo;actions, afin de favoriser l&rsquo;accessibilit\u00e9 maximale pour la citoyennet\u00e9 et la communaut\u00e9 artistique \u00e0 ces \u00e9quipements et au fait sc\u00e9nique, qui jettent en moyenne pr\u00e8s d&rsquo;une moiti\u00e9 d&rsquo;usages annuels. Sa programmation se d\u00e9roule tout au long de l&rsquo;ann\u00e9e, avec des spectacles et d&rsquo;autres activit\u00e9s et un net pari sur les nouveaux langages, la cr\u00e9ation locale, nationale et un regard important sur la cr\u00e9ation sc\u00e9nique internationale; \u00e9tant Le Festival International de Th\u00e9\u00e2tre de Vitoria-Gasteiz, avec 44 \u00e9ditions, une des signes d&rsquo;identit\u00e9 culturelle de la ville et la Communaut\u00e9 Autonome Basque. Les r\u00e9sidences artistiques, les projets de coproduction ainsi que la cession de ces espaces sc\u00e9niques, constituent des actions strat\u00e9giques pour dynamiser la cr\u00e9ation sc\u00e9nique locale.<\/p>\n          <\/div>\n        <\/div>\n            \n  <\/div>\n\t\n\n\n<\/div><style type=\"text\/css\"><\/style><div class=\"fusion-title title fusion-title-3 fusion-sep-none fusion-title-text fusion-title-size-two tituloh2 debajo\" style=\"margin-top:0px;margin-right:0px;margin-bottom:31px;margin-left:0px;\"><h2 class=\"title-heading-left\" style=\"margin:0;\">Collaborateurs<\/h2><\/div><div class=\"fusion-text fusion-text-3\">\n<div class=\"entidades clearfix\">\n    \n        <div class=\"entidad clearfix\">         \n          <div class=\"entidad-image\"> \n         \t                <a href=\"http:\/\/www.azala.es\/es\/\" target=\"_blank\"><img decoding=\"async\" width=\"220\" height=\"111\" src=\"https:\/\/atalak.dantzaz.eus\/wp-content\/uploads\/2020\/03\/azala_espacio.gif\" class=\"attachment-medium size-medium wp-post-image\" alt=\"\" \/> <\/a>           <\/div> \n          <div class=\"detalles\">\n          <p><strong>Azala Kreazio espazioa<\/strong> est situ\u00e9 \u00e0 Lasierra, un village de 12 habitants de la municipalit\u00e9 de Ribera Alta en Alava. C&rsquo;est un espace pour des r\u00e9sidences artistiques et un lieu pour la rencontre entre artistes, autour de trois axes : recherche, r\u00e9flexion et cr\u00e9ation. Elle accueille principalement des cr\u00e9ateurs li\u00e9s au corps, \u00e0 la voix et au mouvement. Prix Gure Artea d\u00e9cern\u00e9 en 2017 par le Gouvernement Basque, AZALA d\u00e9veloppe depuis sa cr\u00e9ation en 2008 de multiples collaborations avec des agents appartenant \u00e0 son \u00e9cosyst\u00e8me, et veut \u00eatre de plus en plus li\u00e9 \u00e0 des pratiques situ\u00e9es autour de lui. Dirig\u00e9 par la chor\u00e9graphe Idoia Zabaleta et Juan Gonz\u00e1lez, AZALA veut dire \u201cpeau\u201d en basque, une membrane perm\u00e9able qui permet \u00e0 l\u2019organisme de maintenir int\u00e9gralement ses structures tout en communiquant avec l\u2019environnement; cela signifie aussi \u201csurface\u201d, ce qui fait r\u00e9f\u00e9rence \u00e0 l\u2019\u00e9tendue d\u2019un territoire.<\/p>\n          <\/div>\n        <\/div>\n                <div class=\"entidad clearfix\">         \n          <div class=\"entidad-image\"> \n         \t                <a href=\"http:\/\/www.dantzerti.eus\/\" target=\"_blank\"><img decoding=\"async\" width=\"201\" height=\"114\" src=\"https:\/\/atalak.dantzaz.eus\/wp-content\/uploads\/2020\/03\/Dantzerti.jpg\" class=\"attachment-medium size-medium wp-post-image\" alt=\"\" \/> <\/a>           <\/div> \n          <div class=\"detalles\">\n          <p><strong>DANTZERTI<\/strong> L&rsquo;\u00c9cole Sup\u00e9rieure d&rsquo;Art Dramatique et de Danse d&rsquo;Euskadi, est un centre public rattach\u00e9 au D\u00e9partement d&rsquo;\u00c9ducation du Gouvernement Basque. Il dispose d&rsquo;un programme conforme aux crit\u00e8res de qualit\u00e9 et d&rsquo;accr\u00e9ditation en vigueur dans l&rsquo;Espace europ\u00e9en d&rsquo;enseignement sup\u00e9rieur.<\/p>\n          <\/div>\n        <\/div>\n                <div class=\"entidad clearfix\">         \n          <div class=\"entidad-image\"> \n         \t                <a href=\"https:\/\/www.vitoria-gasteiz.org\/cmdanza\" target=\"_blank\"><img decoding=\"async\" width=\"240\" height=\"135\" src=\"https:\/\/atalak.dantzaz.eus\/wp-content\/uploads\/2020\/03\/urunuela.jpg\" class=\"attachment-medium size-medium wp-post-image\" alt=\"\" srcset=\"https:\/\/atalak.dantzaz.eus\/wp-content\/uploads\/2020\/03\/urunuela-200x113.jpg 200w, https:\/\/atalak.dantzaz.eus\/wp-content\/uploads\/2020\/03\/urunuela.jpg 240w\" sizes=\"(max-width: 240px) 100vw, 240px\" \/> <\/a>           <\/div> \n          <div class=\"detalles\">\n          <p><strong>Conservatoire de Danse Jos\u00e9 Uru\u00f1uela<\/strong> (Vitoria-Gasteiz) Le Conservatoire de Danse Jose Uru\u00f1uela est connu pour son d\u00e9vouement \u00e0 l&rsquo;enseignement et \u00e0 la diffusion de la danse, travaux auxquels il est d\u00e9di\u00e9 depuis janvier 1987, offrant la possibilit\u00e9 d&rsquo;obtenir une formation professionnelle de qualit\u00e9. En outre, il assure aux jeunes un titre et reconnaissance officielle de leurs \u00e9tudes, encourage l&rsquo;int\u00e9r\u00eat pour la danse dans tout le Pays Basque, favorise le placement culturel de Vitoria-Gasteiz au niveau des villes europ\u00e9ennes et, entre autres, permet \u00e0 la citoyennet\u00e9 de jouir de son travail.<\/p>\n          <\/div>\n        <\/div>\n                <div class=\"entidad clearfix\">         \n          <div class=\"entidad-image\"> \n         \t                <a href=\"https:\/\/www.ospb.eus\/scolarite\/presentation\/\" target=\"_blank\"><img decoding=\"async\" width=\"300\" height=\"194\" src=\"https:\/\/atalak.dantzaz.eus\/wp-content\/uploads\/2020\/05\/conservatoire_maurice_ravel_logo-w-300x194.jpg\" class=\"attachment-medium size-medium wp-post-image\" alt=\"\" srcset=\"https:\/\/atalak.dantzaz.eus\/wp-content\/uploads\/2020\/05\/conservatoire_maurice_ravel_logo-w-200x129.jpg 200w, https:\/\/atalak.dantzaz.eus\/wp-content\/uploads\/2020\/05\/conservatoire_maurice_ravel_logo-w-300x194.jpg 300w, https:\/\/atalak.dantzaz.eus\/wp-content\/uploads\/2020\/05\/conservatoire_maurice_ravel_logo-w-400x259.jpg 400w, https:\/\/atalak.dantzaz.eus\/wp-content\/uploads\/2020\/05\/conservatoire_maurice_ravel_logo-w.jpg 541w\" sizes=\"(max-width: 300px) 100vw, 300px\" \/> <\/a>           <\/div> \n          <div class=\"detalles\">\n          <p><strong>Conservatoire Maurice Ravel Pays Basque<\/strong> Sa mission principale est la formation initiale de musiciens, danseurs et acteurs, en vue d&rsquo;une orientation amateur ou professionnelle. Le Conservatoire souhaite contribuer, \u00e0 travers la musique, la danse et le th\u00e9\u00e2tre, au d\u00e9veloppement de la personnalit\u00e9 de tous ses \u00e9l\u00e8ves.<\/p>\n          <\/div>\n        <\/div>\n                <div class=\"entidad clearfix\">         \n          <div class=\"entidad-image\"> \n         \t                <a href=\"http:\/\/www.navarra.es\/home_es\/Temas\/Turismo+ocio+y+cultura\/Museos\/Museos+y+colecciones+permanentes\/Museo+Navarra\/Default.htm\" target=\"_blank\"><img decoding=\"async\" width=\"300\" height=\"114\" src=\"https:\/\/atalak.dantzaz.eus\/wp-content\/uploads\/2020\/03\/Marca-Museo-de-Navarra-300x114.png\" class=\"attachment-medium size-medium wp-post-image\" alt=\"\" srcset=\"https:\/\/atalak.dantzaz.eus\/wp-content\/uploads\/2020\/03\/Marca-Museo-de-Navarra-200x76.png 200w, https:\/\/atalak.dantzaz.eus\/wp-content\/uploads\/2020\/03\/Marca-Museo-de-Navarra-300x114.png 300w, https:\/\/atalak.dantzaz.eus\/wp-content\/uploads\/2020\/03\/Marca-Museo-de-Navarra.png 350w\" sizes=\"(max-width: 300px) 100vw, 300px\" \/> <\/a>           <\/div> \n          <div class=\"detalles\">\n          <p><strong>Mus\u00e9e de Navarre<\/strong> Le Mus\u00e9e de Navarre est un service public du Gouvernement de Navarre dont l&rsquo;objectif principal est de rapprocher le patrimoine et l&rsquo;histoire de la culture de la Communaut\u00e9 Forale de toutes sortes de personnes. Pour cela, en plus de conserver, accro\u00eetre et diffuser les biens qui t\u00e9moignent de ce patrimoine, il a la responsabilit\u00e9 de les cataloguer, de les restaurer et de les enqu\u00eater. L&rsquo;exposition claire et ordonn\u00e9e de la collection a pour but la promotion et la diffusion d&rsquo;\u0153uvres et d&rsquo;artistes avec un esprit d&rsquo;enseignement et de loisirs.<\/p>\n          <\/div>\n        <\/div>\n            \n  <\/div>\n\t\n\n\n<\/div><style type=\"text\/css\"><\/style><div class=\"fusion-title title fusion-title-4 fusion-sep-none fusion-title-text fusion-title-size-two tituloh2 debajo\" style=\"margin-top:0px;margin-right:0px;margin-bottom:31px;margin-left:0px;\"><h2 class=\"title-heading-left\" style=\"margin:0;\">Projet financ\u00e9 par<\/h2><\/div><div class=\"fusion-text fusion-text-4\">\n<div class=\"entidades clearfix\">\n    \n        <div class=\"entidad clearfix\">         \n          <div class=\"entidad-image\"> \n         \t                <a href=\"https:\/\/www.euroregion-naen.eu\/es\/\" target=\"_blank\"><img decoding=\"async\" width=\"300\" height=\"126\" src=\"https:\/\/atalak.dantzaz.eus\/wp-content\/uploads\/2020\/05\/euroregion_logo-300x126.png\" class=\"attachment-medium size-medium wp-post-image\" alt=\"\" srcset=\"https:\/\/atalak.dantzaz.eus\/wp-content\/uploads\/2020\/05\/euroregion_logo-200x84.png 200w, https:\/\/atalak.dantzaz.eus\/wp-content\/uploads\/2020\/05\/euroregion_logo-300x126.png 300w, https:\/\/atalak.dantzaz.eus\/wp-content\/uploads\/2020\/05\/euroregion_logo-400x168.png 400w, https:\/\/atalak.dantzaz.eus\/wp-content\/uploads\/2020\/05\/euroregion_logo.png 470w\" sizes=\"(max-width: 300px) 100vw, 300px\" \/> <\/a>           <\/div> \n          <div class=\"detalles\">\n                    <\/div>\n        <\/div>\n            \n  <\/div>\n\t\n\n\n<\/div><style type=\"text\/css\"><\/style><div class=\"fusion-title title fusion-title-5 fusion-sep-none fusion-title-text fusion-title-size-two tituloh2 debajo\" style=\"margin-top:0px;margin-right:0px;margin-bottom:31px;margin-left:0px;\"><h2 class=\"title-heading-left\" style=\"margin:0;\">Festivals associ\u00e9s<\/h2><\/div><div class=\"fusion-text fusion-text-5\">\n<div class=\"entidades clearfix\">\n    \n        <div class=\"entidad clearfix\">         \n          <div class=\"entidad-image\"> \n         \t                <a href=\"http:\/\/festivaldna.com\/\" target=\"_blank\"><img decoding=\"async\" width=\"300\" height=\"169\" src=\"https:\/\/atalak.dantzaz.eus\/wp-content\/uploads\/2020\/05\/dna_logo-w-300x169.jpg\" class=\"attachment-medium size-medium wp-post-image\" alt=\"\" srcset=\"https:\/\/atalak.dantzaz.eus\/wp-content\/uploads\/2020\/05\/dna_logo-w-200x113.jpg 200w, https:\/\/atalak.dantzaz.eus\/wp-content\/uploads\/2020\/05\/dna_logo-w-300x169.jpg 300w, https:\/\/atalak.dantzaz.eus\/wp-content\/uploads\/2020\/05\/dna_logo-w-400x225.jpg 400w, https:\/\/atalak.dantzaz.eus\/wp-content\/uploads\/2020\/05\/dna_logo-w.jpg 444w\" sizes=\"(max-width: 300px) 100vw, 300px\" \/> <\/a>           <\/div> \n          <div class=\"detalles\">\n          <p><strong>Festival de danse contemporaine de Navarre DNA<\/strong> est un festival anim\u00e9 par la Direction G\u00e9n\u00e9rale de la Culture de Navarre \u2013 Institution Principe de Viana pour promouvoir la r\u00e9cup\u00e9ration de la cr\u00e9ation contemporaine dans la r\u00e9gion. En 2018, il arrive \u00e0 sa troisi\u00e8me \u00e9dition avec une programmation internationale qui s&rsquo;articulera autour de trois lignes programmatiques : la visibilit\u00e9 de la cr\u00e9ation contemporaine navarraise, la formation du public et les th\u00e9matiques de communaut\u00e9 et d&rsquo;\u00e9cologie. DNA combine l&rsquo;excellence artistique avec l&rsquo;accessibilit\u00e9 au grand public et le pari sur la diversit\u00e9 des formats, et la pollution entre les diff\u00e9rents langages artistiques.<\/p>\n          <\/div>\n        <\/div>\n                <div class=\"entidad clearfix\">         \n          <div class=\"entidad-image\"> \n         \t                <a href=\"http:\/\/malandainballet.com\/actualites\/article\/regards-croises\" target=\"_blank\"><img decoding=\"async\" width=\"300\" height=\"78\" src=\"https:\/\/atalak.dantzaz.eus\/wp-content\/uploads\/2020\/05\/Regards-croises-logo-w-300x78.jpg\" class=\"attachment-medium size-medium wp-post-image\" alt=\"\" srcset=\"https:\/\/atalak.dantzaz.eus\/wp-content\/uploads\/2020\/05\/Regards-croises-logo-w-200x52.jpg 200w, https:\/\/atalak.dantzaz.eus\/wp-content\/uploads\/2020\/05\/Regards-croises-logo-w-300x78.jpg 300w, https:\/\/atalak.dantzaz.eus\/wp-content\/uploads\/2020\/05\/Regards-croises-logo-w.jpg 400w\" sizes=\"(max-width: 300px) 100vw, 300px\" \/> <\/a>           <\/div> \n          <div class=\"detalles\">\n          <p><strong>Begirada gurutzatuak \u2013 Regards Crois\u00e9s<\/strong> est un projet de coop\u00e9ration chor\u00e9graphique transfrontali\u00e8re qui se d\u00e9veloppe au Pays Basque depuis plusieurs ann\u00e9es et qui est n\u00e9, de la main de Le Laboratoire de recherche chor\u00e9graphique sans fronti\u00e8res du Malandain Ballet Biarritz (Le Labo) et La Fundici\u00f3n (Bilbao), dans le but d\u2019impulser la mobilit\u00e9 et l\u2019\u00e9change de cr\u00e9ateurs. Au cours de cette p\u00e9riode, l&rsquo;\u00e9quipe initiale et le nombre de partenaires ont \u00e9t\u00e9 \u00e9largis, auxquels s&rsquo;ajoutent Le Glob (Bordeaux), la Cie. Pedro Pauwels (Limoges) et Ginasiano (Oporto).<\/p>\n          <\/div>\n        <\/div>\n            \n  <\/div>\n\t\n\n\n<\/div><div class=\"fusion-clearfix\"><\/div><\/div><\/div><\/div><\/div><\/p>\n","protected":false},"excerpt":{"rendered":"","protected":false},"author":1,"featured_media":0,"parent":0,"menu_order":0,"comment_status":"closed","ping_status":"closed","template":"100-width.php","meta":{"footnotes":""},"class_list":["post-564","page","type-page","status-publish","hentry"],"acf":[],"_links":{"self":[{"href":"https:\/\/atalak.dantzaz.eus\/fr\/wp-json\/wp\/v2\/pages\/564","targetHints":{"allow":["GET"]}}],"collection":[{"href":"https:\/\/atalak.dantzaz.eus\/fr\/wp-json\/wp\/v2\/pages"}],"about":[{"href":"https:\/\/atalak.dantzaz.eus\/fr\/wp-json\/wp\/v2\/types\/page"}],"author":[{"embeddable":true,"href":"https:\/\/atalak.dantzaz.eus\/fr\/wp-json\/wp\/v2\/users\/1"}],"replies":[{"embeddable":true,"href":"https:\/\/atalak.dantzaz.eus\/fr\/wp-json\/wp\/v2\/comments?post=564"}],"version-history":[{"count":3,"href":"https:\/\/atalak.dantzaz.eus\/fr\/wp-json\/wp\/v2\/pages\/564\/revisions"}],"predecessor-version":[{"id":833,"href":"https:\/\/atalak.dantzaz.eus\/fr\/wp-json\/wp\/v2\/pages\/564\/revisions\/833"}],"wp:attachment":[{"href":"https:\/\/atalak.dantzaz.eus\/fr\/wp-json\/wp\/v2\/media?parent=564"}],"curies":[{"name":"wp","href":"https:\/\/api.w.org\/{rel}","templated":true}]}}