{"id":620,"date":"2020-03-06T18:05:11","date_gmt":"2020-03-06T18:05:11","guid":{"rendered":"https:\/\/atalak.dantzaz.eus\/inicio\/"},"modified":"2024-03-02T23:54:10","modified_gmt":"2024-03-02T21:54:10","slug":"inicio","status":"publish","type":"page","link":"https:\/\/atalak.dantzaz.eus\/fr\/","title":{"rendered":"Inicio"},"content":{"rendered":"<p><div class=\"fusion-fullwidth fullwidth-box fusion-builder-row-1 fusion-parallax-none foto-intro hundred-percent-fullwidth hundred-percent-height hundred-percent-height-center-content non-hundred-percent-height-scrolling fusion-equal-height-columns\" style=\"background-color: rgba(255,255,255,0);background-image: url(&quot;https:\/\/atalak.dantzaz.eus\/wp-content\/uploads\/2020\/03\/home.jpg&quot;);background-position: center top;background-repeat: no-repeat;padding-top:0px;padding-right:0px;padding-bottom:0px;padding-left:0px;margin-bottom: 0px;margin-top: 0px;border-width: 0px 0px 0px 0px;border-color:#eae9e9;border-style:solid;-webkit-background-size:cover;-moz-background-size:cover;-o-background-size:cover;background-size:cover;\" ><div class=\"fusion-fullwidth-center-content\"><div class=\"fusion-builder-row fusion-row\"><div class=\"fusion-layout-column fusion_builder_column fusion-builder-column-0 fusion_builder_column_1_1 1_1 fusion-one-full fusion-column-first fusion-column-last\" style=\"margin-top:0px;margin-bottom:20px;\"><div class=\"fusion-column-wrapper fusion-flex-column-wrapper-legacy\" style=\"background-position:left top;background-repeat:no-repeat;-webkit-background-size:cover;-moz-background-size:cover;-o-background-size:cover;background-size:cover;padding: 0px 0px 0px 0px;\"><div class=\"fusion-column-content-centered\"><div class=\"fusion-column-content\"><style type=\"text\/css\"><\/style><div class=\"fusion-title title fusion-title-1 fusion-sep-none fusion-title-center fusion-title-text fusion-title-size-one titulo-foto\" style=\"margin-top:0px;margin-right:0px;margin-bottom:31px;margin-left:0px;\"><h1 class=\"title-heading-center\" style=\"margin:0;\">Nous encourageons la cr\u00e9ation chor\u00e9graphique dans l\u2019Euror\u00e9gion Nouvelle Aquitaine Euskadi-Navarre<\/h1><\/div><\/div><\/div><div class=\"fusion-clearfix\"><\/div><\/div><\/div><\/div><\/div><\/div><div class=\"fusion-fullwidth fullwidth-box fusion-builder-row-2 abisuak nonhundred-percent-fullwidth non-hundred-percent-height-scrolling\" style=\"background-color: #a4ac9c;background-position: center center;background-repeat: no-repeat;padding-top:45px;padding-right:0px;padding-bottom:25px;padding-left:0px;margin-bottom: 20px;border-width: 0px 0px 0px 0px;border-color:#eae9e9;border-style:solid;\" ><div class=\"fusion-builder-row fusion-row\"><div class=\"fusion-layout-column fusion_builder_column fusion-builder-column-1 fusion_builder_column_1_1 1_1 fusion-one-full fusion-column-first fusion-column-last\" style=\"margin-top:0px;margin-bottom:20px;\"><div class=\"fusion-column-wrapper fusion-flex-column-wrapper-legacy\" style=\"background-position:left top;background-repeat:no-repeat;-webkit-background-size:cover;-moz-background-size:cover;-o-background-size:cover;background-size:cover;padding: 0px 0px 0px 0px;\"><div class=\"fusion-text fusion-text-1 aviso\"><h3 style=\"text-align: center;\">Se hace camino al bailar<\/h3>\n<p>Las entidades que conformamos la red Atalak est\u00e1bamos ultimando la presentaci\u00f3n de nuestro programa para 2020\u2026, y lleg\u00f3 el confinamiento. Queremos seguir generando red y oportunidades en torno a la creaci\u00f3n coreogr\u00e1fica. As\u00ed, el primer laboratorio de experimentaci\u00f3n ya nace totalmente \u201cdesconfinado\u201d: un laboratorio de creaci\u00f3n en el que 14 bailarines\/as colaborar\u00e1n con un core\u00f3grafo (Denis Santacana) para realizar el primer laboratorio de experimentaci\u00f3n 2020.<\/p>\n<\/div><div class=\"fusion-sep-clear\"><\/div><div class=\"fusion-separator fusion-full-width-sep\" style=\"margin-left: auto;margin-right: auto;margin-top:20px;margin-bottom:20px;width:100%;\"><div class=\"fusion-separator-border sep-single\" style=\"border-color:#e0dede;border-top-width:0px;\"><\/div><\/div><div class=\"fusion-sep-clear\"><\/div><div class=\"fusion-testimonials clean fusion-testimonials-1 avisos\" data-random=\"0\" data-speed=\"12000\"><style type=\"text\/css\">#fusion-testimonials-1 a{border-color:#5c6668;}#fusion-testimonials-1 a:hover, #fusion-testimonials-1 .activeSlide{background-color: #5c6668;}.fusion-testimonials.clean.fusion-testimonials-1 .author:after{border-top-color:#ffffff !important;}<\/style><div class=\"reviews\"><div class=\"review no-avatar\"><blockquote class=\"testimonials-shortcode-blockquote\"><q style=\"background-color:#ffffff;color:#5c6668;\" class=\"fusion-clearfix\">\n<h2><strong>Appel pour le<\/strong>\u00a0<em><strong>Laboratoire d&rsquo;Exp\u00e9rimentation <\/strong><\/em><strong>2025 et 2026<\/strong><em><strong><br \/>\n<\/strong><\/em><\/h2>\n<h3>Le R\u00e9seau ATALAK lance l<strong>&lsquo;appel pour le<\/strong>\u00a0<em><strong>Laboratoire d&rsquo;Exp\u00e9rimentation<\/strong><\/em><strong> 2025 et 2026,<\/strong> destin\u00e9 aux chor\u00e9graphes n\u00e9s ou vivant dans l&rsquo;Euror\u00e9gion NAEN. Pour pr\u00e9senter en d\u00e9tail l&rsquo;appel, ainsi que l&rsquo;actualit\u00e9 du R\u00e9seau ATALAK, une r\u00e9union d&rsquo;information se tiendra le <strong>1<\/strong><strong>1 mars \u00e0 10h30<\/strong>, dans le cadre de dFeria. La pr\u00e9sentation aura lieu dans <strong>la salle polyvalente du th\u00e9\u00e2tre Victoria Eugenia<\/strong> p<strong>ar email<\/strong> : <a href=\"http:\/\/atalak@dantzaz.eus\"><u>atalak@da<\/u><u>ntzaz.eus<\/u><\/a><\/h3>\n<h3 style=\"text-align: center;\"><a href=\"https:\/\/nextcloud.dantzaz.eus\/s\/iLJz596PWokCPR5\"><strong>Appel \u00e0 propositions<\/strong><\/a><\/h3>\n<\/q><\/blockquote><div class=\"author\" style=\"color:#5c6668;\"><span class=\"company-name\"><\/span><\/div><\/div><\/div><div class=\"testimonial-pagination\" id=\"fusion-testimonials-1\"><\/div><\/div><div class=\"fusion-clearfix\"><\/div><\/div><\/div><\/div><\/div><div class=\"fusion-fullwidth fullwidth-box fusion-builder-row-3 extra-grande nonhundred-percent-fullwidth non-hundred-percent-height-scrolling\" style=\"background-color: rgba(255,255,255,0);background-position: center center;background-repeat: no-repeat;padding-top:25px;padding-right:0px;padding-bottom:0px;padding-left:0px;border-width: 0px 0px 0px 0px;border-color:#eae9e9;border-style:solid;\" ><div class=\"fusion-builder-row fusion-row\"><div class=\"fusion-layout-column fusion_builder_column fusion-builder-column-2 fusion_builder_column_1_1 1_1 fusion-one-full fusion-column-first fusion-column-last\" style=\"margin-top:10px;margin-bottom:0px;\"><div class=\"fusion-column-wrapper fusion-flex-column-wrapper-legacy\" style=\"background-position:left top;background-repeat:no-repeat;-webkit-background-size:cover;-moz-background-size:cover;-o-background-size:cover;background-size:cover;padding: 0px 0px 0px 0px;\"><div class=\"fusion-text fusion-text-2\"><p>Atalak renforce le d\u00e9veloppement de propositions chor\u00e9graphiques d&rsquo;artistes de l&rsquo;Euror\u00e9gion Nouvelle Aquitaine Euskadi-Navarre.<\/p>\n<\/div><div class=\"fusion-clearfix\"><\/div><\/div><\/div><\/div><\/div><div class=\"fusion-fullwidth fullwidth-box fusion-builder-row-4 hundred-percent-fullwidth non-hundred-percent-height-scrolling fusion-equal-height-columns\" style=\"background-color: rgba(255,255,255,0);background-position: center center;background-repeat: no-repeat;padding-top:0px;padding-right:0px;padding-bottom:0px;padding-left:0px;margin-top: 45px;border-width: 0px 0px 0px 0px;border-color:#eae9e9;border-style:solid;\" ><div class=\"fusion-builder-row fusion-row\"><div class=\"fusion-layout-column fusion_builder_column fusion-builder-column-3 fusion_builder_column_1_2 1_2 fusion-one-half fusion-column-first\" style=\"width:50%;width:calc(50% - ( ( 0 ) * 0.5 ) );margin-right: 0px;margin-top:0px;margin-bottom:0px;\"><div class=\"fusion-column-wrapper fusion-flex-column-wrapper-legacy\" style=\"background-position:left top;background-repeat:no-repeat;-webkit-background-size:cover;-moz-background-size:cover;-o-background-size:cover;background-size:cover;background-color:#c6d0d8;padding: 45px 15% 45px 15%;\"><div class=\"fusion-column-content-centered\"><div class=\"fusion-column-content\"><div class=\"fusion-text fusion-text-3\" style=\"color:#000000;\"><h3>Cr\u00e9ation et contact<\/h3>\n<p>Nous voulons renforcer la cr\u00e9ation chor\u00e9graphique contemporaine,le contact et l&rsquo;interrelation entre les professionnels du secteur de l&rsquo;Euror\u00e9gion Nueva Aquitania-Euskadi-Navarra en offrant des laboratoires d&rsquo;exp\u00e9rimentation et de production, en collaborant avec un groupe de 8 \u00e0 14 danseurs provenant de sources diverses : professionnels qui travaillent d\u00e9j\u00e0 dans le secteur, danseurs de Dantzaz, \u00e9tudiants de Dantzerti et autres.<\/p>\n<\/div><\/div><\/div><div class=\"fusion-clearfix\"><\/div><\/div><\/div><div class=\"fusion-layout-column fusion_builder_column fusion-builder-column-4 fusion_builder_column_1_2 1_2 fusion-one-half fusion-column-last\" style=\"width:50%;width:calc(50% - ( ( 0 ) * 0.5 ) );margin-top:0px;margin-bottom:0px;\"><div class=\"fusion-column-wrapper fusion-flex-column-wrapper-legacy\" style=\"background-position:left top;background-repeat:no-repeat;-webkit-background-size:cover;-moz-background-size:cover;-o-background-size:cover;background-size:cover;padding: 0px 0px 0px 0px;\"><div class=\"fusion-column-content-centered\"><div class=\"fusion-column-content\"><span class=\" fusion-imageframe imageframe-none imageframe-1 hover-type-none\"><img decoding=\"async\" width=\"1024\" height=\"683\" title=\"MiriamPerez_Janpol\" src=\"https:\/\/atalak.dantzaz.eus\/wp-content\/uploads\/2020\/03\/MiriamPerez_Janpol.jpg\" class=\"img-responsive wp-image-419\" srcset=\"https:\/\/atalak.dantzaz.eus\/wp-content\/uploads\/2020\/03\/MiriamPerez_Janpol-200x133.jpg 200w, https:\/\/atalak.dantzaz.eus\/wp-content\/uploads\/2020\/03\/MiriamPerez_Janpol-400x267.jpg 400w, https:\/\/atalak.dantzaz.eus\/wp-content\/uploads\/2020\/03\/MiriamPerez_Janpol-600x400.jpg 600w, https:\/\/atalak.dantzaz.eus\/wp-content\/uploads\/2020\/03\/MiriamPerez_Janpol-800x534.jpg 800w, https:\/\/atalak.dantzaz.eus\/wp-content\/uploads\/2020\/03\/MiriamPerez_Janpol.jpg 1024w\" sizes=\"(max-width: 1024px) 100vw, 800px\" \/><\/span><\/div><\/div><div class=\"fusion-clearfix\"><\/div><\/div><\/div><\/div><\/div><div class=\"fusion-fullwidth fullwidth-box fusion-builder-row-5 reverse-cols hundred-percent-fullwidth non-hundred-percent-height-scrolling fusion-equal-height-columns\" style=\"background-color: rgba(255,255,255,0);background-position: center center;background-repeat: no-repeat;padding-top:0px;padding-right:0px;padding-bottom:0px;padding-left:0px;margin-bottom: 65px;border-width: 0px 0px 0px 0px;border-color:#eae9e9;border-style:solid;\" ><div class=\"fusion-builder-row fusion-row\"><div class=\"fusion-layout-column fusion_builder_column fusion-builder-column-5 fusion_builder_column_1_2 1_2 fusion-one-half fusion-column-first\" style=\"width:50%;width:calc(50% - ( ( 0 ) * 0.5 ) );margin-right: 0px;margin-top:0px;margin-bottom:0px;\"><div class=\"fusion-column-wrapper fusion-flex-column-wrapper-legacy\" style=\"background-position:left top;background-repeat:no-repeat;-webkit-background-size:cover;-moz-background-size:cover;-o-background-size:cover;background-size:cover;padding: 0px 0px 0px 0px;\"><div class=\"fusion-column-content-centered\"><div class=\"fusion-column-content\"><span class=\" fusion-imageframe imageframe-none imageframe-2 hover-type-none\"><img decoding=\"async\" width=\"1024\" height=\"656\" alt=\"Laboratorio ATALAK\" title=\"Copia-de-F_Hombre-Masa\" src=\"https:\/\/atalak.dantzaz.eus\/wp-content\/uploads\/2020\/03\/Copia-de-F_Hombre-Masa.jpg\" class=\"img-responsive wp-image-417\" srcset=\"https:\/\/atalak.dantzaz.eus\/wp-content\/uploads\/2020\/03\/Copia-de-F_Hombre-Masa-200x128.jpg 200w, https:\/\/atalak.dantzaz.eus\/wp-content\/uploads\/2020\/03\/Copia-de-F_Hombre-Masa-400x256.jpg 400w, https:\/\/atalak.dantzaz.eus\/wp-content\/uploads\/2020\/03\/Copia-de-F_Hombre-Masa-600x384.jpg 600w, https:\/\/atalak.dantzaz.eus\/wp-content\/uploads\/2020\/03\/Copia-de-F_Hombre-Masa-800x513.jpg 800w, https:\/\/atalak.dantzaz.eus\/wp-content\/uploads\/2020\/03\/Copia-de-F_Hombre-Masa.jpg 1024w\" sizes=\"(max-width: 1024px) 100vw, 800px\" \/><\/span><\/div><\/div><div class=\"fusion-clearfix\"><\/div><\/div><\/div><div class=\"fusion-layout-column fusion_builder_column fusion-builder-column-6 fusion_builder_column_1_2 1_2 fusion-one-half fusion-column-last\" style=\"width:50%;width:calc(50% - ( ( 0 ) * 0.5 ) );margin-top:0px;margin-bottom:0px;\"><div class=\"fusion-column-wrapper fusion-flex-column-wrapper-legacy\" style=\"background-position:left top;background-repeat:no-repeat;-webkit-background-size:cover;-moz-background-size:cover;-o-background-size:cover;background-size:cover;background-color:#c6d0d8;padding: 45px 15% 45px 15%;\"><div class=\"fusion-column-content-centered\"><div class=\"fusion-column-content\"><div class=\"fusion-text fusion-text-4\" style=\"color:#000000;\"><h3>Travail en r\u00e9seau<\/h3>\n<p>Dantzaz est le chef de file de ce r\u00e9seau transfrontalier qui articule une structure de travail en r\u00e9seau avec CCN MalandainBallet Biarritz, Fondation Baluarte, Tabakalera, Gipuzkoako Dantzagunea et le R\u00e9seau de Th\u00e9\u00e2tres de Vitoria-Gasteiz, en plus d&rsquo;un r\u00e9seau de collaborateurs toujours plus vaste,comme Dantzerti, Azala et le Conservatoire de Vitoria-Gasteiz, entre autres.<\/p>\n<\/div><\/div><\/div><div class=\"fusion-clearfix\"><\/div><\/div><\/div><\/div><\/div><div class=\"fusion-fullwidth fullwidth-box fusion-builder-row-6 nonhundred-percent-fullwidth non-hundred-percent-height-scrolling\" style=\"background-color: rgba(255,255,255,0);background-position: center center;background-repeat: no-repeat;padding-top:0px;padding-right:0px;padding-bottom:0px;padding-left:0px;margin-bottom: 25px;margin-top: 45px;border-width: 0px 0px 0px 0px;border-color:#eae9e9;border-style:solid;\" ><div class=\"fusion-builder-row fusion-row\"><div class=\"fusion-layout-column fusion_builder_column fusion-builder-column-7 fusion_builder_column_1_1 1_1 fusion-one-full fusion-column-first fusion-column-last\" style=\"margin-top:0px;margin-bottom:20px;\"><div class=\"fusion-column-wrapper fusion-flex-column-wrapper-legacy\" style=\"background-position:left top;background-repeat:no-repeat;-webkit-background-size:cover;-moz-background-size:cover;-o-background-size:cover;background-size:cover;padding: 0px 0px 0px 0px;\"><style type=\"text\/css\"><\/style><div class=\"fusion-title title fusion-title-2 fusion-sep-none fusion-title-center fusion-title-text fusion-title-size-two tituloh2 debajo\" style=\"margin-top:0px;margin-right:0px;margin-bottom:31px;margin-left:0px;\"><h2 class=\"title-heading-center\" style=\"margin:0;\">Projet<\/h2><\/div><div class=\"fusion-text fusion-text-5 intro\"><p style=\"text-align: center;\">Atalak articule une structure de travail en r\u00e9seau qui renforce les processus de cr\u00e9ation et l&rsquo;accompagnement au d\u00e9veloppement des propositions chor\u00e9graphiques d&rsquo;artistes qui se trouvent au d\u00e9but de sa carri\u00e8re chor\u00e9graphique<\/p>\n<\/div><div class=\"fusion-sep-clear\"><\/div><div class=\"fusion-separator fusion-full-width-sep\" style=\"margin-left: auto;margin-right: auto;margin-top:30px;width:100%;\"><\/div><div class=\"fusion-sep-clear\"><\/div><div class=\"fusion-video fusion-vimeo fusion-aligncenter video-vimeo\" style=\"max-width:920px;max-height:575px; width:100%\"><div class=\"video-shortcode\"><iframe title=\"Vimeo video player 1\" src=\"https:\/\/player.vimeo.com\/video\/515845340?autoplay=0&amp;title=0&amp;byline=0&amp;portrait=0&amp;rel=0&amp;color=ffffff&autopause=0\" width=\"920\" height=\"575\" allowfullscreen allow=\"autoplay; fullscreen\"><\/iframe><\/div><\/div><div class=\"fusion-sep-clear\"><\/div><div class=\"fusion-separator fusion-full-width-sep\" style=\"margin-left: auto;margin-right: auto;margin-top:30px;width:100%;\"><\/div><div class=\"fusion-sep-clear\"><\/div><div class=\"fusion-clearfix\"><\/div><\/div><\/div><\/div><\/div><div class=\"fusion-fullwidth fullwidth-box fusion-builder-row-7 nonhundred-percent-fullwidth non-hundred-percent-height-scrolling\" style=\"background-color: rgba(255,255,255,0);background-position: center center;background-repeat: no-repeat;padding-top:0px;padding-right:0px;padding-bottom:0px;padding-left:0px;margin-bottom: 0px;margin-top: 0px;border-width: 0px 0px 0px 0px;border-color:#eae9e9;border-style:solid;\" ><div class=\"fusion-builder-row fusion-row\"><div class=\"fusion-layout-column fusion_builder_column fusion-builder-column-8 fusion_builder_column_1_1 1_1 fusion-one-full fusion-column-first fusion-column-last\" style=\"margin-top:0px;margin-bottom:20px;\"><div class=\"fusion-column-wrapper fusion-flex-column-wrapper-legacy\" style=\"background-position:left top;background-repeat:no-repeat;-webkit-background-size:cover;-moz-background-size:cover;-o-background-size:cover;background-size:cover;padding: 0px 0px 0px 0px;\"><style type=\"text\/css\"><\/style><div class=\"fusion-title title fusion-title-3 fusion-sep-none fusion-title-center fusion-title-text fusion-title-size-two tituloh2 debajo\" style=\"margin-top:0px;margin-right:0px;margin-bottom:31px;margin-left:0px;\"><h2 class=\"title-heading-center\" style=\"margin:0;\">Laboratoires 2024<\/h2><\/div><div class=\"fusion-text fusion-text-6\">\n<div class=\"lab-archive\">\n     <ul class=\"lab-list\">\n\n        <li class=\"lab\">         \n        <div class=\"lab-image\"> \n         \t<img decoding=\"async\" width=\"300\" height=\"200\" src=\"https:\/\/atalak.dantzaz.eus\/wp-content\/uploads\/2024\/01\/ines-aubert1-300x200.jpg\" class=\"attachment-medium size-medium wp-post-image\" alt=\"\" srcset=\"https:\/\/atalak.dantzaz.eus\/wp-content\/uploads\/2024\/01\/ines-aubert1-200x134.jpg 200w, https:\/\/atalak.dantzaz.eus\/wp-content\/uploads\/2024\/01\/ines-aubert1-300x200.jpg 300w, https:\/\/atalak.dantzaz.eus\/wp-content\/uploads\/2024\/01\/ines-aubert1-400x267.jpg 400w, https:\/\/atalak.dantzaz.eus\/wp-content\/uploads\/2024\/01\/ines-aubert1-600x401.jpg 600w, https:\/\/atalak.dantzaz.eus\/wp-content\/uploads\/2024\/01\/ines-aubert1-768x513.jpg 768w, https:\/\/atalak.dantzaz.eus\/wp-content\/uploads\/2024\/01\/ines-aubert1-800x534.jpg 800w, https:\/\/atalak.dantzaz.eus\/wp-content\/uploads\/2024\/01\/ines-aubert1-1024x684.jpg 1024w, https:\/\/atalak.dantzaz.eus\/wp-content\/uploads\/2024\/01\/ines-aubert1-1200x802.jpg 1200w, https:\/\/atalak.dantzaz.eus\/wp-content\/uploads\/2024\/01\/ines-aubert1.jpg 1280w\" sizes=\"(max-width: 300px) 100vw, 300px\" \/>        <\/div> \n         <div class=\"lab-content\">\n           <h3 class=\"persona\"><a href=\"\/fr\/laboratoires\/#imaginarios-posibles-ines-aubert-2\">Imaginarios Posibles, In\u00e9s Aubert<\/a><\/h3>\n           <span class=\"tipo\">a(ta) communotaire (transg\u00e9n\u00e9rationnel)<\/span>\n           <span class=\"periodo\">13, 20, 27 janvier<\/span>\n           <span class=\"separacion\"><\/span>\n           <span class=\"resumen\"><\/span>\n           <span class=\"leer-mas\"><a href=\"\/fr\/laboratoires\/#imaginarios-posibles-ines-aubert-2\">En savoir plus sur le projet.<\/a><\/span>\n          <\/div> \n        <\/li>\n                <li class=\"lab\">         \n        <div class=\"lab-image\"> \n         \t<img decoding=\"async\" width=\"300\" height=\"169\" src=\"https:\/\/atalak.dantzaz.eus\/wp-content\/uploads\/2024\/01\/Picture-1-300x169.png\" class=\"attachment-medium size-medium wp-post-image\" alt=\"\" srcset=\"https:\/\/atalak.dantzaz.eus\/wp-content\/uploads\/2024\/01\/Picture-1-200x113.png 200w, https:\/\/atalak.dantzaz.eus\/wp-content\/uploads\/2024\/01\/Picture-1-300x169.png 300w, https:\/\/atalak.dantzaz.eus\/wp-content\/uploads\/2024\/01\/Picture-1-400x226.png 400w, https:\/\/atalak.dantzaz.eus\/wp-content\/uploads\/2024\/01\/Picture-1-600x338.png 600w, https:\/\/atalak.dantzaz.eus\/wp-content\/uploads\/2024\/01\/Picture-1.png 624w\" sizes=\"(max-width: 300px) 100vw, 300px\" \/>        <\/div> \n         <div class=\"lab-content\">\n           <h3 class=\"persona\"><a href=\"\/fr\/laboratoires\/#itak-emilie-camacho\">ITAK, Emilie Camacho<\/a><\/h3>\n           <span class=\"tipo\">Lab. de exp\u00e9rimentation<\/span>\n           <span class=\"periodo\">08-23 avril<\/span>\n           <span class=\"separacion\"><\/span>\n           <span class=\"resumen\">Emilie Camacho a \u00e9t\u00e9 s\u00e9lectionn\u00e9e pour la r\u00e9sidence d'exp\u00e9rimentation de 2024 au sein du r\u00e9seau ATALAK. Son laboratoire, intitul\u00e9 ITAK, plonge dans l'herm\u00e9neutique de la figure de P\u00e9n\u00e9lope, explorant la po\u00e9tique du mouvement dans\u00e9 \u00e0 travers une fusion transdisciplinaire.<\/span>\n           <span class=\"leer-mas\"><a href=\"\/fr\/laboratoires\/#itak-emilie-camacho\">En savoir plus sur le projet.<\/a><\/span>\n          <\/div> \n        <\/li>\n                <li class=\"lab\">         \n        <div class=\"lab-image\"> \n         \t<img decoding=\"async\" width=\"300\" height=\"200\" src=\"https:\/\/atalak.dantzaz.eus\/wp-content\/uploads\/2024\/01\/F_2-Nikola_Dantzaz_Niessen-52-1-300x200.jpg\" class=\"attachment-medium size-medium wp-post-image\" alt=\"\" srcset=\"https:\/\/atalak.dantzaz.eus\/wp-content\/uploads\/2024\/01\/F_2-Nikola_Dantzaz_Niessen-52-1-200x133.jpg 200w, https:\/\/atalak.dantzaz.eus\/wp-content\/uploads\/2024\/01\/F_2-Nikola_Dantzaz_Niessen-52-1-300x200.jpg 300w, https:\/\/atalak.dantzaz.eus\/wp-content\/uploads\/2024\/01\/F_2-Nikola_Dantzaz_Niessen-52-1-400x266.jpg 400w, https:\/\/atalak.dantzaz.eus\/wp-content\/uploads\/2024\/01\/F_2-Nikola_Dantzaz_Niessen-52-1-600x400.jpg 600w, https:\/\/atalak.dantzaz.eus\/wp-content\/uploads\/2024\/01\/F_2-Nikola_Dantzaz_Niessen-52-1-768x512.jpg 768w, https:\/\/atalak.dantzaz.eus\/wp-content\/uploads\/2024\/01\/F_2-Nikola_Dantzaz_Niessen-52-1-800x533.jpg 800w, https:\/\/atalak.dantzaz.eus\/wp-content\/uploads\/2024\/01\/F_2-Nikola_Dantzaz_Niessen-52-1-1024x682.jpg 1024w, https:\/\/atalak.dantzaz.eus\/wp-content\/uploads\/2024\/01\/F_2-Nikola_Dantzaz_Niessen-52-1-1200x799.jpg 1200w, https:\/\/atalak.dantzaz.eus\/wp-content\/uploads\/2024\/01\/F_2-Nikola_Dantzaz_Niessen-52-1.jpg 1303w\" sizes=\"(max-width: 300px) 100vw, 300px\" \/>        <\/div> \n         <div class=\"lab-content\">\n           <h3 class=\"persona\"><a href=\"\/fr\/laboratoires\/#luz-negra-carmen-larraz\">LUZ NEGRA, Carmen Larraz<\/a><\/h3>\n           <span class=\"tipo\">Lab. de recherche<\/span>\n           <span class=\"periodo\">18-21 mars<\/span>\n           <span class=\"separacion\"><\/span>\n           <span class=\"resumen\">Carmen Larraz, chor\u00e9graphe navarraise, poursuivra en mars sa recherche chor\u00e9graphique Luz Negra, d\u00e9velopp\u00e9e dans le cadre du programme DNA (Navarra) avec les interpr\u00e8tes de Dantzaz.<\/span>\n           <span class=\"leer-mas\"><a href=\"\/fr\/laboratoires\/#luz-negra-carmen-larraz\">En savoir plus sur le projet.<\/a><\/span>\n          <\/div> \n        <\/li>\n                <li class=\"lab\">         \n        <div class=\"lab-image\"> \n         \t<img decoding=\"async\" width=\"300\" height=\"169\" src=\"https:\/\/atalak.dantzaz.eus\/wp-content\/uploads\/2024\/01\/20180219-suturas-amarrak-550-300x169.jpg\" class=\"attachment-medium size-medium wp-post-image\" alt=\"convocatoria atalak\" srcset=\"https:\/\/atalak.dantzaz.eus\/wp-content\/uploads\/2024\/01\/20180219-suturas-amarrak-550-200x113.jpg 200w, https:\/\/atalak.dantzaz.eus\/wp-content\/uploads\/2024\/01\/20180219-suturas-amarrak-550-300x169.jpg 300w, https:\/\/atalak.dantzaz.eus\/wp-content\/uploads\/2024\/01\/20180219-suturas-amarrak-550-400x225.jpg 400w, https:\/\/atalak.dantzaz.eus\/wp-content\/uploads\/2024\/01\/20180219-suturas-amarrak-550-600x338.jpg 600w, https:\/\/atalak.dantzaz.eus\/wp-content\/uploads\/2024\/01\/20180219-suturas-amarrak-550-768x432.jpg 768w, https:\/\/atalak.dantzaz.eus\/wp-content\/uploads\/2024\/01\/20180219-suturas-amarrak-550-800x450.jpg 800w, https:\/\/atalak.dantzaz.eus\/wp-content\/uploads\/2024\/01\/20180219-suturas-amarrak-550-1024x576.jpg 1024w, https:\/\/atalak.dantzaz.eus\/wp-content\/uploads\/2024\/01\/20180219-suturas-amarrak-550-1200x675.jpg 1200w, https:\/\/atalak.dantzaz.eus\/wp-content\/uploads\/2024\/01\/20180219-suturas-amarrak-550.jpg 1304w\" sizes=\"(max-width: 300px) 100vw, 300px\" \/>        <\/div> \n         <div class=\"lab-content\">\n           <h3 class=\"persona\"><a href=\"\/fr\/laboratoires\/#hustu-matxalen-bilbao\">HUSTU, Matxalen Bilbao<\/a><\/h3>\n           <span class=\"tipo\">Lab. transmission<\/span>\n           <span class=\"periodo\">17-18 f\u00e9vrier y 21 mars<\/span>\n           <span class=\"separacion\"><\/span>\n           <span class=\"resumen\">Le R\u00e9seau ATALAK poursuit sa relation avec les espaces \u00e9ducatifs de l'Euror\u00e9gion. Cette fois-ci, c'est le Conservatoire Maurice Ravel Pays Basque qui accueillera le laboratoire de transmission Hustu d\u00e9velopp\u00e9 par la chor\u00e9graphe Matxalen Bilbao.<\/span>\n           <span class=\"leer-mas\"><a href=\"\/fr\/laboratoires\/#hustu-matxalen-bilbao\">En savoir plus sur le projet.<\/a><\/span>\n          <\/div> \n        <\/li>\n            <\/ul>\n  <\/div>\n\t\n\n\n<\/div><div class=\"fusion-clearfix\"><\/div><\/div><\/div><\/div><\/div><div class=\"fusion-fullwidth fullwidth-box fusion-builder-row-8 nonhundred-percent-fullwidth non-hundred-percent-height-scrolling\" style=\"background-color: rgba(255,255,255,0);background-position: center center;background-repeat: no-repeat;padding-top:0px;padding-right:0px;padding-bottom:0px;padding-left:0px;margin-bottom: 0px;margin-top: 45px;border-width: 0px 0px 0px 0px;border-color:#eae9e9;border-style:solid;\" ><div class=\"fusion-builder-row fusion-row\"><div class=\"fusion-layout-column fusion_builder_column fusion-builder-column-9 fusion_builder_column_1_1 1_1 fusion-one-full fusion-column-first fusion-column-last\" style=\"margin-top:0px;margin-bottom:20px;\"><div class=\"fusion-column-wrapper fusion-flex-column-wrapper-legacy\" style=\"background-position:left top;background-repeat:no-repeat;-webkit-background-size:cover;-moz-background-size:cover;-o-background-size:cover;background-size:cover;padding: 0px 0px 0px 0px;\"><div class=\"fusion-sep-clear\"><\/div><div class=\"fusion-separator fusion-full-width-sep\" style=\"margin-left: auto;margin-right: auto;margin-top:30px;width:100%;\"><\/div><div class=\"fusion-sep-clear\"><\/div><style type=\"text\/css\"><\/style><div class=\"fusion-title title fusion-title-4 fusion-sep-none fusion-title-center fusion-title-text fusion-title-size-two tituloh2 debajo\" style=\"margin-top:0px;margin-right:0px;margin-bottom:31px;margin-left:0px;\"><h2 class=\"title-heading-center\" style=\"margin:0;\"><h2 style=\"text-align: center;\">Publication ATALAK<\/h2><\/h2><\/div><div class=\"fusion-aligncenter\"><style type=\"text\/css\">.fusion-button.button-1 .fusion-button-text, .fusion-button.button-1 i {color:#ffffff;}.fusion-button.button-1 .fusion-button-icon-divider{border-color:#ffffff;}.fusion-button.button-1:hover .fusion-button-text, .fusion-button.button-1:hover i,.fusion-button.button-1:focus .fusion-button-text, .fusion-button.button-1:focus i,.fusion-button.button-1:active .fusion-button-text, .fusion-button.button-1:active{color:#ffffff;}.fusion-button.button-1:hover .fusion-button-icon-divider, .fusion-button.button-1:hover .fusion-button-icon-divider, .fusion-button.button-1:active .fusion-button-icon-divider{border-color:#ffffff;}.fusion-button.button-1:hover, .fusion-button.button-1:focus, .fusion-button.button-1:active{border-color:#ffffff;}.fusion-button.button-1 {border-color:#ffffff;border-radius:0px;}.fusion-button.button-1{background: #a4ac9c;}.fusion-button.button-1:hover,.button-1:focus,.fusion-button.button-1:active{background: #000000;}.fusion-button.button-1 .fusion-button-text {text-transform:uppercase;}<\/style><a class=\"fusion-button button-flat fusion-button-default-size button-custom button-1 fusion-button-default-span fusion-button-default-type dossier\" target=\"_blank\" rel=\"noopener noreferrer\" href=\"https:\/\/atalak.dantzaz.eus\/wp-content\/uploads\/2023\/02\/TerritoireAtalak_fr.pdf\"><i class=\"fa-file fas button-icon-left\" aria-hidden=\"true\"><\/i><span class=\"fusion-button-text\">Territoire Atalak<\/span><\/a><\/div><div class=\"fusion-clearfix\"><\/div><\/div><\/div><\/div><\/div><div class=\"fusion-fullwidth fullwidth-box fusion-builder-row-9 hundred-percent-fullwidth non-hundred-percent-height-scrolling\" style=\"background-color: rgba(255,255,255,0);background-position: center center;background-repeat: no-repeat;padding-top:0px;padding-right:0px;padding-bottom:0px;padding-left:0px;margin-bottom: 45px;margin-top: 45px;border-width: 0px 0px 0px 0px;border-color:#eae9e9;border-style:solid;\" ><div class=\"fusion-builder-row fusion-row\"><div class=\"fusion-layout-column fusion_builder_column fusion-builder-column-10 fusion_builder_column_1_1 1_1 fusion-one-full fusion-column-first fusion-column-last\" style=\"margin-top:0px;margin-bottom:20px;\"><div class=\"fusion-column-wrapper fusion-flex-column-wrapper-legacy\" style=\"background-position:left top;background-repeat:no-repeat;-webkit-background-size:cover;-moz-background-size:cover;-o-background-size:cover;background-size:cover;padding: 0px 0px 0px 0px;\"><span class=\" fusion-imageframe imageframe-none imageframe-3 hover-type-none\"><img decoding=\"async\" width=\"2000\" height=\"661\" title=\"Ledsilhouette_Blancarazquin\" src=\"https:\/\/atalak.dantzaz.eus\/wp-content\/uploads\/2020\/03\/Ledsilhouette_Blancarazquin.jpg\" class=\"img-responsive wp-image-437\" srcset=\"https:\/\/atalak.dantzaz.eus\/wp-content\/uploads\/2020\/03\/Ledsilhouette_Blancarazquin-200x66.jpg 200w, https:\/\/atalak.dantzaz.eus\/wp-content\/uploads\/2020\/03\/Ledsilhouette_Blancarazquin-400x132.jpg 400w, https:\/\/atalak.dantzaz.eus\/wp-content\/uploads\/2020\/03\/Ledsilhouette_Blancarazquin-600x198.jpg 600w, https:\/\/atalak.dantzaz.eus\/wp-content\/uploads\/2020\/03\/Ledsilhouette_Blancarazquin-800x264.jpg 800w, https:\/\/atalak.dantzaz.eus\/wp-content\/uploads\/2020\/03\/Ledsilhouette_Blancarazquin-1200x397.jpg 1200w, https:\/\/atalak.dantzaz.eus\/wp-content\/uploads\/2020\/03\/Ledsilhouette_Blancarazquin.jpg 2000w\" sizes=\"(max-width: 1024px) 100vw, 2000px\" \/><\/span><div class=\"fusion-clearfix\"><\/div><\/div><\/div><\/div><\/div><div class=\"fusion-fullwidth fullwidth-box fusion-builder-row-10 nonhundred-percent-fullwidth non-hundred-percent-height-scrolling\" style=\"background-color: rgba(255,255,255,0);background-position: center center;background-repeat: no-repeat;padding-top:0px;padding-right:0px;padding-bottom:0px;padding-left:0px;margin-bottom: 0px;margin-top: 0px;border-width: 0px 0px 0px 0px;border-color:#eae9e9;border-style:solid;\" ><div class=\"fusion-builder-row fusion-row\"><div class=\"fusion-layout-column fusion_builder_column fusion-builder-column-11 fusion_builder_column_1_1 1_1 fusion-one-full fusion-column-first fusion-column-last\" style=\"margin-top:0px;margin-bottom:20px;\"><div class=\"fusion-column-wrapper fusion-flex-column-wrapper-legacy\" style=\"background-position:left top;background-repeat:no-repeat;-webkit-background-size:cover;-moz-background-size:cover;-o-background-size:cover;background-size:cover;padding: 0px 0px 0px 0px;\"><div class=\"fusion-text fusion-text-7\">\n<div class=\"logos owl-carousel clearfix\">\n    \n  \n          <div class=\"logo-image item left\"> \n              <h3>Partenaires<span>><\/span><\/h3>\n          <\/div> \n\n            \n          <div class=\"logo-image item\"> \n         \t                <a href=\"https:\/\/dantzaz.eus\/\" target=\"_blank\"><img decoding=\"async\" width=\"300\" height=\"103\" src=\"https:\/\/atalak.dantzaz.eus\/wp-content\/uploads\/2020\/03\/dantzaz-300x103.jpg\" class=\"attachment-medium size-medium wp-post-image\" alt=\"\" srcset=\"https:\/\/atalak.dantzaz.eus\/wp-content\/uploads\/2020\/03\/dantzaz-200x69.jpg 200w, https:\/\/atalak.dantzaz.eus\/wp-content\/uploads\/2020\/03\/dantzaz-300x103.jpg 300w, https:\/\/atalak.dantzaz.eus\/wp-content\/uploads\/2020\/03\/dantzaz.jpg 375w\" sizes=\"(max-width: 300px) 100vw, 300px\" \/> <\/a>           <\/div> \n        \n     \n                    \n          <div class=\"logo-image item\"> \n         \t                <a href=\"http:\/\/www.fundacionbaluarte.com\/\" target=\"_blank\"><img decoding=\"async\" width=\"150\" height=\"150\" src=\"https:\/\/atalak.dantzaz.eus\/wp-content\/uploads\/2020\/03\/baluarte.jpg\" class=\"attachment-medium size-medium wp-post-image\" alt=\"\" srcset=\"https:\/\/atalak.dantzaz.eus\/wp-content\/uploads\/2020\/03\/baluarte-66x66.jpg 66w, https:\/\/atalak.dantzaz.eus\/wp-content\/uploads\/2020\/03\/baluarte.jpg 150w\" sizes=\"(max-width: 150px) 100vw, 150px\" \/> <\/a>           <\/div> \n        \n     \n                    \n          <div class=\"logo-image item\"> \n         \t                <a href=\"http:\/\/malandainballet.com\/\" target=\"_blank\"><img decoding=\"async\" width=\"300\" height=\"73\" src=\"https:\/\/atalak.dantzaz.eus\/wp-content\/uploads\/2020\/03\/malandain-300x73.jpg\" class=\"attachment-medium size-medium wp-post-image\" alt=\"\" srcset=\"https:\/\/atalak.dantzaz.eus\/wp-content\/uploads\/2020\/03\/malandain-200x49.jpg 200w, https:\/\/atalak.dantzaz.eus\/wp-content\/uploads\/2020\/03\/malandain-300x73.jpg 300w, https:\/\/atalak.dantzaz.eus\/wp-content\/uploads\/2020\/03\/malandain.jpg 350w\" sizes=\"(max-width: 300px) 100vw, 300px\" \/> <\/a>           <\/div> \n        \n     \n                    \n          <div class=\"logo-image item\"> \n         \t                <a href=\"https:\/\/www.tabakalera.eu\/es\" target=\"_blank\"><img decoding=\"async\" width=\"300\" height=\"238\" src=\"https:\/\/atalak.dantzaz.eus\/wp-content\/uploads\/2020\/03\/tabakalera-300x238.jpg\" class=\"attachment-medium size-medium wp-post-image\" alt=\"\" srcset=\"https:\/\/atalak.dantzaz.eus\/wp-content\/uploads\/2020\/03\/tabakalera-200x159.jpg 200w, https:\/\/atalak.dantzaz.eus\/wp-content\/uploads\/2020\/03\/tabakalera-300x238.jpg 300w, https:\/\/atalak.dantzaz.eus\/wp-content\/uploads\/2020\/03\/tabakalera.jpg 350w\" sizes=\"(max-width: 300px) 100vw, 300px\" \/> <\/a>           <\/div> \n        \n     \n                    \n          <div class=\"logo-image item\"> \n         \t                <a href=\"http:\/\/dantzagunea.gipuzkoakultura.net\/\" target=\"_blank\"><img decoding=\"async\" width=\"300\" height=\"129\" src=\"https:\/\/atalak.dantzaz.eus\/wp-content\/uploads\/2020\/03\/dantzagunea-300x129.jpg\" class=\"attachment-medium size-medium wp-post-image\" alt=\"\" srcset=\"https:\/\/atalak.dantzaz.eus\/wp-content\/uploads\/2020\/03\/dantzagunea-200x86.jpg 200w, https:\/\/atalak.dantzaz.eus\/wp-content\/uploads\/2020\/03\/dantzagunea-300x129.jpg 300w, https:\/\/atalak.dantzaz.eus\/wp-content\/uploads\/2020\/03\/dantzagunea.jpg 350w\" sizes=\"(max-width: 300px) 100vw, 300px\" \/> <\/a>           <\/div> \n        \n     \n                    \n          <div class=\"logo-image item\"> \n         \t                <a href=\"https:\/\/www.vitoria-gasteiz.org\/we001\/was\/we001Action.do?idioma=es&accionWe001=ficha&accion=teatro\" target=\"_blank\"><img decoding=\"async\" width=\"300\" height=\"197\" src=\"https:\/\/atalak.dantzaz.eus\/wp-content\/uploads\/2020\/05\/vitoria_logo-w-300x197.jpg\" class=\"attachment-medium size-medium wp-post-image\" alt=\"\" srcset=\"https:\/\/atalak.dantzaz.eus\/wp-content\/uploads\/2020\/05\/vitoria_logo-w-200x132.jpg 200w, https:\/\/atalak.dantzaz.eus\/wp-content\/uploads\/2020\/05\/vitoria_logo-w-300x197.jpg 300w, https:\/\/atalak.dantzaz.eus\/wp-content\/uploads\/2020\/05\/vitoria_logo-w.jpg 380w\" sizes=\"(max-width: 300px) 100vw, 300px\" \/> <\/a>           <\/div> \n        \n     \n           \n\n          <div class=\"logo-image item left\"> \n              <h3>Collabo-<br>rateurs<span>><\/span><\/h3>\n          <\/div> \n\n\n                      \n          <div class=\"logo-image item\"> \n                          <a href=\"http:\/\/www.azala.es\/es\/\" target=\"_blank\"><img decoding=\"async\" width=\"220\" height=\"111\" src=\"https:\/\/atalak.dantzaz.eus\/wp-content\/uploads\/2020\/03\/azala_espacio.gif\" class=\"attachment-medium size-medium wp-post-image\" alt=\"\" \/> <\/a>           <\/div> \n        \n     \n                    \n          <div class=\"logo-image item\"> \n                          <a href=\"http:\/\/www.dantzerti.eus\/\" target=\"_blank\"><img decoding=\"async\" width=\"201\" height=\"114\" src=\"https:\/\/atalak.dantzaz.eus\/wp-content\/uploads\/2020\/03\/Dantzerti.jpg\" class=\"attachment-medium size-medium wp-post-image\" alt=\"\" \/> <\/a>           <\/div> \n        \n     \n                    \n          <div class=\"logo-image item\"> \n                          <a href=\"https:\/\/www.vitoria-gasteiz.org\/cmdanza\" target=\"_blank\"><img decoding=\"async\" width=\"240\" height=\"135\" src=\"https:\/\/atalak.dantzaz.eus\/wp-content\/uploads\/2020\/03\/urunuela.jpg\" class=\"attachment-medium size-medium wp-post-image\" alt=\"\" srcset=\"https:\/\/atalak.dantzaz.eus\/wp-content\/uploads\/2020\/03\/urunuela-200x113.jpg 200w, https:\/\/atalak.dantzaz.eus\/wp-content\/uploads\/2020\/03\/urunuela.jpg 240w\" sizes=\"(max-width: 240px) 100vw, 240px\" \/> <\/a>           <\/div> \n        \n     \n                    \n          <div class=\"logo-image item\"> \n                          <a href=\"https:\/\/www.ospb.eus\/scolarite\/presentation\/\" target=\"_blank\"><img decoding=\"async\" width=\"300\" height=\"194\" src=\"https:\/\/atalak.dantzaz.eus\/wp-content\/uploads\/2020\/05\/conservatoire_maurice_ravel_logo-w-300x194.jpg\" class=\"attachment-medium size-medium wp-post-image\" alt=\"\" srcset=\"https:\/\/atalak.dantzaz.eus\/wp-content\/uploads\/2020\/05\/conservatoire_maurice_ravel_logo-w-200x129.jpg 200w, https:\/\/atalak.dantzaz.eus\/wp-content\/uploads\/2020\/05\/conservatoire_maurice_ravel_logo-w-300x194.jpg 300w, https:\/\/atalak.dantzaz.eus\/wp-content\/uploads\/2020\/05\/conservatoire_maurice_ravel_logo-w-400x259.jpg 400w, https:\/\/atalak.dantzaz.eus\/wp-content\/uploads\/2020\/05\/conservatoire_maurice_ravel_logo-w.jpg 541w\" sizes=\"(max-width: 300px) 100vw, 300px\" \/> <\/a>           <\/div> \n        \n     \n                    \n          <div class=\"logo-image item\"> \n                          <a href=\"http:\/\/www.navarra.es\/home_es\/Temas\/Turismo+ocio+y+cultura\/Museos\/Museos+y+colecciones+permanentes\/Museo+Navarra\/Default.htm\" target=\"_blank\"><img decoding=\"async\" width=\"300\" height=\"114\" src=\"https:\/\/atalak.dantzaz.eus\/wp-content\/uploads\/2020\/03\/Marca-Museo-de-Navarra-300x114.png\" class=\"attachment-medium size-medium wp-post-image\" alt=\"\" srcset=\"https:\/\/atalak.dantzaz.eus\/wp-content\/uploads\/2020\/03\/Marca-Museo-de-Navarra-200x76.png 200w, https:\/\/atalak.dantzaz.eus\/wp-content\/uploads\/2020\/03\/Marca-Museo-de-Navarra-300x114.png 300w, https:\/\/atalak.dantzaz.eus\/wp-content\/uploads\/2020\/03\/Marca-Museo-de-Navarra.png 350w\" sizes=\"(max-width: 300px) 100vw, 300px\" \/> <\/a>           <\/div> \n        \n     \n              \n    \n\n          <div class=\"logo-image item left\"> \n              <h3>financ\u00e9 <br>par<span>><\/span><\/h3>\n          <\/div> \n\n\n                      \n          <div class=\"logo-image item\"> \n                          <a href=\"https:\/\/www.euroregion-naen.eu\/es\/\" target=\"_blank\"><img decoding=\"async\" width=\"300\" height=\"126\" src=\"https:\/\/atalak.dantzaz.eus\/wp-content\/uploads\/2020\/05\/euroregion_logo-300x126.png\" class=\"attachment-medium size-medium wp-post-image\" alt=\"\" srcset=\"https:\/\/atalak.dantzaz.eus\/wp-content\/uploads\/2020\/05\/euroregion_logo-200x84.png 200w, https:\/\/atalak.dantzaz.eus\/wp-content\/uploads\/2020\/05\/euroregion_logo-300x126.png 300w, https:\/\/atalak.dantzaz.eus\/wp-content\/uploads\/2020\/05\/euroregion_logo-400x168.png 400w, https:\/\/atalak.dantzaz.eus\/wp-content\/uploads\/2020\/05\/euroregion_logo.png 470w\" sizes=\"(max-width: 300px) 100vw, 300px\" \/> <\/a>           <\/div> \n        \n     \n              \n\n          <div class=\"logo-image item left\"> \n              <h3>Festivals <br>associ\u00e9s<span>><\/span><\/h3>\n          <\/div> \n\n\n                      \n          <div class=\"logo-image item\"> \n                          <a href=\"http:\/\/festivaldna.com\/\" target=\"_blank\"><img decoding=\"async\" width=\"300\" height=\"169\" src=\"https:\/\/atalak.dantzaz.eus\/wp-content\/uploads\/2020\/05\/dna_logo-w-300x169.jpg\" class=\"attachment-medium size-medium wp-post-image\" alt=\"\" srcset=\"https:\/\/atalak.dantzaz.eus\/wp-content\/uploads\/2020\/05\/dna_logo-w-200x113.jpg 200w, https:\/\/atalak.dantzaz.eus\/wp-content\/uploads\/2020\/05\/dna_logo-w-300x169.jpg 300w, https:\/\/atalak.dantzaz.eus\/wp-content\/uploads\/2020\/05\/dna_logo-w-400x225.jpg 400w, https:\/\/atalak.dantzaz.eus\/wp-content\/uploads\/2020\/05\/dna_logo-w.jpg 444w\" sizes=\"(max-width: 300px) 100vw, 300px\" \/> <\/a>           <\/div> \n        \n     \n                    \n          <div class=\"logo-image item\"> \n                          <a href=\"http:\/\/malandainballet.com\/actualites\/article\/regards-croises\" target=\"_blank\"><img decoding=\"async\" width=\"300\" height=\"78\" src=\"https:\/\/atalak.dantzaz.eus\/wp-content\/uploads\/2020\/05\/Regards-croises-logo-w-300x78.jpg\" class=\"attachment-medium size-medium wp-post-image\" alt=\"\" srcset=\"https:\/\/atalak.dantzaz.eus\/wp-content\/uploads\/2020\/05\/Regards-croises-logo-w-200x52.jpg 200w, https:\/\/atalak.dantzaz.eus\/wp-content\/uploads\/2020\/05\/Regards-croises-logo-w-300x78.jpg 300w, https:\/\/atalak.dantzaz.eus\/wp-content\/uploads\/2020\/05\/Regards-croises-logo-w.jpg 400w\" sizes=\"(max-width: 300px) 100vw, 300px\" \/> <\/a>           <\/div> \n        \n     \n              \n\n       \n    \n  <\/div>\n\t\n\n\n<\/div><div class=\"fusion-clearfix\"><\/div><\/div><\/div><\/div><\/div><\/p>\n","protected":false},"excerpt":{"rendered":"","protected":false},"author":1,"featured_media":0,"parent":2163,"menu_order":0,"comment_status":"closed","ping_status":"closed","template":"100-width.php","meta":{"footnotes":""},"class_list":["post-620","page","type-page","status-publish","hentry"],"acf":[],"_links":{"self":[{"href":"https:\/\/atalak.dantzaz.eus\/fr\/wp-json\/wp\/v2\/pages\/620","targetHints":{"allow":["GET"]}}],"collection":[{"href":"https:\/\/atalak.dantzaz.eus\/fr\/wp-json\/wp\/v2\/pages"}],"about":[{"href":"https:\/\/atalak.dantzaz.eus\/fr\/wp-json\/wp\/v2\/types\/page"}],"author":[{"embeddable":true,"href":"https:\/\/atalak.dantzaz.eus\/fr\/wp-json\/wp\/v2\/users\/1"}],"replies":[{"embeddable":true,"href":"https:\/\/atalak.dantzaz.eus\/fr\/wp-json\/wp\/v2\/comments?post=620"}],"version-history":[{"count":67,"href":"https:\/\/atalak.dantzaz.eus\/fr\/wp-json\/wp\/v2\/pages\/620\/revisions"}],"predecessor-version":[{"id":2239,"href":"https:\/\/atalak.dantzaz.eus\/fr\/wp-json\/wp\/v2\/pages\/620\/revisions\/2239"}],"up":[{"embeddable":true,"href":"https:\/\/atalak.dantzaz.eus\/fr\/wp-json\/wp\/v2\/pages\/2163"}],"wp:attachment":[{"href":"https:\/\/atalak.dantzaz.eus\/fr\/wp-json\/wp\/v2\/media?parent=620"}],"curies":[{"name":"wp","href":"https:\/\/api.w.org\/{rel}","templated":true}]}}